{"version":"1.0","provider_name":"La verdi\u00e8re 83","provider_url":"https:\/\/www.camping-la-verdiere-83.com\/de\/","author_name":"Delphine VERDIERE","author_url":"https:\/\/www.camping-la-verdiere-83.com\/de\/author\/delphine-verdiere\/","title":"kleine D\u00f6rfer","type":"rich","width":600,"height":338,"html":"<blockquote class=\"wp-embedded-content\" data-secret=\"fdA3WwH6Si\"><a href=\"https:\/\/www.camping-la-verdiere-83.com\/de\/Tourisme\/kleine-doerfer\/\">kleine D\u00f6rfer<\/a><\/blockquote><iframe sandbox=\"allow-scripts\" security=\"restricted\" src=\"https:\/\/www.camping-la-verdiere-83.com\/de\/Tourisme\/kleine-doerfer\/embed\/#?secret=fdA3WwH6Si\" width=\"600\" height=\"338\" title=\"&#8222;kleine D\u00f6rfer&#8220; &#8211; La verdi\u00e8re 83\" data-secret=\"fdA3WwH6Si\" frameborder=\"0\" marginwidth=\"0\" marginheight=\"0\" scrolling=\"no\" class=\"wp-embedded-content\"><\/iframe><script type=\"text\/javascript\">\n\/* <![CDATA[ *\/\n\/*! This file is auto-generated *\/\n!function(d,l){\"use strict\";l.querySelector&&d.addEventListener&&\"undefined\"!=typeof URL&&(d.wp=d.wp||{},d.wp.receiveEmbedMessage||(d.wp.receiveEmbedMessage=function(e){var t=e.data;if((t||t.secret||t.message||t.value)&&!\/[^a-zA-Z0-9]\/.test(t.secret)){for(var s,r,n,a=l.querySelectorAll('iframe[data-secret=\"'+t.secret+'\"]'),o=l.querySelectorAll('blockquote[data-secret=\"'+t.secret+'\"]'),c=new RegExp(\"^https?:$\",\"i\"),i=0;i<o.length;i++)o[i].style.display=\"none\";for(i=0;i<a.length;i++)s=a[i],e.source===s.contentWindow&&(s.removeAttribute(\"style\"),\"height\"===t.message?(1e3<(r=parseInt(t.value,10))?r=1e3:~~r<200&&(r=200),s.height=r):\"link\"===t.message&&(r=new URL(s.getAttribute(\"src\")),n=new URL(t.value),c.test(n.protocol))&&n.host===r.host&&l.activeElement===s&&(d.top.location.href=t.value))}},d.addEventListener(\"message\",d.wp.receiveEmbedMessage,!1),l.addEventListener(\"DOMContentLoaded\",function(){for(var e,t,s=l.querySelectorAll(\"iframe.wp-embedded-content\"),r=0;r<s.length;r++)(t=(e=s[r]).getAttribute(\"data-secret\"))||(t=Math.random().toString(36).substring(2,12),e.src+=\"#?secret=\"+t,e.setAttribute(\"data-secret\",t)),e.contentWindow.postMessage({message:\"ready\",secret:t},\"*\")},!1)))}(window,document);\n\/* ]]> *\/\n<\/script>\n","thumbnail_url":"https:\/\/www.camping-la-verdiere-83.com\/wp-content\/uploads\/2019\/05\/WE-visite-village-samedi-min.jpg","thumbnail_width":1000,"thumbnail_height":562,"description":"Die D\u00f6rfer von Verdon im Var in der N\u00e4he des Campingplatzes Entdecken Sie die D\u00f6rfer von Verdon und die vielen touristischen Aktivit\u00e4ten, die Ihnen als Familie zur Verf\u00fcgung stehen. Ihr Campingplatz La Verdi\u00e8re befindet sich in zentraler Lage in der Provence, wodurch Sie den D\u00f6rfern Verdon, den Gorges du Verdon und der Var-K\u00fcste n\u00e4her kommen. [&hellip;]"}