{"version":"1.0","provider_name":"La verdi\u00e8re 83","provider_url":"https:\/\/www.camping-la-verdiere-83.com\/de\/","author_name":"campingdelaverdiere","author_url":"https:\/\/www.camping-la-verdiere-83.com\/de\/author\/nelson-terra\/","title":"location camping gorges du Verdon","type":"rich","width":600,"height":338,"html":"<blockquote class=\"wp-embedded-content\" data-secret=\"0Jw4S0DSbZ\"><a href=\"https:\/\/www.camping-la-verdiere-83.com\/de\/locations\/\">Vermietung<\/a><\/blockquote><iframe sandbox=\"allow-scripts\" security=\"restricted\" src=\"https:\/\/www.camping-la-verdiere-83.com\/de\/locations\/embed\/#?secret=0Jw4S0DSbZ\" width=\"600\" height=\"338\" title=\"&#8222;Vermietung&#8220; &#8211; La verdi\u00e8re 83\" data-secret=\"0Jw4S0DSbZ\" frameborder=\"0\" marginwidth=\"0\" marginheight=\"0\" scrolling=\"no\" class=\"wp-embedded-content\"><\/iframe><script type=\"text\/javascript\">\n\/* <![CDATA[ *\/\n\/*! This file is auto-generated *\/\n!function(d,l){\"use strict\";l.querySelector&&d.addEventListener&&\"undefined\"!=typeof URL&&(d.wp=d.wp||{},d.wp.receiveEmbedMessage||(d.wp.receiveEmbedMessage=function(e){var t=e.data;if((t||t.secret||t.message||t.value)&&!\/[^a-zA-Z0-9]\/.test(t.secret)){for(var s,r,n,a=l.querySelectorAll('iframe[data-secret=\"'+t.secret+'\"]'),o=l.querySelectorAll('blockquote[data-secret=\"'+t.secret+'\"]'),c=new RegExp(\"^https?:$\",\"i\"),i=0;i<o.length;i++)o[i].style.display=\"none\";for(i=0;i<a.length;i++)s=a[i],e.source===s.contentWindow&&(s.removeAttribute(\"style\"),\"height\"===t.message?(1e3<(r=parseInt(t.value,10))?r=1e3:~~r<200&&(r=200),s.height=r):\"link\"===t.message&&(r=new URL(s.getAttribute(\"src\")),n=new URL(t.value),c.test(n.protocol))&&n.host===r.host&&l.activeElement===s&&(d.top.location.href=t.value))}},d.addEventListener(\"message\",d.wp.receiveEmbedMessage,!1),l.addEventListener(\"DOMContentLoaded\",function(){for(var e,t,s=l.querySelectorAll(\"iframe.wp-embedded-content\"),r=0;r<s.length;r++)(t=(e=s[r]).getAttribute(\"data-secret\"))||(t=Math.random().toString(36).substring(2,12),e.src+=\"#?secret=\"+t,e.setAttribute(\"data-secret\",t)),e.contentWindow.postMessage({message:\"ready\",secret:t},\"*\")},!1)))}(window,document);\n\/* ]]> *\/\n<\/script>\n","description":"Ferienhaus \/ Mobilheim in Verdon mieten Location Mobil-home Verdon D\u00e9couvrez nos h\u00e9bergements dans le Parc Naturel R\u00e9gional du et tout pr\u00e8s des Gorges du Verdon. Le Verdon et la Provence Verte sont un territoire aussi vaste que riche en sites naturels exceptionnels, petits villages pittoresque, march\u00e9s proven\u00e7aux&#8230; 1 semaine est parfaite pour y prendre gout, [&hellip;]","thumbnail_url":"https:\/\/www.arthur-loyd-oise.com\/upload\/media\/page\/350x0\/1390-arthur-loyd-oise-conseil.png"}