{"version":"1.0","provider_name":"La verdi\u00e8re 83","provider_url":"https:\/\/www.camping-la-verdiere-83.com\/de\/","author_name":"campingdelaverdiere","author_url":"https:\/\/www.camping-la-verdiere-83.com\/de\/author\/nelson-terra\/","title":"Accueil de groupes dans le verdon | camping La Verdi\u00e8re","type":"rich","width":600,"height":338,"html":"<blockquote class=\"wp-embedded-content\" data-secret=\"wg8YXSeHV8\"><a href=\"https:\/\/www.camping-la-verdiere-83.com\/de\/locations\/gruppen\/\">Gruppen<\/a><\/blockquote><iframe sandbox=\"allow-scripts\" security=\"restricted\" src=\"https:\/\/www.camping-la-verdiere-83.com\/de\/locations\/gruppen\/embed\/#?secret=wg8YXSeHV8\" width=\"600\" height=\"338\" title=\"&#8222;Gruppen&#8220; &#8211; La verdi\u00e8re 83\" data-secret=\"wg8YXSeHV8\" frameborder=\"0\" marginwidth=\"0\" marginheight=\"0\" scrolling=\"no\" class=\"wp-embedded-content\"><\/iframe><script type=\"text\/javascript\">\n\/* <![CDATA[ *\/\n\/*! This file is auto-generated *\/\n!function(d,l){\"use strict\";l.querySelector&&d.addEventListener&&\"undefined\"!=typeof URL&&(d.wp=d.wp||{},d.wp.receiveEmbedMessage||(d.wp.receiveEmbedMessage=function(e){var t=e.data;if((t||t.secret||t.message||t.value)&&!\/[^a-zA-Z0-9]\/.test(t.secret)){for(var s,r,n,a=l.querySelectorAll('iframe[data-secret=\"'+t.secret+'\"]'),o=l.querySelectorAll('blockquote[data-secret=\"'+t.secret+'\"]'),c=new RegExp(\"^https?:$\",\"i\"),i=0;i<o.length;i++)o[i].style.display=\"none\";for(i=0;i<a.length;i++)s=a[i],e.source===s.contentWindow&&(s.removeAttribute(\"style\"),\"height\"===t.message?(1e3<(r=parseInt(t.value,10))?r=1e3:~~r<200&&(r=200),s.height=r):\"link\"===t.message&&(r=new URL(s.getAttribute(\"src\")),n=new URL(t.value),c.test(n.protocol))&&n.host===r.host&&l.activeElement===s&&(d.top.location.href=t.value))}},d.addEventListener(\"message\",d.wp.receiveEmbedMessage,!1),l.addEventListener(\"DOMContentLoaded\",function(){for(var e,t,s=l.querySelectorAll(\"iframe.wp-embedded-content\"),r=0;r<s.length;r++)(t=(e=s[r]).getAttribute(\"data-secret\"))||(t=Math.random().toString(36).substring(2,12),e.src+=\"#?secret=\"+t,e.setAttribute(\"data-secret\",t)),e.contentWindow.postMessage({message:\"ready\",secret:t},\"*\")},!1)))}(window,document);\n\/* ]]> *\/\n<\/script>\n","thumbnail_url":"https:\/\/www.camping-la-verdiere-83.com\/wp-content\/uploads\/2015\/02\/camping-verdon-motards.jpg","thumbnail_width":642,"thumbnail_height":322,"description":"GRUPPEN \/ Gruppen Heimcamping im Verdon Seid Ihr eine Gruppe leidenschaftlicher Radfahrer? In die Natur verliebte Wanderer Roadtrip Biker? Der Campingplatz La Verdi\u00e8re bietet Gruppen besondere Empfangsbedingungen zu g\u00fcnstigen Preisen. Z\u00f6gern Sie nicht, uns zu kontaktieren! Der Campingplatz La Verdi\u00e8re empf\u00e4ngt spezielle Gruppen. Z\u00f6gern Sie nicht, uns zu kontaktieren! [layerlider id = &#8222;16&#8220;] -&gt;&#8222;&#8220;\u00a0 Kontaktieren [&hellip;]"}