{"id":3132,"date":"2013-04-09T09:40:50","date_gmt":"2013-04-09T09:40:50","guid":{"rendered":"https:\/\/www.camping-la-verdiere-83.com\/?page_id=3132"},"modified":"2024-12-02T18:00:57","modified_gmt":"2024-12-02T17:00:57","slug":"accueil","status":"publish","type":"page","link":"https:\/\/www.camping-la-verdiere-83.com\/de\/","title":{"rendered":"WILLKOMMEN"},"content":{"rendered":"\n<div class=\"wp-block-columns alignfull is-layout-flex wp-container-core-columns-is-layout-3 wp-block-columns-is-layout-flex\">\n<div class=\"wp-block-column is-layout-flow wp-block-column-is-layout-flow\" style=\"flex-basis:100%\">\n<h1 class=\"wp-block-heading has-text-align-center has-text-color\" id=\"campingplatz-gorges-du-verdon\" style=\"color:#29a427\"><span style=\"color: #008000;\"><strong><mark style=\"background-color:rgba(0, 0, 0, 0);color:#088557\" class=\"has-inline-color\">Campingplatz Gorges du Verdon<\/mark><\/strong><\/span><mark style=\"background-color:rgba(0, 0, 0, 0);color:#29a427\" class=\"has-inline-color\"> <\/mark><\/h1>\n\n\n\n<div class=\"wp-block-group alignwide\"><div class=\"wp-block-group__inner-container is-layout-flow wp-block-group-is-layout-flow\">\n<p class=\"has-text-align-center\"><strong>Sie suchen einen kleinen Campingplatz in der N\u00e4he der Gorges du Verdon, um in Ruhe und im Herzen der Natur Energie zu tanken &#8230;<\/strong><\/p>\n\n\n\n<p class=\"has-text-align-center\">Ihr Campingplatz La Verdi\u00e8re, ein 3-Sterne-Campingplatz Gorges du Verdon, befindet sich 15 Minuten von den Basses-Schluchten entfernt im Herzen der Gr\u00fcnen Provence im Regionalen Naturpark Verdon, einem au\u00dfergew\u00f6hnlichen Naturgebiet, im Haut Var und ganz in der N\u00e4he der Alpen der Haute Provence. <\/p>\n<\/div><\/div>\n\n\n<div class=\"wp-block-image is-style-default\">\n<figure class=\"aligncenter size-full\"><a href=\"https:\/\/www.camping-la-verdiere-83.com\/wp-content\/uploads\/2024\/12\/Gorges-du-verdon-1.avif\"><img loading=\"lazy\" decoding=\"async\" width=\"800\" height=\"836\" src=\"https:\/\/www.camping-la-verdiere-83.com\/wp-content\/uploads\/2024\/12\/Gorges-du-verdon-1.avif\" alt=\"les gorges du Verdon\" class=\"wp-image-6190\" srcset=\"https:\/\/www.camping-la-verdiere-83.com\/wp-content\/uploads\/2024\/12\/Gorges-du-verdon-1.avif 800w, https:\/\/www.camping-la-verdiere-83.com\/wp-content\/uploads\/2024\/12\/Gorges-du-verdon-1-287x300.avif 287w, https:\/\/www.camping-la-verdiere-83.com\/wp-content\/uploads\/2024\/12\/Gorges-du-verdon-1-768x803.avif 768w\" sizes=\"auto, (max-width: 800px) 100vw, 800px\" \/><\/a><figcaption class=\"wp-element-caption\">L&#8217;entr\u00e9e des  Gorges du Verdon<\/figcaption><\/figure><\/div>\n\n\n<p class=\"has-text-align-left\">Der Eingang zu den Gorges du Verdon Nur 300 Meter vom Dorf La Verdi\u00e8re entfernt begr\u00fc\u00dfen wir Sie in einem kleinen gr\u00fcnen, ruhigen und famili\u00e4ren Paradies. So profitieren Sie auf 2 Hektar inmitten der Natur von unseren 38 liebevoll gestalteten Stellpl\u00e4tzen auf Ihrem 3-Sterne-Campingplatz. Installieren Sie sich in komfortablen Mobilheimen (private G\u00e4rten, Liegest\u00fchle, Klimaanlage usw.) oder in Zelten, Wohnwagen, Vans, Wohnmobilen<\/p>\n\n\n\n<p class=\"has-text-align-left\">    <strong> <a href=\"https:\/\/www.camping-la-verdiere-83.com\/de\/locations\/\" target=\"_blank\" rel=\"noreferrer noopener\">Entdecken Sie unsere Mobilheime, Lodge und Stellpl\u00e4tze &gt;&gt;&gt;<\/a><\/strong><\/p>\n\n\n\n<p class=\"has-text-align-right\"><\/p>\n\n\n\n<h4 class=\"wp-block-heading has-text-align-center has-white-background-color has-text-color has-background\" id=\"erleben-sie-einen-unvergesslichen-urlaub-im-verdon\" style=\"color:#088557\">Erleben Sie einen unvergesslichen Urlaub im Verdon !<\/h4>\n\n\n\n<p>Da es h\u00f6chste Zeit ist, sich verw\u00f6hnen zu lassen, werden vor Ort Entspannung oder \u00e0 la carte-Aktivit\u00e4ten angeboten. W\u00e4hlen Sie Aktivit\u00e4ten nur f\u00fcr Sie auf einem 3-Sterne-Campingplatz mit Schwimmbad, Tennispl\u00e4tzen, P\u00e9tanque-Platz, Tischtennis, unserem privaten W\u00e4ldchen und nat\u00fcrlich dem Kinderspielplatz. Im Sommer begr\u00fc\u00dfen wir Sie jeden Abend an der Snackbar. Schlie\u00dflich genie\u00dfen Sie sch\u00f6ne Momente der Entspannung und Geselligkeit mit Familie oder Freunden.   Nutzen Sie unsere Dienstleistungen und Einrichtungen f\u00fcr einen unterhaltsamen Familienurlaub &gt;&gt;&gt;<\/p>\n\n\n\n<p>    <mark style=\"background-color:rgba(0, 0, 0, 0)\" class=\"has-inline-color has-vivid-red-color\"><a href=\"https:\/\/www.camping-la-verdiere-83.com\/de\/animations-services\/\" target=\"_blank\" rel=\"noreferrer noopener\"><strong>Nutzen Sie unsere Dienstleistungen und Einrichtungen f\u00fcr einen unterhaltsamen Familienurlaub &gt;&gt;&gt;<\/strong><\/a><\/mark><\/p>\n\n\n\n<p class=\"has-text-align-center\"><\/p>\n\n\n<div class=\"wp-block-image\">\n<figure class=\"aligncenter size-large\"><a href=\"https:\/\/www.camping-la-verdiere-83.com\/wp-content\/uploads\/2021\/05\/Page-acc-3-scaled.jpg\"><img loading=\"lazy\" decoding=\"async\" width=\"1024\" height=\"363\" src=\"https:\/\/www.camping-la-verdiere-83.com\/wp-content\/uploads\/2021\/05\/Page-acc-3-1024x363.jpg\" alt=\"\" class=\"wp-image-4861\" srcset=\"https:\/\/www.camping-la-verdiere-83.com\/wp-content\/uploads\/2021\/05\/Page-acc-3-1024x363.jpg 1024w, https:\/\/www.camping-la-verdiere-83.com\/wp-content\/uploads\/2021\/05\/Page-acc-3-300x106.jpg 300w, https:\/\/www.camping-la-verdiere-83.com\/wp-content\/uploads\/2021\/05\/Page-acc-3-768x273.jpg 768w, https:\/\/www.camping-la-verdiere-83.com\/wp-content\/uploads\/2021\/05\/Page-acc-3-1536x545.jpg 1536w, https:\/\/www.camping-la-verdiere-83.com\/wp-content\/uploads\/2021\/05\/Page-acc-3-2048x727.jpg 2048w\" sizes=\"auto, (max-width: 1024px) 100vw, 1024px\" \/><\/a><\/figure><\/div>\n\n\n<div class=\"wp-block-group\"><div class=\"wp-block-group__inner-container is-layout-constrained wp-block-group-is-layout-constrained\">\n<figure class=\"wp-block-gallery has-nested-images columns-default is-cropped wp-block-gallery-1 is-layout-flex wp-block-gallery-is-layout-flex\">\n<figure class=\"wp-block-image size-full\"><a href=\"https:\/\/www.camping-la-verdiere-83.com\/wp-content\/uploads\/2022\/10\/Ecolodge-2023-recadre.jpg\"><img loading=\"lazy\" decoding=\"async\" width=\"525\" height=\"410\" src=\"https:\/\/www.camping-la-verdiere-83.com\/wp-content\/uploads\/2022\/10\/Ecolodge-2023-recadre.jpg\" alt=\"\" class=\"wp-image-5418\" srcset=\"https:\/\/www.camping-la-verdiere-83.com\/wp-content\/uploads\/2022\/10\/Ecolodge-2023-recadre.jpg 525w, https:\/\/www.camping-la-verdiere-83.com\/wp-content\/uploads\/2022\/10\/Ecolodge-2023-recadre-300x234.jpg 300w\" sizes=\"auto, (max-width: 525px) 100vw, 525px\" \/><\/a><\/figure>\n\n\n\n<figure class=\"wp-block-image size-large\"><a href=\"https:\/\/www.camping-la-verdiere-83.com\/wp-content\/uploads\/2021\/06\/Nath-cool-scaled.jpg\"><img loading=\"lazy\" decoding=\"async\" width=\"1024\" height=\"768\" src=\"https:\/\/www.camping-la-verdiere-83.com\/wp-content\/uploads\/2021\/06\/Nath-cool-1024x768.jpg\" alt=\"\" class=\"wp-image-4988\" srcset=\"https:\/\/www.camping-la-verdiere-83.com\/wp-content\/uploads\/2021\/06\/Nath-cool-1024x768.jpg 1024w, https:\/\/www.camping-la-verdiere-83.com\/wp-content\/uploads\/2021\/06\/Nath-cool-300x225.jpg 300w, https:\/\/www.camping-la-verdiere-83.com\/wp-content\/uploads\/2021\/06\/Nath-cool-768x576.jpg 768w, https:\/\/www.camping-la-verdiere-83.com\/wp-content\/uploads\/2021\/06\/Nath-cool-1536x1152.jpg 1536w, https:\/\/www.camping-la-verdiere-83.com\/wp-content\/uploads\/2021\/06\/Nath-cool-2048x1536.jpg 2048w\" sizes=\"auto, (max-width: 1024px) 100vw, 1024px\" \/><\/a><\/figure>\n\n\n\n<figure class=\"wp-block-image size-full\"><a href=\"https:\/\/www.camping-la-verdiere-83.com\/wp-content\/uploads\/2020\/05\/location-mobilhome-verdon-3ch.jpg\"><img loading=\"lazy\" decoding=\"async\" width=\"800\" height=\"600\" src=\"https:\/\/www.camping-la-verdiere-83.com\/wp-content\/uploads\/2020\/05\/location-mobilhome-verdon-3ch.jpg\" alt=\"location mobil home dans les gorges du Verdon\" class=\"wp-image-4058\" srcset=\"https:\/\/www.camping-la-verdiere-83.com\/wp-content\/uploads\/2020\/05\/location-mobilhome-verdon-3ch.jpg 800w, https:\/\/www.camping-la-verdiere-83.com\/wp-content\/uploads\/2020\/05\/location-mobilhome-verdon-3ch-300x225.jpg 300w, https:\/\/www.camping-la-verdiere-83.com\/wp-content\/uploads\/2020\/05\/location-mobilhome-verdon-3ch-768x576.jpg 768w\" sizes=\"auto, (max-width: 800px) 100vw, 800px\" \/><\/a><\/figure>\n\n\n\n<figure class=\"wp-block-image size-large\"><a href=\"https:\/\/www.camping-la-verdiere-83.com\/wp-content\/uploads\/2022\/09\/piscine-recadre-scaled.jpeg\"><img loading=\"lazy\" decoding=\"async\" width=\"1024\" height=\"724\" src=\"https:\/\/www.camping-la-verdiere-83.com\/wp-content\/uploads\/2022\/09\/piscine-recadre-1024x724.jpeg\" alt=\"\" class=\"wp-image-5379\" srcset=\"https:\/\/www.camping-la-verdiere-83.com\/wp-content\/uploads\/2022\/09\/piscine-recadre-1024x724.jpeg 1024w, https:\/\/www.camping-la-verdiere-83.com\/wp-content\/uploads\/2022\/09\/piscine-recadre-300x212.jpeg 300w, https:\/\/www.camping-la-verdiere-83.com\/wp-content\/uploads\/2022\/09\/piscine-recadre-768x543.jpeg 768w, https:\/\/www.camping-la-verdiere-83.com\/wp-content\/uploads\/2022\/09\/piscine-recadre-1536x1086.jpeg 1536w, https:\/\/www.camping-la-verdiere-83.com\/wp-content\/uploads\/2022\/09\/piscine-recadre-2048x1448.jpeg 2048w\" sizes=\"auto, (max-width: 1024px) 100vw, 1024px\" \/><\/a><\/figure>\n\n\n\n<figure class=\"wp-block-image size-large\"><a href=\"https:\/\/www.camping-la-verdiere-83.com\/wp-content\/uploads\/2022\/10\/IMG_E2764-scaled.jpg\"><img loading=\"lazy\" decoding=\"async\" width=\"1024\" height=\"901\" src=\"https:\/\/www.camping-la-verdiere-83.com\/wp-content\/uploads\/2022\/10\/IMG_E2764-1024x901.jpg\" alt=\"\" class=\"wp-image-5414\" srcset=\"https:\/\/www.camping-la-verdiere-83.com\/wp-content\/uploads\/2022\/10\/IMG_E2764-1024x901.jpg 1024w, https:\/\/www.camping-la-verdiere-83.com\/wp-content\/uploads\/2022\/10\/IMG_E2764-300x264.jpg 300w, https:\/\/www.camping-la-verdiere-83.com\/wp-content\/uploads\/2022\/10\/IMG_E2764-768x676.jpg 768w, https:\/\/www.camping-la-verdiere-83.com\/wp-content\/uploads\/2022\/10\/IMG_E2764-1536x1352.jpg 1536w, https:\/\/www.camping-la-verdiere-83.com\/wp-content\/uploads\/2022\/10\/IMG_E2764-2048x1803.jpg 2048w\" sizes=\"auto, (max-width: 1024px) 100vw, 1024px\" \/><\/a><\/figure>\n<\/figure>\n<\/div><\/div>\n\n\n\n<div style=\"height:100px\" aria-hidden=\"true\" class=\"wp-block-spacer\"><\/div>\n\n\n\n<h2 class=\"wp-block-heading has-text-align-center has-text-color\" id=\"ihr-familiencampingplatz-in-des-gorges-du-verdon\" style=\"color:#088557\"><span style=\"color: #008000;\"><mark style=\"background-color:rgba(0, 0, 0, 0);color:#088557\" class=\"has-inline-color\">Ihr Familiencampingplatz in des Gorges du Verdon<\/mark><\/span><\/h2>\n\n\n\n<pre id=\"tw-target-text\" class=\"wp-block-preformatted\"><\/pre>\n\n\n\n<figure class=\"wp-block-gallery has-nested-images columns-default is-cropped wp-block-gallery-2 is-layout-flex wp-block-gallery-is-layout-flex\">\n<figure class=\"wp-block-image size-large\"><a href=\"https:\/\/www.camping-la-verdiere-83.com\/wp-content\/uploads\/2021\/04\/Piscine-page-acc-1024x855.jpg\"><img loading=\"lazy\" decoding=\"async\" width=\"1024\" height=\"855\" src=\"https:\/\/www.camping-la-verdiere-83.com\/wp-content\/uploads\/2021\/04\/Piscine-page-acc-1024x855.jpg\" alt=\"\" class=\"wp-image-4620\" srcset=\"https:\/\/www.camping-la-verdiere-83.com\/wp-content\/uploads\/2021\/04\/Piscine-page-acc-1024x855.jpg 1024w, https:\/\/www.camping-la-verdiere-83.com\/wp-content\/uploads\/2021\/04\/Piscine-page-acc-300x251.jpg 300w, https:\/\/www.camping-la-verdiere-83.com\/wp-content\/uploads\/2021\/04\/Piscine-page-acc-768x641.jpg 768w, https:\/\/www.camping-la-verdiere-83.com\/wp-content\/uploads\/2021\/04\/Piscine-page-acc.jpg 1293w\" sizes=\"auto, (max-width: 1024px) 100vw, 1024px\" \/><\/a><\/figure>\n\n\n\n<figure class=\"wp-block-image size-large\"><a href=\"https:\/\/www.camping-la-verdiere-83.com\/wp-content\/uploads\/2021\/04\/piscine-camping-gorges-verdon-1024x768.jpg\"><img loading=\"lazy\" decoding=\"async\" width=\"1024\" height=\"768\" src=\"https:\/\/www.camping-la-verdiere-83.com\/wp-content\/uploads\/2021\/04\/piscine-camping-gorges-verdon-1024x768.jpg\" alt=\"\" class=\"wp-image-4551\" srcset=\"https:\/\/www.camping-la-verdiere-83.com\/wp-content\/uploads\/2021\/04\/piscine-camping-gorges-verdon-1024x768.jpg 1024w, https:\/\/www.camping-la-verdiere-83.com\/wp-content\/uploads\/2021\/04\/piscine-camping-gorges-verdon-300x225.jpg 300w, https:\/\/www.camping-la-verdiere-83.com\/wp-content\/uploads\/2021\/04\/piscine-camping-gorges-verdon-768x576.jpg 768w, https:\/\/www.camping-la-verdiere-83.com\/wp-content\/uploads\/2021\/04\/piscine-camping-gorges-verdon-1536x1152.jpg 1536w, https:\/\/www.camping-la-verdiere-83.com\/wp-content\/uploads\/2021\/04\/piscine-camping-gorges-verdon.jpg 1600w\" sizes=\"auto, (max-width: 1024px) 100vw, 1024px\" \/><\/a><\/figure>\n\n\n\n<figure class=\"wp-block-image size-large\"><a href=\"https:\/\/www.camping-la-verdiere-83.com\/wp-content\/uploads\/2021\/01\/camping-snack-verdon.jpg\"><img loading=\"lazy\" decoding=\"async\" width=\"1000\" height=\"562\" src=\"https:\/\/www.camping-la-verdiere-83.com\/wp-content\/uploads\/2021\/01\/camping-snack-verdon.jpg\" alt=\"camping dans le Verdon avec snack-bar\" class=\"wp-image-4358\" srcset=\"https:\/\/www.camping-la-verdiere-83.com\/wp-content\/uploads\/2021\/01\/camping-snack-verdon.jpg 1000w, https:\/\/www.camping-la-verdiere-83.com\/wp-content\/uploads\/2021\/01\/camping-snack-verdon-300x169.jpg 300w, https:\/\/www.camping-la-verdiere-83.com\/wp-content\/uploads\/2021\/01\/camping-snack-verdon-768x432.jpg 768w\" sizes=\"auto, (max-width: 1000px) 100vw, 1000px\" \/><\/a><\/figure>\n\n\n\n<figure class=\"wp-block-image size-large\"><a href=\"https:\/\/www.camping-la-verdiere-83.com\/wp-content\/uploads\/2020\/05\/mobilhome-4pers-lacs-verdon.jpg\"><img loading=\"lazy\" decoding=\"async\" width=\"1024\" height=\"768\" src=\"https:\/\/www.camping-la-verdiere-83.com\/wp-content\/uploads\/2020\/05\/mobilhome-4pers-lacs-verdon.jpg\" alt=\"mlocation de mobil home 4 personnes dans les gorges du Verdon\" class=\"wp-image-4084\" srcset=\"https:\/\/www.camping-la-verdiere-83.com\/wp-content\/uploads\/2020\/05\/mobilhome-4pers-lacs-verdon.jpg 1024w, https:\/\/www.camping-la-verdiere-83.com\/wp-content\/uploads\/2020\/05\/mobilhome-4pers-lacs-verdon-300x225.jpg 300w, https:\/\/www.camping-la-verdiere-83.com\/wp-content\/uploads\/2020\/05\/mobilhome-4pers-lacs-verdon-768x576.jpg 768w\" sizes=\"auto, (max-width: 1024px) 100vw, 1024px\" \/><\/a><\/figure>\n\n\n\n<figure class=\"wp-block-image size-large\"><a href=\"https:\/\/www.camping-la-verdiere-83.com\/wp-content\/uploads\/2021\/05\/EN-5-1024x576.jpg\"><img loading=\"lazy\" decoding=\"async\" width=\"1024\" height=\"576\" src=\"https:\/\/www.camping-la-verdiere-83.com\/wp-content\/uploads\/2021\/05\/EN-5-1024x576.jpg\" alt=\"\" class=\"wp-image-4719\" srcset=\"https:\/\/www.camping-la-verdiere-83.com\/wp-content\/uploads\/2021\/05\/EN-5-1024x576.jpg 1024w, https:\/\/www.camping-la-verdiere-83.com\/wp-content\/uploads\/2021\/05\/EN-5-300x169.jpg 300w, https:\/\/www.camping-la-verdiere-83.com\/wp-content\/uploads\/2021\/05\/EN-5-768x432.jpg 768w, https:\/\/www.camping-la-verdiere-83.com\/wp-content\/uploads\/2021\/05\/EN-5-1536x864.jpg 1536w, https:\/\/www.camping-la-verdiere-83.com\/wp-content\/uploads\/2021\/05\/EN-5-2048x1152.jpg 2048w\" sizes=\"auto, (max-width: 1024px) 100vw, 1024px\" \/><\/a><\/figure>\n<\/figure>\n\n\n\n<div style=\"height:57px\" aria-hidden=\"true\" class=\"wp-block-spacer\"><\/div>\n\n\n\n<h2 class=\"wp-block-heading has-text-align-center has-text-color\" id=\"ein-gunstiger-3-sterne-campingplatz-am-eingang-der-gorges-du-verdon\" style=\"color:#226f21\">Ein g\u00fcnstiger 3-Sterne-Campingplatz am Eingang der Gorges du Verdon<\/h2>\n\n\n\n<div class=\"wp-block-group has-white-background-color has-background\"><div class=\"wp-block-group__inner-container is-layout-flow wp-block-group-is-layout-flow\">\n<h3 class=\"wp-block-heading has-text-align-center\" id=\"fur-1-wochenende-1-woche-15-tage-oder-mehr\"><span style=\"color: #008000;\"><mark style=\"background-color:rgba(0, 0, 0, 0);color:#088557\" class=\"has-inline-color\">F\u00fcr 1 Wochenende, 1 Woche, 15 Tage &#8230; oder mehr &#8230;<\/mark><\/span><\/h3>\n\n\n\n<h3 class=\"wp-block-heading has-text-align-center has-text-color\" id=\"le-sejour-dont-vous-avez-envie-au-meilleur-prix-en-provence-verte-et-pres-des-lacs-du-verdon\" style=\"color:#088557\"><span style=\"color: #008000;\"><mark style=\"background-color:rgba(0, 0, 0, 0);color:#088557\" class=\"has-inline-color\"> <\/mark><\/span><\/h3>\n<\/div><\/div>\n\n\n\n<div class=\"wp-block-columns is-layout-flex wp-container-core-columns-is-layout-1 wp-block-columns-is-layout-flex\">\n<div class=\"wp-block-column is-layout-flow wp-block-column-is-layout-flow\"><div class=\"wp-block-image\">\n<figure class=\"alignright size-full is-resized\"><a href=\"https:\/\/www.facebook.com\/Camping-de-la-Verdiere-83-526085430775757\/\"><img loading=\"lazy\" decoding=\"async\" width=\"411\" height=\"171\" src=\"https:\/\/www.camping-la-verdiere-83.com\/wp-content\/uploads\/2021\/06\/camping-facebook.jpg\" alt=\"page facebook verdon\" class=\"wp-image-4974\" style=\"width:308px;height:128px\" srcset=\"https:\/\/www.camping-la-verdiere-83.com\/wp-content\/uploads\/2021\/06\/camping-facebook.jpg 411w, https:\/\/www.camping-la-verdiere-83.com\/wp-content\/uploads\/2021\/06\/camping-facebook-300x125.jpg 300w\" sizes=\"auto, (max-width: 411px) 100vw, 411px\" \/><\/a><\/figure><\/div><\/div>\n\n\n\n<div class=\"wp-block-column is-layout-flow wp-block-column-is-layout-flow\"><div class=\"wp-block-image\">\n<figure class=\"aligncenter size-full is-resized\"><a href=\"https:\/\/www.instagram.com\/p\/CPBtRY4Iwg-\/?utm_medium=copy_link\"><img loading=\"lazy\" decoding=\"async\" width=\"300\" height=\"171\" src=\"https:\/\/www.camping-la-verdiere-83.com\/wp-content\/uploads\/2021\/06\/location-verdon-instagram.png\" alt=\"location Gorges verdon intagram\" class=\"wp-image-4977\" style=\"width:225px;height:128px\"\/><\/a><\/figure><\/div><\/div>\n<\/div>\n\n\n\n<div style=\"height:56px\" aria-hidden=\"true\" class=\"wp-block-spacer\"><\/div>\n\n\n\n<div class=\"wp-block-columns is-layout-flex wp-container-core-columns-is-layout-2 wp-block-columns-is-layout-flex\">\n<div class=\"wp-block-column is-layout-flow wp-block-column-is-layout-flow\">\n<ctv-reviews data-modal-position=\"right\"><\/ctv-reviews>\n<\/div>\n\n\n\n<div class=\"wp-block-column is-layout-flow wp-block-column-is-layout-flow\">\n<p style=\"text-align: center;color:#000000\"><strong>TEL : +33 4 94 78 30 60<\/strong><\/p> \n\n\n<p style=\"text-align: center\"><a href=\"https:\/\/bookingpremium.secureholiday.net\/de\/14324\/\" target=\"_blank\" rel=\"noopener noreferrer\"><img decoding=\"async\" src=\"\/wp-content\/uploads\/2020\/01\/ONLINE-BUCHEN.jpg\" alt=\"camping verdon tarifs\"><\/a><\/p>\n\n<p style=\"text-align: center\"><a href=\"\/wp-content\/uploads\/Tarifs-campingverdiere.pdf\" target=\"_blank\" rel=\"noopener noreferrer\"><img decoding=\"async\" src=\"\/wp-content\/uploads\/2020\/01\/PREISE.jpg\" alt=\"camping verdon\"><\/a><\/p>\n\n\n<p style=\"text-align: center\"><a href=\"\/wp-content\/uploads\/VERDIERE-plan-camping.pdf\" target=\"_blank\" rel=\"noopener noreferrer\"><img decoding=\"async\" src=\"\/wp-content\/uploads\/2020\/01\/Campingpkarte.jpg\" alt=\"camping verdon pas cher\"><\/a><\/p>\n\n\n\n<hr class=\"wp-block-separator has-css-opacity\"\/>\n<\/div>\n<\/div>\n\n\n\t\t<div class=\"encart featured-pages-shortcode encart-alt\">\n\t\t\t<div class=\"container-fluid\">\n\t\t\t\t\t\t\n\t\t\t\t\n\t\t\t\t<div class=\"row justify-content-center\">\n\t\t\t\t\n\t\t\t\t\t<a class=\"col col-12 col-md-4\" href=\"https:\/\/www.camping-la-verdiere-83.com\/de\/la-piscine\/\">\n\t\t\t\t\t<figure>\n\t\t\t\t\t\t<img decoding=\"async\" src=\"\/wp-content\/uploads\/2021\/01\/piscine-camping-verdon-1.jpg\" alt=\"Schwimmbad und Tennis\">\n\t\t\t\t\t\t<figcaption>\n\t\t\t\t\t\t\t<h2>Schwimmbad und Tennis<\/h2>\n\t\t\t\t\t\t\t\t\t\t\t\t\t\t\t<p class=\"encart-lbl\">Unsere leistungen<\/p>\n\t\t\t\t\t\t\t\t\t\t\t\t\t<\/figcaption>\n\t\t\t\t\t<\/figure>\n\t\t\t\t\t<\/a>\n\n\t\t\t\t\n\t\t\t\t\t<a class=\"col col-12 col-md-4\" href=\"https:\/\/www.camping-la-verdiere-83.com\/de\/le-snack-bar\/\">\n\t\t\t\t\t<figure>\n\t\t\t\t\t\t<img decoding=\"async\" src=\"\/wp-content\/uploads\/2021\/01\/Snack-camping-gorge-verdon.jpg\" alt=\"Der Snack\">\n\t\t\t\t\t\t<figcaption>\n\t\t\t\t\t\t\t<h2>Der Snack<\/h2>\n\t\t\t\t\t\t\t\t\t\t\t\t\t\t\t<p class=\"encart-lbl\">Catering vor ort<\/p>\n\t\t\t\t\t\t\t\t\t\t\t\t\t<\/figcaption>\n\t\t\t\t\t<\/figure>\n\t\t\t\t\t<\/a>\n\n\t\t\t\t\n\t\t\t\t\t<a class=\"col col-12 col-md-4\" href=\"https:\/\/www.camping-la-verdiere-83.com\/de\/Tourisme\/die-schluchten-des-verdon\/\">\n\t\t\t\t\t<figure>\n\t\t\t\t\t\t<img decoding=\"async\" src=\"\/wp-content\/uploads\/2015\/02\/Quinson.jpg\" alt=\"Die Schluchten des Verdon\">\n\t\t\t\t\t\t<figcaption>\n\t\t\t\t\t\t\t<h2>Die Schluchten des Verdon<\/h2>\n\t\t\t\t\t\t\t\t\t\t\t\t\t\t\t<p class=\"encart-lbl\">Besuch<\/p>\n\t\t\t\t\t\t\t\t\t\t\t\t\t<\/figcaption>\n\t\t\t\t\t<\/figure>\n\t\t\t\t\t<\/a>\n\n\t\t\t\t\t\t\t\t<\/div>\n\n\t\t\t\t\n\t\t\t\t\n\t\t\t\t\t\t<\/div>\n\t\t<\/div>\n\t\t\n<\/div>\n<\/div>\n\n\n\n<hr class=\"wp-block-separator has-css-opacity\"\/>\n\n\n\n<div class=\"wp-block-columns alignfull is-layout-flex wp-container-core-columns-is-layout-4 wp-block-columns-is-layout-flex\">\n<div class=\"wp-block-column is-layout-flow wp-block-column-is-layout-flow\">\n<p><iframe loading=\"lazy\" src=\"https:\/\/www.youtube.com\/embed\/wYhAsmdsC3c\" allowfullscreen=\"allowfullscreen\" width=\"642\" height=\"400\" frameborder=\"0\"><\/iframe><\/p>\n\n\n\n<div style=\"height:100px\" aria-hidden=\"true\" class=\"wp-block-spacer\"><\/div>\n\n\n\n<h2 class=\"wp-block-heading has-text-align-center has-text-color\" id=\"lage-ihres-3-sterne-campingplatzes-im-verdon\" style=\"color:#226f21\">Lage Ihres 3 Sterne-Campingplatzes im Verdon<\/h2>\n\n\n<div class=\"wp-block-image\">\n<figure class=\"aligncenter size-large\"><a href=\"https:\/\/www.camping-la-verdiere-83.com\/wp-content\/uploads\/2021\/05\/carte-gorges-du-verdon-1.jpg\"><img loading=\"lazy\" decoding=\"async\" width=\"1412\" height=\"561\" src=\"https:\/\/www.camping-la-verdiere-83.com\/wp-content\/uploads\/2021\/05\/carte-gorges-du-verdon-1.jpg\" alt=\"carte gorges du Verdon\" class=\"wp-image-4943\"\/><\/a><\/figure><\/div>\n\n\n<div style=\"height:52px\" aria-hidden=\"true\" class=\"wp-block-spacer\"><\/div>\n<\/div>\n<\/div>\n\n\n\n<hr class=\"wp-block-separator has-css-opacity\"\/>\n\n\n\n<p class=\"has-text-align-center\">\u00d6ffnung des Campingplatzes &#8211; Mobilheime &#8211; Aufenthalte von mindestens 1 Monat ab 5. Februar 2022<\/p>\n\n\n\n<p class=\"has-text-align-center\">Vermietung von Mobilheimen f\u00fcr eine Woche, Wochenenden und einer \u00dcbernachtung vom 26. Februar 2022 bis 26. November 2022 <\/p>\n\n\n\n<p class=\"has-text-align-center\">Stellpl\u00e4tze und sanit\u00e4re Einrichtungen ge\u00f6ffnet vom 05. M\u00e4rz 2022 bis 29. Oktober 2022<\/p>\n\n\n\n<p class=\"has-text-align-center\">Rezeption:<\/p>\n\n\n\n<p class=\"has-text-align-center\">Nachsaison: 9 bis 18 Uhr<\/p>\n\n\n\n<p class=\"has-text-align-center\"> Hochsaison Juli August &#8211; 8h00-20h00<\/p>\n\n\n\n<p class=\"has-text-align-center\"> <br> Kommunikation: Franz\u00f6sisch, Englisch, Deutsch<\/p>\n\n\n\n<p class=\"has-text-align-center\">ZUGANG F\u00dcR MENSCHEN MIT EINGESCHR\u00c4NKTER MOBILIT\u00c4T: Da der nat\u00fcrliche Hang des Gel\u00e4ndes keinen Zugang f\u00fcr Rollstuhlfahrer und keine Bewegung zul\u00e4sst, hat der Campingplatz eine Ausnahmeregelung.<\/p>\n\n\n\n<p class=\"has-text-align-center\"> <br><em> camping Gorges du Verdon avec piscine<\/em>, <em>Camping Verdon pas cher,<\/em> camping Gorges du Verdon 3 \u00e9toiles.<\/p>\n","protected":false},"excerpt":{"rendered":"<p>Campingplatz Gorges du Verdon Sie suchen einen kleinen Campingplatz in der N\u00e4he der Gorges du Verdon, um in Ruhe und im Herzen der Natur Energie zu tanken &#8230; Ihr Campingplatz La Verdi\u00e8re, ein 3-Sterne-Campingplatz Gorges du Verdon, befindet sich 15 Minuten von den Basses-Schluchten entfernt im Herzen der Gr\u00fcnen Provence im Regionalen Naturpark Verdon, einem [&hellip;]<\/p>\n","protected":false},"author":1,"featured_media":0,"parent":0,"menu_order":0,"comment_status":"open","ping_status":"open","template":"","meta":{"footnotes":""},"class_list":["post-3132","page","type-page","status-publish","hentry"],"yoast_head":"<!-- This site is optimized with the Yoast SEO plugin v26.8 - https:\/\/yoast.com\/product\/yoast-seo-wordpress\/ -->\n<title>Campingplatz Gorges du Verdon<\/title>\n<meta name=\"description\" content=\"Ihr Campingplatz La Verdi\u00e8re, ein 3-Sterne-Campingplatz Gorges du Verdon, befindet sich 15 Minuten von den Basses-Schluchten entfernt im Herzen der Gr\u00fcnen Provence\" \/>\n<meta name=\"robots\" content=\"index, follow, max-snippet:-1, max-image-preview:large, max-video-preview:-1\" \/>\n<link rel=\"canonical\" href=\"https:\/\/www.camping-la-verdiere-83.com\/de\/\" \/>\n<meta property=\"og:locale\" content=\"de_DE\" \/>\n<meta property=\"og:type\" content=\"article\" \/>\n<meta property=\"og:title\" content=\"Campingplatz Gorges du Verdon\" \/>\n<meta property=\"og:description\" content=\"Ihr Campingplatz La Verdi\u00e8re, ein 3-Sterne-Campingplatz Gorges du Verdon, befindet sich 15 Minuten von den Basses-Schluchten entfernt im Herzen der Gr\u00fcnen Provence\" \/>\n<meta property=\"og:url\" content=\"https:\/\/www.camping-la-verdiere-83.com\/de\/\" \/>\n<meta property=\"og:site_name\" content=\"La verdi\u00e8re 83\" \/>\n<meta property=\"article:modified_time\" content=\"2024-12-02T17:00:57+00:00\" \/>\n<meta property=\"og:image\" content=\"https:\/\/www.camping-la-verdiere-83.com\/wp-content\/uploads\/2024\/12\/Gorges-du-verdon-1.avif\" \/>\n\t<meta property=\"og:image:width\" content=\"800\" \/>\n\t<meta property=\"og:image:height\" content=\"836\" \/>\n\t<meta property=\"og:image:type\" content=\"image\/jpeg\" \/>\n<meta name=\"twitter:label1\" content=\"Gesch\u00e4tzte Lesezeit\" \/>\n\t<meta name=\"twitter:data1\" content=\"10\u00a0Minuten\" \/>\n<script type=\"application\/ld+json\" class=\"yoast-schema-graph\">{\"@context\":\"https:\/\/schema.org\",\"@graph\":[{\"@type\":\"WebPage\",\"@id\":\"https:\/\/www.camping-la-verdiere-83.com\/de\/\",\"url\":\"https:\/\/www.camping-la-verdiere-83.com\/de\/\",\"name\":\"Campingplatz Gorges du Verdon\",\"isPartOf\":{\"@id\":\"https:\/\/www.camping-la-verdiere-83.com\/#website\"},\"primaryImageOfPage\":{\"@id\":\"https:\/\/www.camping-la-verdiere-83.com\/de\/#primaryimage\"},\"image\":{\"@id\":\"https:\/\/www.camping-la-verdiere-83.com\/de\/#primaryimage\"},\"thumbnailUrl\":\"https:\/\/www.camping-la-verdiere-83.com\/wp-content\/uploads\/2024\/12\/Gorges-du-verdon-1.avif\",\"datePublished\":\"2013-04-09T09:40:50+00:00\",\"dateModified\":\"2024-12-02T17:00:57+00:00\",\"description\":\"Ihr Campingplatz La Verdi\u00e8re, ein 3-Sterne-Campingplatz Gorges du Verdon, befindet sich 15 Minuten von den Basses-Schluchten entfernt im Herzen der Gr\u00fcnen Provence\",\"breadcrumb\":{\"@id\":\"https:\/\/www.camping-la-verdiere-83.com\/de\/#breadcrumb\"},\"inLanguage\":\"de\",\"potentialAction\":[{\"@type\":\"ReadAction\",\"target\":[\"https:\/\/www.camping-la-verdiere-83.com\/de\/\"]}]},{\"@type\":\"ImageObject\",\"inLanguage\":\"de\",\"@id\":\"https:\/\/www.camping-la-verdiere-83.com\/de\/#primaryimage\",\"url\":\"https:\/\/www.camping-la-verdiere-83.com\/wp-content\/uploads\/2024\/12\/Gorges-du-verdon-1.avif\",\"contentUrl\":\"https:\/\/www.camping-la-verdiere-83.com\/wp-content\/uploads\/2024\/12\/Gorges-du-verdon-1.avif\"},{\"@type\":\"BreadcrumbList\",\"@id\":\"https:\/\/www.camping-la-verdiere-83.com\/de\/#breadcrumb\",\"itemListElement\":[{\"@type\":\"ListItem\",\"position\":1,\"name\":\"Accueil\",\"item\":\"https:\/\/www.camping-la-verdiere-83.com\/de\/\"},{\"@type\":\"ListItem\",\"position\":2,\"name\":\"WILLKOMMEN\"}]},{\"@type\":\"WebSite\",\"@id\":\"https:\/\/www.camping-la-verdiere-83.com\/#website\",\"url\":\"https:\/\/www.camping-la-verdiere-83.com\/\",\"name\":\"La verdi\u00e8re 83\",\"description\":\"camping verdon\",\"potentialAction\":[{\"@type\":\"SearchAction\",\"target\":{\"@type\":\"EntryPoint\",\"urlTemplate\":\"https:\/\/www.camping-la-verdiere-83.com\/?s={search_term_string}\"},\"query-input\":{\"@type\":\"PropertyValueSpecification\",\"valueRequired\":true,\"valueName\":\"search_term_string\"}}],\"inLanguage\":\"de\"}]}<\/script>\n<!-- \/ Yoast SEO plugin. -->","yoast_head_json":{"title":"Campingplatz Gorges du Verdon","description":"Ihr Campingplatz La Verdi\u00e8re, ein 3-Sterne-Campingplatz Gorges du Verdon, befindet sich 15 Minuten von den Basses-Schluchten entfernt im Herzen der Gr\u00fcnen Provence","robots":{"index":"index","follow":"follow","max-snippet":"max-snippet:-1","max-image-preview":"max-image-preview:large","max-video-preview":"max-video-preview:-1"},"canonical":"https:\/\/www.camping-la-verdiere-83.com\/de\/","og_locale":"de_DE","og_type":"article","og_title":"Campingplatz Gorges du Verdon","og_description":"Ihr Campingplatz La Verdi\u00e8re, ein 3-Sterne-Campingplatz Gorges du Verdon, befindet sich 15 Minuten von den Basses-Schluchten entfernt im Herzen der Gr\u00fcnen Provence","og_url":"https:\/\/www.camping-la-verdiere-83.com\/de\/","og_site_name":"La verdi\u00e8re 83","article_modified_time":"2024-12-02T17:00:57+00:00","og_image":[{"width":800,"height":836,"url":"https:\/\/www.camping-la-verdiere-83.com\/wp-content\/uploads\/2024\/12\/Gorges-du-verdon-1.avif","type":"image\/jpeg"}],"twitter_misc":{"Gesch\u00e4tzte Lesezeit":"10\u00a0Minuten"},"schema":{"@context":"https:\/\/schema.org","@graph":[{"@type":"WebPage","@id":"https:\/\/www.camping-la-verdiere-83.com\/de\/","url":"https:\/\/www.camping-la-verdiere-83.com\/de\/","name":"Campingplatz Gorges du Verdon","isPartOf":{"@id":"https:\/\/www.camping-la-verdiere-83.com\/#website"},"primaryImageOfPage":{"@id":"https:\/\/www.camping-la-verdiere-83.com\/de\/#primaryimage"},"image":{"@id":"https:\/\/www.camping-la-verdiere-83.com\/de\/#primaryimage"},"thumbnailUrl":"https:\/\/www.camping-la-verdiere-83.com\/wp-content\/uploads\/2024\/12\/Gorges-du-verdon-1.avif","datePublished":"2013-04-09T09:40:50+00:00","dateModified":"2024-12-02T17:00:57+00:00","description":"Ihr Campingplatz La Verdi\u00e8re, ein 3-Sterne-Campingplatz Gorges du Verdon, befindet sich 15 Minuten von den Basses-Schluchten entfernt im Herzen der Gr\u00fcnen Provence","breadcrumb":{"@id":"https:\/\/www.camping-la-verdiere-83.com\/de\/#breadcrumb"},"inLanguage":"de","potentialAction":[{"@type":"ReadAction","target":["https:\/\/www.camping-la-verdiere-83.com\/de\/"]}]},{"@type":"ImageObject","inLanguage":"de","@id":"https:\/\/www.camping-la-verdiere-83.com\/de\/#primaryimage","url":"https:\/\/www.camping-la-verdiere-83.com\/wp-content\/uploads\/2024\/12\/Gorges-du-verdon-1.avif","contentUrl":"https:\/\/www.camping-la-verdiere-83.com\/wp-content\/uploads\/2024\/12\/Gorges-du-verdon-1.avif"},{"@type":"BreadcrumbList","@id":"https:\/\/www.camping-la-verdiere-83.com\/de\/#breadcrumb","itemListElement":[{"@type":"ListItem","position":1,"name":"Accueil","item":"https:\/\/www.camping-la-verdiere-83.com\/de\/"},{"@type":"ListItem","position":2,"name":"WILLKOMMEN"}]},{"@type":"WebSite","@id":"https:\/\/www.camping-la-verdiere-83.com\/#website","url":"https:\/\/www.camping-la-verdiere-83.com\/","name":"La verdi\u00e8re 83","description":"camping verdon","potentialAction":[{"@type":"SearchAction","target":{"@type":"EntryPoint","urlTemplate":"https:\/\/www.camping-la-verdiere-83.com\/?s={search_term_string}"},"query-input":{"@type":"PropertyValueSpecification","valueRequired":true,"valueName":"search_term_string"}}],"inLanguage":"de"}]}},"_links":{"self":[{"href":"https:\/\/www.camping-la-verdiere-83.com\/de\/wp-json\/wp\/v2\/pages\/3132","targetHints":{"allow":["GET"]}}],"collection":[{"href":"https:\/\/www.camping-la-verdiere-83.com\/de\/wp-json\/wp\/v2\/pages"}],"about":[{"href":"https:\/\/www.camping-la-verdiere-83.com\/de\/wp-json\/wp\/v2\/types\/page"}],"author":[{"embeddable":true,"href":"https:\/\/www.camping-la-verdiere-83.com\/de\/wp-json\/wp\/v2\/users\/1"}],"replies":[{"embeddable":true,"href":"https:\/\/www.camping-la-verdiere-83.com\/de\/wp-json\/wp\/v2\/comments?post=3132"}],"version-history":[{"count":1,"href":"https:\/\/www.camping-la-verdiere-83.com\/de\/wp-json\/wp\/v2\/pages\/3132\/revisions"}],"predecessor-version":[{"id":6205,"href":"https:\/\/www.camping-la-verdiere-83.com\/de\/wp-json\/wp\/v2\/pages\/3132\/revisions\/6205"}],"wp:attachment":[{"href":"https:\/\/www.camping-la-verdiere-83.com\/de\/wp-json\/wp\/v2\/media?parent=3132"}],"curies":[{"name":"wp","href":"https:\/\/api.w.org\/{rel}","templated":true}]}}