{"id":3173,"date":"2013-04-09T09:41:12","date_gmt":"2013-04-09T09:41:12","guid":{"rendered":"https:\/\/www.camping-la-verdiere-83.com\/locations\/"},"modified":"2023-03-06T14:46:20","modified_gmt":"2023-03-06T13:46:20","slug":"locations","status":"publish","type":"page","link":"https:\/\/www.camping-la-verdiere-83.com\/de\/locations\/","title":{"rendered":"Vermietung"},"content":{"rendered":"\n<p><span style=\"color: #008000;\"><strong>Ferienhaus \/ Mobilheim in Verdon mieten<\/strong><\/span><\/p>\n\n\n\n<h1 class=\"wp-block-heading\" id=\"location-mobil-homes-et-emplacements-dans-le-verdon\"><span style=\"color: #008000;\">Location Mobil-home Verdon<\/span><\/h1>\n\n\n\n<p>D\u00e9couvrez nos h\u00e9bergements dans le Parc Naturel R\u00e9gional du et tout pr\u00e8s des <strong>Gorges du Verdon<\/strong>. <\/p>\n\n\n\n<p>Le Verdon et la Provence Verte sont un territoire aussi vaste que riche en sites naturels exceptionnels, petits villages pittoresque, march\u00e9s proven\u00e7aux&#8230; 1 semaine est parfaite pour y prendre gout, mais un s\u00e9jour de 15 jours est l&#8217;id\u00e9al pour se ressourcer et profitez pleinement de la diversit\u00e9 des activit\u00e9 et d&#8217;un repos bien m\u00e9rit\u00e9! R\u00e9servez votre mobil-home dans le Verdon<\/p>\n\n\n\n<h2 class=\"has-text-align-center wp-block-heading\"><mark style=\"background-color:rgba(0, 0, 0, 0)\" class=\"has-inline-color has-vivid-green-cyan-color\">Les h\u00e9bergements pr\u00e9f\u00e9r\u00e9s de nos campeurs<\/mark><\/h2>\n\n\n\n<p><strong>Vous avez envie<\/strong> d&#8217;espace ou une grande famille \u00e0 h\u00e9berger&#8230; et besoin de prendre le temps de vivre, dans un mobil home <strong>3 chambres<\/strong> r\u00e9cent et parfaitement \u00e9quip\u00e9, tout confort avec un joli jardinet et une grande terrasse couverte&#8230; id\u00e9al<strong> pour 5\/6 personnes<\/strong> maximum ? <\/p>\n\n\n\n<p><strong>Ou bien vous avez envie <\/strong>de vacances tranquilles en camping Verdon, dans un mobil home confortable,  parfaitement entretenu et bien \u00e9quip\u00e9 avec <strong>2 chambres<\/strong>, une terrasse &#8230; <strong>id\u00e9al pour 1 \u00e0 4 personnes<\/strong>? <\/p>\n\n\n\n<p><strong>Et pourquoi pas une exp\u00e9rience plus insolite <\/strong>alliant super confort et charme du camping : Laissez vous tenter par l&#8217;\u00e9colodge COCOONING !<\/p>\n\n\n\n<div class=\"wp-block-media-text alignwide is-stacked-on-mobile is-vertically-aligned-top\" style=\"grid-template-columns:15% auto\"><figure class=\"wp-block-media-text__media\"><img decoding=\"async\" src=\"https:\/\/www.arthur-loyd-oise.com\/upload\/media\/page\/350x0\/1390-arthur-loyd-oise-conseil.png\" alt=\"Conseils immobilier entreprise Oise Compi\u00e8gne\"\/><\/figure><div class=\"wp-block-media-text__content\">\n<h2 class=\"has-text-align-center wp-block-heading\">Choisissez votre Mobil Home ou Ecolodge dans le Verdon<\/h2>\n\n\n\n<p>Nos campeurs vous recommandent <strong>un mobil home  de la gamme PREMIUM , qui se d\u00e9cline en 2 ou 3 chambres en fonction de vos besoins! <\/strong><\/p>\n<\/div><\/div>\n\n\n\n<h3 class=\"has-text-align-center wp-block-heading\">Mobil home Gamme PREMIUM &#8211; 2 ou 3 chambres<\/h3>\n\n\n\n<p><strong>Envie de confort maximal avec des prestations haut de gamme?<\/strong> N&#8217;h\u00e9sitez pas : un mobil home de notre gamme <strong>PREMIUM<\/strong> est fait pour vous ! Belle et grande terrasse 100% couverte, Climatisation, grande pi\u00e8ce de vie, TV 80cm comprises, dans un environnement calme et naturel. Il ne vosu reste plus qu&#8217;\u00e0 choisir entre le Mobil home 2 Chambres PREMIUM ou le Mobil home 3 Chambres PREMIUM ! A vous de jouer !<\/p>\n\n\n\n<figure class=\"wp-block-gallery has-nested-images columns-default is-cropped wp-block-gallery-1 is-layout-flex wp-block-gallery-is-layout-flex\">\n<figure class=\"wp-block-image size-large\"><a href=\"\/de\/mobil-home-2-chambres-var\/\"><img loading=\"lazy\" decoding=\"async\" width=\"1024\" height=\"768\" data-id=\"5268\" src=\"https:\/\/www.camping-la-verdiere-83.com\/wp-content\/uploads\/2022\/03\/mobil-home-5-personnes-provence-1024x768.jpg\" alt=\"mobil home 5 personnes var verdon\" class=\"wp-image-5268\" srcset=\"https:\/\/www.camping-la-verdiere-83.com\/wp-content\/uploads\/2022\/03\/mobil-home-5-personnes-provence-1024x768.jpg 1024w, https:\/\/www.camping-la-verdiere-83.com\/wp-content\/uploads\/2022\/03\/mobil-home-5-personnes-provence-300x225.jpg 300w, https:\/\/www.camping-la-verdiere-83.com\/wp-content\/uploads\/2022\/03\/mobil-home-5-personnes-provence-768x576.jpg 768w, https:\/\/www.camping-la-verdiere-83.com\/wp-content\/uploads\/2022\/03\/mobil-home-5-personnes-provence.jpg 1200w\" sizes=\"auto, (max-width: 1024px) 100vw, 1024px\" \/><\/a><figcaption class=\"wp-element-caption\">2 ZIMMER<\/figcaption><\/figure>\n\n\n\n<figure class=\"wp-block-image size-full\"><a href=\"\/de\/locations\/mobil-home-2-chambres-var\/\" target=\"_blank\" rel=\"noreferrer noopener\"><img loading=\"lazy\" decoding=\"async\" width=\"1024\" height=\"768\" data-id=\"5194\" src=\"https:\/\/www.camping-la-verdiere-83.com\/wp-content\/uploads\/2022\/03\/IMG-20200508-WA0059.jpg\" alt=\"location de mobil home 6 personnes dans le Verdon\" class=\"wp-image-5194\" srcset=\"https:\/\/www.camping-la-verdiere-83.com\/wp-content\/uploads\/2022\/03\/IMG-20200508-WA0059.jpg 1024w, https:\/\/www.camping-la-verdiere-83.com\/wp-content\/uploads\/2022\/03\/IMG-20200508-WA0059-300x225.jpg 300w, https:\/\/www.camping-la-verdiere-83.com\/wp-content\/uploads\/2022\/03\/IMG-20200508-WA0059-768x576.jpg 768w\" sizes=\"auto, (max-width: 1024px) 100vw, 1024px\" \/><\/a><figcaption class=\"wp-element-caption\">3 ZIMMER<\/figcaption><\/figure>\n<\/figure>\n\n\n\n<div style=\"height:32px\" aria-hidden=\"true\" class=\"wp-block-spacer\"><\/div>\n\n\n\n<h3 class=\"has-text-align-center wp-block-heading\">Mobil home Gamme GRAND CONFORT &#8211; 2 ou 3 chambres<\/h3>\n\n\n\n<p><strong>Pour plus de fraicheur<\/strong>, optez pour le Mobil home de la gamme <strong>GRAND CONFORT <\/strong>. Bien am\u00e9nag\u00e9, avec la clim et sa terrasse semi couverte, le mobil home GRAND CONFORT est disponible en 2 chambres ou 3 chambres. Vous pouvez allier repos et fraicheur rafraichissement si besoin! <\/p>\n\n\n\n<figure class=\"wp-block-gallery has-nested-images columns-default is-cropped wp-block-gallery-2 is-layout-flex wp-block-gallery-is-layout-flex\">\n<figure class=\"wp-block-image size-large\"><a href=\"https:\/\/www.camping-la-verdiere-83.com\/de\/locations\/mobil-home-2-chambres-grand-confort\/\" target=\"_blank\" rel=\"noreferrer noopener\"><img loading=\"lazy\" decoding=\"async\" width=\"800\" height=\"600\" data-id=\"5571\" src=\"https:\/\/www.camping-la-verdiere-83.com\/wp-content\/uploads\/2022\/11\/location-camping-6pers-verdon.jpg\" alt=\"Location en camping pour 6 personnes dans le Verdon\" class=\"wp-image-5571\" srcset=\"https:\/\/www.camping-la-verdiere-83.com\/wp-content\/uploads\/2022\/11\/location-camping-6pers-verdon.jpg 800w, https:\/\/www.camping-la-verdiere-83.com\/wp-content\/uploads\/2022\/11\/location-camping-6pers-verdon-300x225.jpg 300w, https:\/\/www.camping-la-verdiere-83.com\/wp-content\/uploads\/2022\/11\/location-camping-6pers-verdon-768x576.jpg 768w\" sizes=\"auto, (max-width: 800px) 100vw, 800px\" \/><\/a><figcaption class=\"wp-element-caption\">2 ZIMMER<\/figcaption><\/figure>\n\n\n\n<figure class=\"wp-block-image size-large\"><a href=\"https:\/\/www.camping-la-verdiere-83.com\/de\/locations\/mobil-home-3-chambres-grand-confort\/\" target=\"_blank\" rel=\"noreferrer noopener\"><img loading=\"lazy\" decoding=\"async\" width=\"1000\" height=\"514\" data-id=\"5543\" src=\"https:\/\/www.camping-la-verdiere-83.com\/wp-content\/uploads\/2022\/11\/location-6personnes-verson.jpeg\" alt=\"location gorges du verdon pour 6 personnes\" class=\"wp-image-5543\" srcset=\"https:\/\/www.camping-la-verdiere-83.com\/wp-content\/uploads\/2022\/11\/location-6personnes-verson.jpeg 1000w, https:\/\/www.camping-la-verdiere-83.com\/wp-content\/uploads\/2022\/11\/location-6personnes-verson-300x154.jpeg 300w, https:\/\/www.camping-la-verdiere-83.com\/wp-content\/uploads\/2022\/11\/location-6personnes-verson-768x395.jpeg 768w\" sizes=\"auto, (max-width: 1000px) 100vw, 1000px\" \/><\/a><figcaption class=\"wp-element-caption\">3 ZIMMER<\/figcaption><\/figure>\n<\/figure>\n\n\n\n<div style=\"height:32px\" aria-hidden=\"true\" class=\"wp-block-spacer\"><\/div>\n\n\n\n<h3 class=\"has-text-align-center wp-block-heading\">Mobil home Gamme CONFORT 2 chambres ou 3 chambres<\/h3>\n\n\n\n<p>Pour un budget sympa, le<strong> mobil home 2 chambres ou 3 chambres CONFORT <\/strong>est parfait ! bien \u00e9quip\u00e9 avec une terrasse semi couverte, jardinet et place de parking privatifs, des chaises longues&#8230;<\/p>\n\n\n\n<figure class=\"wp-block-gallery has-nested-images columns-default is-cropped encart effect wp-block-gallery-3 is-layout-flex wp-block-gallery-is-layout-flex\">\n<figure class=\"wp-block-image size-large encart-effect\"><a href=\"https:\/\/www.camping-la-verdiere-83.com\/de\/locations\/mobil-home-2-chambres-eco\/\"><img loading=\"lazy\" decoding=\"async\" width=\"926\" height=\"768\" data-id=\"4072\" src=\"https:\/\/www.camping-la-verdiere-83.com\/wp-content\/uploads\/2020\/05\/mobilhome-gorges-verdon-4personnes.jpg\" alt=\"location gorges du Verdon pour 4 personnes\" class=\"wp-image-4072\" srcset=\"https:\/\/www.camping-la-verdiere-83.com\/wp-content\/uploads\/2020\/05\/mobilhome-gorges-verdon-4personnes.jpg 926w, https:\/\/www.camping-la-verdiere-83.com\/wp-content\/uploads\/2020\/05\/mobilhome-gorges-verdon-4personnes-300x249.jpg 300w, https:\/\/www.camping-la-verdiere-83.com\/wp-content\/uploads\/2020\/05\/mobilhome-gorges-verdon-4personnes-768x637.jpg 768w\" sizes=\"auto, (max-width: 926px) 100vw, 926px\" \/><\/a><figcaption class=\"wp-element-caption\">2 ZIMMER<\/figcaption><\/figure>\n\n\n\n<figure class=\"wp-block-image size-large\"><a href=\"https:\/\/www.camping-la-verdiere-83.com\/de\/locations\/mobil-home-3-chambres\/\" target=\"_blank\" rel=\"noreferrer noopener\"><img loading=\"lazy\" decoding=\"async\" width=\"1024\" height=\"768\" data-id=\"4075\" src=\"https:\/\/www.camping-la-verdiere-83.com\/wp-content\/uploads\/2020\/05\/location-6personnes-verdon.jpg\" alt=\"location 6 personnes Verdon\" class=\"wp-image-4075\" srcset=\"https:\/\/www.camping-la-verdiere-83.com\/wp-content\/uploads\/2020\/05\/location-6personnes-verdon.jpg 1024w, https:\/\/www.camping-la-verdiere-83.com\/wp-content\/uploads\/2020\/05\/location-6personnes-verdon-300x225.jpg 300w, https:\/\/www.camping-la-verdiere-83.com\/wp-content\/uploads\/2020\/05\/location-6personnes-verdon-768x576.jpg 768w\" sizes=\"auto, (max-width: 1024px) 100vw, 1024px\" \/><\/a><figcaption class=\"wp-element-caption\">3 ZIMMER<\/figcaption><\/figure>\n<\/figure>\n\n\n\n<div style=\"height:32px\" aria-hidden=\"true\" class=\"wp-block-spacer\"><\/div>\n\n\n\n<h3 class=\"has-text-align-center wp-block-heading\">Votre S\u00e9jour Ecolodge COCOONING en Verdon!<\/h3>\n\n\n\n<p>L&#8217;Ecolodge est le mode de vie en vacances qui allie confort, tranquillit\u00e9 et l&#8217;exp\u00e9rience si unique de camper en pleine nature ! Tout neuf, votre ECOLODGE tout en toile et bois est parfaitement \u00e9quip\u00e9 pour un s\u00e9jour confort et des nuits parfaites : vous vivez dans une tente haut de gamme , pas de sardines \u00e0 planter, pas de matelas \u00e0 gonfler ni de vaisselle \u00e0 trimaballer : tout est l\u00e0!! <\/p>\n\n\n\n<figure class=\"wp-block-gallery aligncenter has-nested-images columns-default is-cropped wp-block-gallery-4 is-layout-flex wp-block-gallery-is-layout-flex\">\n<figure class=\"wp-block-image size-full\"><a href=\"\/de\/locations\/ecolodge-verdon\/\" target=\"_blank\" rel=\"noreferrer noopener\"><img loading=\"lazy\" decoding=\"async\" width=\"800\" height=\"500\" data-id=\"5888\" src=\"https:\/\/www.camping-la-verdiere-83.com\/wp-content\/uploads\/2023\/01\/location-lodge-gorges-du-verdon-edited.jpeg\" alt=\"location lodge camping du Verdon\" class=\"wp-image-5888\" srcset=\"https:\/\/www.camping-la-verdiere-83.com\/wp-content\/uploads\/2023\/01\/location-lodge-gorges-du-verdon-edited.jpeg 800w, https:\/\/www.camping-la-verdiere-83.com\/wp-content\/uploads\/2023\/01\/location-lodge-gorges-du-verdon-edited-300x188.jpeg 300w, https:\/\/www.camping-la-verdiere-83.com\/wp-content\/uploads\/2023\/01\/location-lodge-gorges-du-verdon-edited-768x480.jpeg 768w\" sizes=\"auto, (max-width: 800px) 100vw, 800px\" \/><\/a><figcaption class=\"wp-element-caption\">TENTE LODGE<\/figcaption><\/figure>\n<\/figure>\n\n\n\n<p>Vous posez vos bagages, vous chaussez vos tongs, vous enfilez vos maillots filez vous d\u00e9tendre au bord de la piscine ! C&#8217;est \u00e7a les vacances ! <\/p>\n\n\n\n<ctv-availability data-background-color=\"#FFFFFFFF\"><\/ctv-availability>\n\n\n\n<h2 class=\"wp-block-heading\" id=\"nachte-und-wochenenden\">N\u00e4chte und Wochenenden<\/h2>\n\n\n\n<p>Vermietung auf dem Campingplatz vor den Toren von Verdon, S\u00fcdfrankreich.<br>Von der B\u00fchne zur B\u00fchne, f\u00fcr ein Wochenende\u2026 Naturliebhaber, Sportliebhaber, Geschichtsinteressierte oder Liebhaber der Authentizit\u00e4t finden sich auf diesem bezaubernden Land wieder, von dem aus ein gewisser provenzalischer Adel ausgeht.<\/p>\n\n\n\n<h2 class=\"wp-block-heading\" id=\"eine-nacht-im-mobilheim-zu-einem-niedrigen-preis\">Eine Nacht im Mobilheim zu einem niedrigen Preis<\/h2>\n\n\n\n<p>Der Charme der gr\u00fcnen Provence der Region und der Komfort Ihrer Unterkunft beginnen bei 26 Euro pro Nacht pro Person!<\/p>\n","protected":false},"excerpt":{"rendered":"<p>Ferienhaus \/ Mobilheim in Verdon mieten Location Mobil-home Verdon D\u00e9couvrez nos h\u00e9bergements dans le Parc Naturel R\u00e9gional du et tout pr\u00e8s des Gorges du Verdon. Le Verdon et la Provence Verte sont un territoire aussi vaste que riche en sites naturels exceptionnels, petits villages pittoresque, march\u00e9s proven\u00e7aux&#8230; 1 semaine est parfaite pour y prendre gout, [&hellip;]<\/p>\n","protected":false},"author":1,"featured_media":0,"parent":0,"menu_order":0,"comment_status":"open","ping_status":"open","template":"template-index-nosidebar.php","meta":{"footnotes":""},"class_list":["post-3173","page","type-page","status-publish","hentry"],"yoast_head":"<!-- This site is optimized with the Yoast SEO plugin v26.8 - https:\/\/yoast.com\/product\/yoast-seo-wordpress\/ -->\n<title>location camping gorges du Verdon<\/title>\n<meta name=\"robots\" content=\"index, follow, max-snippet:-1, max-image-preview:large, max-video-preview:-1\" \/>\n<link rel=\"canonical\" href=\"https:\/\/www.camping-la-verdiere-83.com\/de\/locations\/\" \/>\n<meta property=\"og:locale\" content=\"de_DE\" \/>\n<meta property=\"og:type\" content=\"article\" \/>\n<meta property=\"og:title\" content=\"location camping gorges du Verdon\" \/>\n<meta property=\"og:description\" content=\"Ferienhaus \/ Mobilheim in Verdon mieten Location Mobil-home Verdon D\u00e9couvrez nos h\u00e9bergements dans le Parc Naturel R\u00e9gional du et tout pr\u00e8s des Gorges du Verdon. Le Verdon et la Provence Verte sont un territoire aussi vaste que riche en sites naturels exceptionnels, petits villages pittoresque, march\u00e9s proven\u00e7aux&#8230; 1 semaine est parfaite pour y prendre gout, [&hellip;]\" \/>\n<meta property=\"og:url\" content=\"https:\/\/www.camping-la-verdiere-83.com\/de\/locations\/\" \/>\n<meta property=\"og:site_name\" content=\"La verdi\u00e8re 83\" \/>\n<meta property=\"article:modified_time\" content=\"2023-03-06T13:46:20+00:00\" \/>\n<meta property=\"og:image\" content=\"https:\/\/www.arthur-loyd-oise.com\/upload\/media\/page\/350x0\/1390-arthur-loyd-oise-conseil.png\" \/>\n<meta name=\"twitter:label1\" content=\"Gesch\u00e4tzte Lesezeit\" \/>\n\t<meta name=\"twitter:data1\" content=\"5\u00a0Minuten\" \/>\n<script type=\"application\/ld+json\" class=\"yoast-schema-graph\">{\"@context\":\"https:\/\/schema.org\",\"@graph\":[{\"@type\":\"WebPage\",\"@id\":\"https:\/\/www.camping-la-verdiere-83.com\/de\/locations\/\",\"url\":\"https:\/\/www.camping-la-verdiere-83.com\/de\/locations\/\",\"name\":\"location camping gorges du Verdon\",\"isPartOf\":{\"@id\":\"https:\/\/www.camping-la-verdiere-83.com\/#website\"},\"primaryImageOfPage\":{\"@id\":\"https:\/\/www.camping-la-verdiere-83.com\/de\/locations\/#primaryimage\"},\"image\":{\"@id\":\"https:\/\/www.camping-la-verdiere-83.com\/de\/locations\/#primaryimage\"},\"thumbnailUrl\":\"https:\/\/www.arthur-loyd-oise.com\/upload\/media\/page\/350x0\/1390-arthur-loyd-oise-conseil.png\",\"datePublished\":\"2013-04-09T09:41:12+00:00\",\"dateModified\":\"2023-03-06T13:46:20+00:00\",\"breadcrumb\":{\"@id\":\"https:\/\/www.camping-la-verdiere-83.com\/de\/locations\/#breadcrumb\"},\"inLanguage\":\"de\",\"potentialAction\":[{\"@type\":\"ReadAction\",\"target\":[\"https:\/\/www.camping-la-verdiere-83.com\/de\/locations\/\"]}]},{\"@type\":\"ImageObject\",\"inLanguage\":\"de\",\"@id\":\"https:\/\/www.camping-la-verdiere-83.com\/de\/locations\/#primaryimage\",\"url\":\"https:\/\/www.arthur-loyd-oise.com\/upload\/media\/page\/350x0\/1390-arthur-loyd-oise-conseil.png\",\"contentUrl\":\"https:\/\/www.arthur-loyd-oise.com\/upload\/media\/page\/350x0\/1390-arthur-loyd-oise-conseil.png\"},{\"@type\":\"BreadcrumbList\",\"@id\":\"https:\/\/www.camping-la-verdiere-83.com\/de\/locations\/#breadcrumb\",\"itemListElement\":[{\"@type\":\"ListItem\",\"position\":1,\"name\":\"Accueil\",\"item\":\"https:\/\/www.camping-la-verdiere-83.com\/de\/\"},{\"@type\":\"ListItem\",\"position\":2,\"name\":\"Vermietung\"}]},{\"@type\":\"WebSite\",\"@id\":\"https:\/\/www.camping-la-verdiere-83.com\/#website\",\"url\":\"https:\/\/www.camping-la-verdiere-83.com\/\",\"name\":\"La verdi\u00e8re 83\",\"description\":\"camping verdon\",\"potentialAction\":[{\"@type\":\"SearchAction\",\"target\":{\"@type\":\"EntryPoint\",\"urlTemplate\":\"https:\/\/www.camping-la-verdiere-83.com\/?s={search_term_string}\"},\"query-input\":{\"@type\":\"PropertyValueSpecification\",\"valueRequired\":true,\"valueName\":\"search_term_string\"}}],\"inLanguage\":\"de\"}]}<\/script>\n<!-- \/ Yoast SEO plugin. -->","yoast_head_json":{"title":"location camping gorges du Verdon","robots":{"index":"index","follow":"follow","max-snippet":"max-snippet:-1","max-image-preview":"max-image-preview:large","max-video-preview":"max-video-preview:-1"},"canonical":"https:\/\/www.camping-la-verdiere-83.com\/de\/locations\/","og_locale":"de_DE","og_type":"article","og_title":"location camping gorges du Verdon","og_description":"Ferienhaus \/ Mobilheim in Verdon mieten Location Mobil-home Verdon D\u00e9couvrez nos h\u00e9bergements dans le Parc Naturel R\u00e9gional du et tout pr\u00e8s des Gorges du Verdon. Le Verdon et la Provence Verte sont un territoire aussi vaste que riche en sites naturels exceptionnels, petits villages pittoresque, march\u00e9s proven\u00e7aux&#8230; 1 semaine est parfaite pour y prendre gout, [&hellip;]","og_url":"https:\/\/www.camping-la-verdiere-83.com\/de\/locations\/","og_site_name":"La verdi\u00e8re 83","article_modified_time":"2023-03-06T13:46:20+00:00","og_image":[{"url":"https:\/\/www.arthur-loyd-oise.com\/upload\/media\/page\/350x0\/1390-arthur-loyd-oise-conseil.png","type":"","width":"","height":""}],"twitter_misc":{"Gesch\u00e4tzte Lesezeit":"5\u00a0Minuten"},"schema":{"@context":"https:\/\/schema.org","@graph":[{"@type":"WebPage","@id":"https:\/\/www.camping-la-verdiere-83.com\/de\/locations\/","url":"https:\/\/www.camping-la-verdiere-83.com\/de\/locations\/","name":"location camping gorges du Verdon","isPartOf":{"@id":"https:\/\/www.camping-la-verdiere-83.com\/#website"},"primaryImageOfPage":{"@id":"https:\/\/www.camping-la-verdiere-83.com\/de\/locations\/#primaryimage"},"image":{"@id":"https:\/\/www.camping-la-verdiere-83.com\/de\/locations\/#primaryimage"},"thumbnailUrl":"https:\/\/www.arthur-loyd-oise.com\/upload\/media\/page\/350x0\/1390-arthur-loyd-oise-conseil.png","datePublished":"2013-04-09T09:41:12+00:00","dateModified":"2023-03-06T13:46:20+00:00","breadcrumb":{"@id":"https:\/\/www.camping-la-verdiere-83.com\/de\/locations\/#breadcrumb"},"inLanguage":"de","potentialAction":[{"@type":"ReadAction","target":["https:\/\/www.camping-la-verdiere-83.com\/de\/locations\/"]}]},{"@type":"ImageObject","inLanguage":"de","@id":"https:\/\/www.camping-la-verdiere-83.com\/de\/locations\/#primaryimage","url":"https:\/\/www.arthur-loyd-oise.com\/upload\/media\/page\/350x0\/1390-arthur-loyd-oise-conseil.png","contentUrl":"https:\/\/www.arthur-loyd-oise.com\/upload\/media\/page\/350x0\/1390-arthur-loyd-oise-conseil.png"},{"@type":"BreadcrumbList","@id":"https:\/\/www.camping-la-verdiere-83.com\/de\/locations\/#breadcrumb","itemListElement":[{"@type":"ListItem","position":1,"name":"Accueil","item":"https:\/\/www.camping-la-verdiere-83.com\/de\/"},{"@type":"ListItem","position":2,"name":"Vermietung"}]},{"@type":"WebSite","@id":"https:\/\/www.camping-la-verdiere-83.com\/#website","url":"https:\/\/www.camping-la-verdiere-83.com\/","name":"La verdi\u00e8re 83","description":"camping verdon","potentialAction":[{"@type":"SearchAction","target":{"@type":"EntryPoint","urlTemplate":"https:\/\/www.camping-la-verdiere-83.com\/?s={search_term_string}"},"query-input":{"@type":"PropertyValueSpecification","valueRequired":true,"valueName":"search_term_string"}}],"inLanguage":"de"}]}},"_links":{"self":[{"href":"https:\/\/www.camping-la-verdiere-83.com\/de\/wp-json\/wp\/v2\/pages\/3173","targetHints":{"allow":["GET"]}}],"collection":[{"href":"https:\/\/www.camping-la-verdiere-83.com\/de\/wp-json\/wp\/v2\/pages"}],"about":[{"href":"https:\/\/www.camping-la-verdiere-83.com\/de\/wp-json\/wp\/v2\/types\/page"}],"author":[{"embeddable":true,"href":"https:\/\/www.camping-la-verdiere-83.com\/de\/wp-json\/wp\/v2\/users\/1"}],"replies":[{"embeddable":true,"href":"https:\/\/www.camping-la-verdiere-83.com\/de\/wp-json\/wp\/v2\/comments?post=3173"}],"version-history":[{"count":0,"href":"https:\/\/www.camping-la-verdiere-83.com\/de\/wp-json\/wp\/v2\/pages\/3173\/revisions"}],"wp:attachment":[{"href":"https:\/\/www.camping-la-verdiere-83.com\/de\/wp-json\/wp\/v2\/media?parent=3173"}],"curies":[{"name":"wp","href":"https:\/\/api.w.org\/{rel}","templated":true}]}}