{"id":3274,"date":"2019-05-20T11:10:51","date_gmt":"2019-05-20T10:10:51","guid":{"rendered":"https:\/\/www.camping-la-verdiere-83.com\/Tourisme\/sejour-art-de-vivre-et-culture-en-provence-verte-verdon\/"},"modified":"2020-01-31T18:25:26","modified_gmt":"2020-01-31T17:25:26","slug":"sejour-art-de-vivre-et-culture-en-provence-verte-verdon","status":"publish","type":"portfolio","link":"https:\/\/www.camping-la-verdiere-83.com\/de\/Tourisme\/sejour-art-de-vivre-et-culture-en-provence-verte-verdon\/","title":{"rendered":"Aufenthalt &#8222;Kunst des Lebens und der Kultur&#8220; in der Provence Verte &#038; Verdon"},"content":{"rendered":"<h2>Unsere Auswahl an kulturellen und touristischen Aktivit\u00e4ten rund um den Campingplatz\u00a0 f\u00fcr einen &#8222;authentischen&#8220; Urlaub!<\/h2>\n<p><strong>\u00a0<\/strong><\/p>\n<p><strong><span style=\"color: #800080;\">SONNTAG : Die ber\u00fchmte Route des Cr\u00eates (H\u00f6henstrasse) und Moustier Ste Marie<\/span><\/strong><\/p>\n<p>Die gute Idee ist, fr\u00fch aufzubrechen, um die sch\u00f6nen Stra\u00dfen der Provence &amp; Verdon und diese schwindelerregende Schleife von 23 km von La Paluds auf Verdon zu genie\u00dfen. Auf der Route des Cr\u00eates ist die Natur Herrscherin. Sie werden die ber\u00fchmte Verdon-Schlucht und einzigartige Ausblicke im Verlauf der vielen Aussichtspunkte entdecken. Atemberaubende Landschaft und die Erhabenheit der Natur erstrecken sich vor Ihnen, wo Flora und Fauna sich die Ehre erweisen &#8230; einschlie\u00dflich der Kreise des Steinadlers und Geiers, die \u00fcber der Schlucht schweben!<\/p>\n<p>&nbsp;<\/p>\n<p><a href=\"https:\/\/www.camping-la-verdiere-83.com\/wp-content\/uploads\/2019\/05\/Sej-ADV-Dimanche.jpg\"><img loading=\"lazy\" decoding=\"async\" class=\"aligncenter size-full wp-image-3097\" src=\"https:\/\/www.camping-la-verdiere-83.com\/wp-content\/uploads\/2019\/05\/Sej-ADV-Dimanche.jpg\" alt=\"louer gorges du verdon\" width=\"800\" height=\"533\" srcset=\"https:\/\/www.camping-la-verdiere-83.com\/wp-content\/uploads\/2019\/05\/Sej-ADV-Dimanche.jpg 800w, https:\/\/www.camping-la-verdiere-83.com\/wp-content\/uploads\/2019\/05\/Sej-ADV-Dimanche-300x200.jpg 300w, https:\/\/www.camping-la-verdiere-83.com\/wp-content\/uploads\/2019\/05\/Sej-ADV-Dimanche-768x512.jpg 768w\" sizes=\"auto, (max-width: 800px) 100vw, 800px\" \/><\/a>Nach dieser schwindelerregenden Strecke mit Spitzenemotionen und vor der R\u00fcckkehr zum Campingplatz, entdecken Sie eines der sch\u00f6nsten D\u00f6rfer in Frankreich, eingebettet zwischen zwei Klippen, Moustier Sainte Marie.<\/p>\n<p><a href=\"https:\/\/www.camping-la-verdiere-83.com\/wp-content\/uploads\/2019\/05\/Sej-ADV-Dimanche2.jpg\"><img loading=\"lazy\" decoding=\"async\" class=\"aligncenter size-full wp-image-3098\" src=\"https:\/\/www.camping-la-verdiere-83.com\/wp-content\/uploads\/2019\/05\/Sej-ADV-Dimanche2.jpg\" alt=\"moustier sainte marie\" width=\"450\" height=\"800\" srcset=\"https:\/\/www.camping-la-verdiere-83.com\/wp-content\/uploads\/2019\/05\/Sej-ADV-Dimanche2.jpg 450w, https:\/\/www.camping-la-verdiere-83.com\/wp-content\/uploads\/2019\/05\/Sej-ADV-Dimanche2-169x300.jpg 169w\" sizes=\"auto, (max-width: 450px) 100vw, 450px\" \/><\/a><\/p>\n<p>Sie k\u00f6nnen dieses kleine \u201eKrippendorf\u201c besuchen, enge Gassen, schattige Pl\u00e4tze mit Olivenb\u00e4umen, kleine Gesch\u00e4fte und lokale Handwerker, die Aussicht von der H\u00f6he der Kirche Notre Dame de l\u2018Assomption&#8230; einfach super! Mit seinen vielen Gesch\u00e4ften und Fayence-Boutiquen bleibt Moustier ein franz\u00f6sisches Zentrum, bekannt f\u00fcr seine feine Fayence und seiner einzigartigen und erkennbaren Muster.<\/p>\n<p><a href=\"https:\/\/www.lapalud-verdontourisme.com\/je-decouvre-tout-un-pays\/bestof-verdon\/la-route-des-cretes\/\">https:\/\/www.lapalud-verdontourisme.com\/je-decouvre-tout-un-pays\/bestof-verdon\/la-route-des-cretes\/<\/a><\/p>\n<p><a href=\"https:\/\/www.moustiers.fr\/fr\/blog\/2019\/01\/07\/venir-flaner-moustiers-sainte-marie\">https:\/\/www.moustiers.fr\/fr\/blog\/2019\/01\/07\/venir-flaner-moustiers-sainte-marie<\/a><\/p>\n<p><strong><span style=\"color: #800080;\">MONTAG : Die Hochebene von Valensole, ihre Lavendelfelder und Gr\u00e9oux les Bains<\/span><\/strong><\/p>\n<p>Die Hochebene von Valensole ist das Reich des Lavendel. Mit seinen Feldern, soweit das Auge reicht, Farben und D\u00fcften pr\u00e4gen sie diese Landschaft! Von Juni bis Mitte August ist die gesamte Hochebene in das ber\u00fchmte Lavendel-Blau getaucht. Sie k\u00f6nnen die Gelegenheit nutzen, die Vielfalt der Landschaften zu bewundern: Wiesen, Heide, Busch, Wald (Eichen- und Kiefernw\u00e4lder &#8230;) Sie k\u00f6nnen in dem sch\u00f6nen Dorf Riez, mit sehr eigenem Charakter, am Rande der Hochebene halt machen. Dies ist eine der \u00e4ltesten St\u00e4dte der Alpes-de-Haute-Provence (gegr\u00fcndet Ende des ersten Jahrhunderts). Sie werden ein paar einzelne Spuren aus der R\u00f6merzeit entdecken, aber auch aus dem Mittelalter und der Renaissance. Sie genie\u00dfen es die Altstadt zu besuchen, die Saint-Maxime Kirche, ein denkmalgesch\u00fctztes Bauwerk, sowie das H\u00f4tel de Mazan etc.<\/p>\n<p><a href=\"https:\/\/www.camping-la-verdiere-83.com\/wp-content\/uploads\/2019\/05\/Plateau-valensole.jpg\"><img loading=\"lazy\" decoding=\"async\" class=\"aligncenter size-full wp-image-3100\" src=\"https:\/\/www.camping-la-verdiere-83.com\/wp-content\/uploads\/2019\/05\/Plateau-valensole.jpg\" alt=\"plateau de valensole verdon\" width=\"1000\" height=\"750\" srcset=\"https:\/\/www.camping-la-verdiere-83.com\/wp-content\/uploads\/2019\/05\/Plateau-valensole.jpg 1000w, https:\/\/www.camping-la-verdiere-83.com\/wp-content\/uploads\/2019\/05\/Plateau-valensole-300x225.jpg 300w, https:\/\/www.camping-la-verdiere-83.com\/wp-content\/uploads\/2019\/05\/Plateau-valensole-768x576.jpg 768w\" sizes=\"auto, (max-width: 1000px) 100vw, 1000px\" \/><\/a>Sie k\u00f6nnen mit dem kleinen Kurort Gr\u00e9oux-les-Bains, im S\u00fcden der Hochebene, die von seinem ruhigen und entspannten Lebensstil gepr\u00e4gt ist, Ihren Weg fortsetzen. Sie k\u00f6nnen einen Spaziergang \u201edem Wasser entlang\u201c machen, dort wo die Frauen einst ihre W\u00e4sche gewaschen haben, auf dem nackten Stein oder in alten Waschanlagen. Ein gr\u00fcnes Juwel erstreckt sich im Laufe Ihres Spaziergang in den drei schattigen Parkanlagen: die Promenade entlang des Wassers endet dann am Rande des Verdon, wo der Fluss den Weg frei macht zu einem sch\u00f6n bewachsenen Gr\u00fcnfl\u00e4che. Im Hochsommer wie im Fr\u00fchjahr werden Sie vor allem die 3 schattigen Parks von Greoulx sch\u00e4tzen: Sie entdecken bemerkenswerte B\u00e4umen und Blumen: Oliva, Thermal und Morelon.<\/p>\n<p><a href=\"https:\/\/www.camping-la-verdiere-83.com\/wp-content\/uploads\/2019\/05\/greoux.jpg\"><img loading=\"lazy\" decoding=\"async\" class=\"aligncenter size-full wp-image-3101\" src=\"https:\/\/www.camping-la-verdiere-83.com\/wp-content\/uploads\/2019\/05\/greoux.jpg\" alt=\"gr\u00e9oux les bains\" width=\"300\" height=\"246\" \/><\/a><\/p>\n<p>&nbsp;<\/p>\n<p>Dienstag: Cotignac-Markt und Fayencekunst in Varages<\/p>\n<p>Am Dienstagmorgen, werden alle Sinne auf dem unvergleichlichen und k\u00f6stlichen Markt von Cotignac geweckt. Im Einklang mit der Tradition der M\u00e4rkte der Provence bietet der Markt eine ganze Reihe von lokalen und Kunsthandwerksprodukten von Qualit\u00e4t an. Im Schatten von Platanen k\u00f6nnen Sie zwischen den Aromen und D\u00fcften der Provence umherwandern, um Ihre Augen und Ihren Gaumen zu verw\u00f6hnen!<\/p>\n<p>&nbsp;<\/p>\n<p><a href=\"https:\/\/www.camping-la-verdiere-83.com\/wp-content\/uploads\/2019\/05\/Sej-ADV-Mardi-cotignac-min.jpg\"><img loading=\"lazy\" decoding=\"async\" class=\"aligncenter size-full wp-image-3074\" src=\"https:\/\/www.camping-la-verdiere-83.com\/wp-content\/uploads\/2019\/05\/Sej-ADV-Mardi-cotignac-min.jpg\" alt=\"marche de cotignac \" width=\"600\" height=\"710\" srcset=\"https:\/\/www.camping-la-verdiere-83.com\/wp-content\/uploads\/2019\/05\/Sej-ADV-Mardi-cotignac-min.jpg 600w, https:\/\/www.camping-la-verdiere-83.com\/wp-content\/uploads\/2019\/05\/Sej-ADV-Mardi-cotignac-min-254x300.jpg 254w\" sizes=\"auto, (max-width: 600px) 100vw, 600px\" \/><\/a><\/p>\n<p>Am Fu\u00df einer Klippe aus Tuffstein gehen Sie weiter auf Entdeckung dieses herrlichen Dorfes und seiner Felsen unter blauem Himmel. In einem typisch provenzalischen Stil ist die Architektur geplegt und das Labyrinth von Gassen mit der S\u00fc\u00dfe des Lebens in der Provence getr\u00e4nkt. Entdecken Sie auf der gleichen Klippe die H\u00f6hlenwohnungen und ihren besonderen Charme. Von der Spitze des Felsens aus bietet sich Ihnen ein herrliches Panorama auf die Terrassenh\u00fcgel: Olivenb\u00e4ume, Zypressen, Kiefern, Eichen und andere mediterrane Vegetation.<\/p>\n<p>Verpassen Sie 10 Minuten vom Campingplatz entfernt nicht das Fayence-Museum im h\u00fcbschen Dorf Varages. Sie werden bei einer F\u00fchrung, mit Liebe und Leidenschaft f\u00fcr diese alte Kunst, zahlreiche Sch\u00e4tze und ihre Geschichte entdecken. Neben der Technik, offenbart sich Ihnen vor allem \u00a0eine k\u00fcnstlerische, kulturelle und historische Vergangenheit. Das Museum bietet auch Modellbau-Workshops an, die von April bis September f\u00fcr alle zug\u00e4nglich sind!<\/p>\n<p><a href=\"https:\/\/www.camping-la-verdiere-83.com\/wp-content\/uploads\/2019\/05\/Sej-ADV-Mardi-Faience-min.jpg\"><img loading=\"lazy\" decoding=\"async\" class=\"aligncenter wp-image-3075 size-full\" src=\"https:\/\/www.camping-la-verdiere-83.com\/wp-content\/uploads\/2019\/05\/Sej-ADV-Mardi-Faience-min.jpg\" alt=\"faiencerie de Varages\" width=\"425\" height=\"317\" srcset=\"https:\/\/www.camping-la-verdiere-83.com\/wp-content\/uploads\/2019\/05\/Sej-ADV-Mardi-Faience-min.jpg 425w, https:\/\/www.camping-la-verdiere-83.com\/wp-content\/uploads\/2019\/05\/Sej-ADV-Mardi-Faience-min-300x224.jpg 300w\" sizes=\"auto, (max-width: 425px) 100vw, 425px\" \/><\/a>In Varages gibt es drei weitere Keramikfabriken, insbesondere die Fa\u00efencerie de Varages, deren Kreationen in die ganze Welt exportiert werden und Modernit\u00e4t und Tradition verbinden. Die Fa\u00efencerie de Varages \u00f6ffnet die T\u00fcren ihrer Werkstatt mit ihren Produktionswerkzeugen, Materialien, Farben &#8230; und ihrem Fabrikladen, um Ihre Tische mit der Kunst der Keramik aus der Provence zu versch\u00f6nern!<\/p>\n<p><a href=\"https:\/\/www.musee-faience-varages.fr\/\">https:\/\/www.musee-faience-varages.fr\/<\/a><\/p>\n<p><strong><span style=\"color: #800080;\">MITTWOCH : Das Geheimnis der tommettes in Salernes und Besuch von Barjols: seine 18 Brunnen und sein Tal der Karmeliter (Vallon des Carmes&#8220;)<\/span><\/strong><\/p>\n<p>Das \u00fcberraschende architektonische Ensemble Terra Rossa wurde von Michel Wilmotte aus einer alten Fliesenfabrik geschaffen. Sie werden 3000 m2 Dauer- und Wechselausstellungen entdecken, dank derer die Kunst und Herstellung der ber\u00fchmten Tommetten keine Geheimnisse f\u00fcr Sie birgt. Das arch\u00e4ologische Gebiet zeigt einige der \u00e4ltesten Keramiken in Europa (7000 Jahre alt), die in Salernes entdeckt wurden. Die Ausstellung &#8222;Industrie- und Handwerksged\u00e4chtnis&#8220; zeigt die Produktionslinien rekonstruierter Fliesen wie zu Beginn des 20. Jahrhunderts. Und eine au\u00dfergew\u00f6hnliche Sammlung &#8222;Le Monde Carr\u00e9&#8220; von Beno\u00eet Fa\u00ffvous zeigt mehr als 2000 Kacheln, die vom Mittelalter bis zum 20. Jahrhundert dekoriert wurden. Hersteller und lokale T\u00f6pfer stellen ebenfalls ihre Produktionen aus. Es ist alles ein Teil der Geschichte, Kunst und Kultur der Provence, die Ihnen geboten wird.<\/p>\n<p><a href=\"https:\/\/www.camping-la-verdiere-83.com\/wp-content\/uploads\/2019\/05\/Sej-ADV-mercredi-terra-rossa-min.jpg\"><img loading=\"lazy\" decoding=\"async\" class=\"aligncenter wp-image-3077 size-full\" src=\"https:\/\/www.camping-la-verdiere-83.com\/wp-content\/uploads\/2019\/05\/Sej-ADV-mercredi-terra-rossa-min.jpg\" alt=\"Salernes - tomettes de terra rossa\" width=\"1000\" height=\"751\" srcset=\"https:\/\/www.camping-la-verdiere-83.com\/wp-content\/uploads\/2019\/05\/Sej-ADV-mercredi-terra-rossa-min.jpg 1000w, https:\/\/www.camping-la-verdiere-83.com\/wp-content\/uploads\/2019\/05\/Sej-ADV-mercredi-terra-rossa-min-300x225.jpg 300w, https:\/\/www.camping-la-verdiere-83.com\/wp-content\/uploads\/2019\/05\/Sej-ADV-mercredi-terra-rossa-min-768x577.jpg 768w\" sizes=\"auto, (max-width: 1000px) 100vw, 1000px\" \/><\/a><\/p>\n<p>Wein und provenzalisches Zwischenspiel: Nach dem Rossa terra Besuch, ein kleiner Umweg \u00fcber Cotignac f\u00fcr einen Besuch des <strong>Weinkellers<\/strong> mit anschlie\u00dfender Kostprobe im <strong>Chateau Nestuby.<\/strong> Die Eigent\u00fcmer des Anwesens begr\u00fc\u00dfen Sie und pr\u00e4sentieren Ihnen die Kunst, den c\u00f4te de Provence herzustellen.<\/p>\n<p>Auf dem R\u00fcckweg zum Campingplatz halten Sie in <strong>Barjols<\/strong>! Bummeln Sie durch das Dorf Barjols, w\u00e4hrend Sie die 18 Brunnen entdecken, und genie\u00dfen Sie die schattige S\u00fc\u00dfe des Pfades &#8222;Vallon des Carmes&#8220;. Dieser einfache und schattige Spaziergang f\u00fchrt Sie entlang des Flusses, von herrlichen, kleinen nat\u00fcrlichen Teichen umgeben, zu der H\u00f6hlenkapelle, Reste eines Klosters aus dem siebzehnten Jahrhundert.<\/p>\n<p><a href=\"https:\/\/www.camping-la-verdiere-83.com\/wp-content\/uploads\/2019\/05\/Sej-ADV-mercredi-barjols-min.jpg\"><img loading=\"lazy\" decoding=\"async\" class=\"aligncenter size-full wp-image-3076\" src=\"https:\/\/www.camping-la-verdiere-83.com\/wp-content\/uploads\/2019\/05\/Sej-ADV-mercredi-barjols-min.jpg\" alt=\"barjols et ses 18 fontaines\" width=\"1280\" height=\"960\" srcset=\"https:\/\/www.camping-la-verdiere-83.com\/wp-content\/uploads\/2019\/05\/Sej-ADV-mercredi-barjols-min.jpg 1280w, https:\/\/www.camping-la-verdiere-83.com\/wp-content\/uploads\/2019\/05\/Sej-ADV-mercredi-barjols-min-300x225.jpg 300w, https:\/\/www.camping-la-verdiere-83.com\/wp-content\/uploads\/2019\/05\/Sej-ADV-mercredi-barjols-min-768x576.jpg 768w, https:\/\/www.camping-la-verdiere-83.com\/wp-content\/uploads\/2019\/05\/Sej-ADV-mercredi-barjols-min-1024x768.jpg 1024w\" sizes=\"auto, (max-width: 1280px) 100vw, 1280px\" \/><\/a><a href=\"https:\/\/www.terrarossasalernes.fr\/histoire\/\">https:\/\/www.terrarossasalernes.fr\/histoire\/<\/a><\/p>\n<p><a href=\"https:\/\/www.barjols.fr\/spip.php?rubrique86\">https:\/\/www.barjols.fr\/spip.php?rubrique86<\/a><\/p>\n<p>https:\/\/www.nestuby.com\/domaine-viticole.php<\/p>\n<p><span style=\"color: #800080;\"><strong>DONNERSTAG : Markt und Tr\u00fcffelh\u00e4ndler in Aups, dann Saint Martin de Palli\u00e8res, charmantes und ungew\u00f6hnliches Dorf.<\/strong><\/span><\/p>\n<p>Mittwoch ist der Tag eines besonderen Marktes, des Marktes von Aups, der Tr\u00fcffelh\u00e4ndler zum Verkauf von Tr\u00fcffeln begr\u00fc\u00dft! Aups ist ein Dorf mit Charakter und Terroir, 20 km von La Verdi\u00e8re entfernt. Das Haus der Tr\u00fcffel Aups bietet Ihnen die M\u00f6glichkeit, das Geheimnis des &#8222;schwarzen Diamanten&#8220; zu entdecken. F\u00fcr Feinschmecker-Enthusiasten oder einfach nur Neugierige werden verschiedene Animationen rund um den Tr\u00fcffel in geheimnisvoller Atmosph\u00e4re des schwarzen Diamanten von Aups angeboten. Sie k\u00f6nnen vier Erfahrungswelten mit bereichernden Atmosph\u00e4ren und Zielen entdecken.<\/p>\n<p><a href=\"https:\/\/www.camping-la-verdiere-83.com\/wp-content\/uploads\/2019\/05\/truffe-aups-verdon.jpg\"><img loading=\"lazy\" decoding=\"async\" class=\"aligncenter size-full wp-image-3102\" src=\"https:\/\/www.camping-la-verdiere-83.com\/wp-content\/uploads\/2019\/05\/truffe-aups-verdon.jpg\" alt=\"aups truffe\" width=\"921\" height=\"651\" srcset=\"https:\/\/www.camping-la-verdiere-83.com\/wp-content\/uploads\/2019\/05\/truffe-aups-verdon.jpg 921w, https:\/\/www.camping-la-verdiere-83.com\/wp-content\/uploads\/2019\/05\/truffe-aups-verdon-300x212.jpg 300w, https:\/\/www.camping-la-verdiere-83.com\/wp-content\/uploads\/2019\/05\/truffe-aups-verdon-768x543.jpg 768w\" sizes=\"auto, (max-width: 921px) 100vw, 921px\" \/><\/a>Entdecken Sie 10 Minuten vom Campingplatz entfernt das charmante kleine Dorf Saint Martin de Palli\u00e8res, klassifiziert als &#8222;Dorf mit Charakter&#8220;, enge Gassen, Steinmauern und schattige Pl\u00e4tze. Das Dorf wird von seinem imposanten Schloss aus dem 13. Jahrhundert beherrscht, in dessen Erweiterung Sie seinen pr\u00e4chtigen Park entdecken werden. Es ist auch die Heimat seiner ungew\u00f6hnlichen unterirdischen Kathedrale, der gr\u00f6\u00dften Zisterne in Europa in der Art ihres Aufbaus und ihrer au\u00dfergew\u00f6hnlichen Architektur.<\/p>\n<p><a href=\"https:\/\/www.camping-la-verdiere-83.com\/wp-content\/uploads\/2019\/05\/Sej-ADV-Jeudi-Cathe-ss-terraine-min.jpg\"><img loading=\"lazy\" decoding=\"async\" class=\"aligncenter wp-image-3070 size-full\" src=\"https:\/\/www.camping-la-verdiere-83.com\/wp-content\/uploads\/2019\/05\/Sej-ADV-Jeudi-Cathe-ss-terraine-min.jpg\" alt=\"cathedrale souterraine\" width=\"500\" height=\"333\" srcset=\"https:\/\/www.camping-la-verdiere-83.com\/wp-content\/uploads\/2019\/05\/Sej-ADV-Jeudi-Cathe-ss-terraine-min.jpg 500w, https:\/\/www.camping-la-verdiere-83.com\/wp-content\/uploads\/2019\/05\/Sej-ADV-Jeudi-Cathe-ss-terraine-min-300x200.jpg 300w\" sizes=\"auto, (max-width: 500px) 100vw, 500px\" \/><\/a>In der Einfachheit und Freundlichkeit \u00f6ffnet der Besitzer des Schlosses und der unterirdischen Kathedrale Ihnen die T\u00fcren f\u00fcr einen neuen und \u00fcberraschenden Besuch, und erz\u00e4hlen Ihnen Geschichten, Anekdoten und Geheimnisse &#8230; Sie k\u00f6nnen die Freude mit einem Spaziergang durch den Schlosspark verl\u00e4ngern. Oder, f\u00fcr die Mutigen, Sie k\u00f6nnen \u00a0die H\u00f6henstra\u00dfe nehmen, die Sie in das Herz der Provence auf 6 km Pisten taucht.<\/p>\n<p><a href=\"https:\/\/www.camping-la-verdiere-83.com\/wp-content\/uploads\/2019\/05\/WE-Visite-village-dimanche-min.jpg\"><img loading=\"lazy\" decoding=\"async\" class=\"aligncenter size-full wp-image-3092\" src=\"https:\/\/www.camping-la-verdiere-83.com\/wp-content\/uploads\/2019\/05\/WE-Visite-village-dimanche-min.jpg\" alt=\"saint martin de pali\u00e8res\" width=\"1000\" height=\"750\" srcset=\"https:\/\/www.camping-la-verdiere-83.com\/wp-content\/uploads\/2019\/05\/WE-Visite-village-dimanche-min.jpg 1000w, https:\/\/www.camping-la-verdiere-83.com\/wp-content\/uploads\/2019\/05\/WE-Visite-village-dimanche-min-300x225.jpg 300w, https:\/\/www.camping-la-verdiere-83.com\/wp-content\/uploads\/2019\/05\/WE-Visite-village-dimanche-min-768x576.jpg 768w\" sizes=\"auto, (max-width: 1000px) 100vw, 1000px\" \/><\/a>Ein kleiner gastronomischer Tipp: Um vor Ort wieder zu Kr\u00e4ften zu kommen, z\u00f6gern Sie nicht, die T\u00fcr des &#8222;Cercle du progr\u00e8s&#8220; mit der Bezeichnung &#8222;Bistrot de pays&#8220; aufzusto\u00dfen!<\/p>\n<p><a href=\"https:\/\/maisondelatruffe-verdon.fr\/aventure-de-truffe\/\">https:\/\/maisondelatruffe-verdon.fr\/aventure-de-truffe\/<\/a><\/p>\n<p><a href=\"https:\/\/www.cathedralesouterraine.com\/\">https:\/\/www.cathedralesouterraine.com\/<\/a><\/p>\n<p><a href=\"https:\/\/www.bistrotdepays.com\/le-cercle-du-progres\">https:\/\/www.bistrotdepays.com\/le-cercle-du-progres<\/a><\/p>\n<p>&nbsp;<\/p>\n<p><span style=\"color: #800080;\"><strong>FREITAG : Saint Maximin la Sainte Beaume, seine Basilika und die kleinen Produzenten &#8222;sehr lokal&#8220; von La Verdi\u00e8re<\/strong><\/span><\/p>\n<p>Das charaktervolle und geschichtstr\u00e4chtige St\u00e4dtchen Saint Maximin ist ein wichtiger Wallfahrtsort. Entdecken Sie die traditionellen mittelalterlichen H\u00e4user mit Arkaden und mit Blick auf die Stadt die Basilika Sainte Marie Madeleine, das gr\u00f6\u00dfte gotische Bauwerk der Provence. Sie k\u00f6nnen im Schatten der engen Gassen durch die Stadt schlendern, den kleinen L\u00e4den ausgeliefert sein und sich die Zeit nehmen, sich zu setzen, Ihren Durst zu stillen, sich auf der Terrasse zu erholen &#8230;<\/p>\n<p><a href=\"https:\/\/www.camping-la-verdiere-83.com\/wp-content\/uploads\/2019\/05\/basilique-st-maximin-verdon.jpg\"><img loading=\"lazy\" decoding=\"async\" class=\"aligncenter size-full wp-image-3103\" src=\"https:\/\/www.camping-la-verdiere-83.com\/wp-content\/uploads\/2019\/05\/basilique-st-maximin-verdon.jpg\" alt=\"\" width=\"1000\" height=\"805\" srcset=\"https:\/\/www.camping-la-verdiere-83.com\/wp-content\/uploads\/2019\/05\/basilique-st-maximin-verdon.jpg 1000w, https:\/\/www.camping-la-verdiere-83.com\/wp-content\/uploads\/2019\/05\/basilique-st-maximin-verdon-300x242.jpg 300w, https:\/\/www.camping-la-verdiere-83.com\/wp-content\/uploads\/2019\/05\/basilique-st-maximin-verdon-768x618.jpg 768w\" sizes=\"auto, (max-width: 1000px) 100vw, 1000px\" \/><\/a>Zur\u00fcck in La Verdi\u00e8re k\u00f6nnen Sie die d\u00f6rfliche \u00d6lm\u00fchle &#8222;Lou Redoun&#8220; besuchen. Von jungen, leidenschaftlichen Besitzern begr\u00fc\u00dft, k\u00f6nnen Sie diesen kleinen Bio-Familienbauernhof besuchen und die lokalen Qualit\u00e4tsprodukte und die Vielfalt ihrer Aktivit\u00e4ten entdecken: Markt, Transhumanz, Lavendel, Wein und Aquakultur.<\/p>\n<p><a href=\"https:\/\/www.camping-la-verdiere-83.com\/wp-content\/uploads\/2019\/05\/Sejour-ADV-Vendredi-moulin-min.jpg\"><img loading=\"lazy\" decoding=\"async\" class=\"aligncenter size-full wp-image-3083\" src=\"https:\/\/www.camping-la-verdiere-83.com\/wp-content\/uploads\/2019\/05\/Sejour-ADV-Vendredi-moulin-min.jpg\" alt=\"moulin lou redoun\" width=\"1000\" height=\"665\" srcset=\"https:\/\/www.camping-la-verdiere-83.com\/wp-content\/uploads\/2019\/05\/Sejour-ADV-Vendredi-moulin-min.jpg 1000w, https:\/\/www.camping-la-verdiere-83.com\/wp-content\/uploads\/2019\/05\/Sejour-ADV-Vendredi-moulin-min-300x200.jpg 300w, https:\/\/www.camping-la-verdiere-83.com\/wp-content\/uploads\/2019\/05\/Sejour-ADV-Vendredi-moulin-min-768x511.jpg 768w\" sizes=\"auto, (max-width: 1000px) 100vw, 1000px\" \/><\/a>Der Genossenschaftskeller von St Julien \u00f6ffnet auch seine T\u00fcren, um verschiedene kleine Ros\u00e9-Weine des Jahrgangs zu probieren &#8230;<\/p>\n<p>200 Meter vom Campingplatz entfernt bringt der Keller Louis Latour seine lokale und originelle Note mit einem Pinot Noir, Burgunder Rebsorten, die seit mehr als 20 Jahren zwischen La Verdi\u00e8re und Varages gepflanzt werden<\/p>\n<p>Um Ihren Aufenthalt in der Verdon-Schlucht zu genie\u00dfen, buchen Sie &#8222;&#8220;&#8220;Ihre Mobilheim &#8222;&#8220; <a href=\"https:\/\/www.camping-la-verdiere-83.com\/locations\/\">votre h\u00e9bergement de loisir<\/a> oder &#8222;&#8220;&#8220;ein Zelt- oder Wohnwagenstellplatz &#8222;&#8220;&#8220;&#8220; <a href=\"https:\/\/www.camping-la-verdiere-83.com\/Locations\/emplacements\/\">emplacement de camping pour tente, caravane ou camping-car au camping<\/a><\/p>\n<p>&nbsp;<\/p>\n<p>&nbsp;<\/p>\n<p>&nbsp;<\/p>\n","protected":false},"featured_media":3276,"template":"","class_list":["post-3274","portfolio","type-portfolio","status-publish","has-post-thumbnail","hentry"],"yoast_head":"<!-- This site is optimized with the Yoast SEO plugin v26.8 - https:\/\/yoast.com\/product\/yoast-seo-wordpress\/ -->\n<title>Qoui faire en Provence Verte et Verdon<\/title>\n<meta name=\"description\" content=\"Nous vous avons pr\u00e9par\u00e9 un programme de visites en Provence et Verdon. R\u00e9servez votre mobil home au camping de la Verdi\u00e8re. Suivez le guide !\" \/>\n<meta name=\"robots\" content=\"index, follow, max-snippet:-1, max-image-preview:large, max-video-preview:-1\" \/>\n<link rel=\"canonical\" href=\"https:\/\/www.camping-la-verdiere-83.com\/de\/Tourisme\/sejour-art-de-vivre-et-culture-en-provence-verte-verdon\/\" \/>\n<meta property=\"og:locale\" content=\"de_DE\" \/>\n<meta property=\"og:type\" content=\"article\" \/>\n<meta property=\"og:title\" content=\"Qoui faire en Provence Verte et Verdon\" \/>\n<meta property=\"og:description\" content=\"Nous vous avons pr\u00e9par\u00e9 un programme de visites en Provence et Verdon. R\u00e9servez votre mobil home au camping de la Verdi\u00e8re. Suivez le guide !\" \/>\n<meta property=\"og:url\" content=\"https:\/\/www.camping-la-verdiere-83.com\/de\/Tourisme\/sejour-art-de-vivre-et-culture-en-provence-verte-verdon\/\" \/>\n<meta property=\"og:site_name\" content=\"La verdi\u00e8re 83\" \/>\n<meta property=\"article:modified_time\" content=\"2020-01-31T17:25:26+00:00\" \/>\n<meta property=\"og:image\" content=\"https:\/\/www.camping-la-verdiere-83.com\/wp-content\/uploads\/2019\/05\/Sej-ADV-Vendredi-min.jpg\" \/>\n\t<meta property=\"og:image:width\" content=\"1000\" \/>\n\t<meta property=\"og:image:height\" content=\"425\" \/>\n\t<meta property=\"og:image:type\" content=\"image\/jpeg\" \/>\n<meta name=\"twitter:label1\" content=\"Gesch\u00e4tzte Lesezeit\" \/>\n\t<meta name=\"twitter:data1\" content=\"8\u00a0Minuten\" \/>\n<script type=\"application\/ld+json\" class=\"yoast-schema-graph\">{\"@context\":\"https:\/\/schema.org\",\"@graph\":[{\"@type\":\"WebPage\",\"@id\":\"https:\/\/www.camping-la-verdiere-83.com\/de\/Tourisme\/sejour-art-de-vivre-et-culture-en-provence-verte-verdon\/\",\"url\":\"https:\/\/www.camping-la-verdiere-83.com\/de\/Tourisme\/sejour-art-de-vivre-et-culture-en-provence-verte-verdon\/\",\"name\":\"Qoui faire en Provence Verte et Verdon\",\"isPartOf\":{\"@id\":\"https:\/\/www.camping-la-verdiere-83.com\/#website\"},\"primaryImageOfPage\":{\"@id\":\"https:\/\/www.camping-la-verdiere-83.com\/de\/Tourisme\/sejour-art-de-vivre-et-culture-en-provence-verte-verdon\/#primaryimage\"},\"image\":{\"@id\":\"https:\/\/www.camping-la-verdiere-83.com\/de\/Tourisme\/sejour-art-de-vivre-et-culture-en-provence-verte-verdon\/#primaryimage\"},\"thumbnailUrl\":\"https:\/\/www.camping-la-verdiere-83.com\/wp-content\/uploads\/2019\/05\/Sej-ADV-Vendredi-min.jpg\",\"datePublished\":\"2019-05-20T10:10:51+00:00\",\"dateModified\":\"2020-01-31T17:25:26+00:00\",\"description\":\"Nous vous avons pr\u00e9par\u00e9 un programme de visites en Provence et Verdon. R\u00e9servez votre mobil home au camping de la Verdi\u00e8re. Suivez le guide !\",\"breadcrumb\":{\"@id\":\"https:\/\/www.camping-la-verdiere-83.com\/de\/Tourisme\/sejour-art-de-vivre-et-culture-en-provence-verte-verdon\/#breadcrumb\"},\"inLanguage\":\"de\",\"potentialAction\":[{\"@type\":\"ReadAction\",\"target\":[\"https:\/\/www.camping-la-verdiere-83.com\/de\/Tourisme\/sejour-art-de-vivre-et-culture-en-provence-verte-verdon\/\"]}]},{\"@type\":\"ImageObject\",\"inLanguage\":\"de\",\"@id\":\"https:\/\/www.camping-la-verdiere-83.com\/de\/Tourisme\/sejour-art-de-vivre-et-culture-en-provence-verte-verdon\/#primaryimage\",\"url\":\"https:\/\/www.camping-la-verdiere-83.com\/wp-content\/uploads\/2019\/05\/Sej-ADV-Vendredi-min.jpg\",\"contentUrl\":\"https:\/\/www.camping-la-verdiere-83.com\/wp-content\/uploads\/2019\/05\/Sej-ADV-Vendredi-min.jpg\",\"width\":1000,\"height\":425},{\"@type\":\"BreadcrumbList\",\"@id\":\"https:\/\/www.camping-la-verdiere-83.com\/de\/Tourisme\/sejour-art-de-vivre-et-culture-en-provence-verte-verdon\/#breadcrumb\",\"itemListElement\":[{\"@type\":\"ListItem\",\"position\":1,\"name\":\"Accueil\",\"item\":\"https:\/\/www.camping-la-verdiere-83.com\/de\/\"},{\"@type\":\"ListItem\",\"position\":2,\"name\":\"Pages\",\"item\":\"https:\/\/www.camping-la-verdiere-83.com\/en\/Tourisme\/\"},{\"@type\":\"ListItem\",\"position\":3,\"name\":\"Aufenthalt &#8222;Kunst des Lebens und der Kultur&#8220; in der Provence Verte &#038; Verdon\"}]},{\"@type\":\"WebSite\",\"@id\":\"https:\/\/www.camping-la-verdiere-83.com\/#website\",\"url\":\"https:\/\/www.camping-la-verdiere-83.com\/\",\"name\":\"La verdi\u00e8re 83\",\"description\":\"camping verdon\",\"potentialAction\":[{\"@type\":\"SearchAction\",\"target\":{\"@type\":\"EntryPoint\",\"urlTemplate\":\"https:\/\/www.camping-la-verdiere-83.com\/?s={search_term_string}\"},\"query-input\":{\"@type\":\"PropertyValueSpecification\",\"valueRequired\":true,\"valueName\":\"search_term_string\"}}],\"inLanguage\":\"de\"}]}<\/script>\n<!-- \/ Yoast SEO plugin. -->","yoast_head_json":{"title":"Qoui faire en Provence Verte et Verdon","description":"Nous vous avons pr\u00e9par\u00e9 un programme de visites en Provence et Verdon. R\u00e9servez votre mobil home au camping de la Verdi\u00e8re. Suivez le guide !","robots":{"index":"index","follow":"follow","max-snippet":"max-snippet:-1","max-image-preview":"max-image-preview:large","max-video-preview":"max-video-preview:-1"},"canonical":"https:\/\/www.camping-la-verdiere-83.com\/de\/Tourisme\/sejour-art-de-vivre-et-culture-en-provence-verte-verdon\/","og_locale":"de_DE","og_type":"article","og_title":"Qoui faire en Provence Verte et Verdon","og_description":"Nous vous avons pr\u00e9par\u00e9 un programme de visites en Provence et Verdon. R\u00e9servez votre mobil home au camping de la Verdi\u00e8re. Suivez le guide !","og_url":"https:\/\/www.camping-la-verdiere-83.com\/de\/Tourisme\/sejour-art-de-vivre-et-culture-en-provence-verte-verdon\/","og_site_name":"La verdi\u00e8re 83","article_modified_time":"2020-01-31T17:25:26+00:00","og_image":[{"width":1000,"height":425,"url":"https:\/\/www.camping-la-verdiere-83.com\/wp-content\/uploads\/2019\/05\/Sej-ADV-Vendredi-min.jpg","type":"image\/jpeg"}],"twitter_misc":{"Gesch\u00e4tzte Lesezeit":"8\u00a0Minuten"},"schema":{"@context":"https:\/\/schema.org","@graph":[{"@type":"WebPage","@id":"https:\/\/www.camping-la-verdiere-83.com\/de\/Tourisme\/sejour-art-de-vivre-et-culture-en-provence-verte-verdon\/","url":"https:\/\/www.camping-la-verdiere-83.com\/de\/Tourisme\/sejour-art-de-vivre-et-culture-en-provence-verte-verdon\/","name":"Qoui faire en Provence Verte et Verdon","isPartOf":{"@id":"https:\/\/www.camping-la-verdiere-83.com\/#website"},"primaryImageOfPage":{"@id":"https:\/\/www.camping-la-verdiere-83.com\/de\/Tourisme\/sejour-art-de-vivre-et-culture-en-provence-verte-verdon\/#primaryimage"},"image":{"@id":"https:\/\/www.camping-la-verdiere-83.com\/de\/Tourisme\/sejour-art-de-vivre-et-culture-en-provence-verte-verdon\/#primaryimage"},"thumbnailUrl":"https:\/\/www.camping-la-verdiere-83.com\/wp-content\/uploads\/2019\/05\/Sej-ADV-Vendredi-min.jpg","datePublished":"2019-05-20T10:10:51+00:00","dateModified":"2020-01-31T17:25:26+00:00","description":"Nous vous avons pr\u00e9par\u00e9 un programme de visites en Provence et Verdon. R\u00e9servez votre mobil home au camping de la Verdi\u00e8re. Suivez le guide !","breadcrumb":{"@id":"https:\/\/www.camping-la-verdiere-83.com\/de\/Tourisme\/sejour-art-de-vivre-et-culture-en-provence-verte-verdon\/#breadcrumb"},"inLanguage":"de","potentialAction":[{"@type":"ReadAction","target":["https:\/\/www.camping-la-verdiere-83.com\/de\/Tourisme\/sejour-art-de-vivre-et-culture-en-provence-verte-verdon\/"]}]},{"@type":"ImageObject","inLanguage":"de","@id":"https:\/\/www.camping-la-verdiere-83.com\/de\/Tourisme\/sejour-art-de-vivre-et-culture-en-provence-verte-verdon\/#primaryimage","url":"https:\/\/www.camping-la-verdiere-83.com\/wp-content\/uploads\/2019\/05\/Sej-ADV-Vendredi-min.jpg","contentUrl":"https:\/\/www.camping-la-verdiere-83.com\/wp-content\/uploads\/2019\/05\/Sej-ADV-Vendredi-min.jpg","width":1000,"height":425},{"@type":"BreadcrumbList","@id":"https:\/\/www.camping-la-verdiere-83.com\/de\/Tourisme\/sejour-art-de-vivre-et-culture-en-provence-verte-verdon\/#breadcrumb","itemListElement":[{"@type":"ListItem","position":1,"name":"Accueil","item":"https:\/\/www.camping-la-verdiere-83.com\/de\/"},{"@type":"ListItem","position":2,"name":"Pages","item":"https:\/\/www.camping-la-verdiere-83.com\/en\/Tourisme\/"},{"@type":"ListItem","position":3,"name":"Aufenthalt &#8222;Kunst des Lebens und der Kultur&#8220; in der Provence Verte &#038; Verdon"}]},{"@type":"WebSite","@id":"https:\/\/www.camping-la-verdiere-83.com\/#website","url":"https:\/\/www.camping-la-verdiere-83.com\/","name":"La verdi\u00e8re 83","description":"camping verdon","potentialAction":[{"@type":"SearchAction","target":{"@type":"EntryPoint","urlTemplate":"https:\/\/www.camping-la-verdiere-83.com\/?s={search_term_string}"},"query-input":{"@type":"PropertyValueSpecification","valueRequired":true,"valueName":"search_term_string"}}],"inLanguage":"de"}]}},"_links":{"self":[{"href":"https:\/\/www.camping-la-verdiere-83.com\/de\/wp-json\/wp\/v2\/portfolio\/3274","targetHints":{"allow":["GET"]}}],"collection":[{"href":"https:\/\/www.camping-la-verdiere-83.com\/de\/wp-json\/wp\/v2\/portfolio"}],"about":[{"href":"https:\/\/www.camping-la-verdiere-83.com\/de\/wp-json\/wp\/v2\/types\/portfolio"}],"wp:featuredmedia":[{"embeddable":true,"href":"https:\/\/www.camping-la-verdiere-83.com\/de\/wp-json\/wp\/v2\/media\/3276"}],"wp:attachment":[{"href":"https:\/\/www.camping-la-verdiere-83.com\/de\/wp-json\/wp\/v2\/media?parent=3274"}],"curies":[{"name":"wp","href":"https:\/\/api.w.org\/{rel}","templated":true}]}}