{"id":3352,"date":"2019-05-03T18:24:57","date_gmt":"2019-05-03T17:24:57","guid":{"rendered":"https:\/\/www.camping-la-verdiere-83.com\/Tourisme\/week-end-villages-du-verdon\/"},"modified":"2020-01-31T18:19:47","modified_gmt":"2020-01-31T17:19:47","slug":"week-end-villages-du-verdon","status":"publish","type":"portfolio","link":"https:\/\/www.camping-la-verdiere-83.com\/de\/Tourisme\/week-end-villages-du-verdon\/","title":{"rendered":"Wochenende &#8222;Besuch der D\u00f6rfer und authentische Entdeckungen&#8220;"},"content":{"rendered":"<h2><em>F\u00fcr ein Wochenende voller kultureller und landschaftlicher Entdeckungen rund um den Campingplatz in der Provence Verte, hier ein kleines Programm mit Familie oder Freunden, um sich Ihren W\u00fcnschen anzupassen &#8230; wir beraten Sie gerne!<\/em><\/h2>\n<h3><strong>\u00a0<\/strong><\/h3>\n<p><strong><span style=\"color: #800000;\">SAMSTAG : Die Entdeckung von Cotignac und Barjols<\/span><\/strong><\/p>\n<p>Entdecken Sie am Fu\u00dfe eines Tuffsteins das erhabene Dorf Cotignac und seinen Felsen vor dem Hintergrund des blauen Himmels. In einem typisch provenzalischen Stil ist die Architektur gepflegt und das Labyrinth von Gassen mit der S\u00fc\u00dfe des Lebens in der Provence durchdrungen. Entdecken Sie auf der gleichen Klippe die H\u00f6hlenbewohner und ihren besonderen Charme. Von der Spitze des Felsens ist es ein herrliches Panorama, das Ihnen auf den H\u00fcgeln in ruhiger Umgebung angeboten wird: Olivenb\u00e4ume, Zypressen, Kiefern, Eichen und andere mediterrane Vegetation.<\/p>\n<p>Auf dem R\u00fcckweg zum Campingplatz schlendern Sie durch das <strong>Dorf Barjols<\/strong> mit der Entdeckung seiner <strong>18 Springbrunnen<\/strong> und genie\u00dfen die schattige S\u00fc\u00dfe des &#8222;Tals der Karmeliter&#8220; dieses sehr gut begehbaren Flusses entlang dekoriert mit sch\u00f6nen kleinen nat\u00fcrlichen Becken, die zur H\u00f6hlenkapelle f\u00fchren, \u00dcberbleibsel eines Klosters aus dem 17. Jahrhundert.<\/p>\n<p>&nbsp;<\/p>\n<p><a href=\"https:\/\/www.camping-la-verdiere-83.com\/wp-content\/uploads\/2019\/05\/Sej-ADV-mercredi-barjols-min.jpg\"><img loading=\"lazy\" decoding=\"async\" class=\"aligncenter size-full wp-image-3076\" src=\"https:\/\/www.camping-la-verdiere-83.com\/wp-content\/uploads\/2019\/05\/Sej-ADV-mercredi-barjols-min.jpg\" alt=\"barjols et ses 18 fontaines\" width=\"1280\" height=\"960\" srcset=\"https:\/\/www.camping-la-verdiere-83.com\/wp-content\/uploads\/2019\/05\/Sej-ADV-mercredi-barjols-min.jpg 1280w, https:\/\/www.camping-la-verdiere-83.com\/wp-content\/uploads\/2019\/05\/Sej-ADV-mercredi-barjols-min-300x225.jpg 300w, https:\/\/www.camping-la-verdiere-83.com\/wp-content\/uploads\/2019\/05\/Sej-ADV-mercredi-barjols-min-768x576.jpg 768w, https:\/\/www.camping-la-verdiere-83.com\/wp-content\/uploads\/2019\/05\/Sej-ADV-mercredi-barjols-min-1024x768.jpg 1024w\" sizes=\"auto, (max-width: 1280px) 100vw, 1280px\" \/><\/a><a href=\"https:\/\/www.camping-la-verdiere-83.com\/Tourisme\/villages-verdon\/\">d\u00e9couvrez les Villages ici\u00a0\u00a0 &#8222;&#8220;&#8220;&#8220;&#8220;entdecken Sie die D\u00f6rfer hier&#8220;&#8220;&#8220;&#8220;<\/a><\/p>\n<p><a href=\"https:\/\/www.barjols.fr\/spip.php?article94\">https:\/\/www.barjols.fr\/spip.php?article94<\/a><\/p>\n<p><strong><span style=\"color: #800000;\">SONNTAG : St Martin de Palli\u00e8res, charmantes und ungew\u00f6hnliches Dorf<\/span><\/strong><\/p>\n<p>Entdecken Sie 10 Minuten vom Campingplatz entfernt das sch\u00f6ne typische Dorf Saint Martin de Palli\u00e8res, das als &#8222;Dorf des Charakters&#8220; eingestuft ist, mit seinen engen Gassen, Steinmauern und kleinen schattigen Pl\u00e4tzen. Das Dorf wird von seiner imposanten Burg aus dem 13. Jahrhundert dominiert, in deren Verl\u00e4ngerung Sie den herrlichen Park entdecken werden. Es beherbergt auch seine ungew\u00f6hnliche &#8222;<strong>Unterirdische-Kathedrale&#8220;<\/strong>, die zur Zeit ihrer Bauzeit gr\u00f6\u00dfte architektonische Zisterne Europas.<\/p>\n<p>&nbsp;<\/p>\n<p><a href=\"https:\/\/www.camping-la-verdiere-83.com\/wp-content\/uploads\/2019\/05\/WE-Visite-village-dimanche-2-min.jpg\"><img loading=\"lazy\" decoding=\"async\" class=\"aligncenter wp-image-3091 size-full\" src=\"https:\/\/www.camping-la-verdiere-83.com\/wp-content\/uploads\/2019\/05\/WE-Visite-village-dimanche-2-min.jpg\" alt=\"basilique saint martin de pallieres\" width=\"1000\" height=\"750\" srcset=\"https:\/\/www.camping-la-verdiere-83.com\/wp-content\/uploads\/2019\/05\/WE-Visite-village-dimanche-2-min.jpg 1000w, https:\/\/www.camping-la-verdiere-83.com\/wp-content\/uploads\/2019\/05\/WE-Visite-village-dimanche-2-min-300x225.jpg 300w, https:\/\/www.camping-la-verdiere-83.com\/wp-content\/uploads\/2019\/05\/WE-Visite-village-dimanche-2-min-768x576.jpg 768w\" sizes=\"auto, (max-width: 1000px) 100vw, 1000px\" \/><\/a><\/p>\n<p>In Schlichtheit und Gem\u00fctlichkeit \u00f6ffnen die Besitzer des Ch\u00e2teau und der unterirdischen Kathedrale ihre T\u00fcren f\u00fcr einen frischen und \u00fcberraschenden Besuch und geben Ihnen ihre Geschichten, ihre Anekdoten und ihre Geheimnisse preis&#8230; Ein Spaziergang durch den Park der Burg oder f\u00fcr die Mutigsten die H\u00f6henstra\u00dfe, die Sie im Herzen der gr\u00fcnen Provence auf 6 km langen Wegen eintauchen lassen.<\/p>\n<p><a href=\"https:\/\/www.camping-la-verdiere-83.com\/wp-content\/uploads\/2019\/05\/Sej-ADV-Jeudi-St-Martin-min.jpg\"><img loading=\"lazy\" decoding=\"async\" class=\"aligncenter wp-image-3071 size-full\" src=\"https:\/\/www.camping-la-verdiere-83.com\/wp-content\/uploads\/2019\/05\/Sej-ADV-Jeudi-St-Martin-min.jpg\" alt=\"saint martin de pallieres dans le var \" width=\"1600\" height=\"1200\" srcset=\"https:\/\/www.camping-la-verdiere-83.com\/wp-content\/uploads\/2019\/05\/Sej-ADV-Jeudi-St-Martin-min.jpg 1600w, https:\/\/www.camping-la-verdiere-83.com\/wp-content\/uploads\/2019\/05\/Sej-ADV-Jeudi-St-Martin-min-300x225.jpg 300w, https:\/\/www.camping-la-verdiere-83.com\/wp-content\/uploads\/2019\/05\/Sej-ADV-Jeudi-St-Martin-min-768x576.jpg 768w, https:\/\/www.camping-la-verdiere-83.com\/wp-content\/uploads\/2019\/05\/Sej-ADV-Jeudi-St-Martin-min-1024x768.jpg 1024w\" sizes=\"auto, (max-width: 1600px) 100vw, 1600px\" \/><\/a><a href=\"https:\/\/www.cathedralesouterraine.com\/\">https:\/\/www.cathedralesouterraine.com\/<\/a><\/p>\n<p><a href=\"https:\/\/chateausaintmartindepallieres.wordpress.com\/\">https:\/\/chateausaintmartindepallieres.wordpress.com\/<\/a><\/p>\n<p><a href=\"https:\/\/www.camping-la-verdiere-83.com\/Tourisme\/villages-verdon\/\">d\u00e9couvrez les Villages ici<\/a><a href=\"https:\/\/www.camping-la-verdiere-83.com\/Tourisme\/villages-verdon\/\">&#8222;&#8220;&#8220;&#8220;&#8220;entdecken Sie die D\u00f6rfer hier&#8220;&#8220;&#8220;&#8220;<\/a><\/p>\n<p>Und <strong>das kleine Extra<\/strong> f\u00fcr Liebhaber von gutem Essen in einer typisch provenzalischen Umgebung, auf der Terrasse, mit atemberaubendem Ausblick: <a href=\"https:\/\/www.bistrotdepays.com\/le-cercle-du-progres\">https:\/\/www.bistrotdepays.com\/le-cercle-du-progres<\/a><\/p>\n<p>&nbsp;<\/p>\n<p style=\"text-align: center;\"><strong><span style=\"color: #800000;\">Ein Wochenendbesuch authentischer D\u00f6rfer und Entdeckungen <\/span><\/strong><strong><span style=\"color: #800000;\">auf dem Camping de La Verdi\u00e8re:<\/span><\/strong><\/p>\n<p style=\"text-align: center;\"><strong><span style=\"color: #800000;\">Szenenwechsel und Lebensfreude garantiert!<\/span><\/strong><\/p>\n<p><strong><em>\u00a0<\/em><\/strong><\/p>\n","protected":false},"featured_media":3353,"template":"","class_list":["post-3352","portfolio","type-portfolio","status-publish","has-post-thumbnail","hentry"],"yoast_head":"<!-- This site is optimized with the Yoast SEO plugin v26.8 - https:\/\/yoast.com\/product\/yoast-seo-wordpress\/ -->\n<title>Wochenende &quot;Besuch der D\u00f6rfer und authentische Entdeckungen&quot;<\/title>\n<meta name=\"description\" content=\"Une escapade en verdon ? Visitez les villages de caract\u00e8re typiques de la Provence Verte. r\u00e9servez votre Week end au camping de la Verdi\u00e8re**.\" \/>\n<meta name=\"robots\" content=\"index, follow, max-snippet:-1, max-image-preview:large, max-video-preview:-1\" \/>\n<link rel=\"canonical\" href=\"https:\/\/www.camping-la-verdiere-83.com\/de\/Tourisme\/week-end-villages-du-verdon\/\" \/>\n<meta property=\"og:locale\" content=\"de_DE\" \/>\n<meta property=\"og:type\" content=\"article\" \/>\n<meta property=\"og:title\" content=\"Wochenende &quot;Besuch der D\u00f6rfer und authentische Entdeckungen&quot;\" \/>\n<meta property=\"og:description\" content=\"Une escapade en verdon ? Visitez les villages de caract\u00e8re typiques de la Provence Verte. r\u00e9servez votre Week end au camping de la Verdi\u00e8re**.\" \/>\n<meta property=\"og:url\" content=\"https:\/\/www.camping-la-verdiere-83.com\/de\/Tourisme\/week-end-villages-du-verdon\/\" \/>\n<meta property=\"og:site_name\" content=\"La verdi\u00e8re 83\" \/>\n<meta property=\"article:modified_time\" content=\"2020-01-31T17:19:47+00:00\" \/>\n<meta property=\"og:image\" content=\"https:\/\/www.camping-la-verdiere-83.com\/wp-content\/uploads\/2019\/05\/cotignac-var.jpg\" \/>\n\t<meta property=\"og:image:width\" content=\"1000\" \/>\n\t<meta property=\"og:image:height\" content=\"562\" \/>\n\t<meta property=\"og:image:type\" content=\"image\/jpeg\" \/>\n<meta name=\"twitter:label1\" content=\"Gesch\u00e4tzte Lesezeit\" \/>\n\t<meta name=\"twitter:data1\" content=\"2\u00a0Minuten\" \/>\n<script type=\"application\/ld+json\" class=\"yoast-schema-graph\">{\"@context\":\"https:\/\/schema.org\",\"@graph\":[{\"@type\":\"WebPage\",\"@id\":\"https:\/\/www.camping-la-verdiere-83.com\/de\/Tourisme\/week-end-villages-du-verdon\/\",\"url\":\"https:\/\/www.camping-la-verdiere-83.com\/de\/Tourisme\/week-end-villages-du-verdon\/\",\"name\":\"Wochenende \\\"Besuch der D\u00f6rfer und authentische Entdeckungen\\\"\",\"isPartOf\":{\"@id\":\"https:\/\/www.camping-la-verdiere-83.com\/#website\"},\"primaryImageOfPage\":{\"@id\":\"https:\/\/www.camping-la-verdiere-83.com\/de\/Tourisme\/week-end-villages-du-verdon\/#primaryimage\"},\"image\":{\"@id\":\"https:\/\/www.camping-la-verdiere-83.com\/de\/Tourisme\/week-end-villages-du-verdon\/#primaryimage\"},\"thumbnailUrl\":\"https:\/\/www.camping-la-verdiere-83.com\/wp-content\/uploads\/2019\/05\/cotignac-var.jpg\",\"datePublished\":\"2019-05-03T17:24:57+00:00\",\"dateModified\":\"2020-01-31T17:19:47+00:00\",\"description\":\"Une escapade en verdon ? Visitez les villages de caract\u00e8re typiques de la Provence Verte. r\u00e9servez votre Week end au camping de la Verdi\u00e8re**.\",\"breadcrumb\":{\"@id\":\"https:\/\/www.camping-la-verdiere-83.com\/de\/Tourisme\/week-end-villages-du-verdon\/#breadcrumb\"},\"inLanguage\":\"de\",\"potentialAction\":[{\"@type\":\"ReadAction\",\"target\":[\"https:\/\/www.camping-la-verdiere-83.com\/de\/Tourisme\/week-end-villages-du-verdon\/\"]}]},{\"@type\":\"ImageObject\",\"inLanguage\":\"de\",\"@id\":\"https:\/\/www.camping-la-verdiere-83.com\/de\/Tourisme\/week-end-villages-du-verdon\/#primaryimage\",\"url\":\"https:\/\/www.camping-la-verdiere-83.com\/wp-content\/uploads\/2019\/05\/cotignac-var.jpg\",\"contentUrl\":\"https:\/\/www.camping-la-verdiere-83.com\/wp-content\/uploads\/2019\/05\/cotignac-var.jpg\",\"width\":1000,\"height\":562,\"caption\":\"cotignac dans le var\"},{\"@type\":\"BreadcrumbList\",\"@id\":\"https:\/\/www.camping-la-verdiere-83.com\/de\/Tourisme\/week-end-villages-du-verdon\/#breadcrumb\",\"itemListElement\":[{\"@type\":\"ListItem\",\"position\":1,\"name\":\"Accueil\",\"item\":\"https:\/\/www.camping-la-verdiere-83.com\/de\/\"},{\"@type\":\"ListItem\",\"position\":2,\"name\":\"Pages\",\"item\":\"https:\/\/www.camping-la-verdiere-83.com\/en\/Tourisme\/\"},{\"@type\":\"ListItem\",\"position\":3,\"name\":\"Wochenende &#8222;Besuch der D\u00f6rfer und authentische Entdeckungen&#8220;\"}]},{\"@type\":\"WebSite\",\"@id\":\"https:\/\/www.camping-la-verdiere-83.com\/#website\",\"url\":\"https:\/\/www.camping-la-verdiere-83.com\/\",\"name\":\"La verdi\u00e8re 83\",\"description\":\"camping verdon\",\"potentialAction\":[{\"@type\":\"SearchAction\",\"target\":{\"@type\":\"EntryPoint\",\"urlTemplate\":\"https:\/\/www.camping-la-verdiere-83.com\/?s={search_term_string}\"},\"query-input\":{\"@type\":\"PropertyValueSpecification\",\"valueRequired\":true,\"valueName\":\"search_term_string\"}}],\"inLanguage\":\"de\"}]}<\/script>\n<!-- \/ Yoast SEO plugin. -->","yoast_head_json":{"title":"Wochenende \"Besuch der D\u00f6rfer und authentische Entdeckungen\"","description":"Une escapade en verdon ? Visitez les villages de caract\u00e8re typiques de la Provence Verte. r\u00e9servez votre Week end au camping de la Verdi\u00e8re**.","robots":{"index":"index","follow":"follow","max-snippet":"max-snippet:-1","max-image-preview":"max-image-preview:large","max-video-preview":"max-video-preview:-1"},"canonical":"https:\/\/www.camping-la-verdiere-83.com\/de\/Tourisme\/week-end-villages-du-verdon\/","og_locale":"de_DE","og_type":"article","og_title":"Wochenende \"Besuch der D\u00f6rfer und authentische Entdeckungen\"","og_description":"Une escapade en verdon ? Visitez les villages de caract\u00e8re typiques de la Provence Verte. r\u00e9servez votre Week end au camping de la Verdi\u00e8re**.","og_url":"https:\/\/www.camping-la-verdiere-83.com\/de\/Tourisme\/week-end-villages-du-verdon\/","og_site_name":"La verdi\u00e8re 83","article_modified_time":"2020-01-31T17:19:47+00:00","og_image":[{"width":1000,"height":562,"url":"https:\/\/www.camping-la-verdiere-83.com\/wp-content\/uploads\/2019\/05\/cotignac-var.jpg","type":"image\/jpeg"}],"twitter_misc":{"Gesch\u00e4tzte Lesezeit":"2\u00a0Minuten"},"schema":{"@context":"https:\/\/schema.org","@graph":[{"@type":"WebPage","@id":"https:\/\/www.camping-la-verdiere-83.com\/de\/Tourisme\/week-end-villages-du-verdon\/","url":"https:\/\/www.camping-la-verdiere-83.com\/de\/Tourisme\/week-end-villages-du-verdon\/","name":"Wochenende \"Besuch der D\u00f6rfer und authentische Entdeckungen\"","isPartOf":{"@id":"https:\/\/www.camping-la-verdiere-83.com\/#website"},"primaryImageOfPage":{"@id":"https:\/\/www.camping-la-verdiere-83.com\/de\/Tourisme\/week-end-villages-du-verdon\/#primaryimage"},"image":{"@id":"https:\/\/www.camping-la-verdiere-83.com\/de\/Tourisme\/week-end-villages-du-verdon\/#primaryimage"},"thumbnailUrl":"https:\/\/www.camping-la-verdiere-83.com\/wp-content\/uploads\/2019\/05\/cotignac-var.jpg","datePublished":"2019-05-03T17:24:57+00:00","dateModified":"2020-01-31T17:19:47+00:00","description":"Une escapade en verdon ? Visitez les villages de caract\u00e8re typiques de la Provence Verte. r\u00e9servez votre Week end au camping de la Verdi\u00e8re**.","breadcrumb":{"@id":"https:\/\/www.camping-la-verdiere-83.com\/de\/Tourisme\/week-end-villages-du-verdon\/#breadcrumb"},"inLanguage":"de","potentialAction":[{"@type":"ReadAction","target":["https:\/\/www.camping-la-verdiere-83.com\/de\/Tourisme\/week-end-villages-du-verdon\/"]}]},{"@type":"ImageObject","inLanguage":"de","@id":"https:\/\/www.camping-la-verdiere-83.com\/de\/Tourisme\/week-end-villages-du-verdon\/#primaryimage","url":"https:\/\/www.camping-la-verdiere-83.com\/wp-content\/uploads\/2019\/05\/cotignac-var.jpg","contentUrl":"https:\/\/www.camping-la-verdiere-83.com\/wp-content\/uploads\/2019\/05\/cotignac-var.jpg","width":1000,"height":562,"caption":"cotignac dans le var"},{"@type":"BreadcrumbList","@id":"https:\/\/www.camping-la-verdiere-83.com\/de\/Tourisme\/week-end-villages-du-verdon\/#breadcrumb","itemListElement":[{"@type":"ListItem","position":1,"name":"Accueil","item":"https:\/\/www.camping-la-verdiere-83.com\/de\/"},{"@type":"ListItem","position":2,"name":"Pages","item":"https:\/\/www.camping-la-verdiere-83.com\/en\/Tourisme\/"},{"@type":"ListItem","position":3,"name":"Wochenende &#8222;Besuch der D\u00f6rfer und authentische Entdeckungen&#8220;"}]},{"@type":"WebSite","@id":"https:\/\/www.camping-la-verdiere-83.com\/#website","url":"https:\/\/www.camping-la-verdiere-83.com\/","name":"La verdi\u00e8re 83","description":"camping verdon","potentialAction":[{"@type":"SearchAction","target":{"@type":"EntryPoint","urlTemplate":"https:\/\/www.camping-la-verdiere-83.com\/?s={search_term_string}"},"query-input":{"@type":"PropertyValueSpecification","valueRequired":true,"valueName":"search_term_string"}}],"inLanguage":"de"}]}},"_links":{"self":[{"href":"https:\/\/www.camping-la-verdiere-83.com\/de\/wp-json\/wp\/v2\/portfolio\/3352","targetHints":{"allow":["GET"]}}],"collection":[{"href":"https:\/\/www.camping-la-verdiere-83.com\/de\/wp-json\/wp\/v2\/portfolio"}],"about":[{"href":"https:\/\/www.camping-la-verdiere-83.com\/de\/wp-json\/wp\/v2\/types\/portfolio"}],"wp:featuredmedia":[{"embeddable":true,"href":"https:\/\/www.camping-la-verdiere-83.com\/de\/wp-json\/wp\/v2\/media\/3353"}],"wp:attachment":[{"href":"https:\/\/www.camping-la-verdiere-83.com\/de\/wp-json\/wp\/v2\/media?parent=3352"}],"curies":[{"name":"wp","href":"https:\/\/api.w.org\/{rel}","templated":true}]}}