{"id":3361,"date":"2019-05-03T18:01:10","date_gmt":"2019-05-03T17:01:10","guid":{"rendered":"https:\/\/www.camping-la-verdiere-83.com\/Tourisme\/randonnee-dans-le-verdon\/"},"modified":"2019-11-18T17:16:50","modified_gmt":"2019-11-18T16:16:50","slug":"randonnee-dans-le-verdon","status":"publish","type":"portfolio","link":"https:\/\/www.camping-la-verdiere-83.com\/de\/Tourisme\/randonnee-dans-le-verdon\/","title":{"rendered":"Wandern und Reiten Provence Verte &#038; Verdon"},"content":{"rendered":"<h1><span style=\"color: #008000;\"><strong>Wandern f\u00fcr alle Niveaus<\/strong><\/span><\/h1>\n<p>Zu Fu\u00df, zu Pferd oder mit dem Fahrrad bietet Ihnen Provence Verte &amp;Verdon eine abwechslungsreiche Landschaft und eine nat\u00fcrliche Sch\u00f6nheit au\u00dfergew\u00f6hnlicher Orte.<\/p>\n<ul>\n<li><strong><span style=\"color: #008000;\">WANDERUNG zu Fu\u00df:<\/span><\/strong><\/li>\n<\/ul>\n<p>Der Campingplatz La Verdi\u00e8re befindet sich auf der Route des Wanderweges GR 99 und ist eine Etappe f\u00fcr Wanderer! Rallye Le Revest in den Hautdon Gorges du Verdon. Die GR 99 verl\u00e4uft entlang des Campingplatzes.<\/p>\n<p>https:\/\/www.provenceweb.fr\/f\/mag\/outdoor\/randonnees-var.htm<\/p>\n<p>Dutzende Wanderwege und markierte Wanderwege rund um den Campingplatz erm\u00f6glichen es Ihnen, die Provence Verte und Verdon zu entdecken. Die Ruhe und die Natur werden Ihnen angeboten, um von einer herrlichen Landschaft zu profitieren, von den am besten zug\u00e4nglichen Routen zu den anspruchsvolleren Routen!<\/p>\n<p>Von Quinson, 15 Minuten vom Campingplatz entfernt, k\u00f6nnen Sie zu Fu\u00df durch die Schluchten laufen und in atemberaubender Landschaft entspannen.<\/p>\n<p><a href=\"https:\/\/www.la-provence-verte.net\/activites\/randonnee-provence.php?pos=30\">https:\/\/www.la-provence-verte.net\/activites\/randonnee-provence.php?pos=30<\/a><\/p>\n<ul>\n<li><strong><span style=\"color: #008000;\">REITEN<\/span><\/strong><\/li>\n<\/ul>\n<p><a href=\"https:\/\/www.camping-la-verdiere-83.com\/wp-content\/uploads\/2015\/02\/chevaux6.jpg\"><img loading=\"lazy\" decoding=\"async\" class=\"aligncenter size-full wp-image-2512\" src=\"https:\/\/www.camping-la-verdiere-83.com\/wp-content\/uploads\/2015\/02\/chevaux6.jpg\" alt=\"randonn\u00e9e \u00e0 cheval verdon\" width=\"500\" height=\"270\" srcset=\"https:\/\/www.camping-la-verdiere-83.com\/wp-content\/uploads\/2015\/02\/chevaux6.jpg 500w, https:\/\/www.camping-la-verdiere-83.com\/wp-content\/uploads\/2015\/02\/chevaux6-300x162.jpg 300w\" sizes=\"auto, (max-width: 500px) 100vw, 500px\" \/><\/a><\/p>\n<p>Anf\u00e4nger oder Fortgeschrittene: entdecken Sie die Landschaften der Provence Verte &amp;Verdon zu Pferd! Dies ist die ganze Magie des Verdon, die Ihnen angeboten wird, mit einem nat\u00fcrlichen und \u00f6kologischen Reichtum, der nicht nur einzigartig, sondern auch seit 1993 gesch\u00fctzt ist. Es ist die ganze Vielfalt der Provence Verte und Verdon, die Sie entdecken k\u00f6nnen, erfrischende Spazierg\u00e4nge durch das schattige Unterholz zu den sonnigen H\u00fcgeln von Esparron und am Ufer des St. Croix-Sees vorbei.<\/p>\n<p><a href=\"https:\/\/www.leschevauxduverdon.fr\/activites\/a-chevalhttps:\/\/www.centre-equestre-montmeyan.fr\/le-centre-equestre.phphttps:\/\/lesecuriesdelabeaume.ffe.com\/\">https:\/\/www.leschevauxduverdon.fr\/activites\/a-cheval<\/a><\/p>\n<p><a href=\"https:\/\/www.leschevauxduverdon.fr\/activites\/a-chevalhttps:\/\/www.centre-equestre-montmeyan.fr\/le-centre-equestre.phphttps:\/\/lesecuriesdelabeaume.ffe.com\/\">https:\/\/www.centre-equestre-montmeyan.fr\/le-centre-equestre.php<\/a><\/p>\n<p><a href=\"https:\/\/www.leschevauxduverdon.fr\/activites\/a-chevalhttps:\/\/www.centre-equestre-montmeyan.fr\/le-centre-equestre.phphttps:\/\/lesecuriesdelabeaume.ffe.com\/\">https:\/\/lesecuriesdelabeaume.ffe.com\/<\/a><\/p>\n<p><a href=\"https:\/\/www.camping-la-verdiere-83.com\/locations\/\">R\u00e9servez votre cottage au camping La Verdi\u00e8re<\/a><\/p>\n","protected":false},"featured_media":0,"template":"","class_list":["post-3361","portfolio","type-portfolio","status-publish","hentry"],"yoast_head":"<!-- This site is optimized with the Yoast SEO plugin v26.8 - https:\/\/yoast.com\/product\/yoast-seo-wordpress\/ -->\n<title>Wandern und Reiten Provence Verte &amp; Verdon<\/title>\n<meta name=\"description\" content=\"D\u00e9couvrez les magnifiques paysages du Verdon en empruntant les sentiers de randonn\u00e9e don le fameux GR 99 qui passe devant le camping de la Verdi\u00e8re.\" \/>\n<meta name=\"robots\" content=\"index, follow, max-snippet:-1, max-image-preview:large, max-video-preview:-1\" \/>\n<link rel=\"canonical\" href=\"https:\/\/www.camping-la-verdiere-83.com\/de\/Tourisme\/randonnee-dans-le-verdon\/\" \/>\n<meta property=\"og:locale\" content=\"de_DE\" \/>\n<meta property=\"og:type\" content=\"article\" \/>\n<meta property=\"og:title\" content=\"Wandern und Reiten Provence Verte &amp; Verdon\" \/>\n<meta property=\"og:description\" content=\"D\u00e9couvrez les magnifiques paysages du Verdon en empruntant les sentiers de randonn\u00e9e don le fameux GR 99 qui passe devant le camping de la Verdi\u00e8re.\" \/>\n<meta property=\"og:url\" content=\"https:\/\/www.camping-la-verdiere-83.com\/de\/Tourisme\/randonnee-dans-le-verdon\/\" \/>\n<meta property=\"og:site_name\" content=\"La verdi\u00e8re 83\" \/>\n<meta property=\"article:modified_time\" content=\"2019-11-18T16:16:50+00:00\" \/>\n<meta property=\"og:image\" content=\"https:\/\/www.camping-la-verdiere-83.com\/wp-content\/uploads\/2015\/02\/chevaux6.jpg\" \/>\n<meta name=\"twitter:label1\" content=\"Gesch\u00e4tzte Lesezeit\" \/>\n\t<meta name=\"twitter:data1\" content=\"1\u00a0Minute\" \/>\n<script type=\"application\/ld+json\" class=\"yoast-schema-graph\">{\"@context\":\"https:\/\/schema.org\",\"@graph\":[{\"@type\":\"WebPage\",\"@id\":\"https:\/\/www.camping-la-verdiere-83.com\/de\/Tourisme\/randonnee-dans-le-verdon\/\",\"url\":\"https:\/\/www.camping-la-verdiere-83.com\/de\/Tourisme\/randonnee-dans-le-verdon\/\",\"name\":\"Wandern und Reiten Provence Verte & Verdon\",\"isPartOf\":{\"@id\":\"https:\/\/www.camping-la-verdiere-83.com\/#website\"},\"primaryImageOfPage\":{\"@id\":\"https:\/\/www.camping-la-verdiere-83.com\/de\/Tourisme\/randonnee-dans-le-verdon\/#primaryimage\"},\"image\":{\"@id\":\"https:\/\/www.camping-la-verdiere-83.com\/de\/Tourisme\/randonnee-dans-le-verdon\/#primaryimage\"},\"thumbnailUrl\":\"https:\/\/www.camping-la-verdiere-83.com\/wp-content\/uploads\/2015\/02\/chevaux6.jpg\",\"datePublished\":\"2019-05-03T17:01:10+00:00\",\"dateModified\":\"2019-11-18T16:16:50+00:00\",\"description\":\"D\u00e9couvrez les magnifiques paysages du Verdon en empruntant les sentiers de randonn\u00e9e don le fameux GR 99 qui passe devant le camping de la Verdi\u00e8re.\",\"breadcrumb\":{\"@id\":\"https:\/\/www.camping-la-verdiere-83.com\/de\/Tourisme\/randonnee-dans-le-verdon\/#breadcrumb\"},\"inLanguage\":\"de\",\"potentialAction\":[{\"@type\":\"ReadAction\",\"target\":[\"https:\/\/www.camping-la-verdiere-83.com\/de\/Tourisme\/randonnee-dans-le-verdon\/\"]}]},{\"@type\":\"ImageObject\",\"inLanguage\":\"de\",\"@id\":\"https:\/\/www.camping-la-verdiere-83.com\/de\/Tourisme\/randonnee-dans-le-verdon\/#primaryimage\",\"url\":\"https:\/\/www.camping-la-verdiere-83.com\/wp-content\/uploads\/2015\/02\/chevaux6.jpg\",\"contentUrl\":\"https:\/\/www.camping-la-verdiere-83.com\/wp-content\/uploads\/2015\/02\/chevaux6.jpg\"},{\"@type\":\"BreadcrumbList\",\"@id\":\"https:\/\/www.camping-la-verdiere-83.com\/de\/Tourisme\/randonnee-dans-le-verdon\/#breadcrumb\",\"itemListElement\":[{\"@type\":\"ListItem\",\"position\":1,\"name\":\"Accueil\",\"item\":\"https:\/\/www.camping-la-verdiere-83.com\/de\/\"},{\"@type\":\"ListItem\",\"position\":2,\"name\":\"Pages\",\"item\":\"https:\/\/www.camping-la-verdiere-83.com\/en\/Tourisme\/\"},{\"@type\":\"ListItem\",\"position\":3,\"name\":\"Wandern und Reiten Provence Verte &#038; Verdon\"}]},{\"@type\":\"WebSite\",\"@id\":\"https:\/\/www.camping-la-verdiere-83.com\/#website\",\"url\":\"https:\/\/www.camping-la-verdiere-83.com\/\",\"name\":\"La verdi\u00e8re 83\",\"description\":\"camping verdon\",\"potentialAction\":[{\"@type\":\"SearchAction\",\"target\":{\"@type\":\"EntryPoint\",\"urlTemplate\":\"https:\/\/www.camping-la-verdiere-83.com\/?s={search_term_string}\"},\"query-input\":{\"@type\":\"PropertyValueSpecification\",\"valueRequired\":true,\"valueName\":\"search_term_string\"}}],\"inLanguage\":\"de\"}]}<\/script>\n<!-- \/ Yoast SEO plugin. -->","yoast_head_json":{"title":"Wandern und Reiten Provence Verte & Verdon","description":"D\u00e9couvrez les magnifiques paysages du Verdon en empruntant les sentiers de randonn\u00e9e don le fameux GR 99 qui passe devant le camping de la Verdi\u00e8re.","robots":{"index":"index","follow":"follow","max-snippet":"max-snippet:-1","max-image-preview":"max-image-preview:large","max-video-preview":"max-video-preview:-1"},"canonical":"https:\/\/www.camping-la-verdiere-83.com\/de\/Tourisme\/randonnee-dans-le-verdon\/","og_locale":"de_DE","og_type":"article","og_title":"Wandern und Reiten Provence Verte & Verdon","og_description":"D\u00e9couvrez les magnifiques paysages du Verdon en empruntant les sentiers de randonn\u00e9e don le fameux GR 99 qui passe devant le camping de la Verdi\u00e8re.","og_url":"https:\/\/www.camping-la-verdiere-83.com\/de\/Tourisme\/randonnee-dans-le-verdon\/","og_site_name":"La verdi\u00e8re 83","article_modified_time":"2019-11-18T16:16:50+00:00","og_image":[{"url":"https:\/\/www.camping-la-verdiere-83.com\/wp-content\/uploads\/2015\/02\/chevaux6.jpg","type":"","width":"","height":""}],"twitter_misc":{"Gesch\u00e4tzte Lesezeit":"1\u00a0Minute"},"schema":{"@context":"https:\/\/schema.org","@graph":[{"@type":"WebPage","@id":"https:\/\/www.camping-la-verdiere-83.com\/de\/Tourisme\/randonnee-dans-le-verdon\/","url":"https:\/\/www.camping-la-verdiere-83.com\/de\/Tourisme\/randonnee-dans-le-verdon\/","name":"Wandern und Reiten Provence Verte & Verdon","isPartOf":{"@id":"https:\/\/www.camping-la-verdiere-83.com\/#website"},"primaryImageOfPage":{"@id":"https:\/\/www.camping-la-verdiere-83.com\/de\/Tourisme\/randonnee-dans-le-verdon\/#primaryimage"},"image":{"@id":"https:\/\/www.camping-la-verdiere-83.com\/de\/Tourisme\/randonnee-dans-le-verdon\/#primaryimage"},"thumbnailUrl":"https:\/\/www.camping-la-verdiere-83.com\/wp-content\/uploads\/2015\/02\/chevaux6.jpg","datePublished":"2019-05-03T17:01:10+00:00","dateModified":"2019-11-18T16:16:50+00:00","description":"D\u00e9couvrez les magnifiques paysages du Verdon en empruntant les sentiers de randonn\u00e9e don le fameux GR 99 qui passe devant le camping de la Verdi\u00e8re.","breadcrumb":{"@id":"https:\/\/www.camping-la-verdiere-83.com\/de\/Tourisme\/randonnee-dans-le-verdon\/#breadcrumb"},"inLanguage":"de","potentialAction":[{"@type":"ReadAction","target":["https:\/\/www.camping-la-verdiere-83.com\/de\/Tourisme\/randonnee-dans-le-verdon\/"]}]},{"@type":"ImageObject","inLanguage":"de","@id":"https:\/\/www.camping-la-verdiere-83.com\/de\/Tourisme\/randonnee-dans-le-verdon\/#primaryimage","url":"https:\/\/www.camping-la-verdiere-83.com\/wp-content\/uploads\/2015\/02\/chevaux6.jpg","contentUrl":"https:\/\/www.camping-la-verdiere-83.com\/wp-content\/uploads\/2015\/02\/chevaux6.jpg"},{"@type":"BreadcrumbList","@id":"https:\/\/www.camping-la-verdiere-83.com\/de\/Tourisme\/randonnee-dans-le-verdon\/#breadcrumb","itemListElement":[{"@type":"ListItem","position":1,"name":"Accueil","item":"https:\/\/www.camping-la-verdiere-83.com\/de\/"},{"@type":"ListItem","position":2,"name":"Pages","item":"https:\/\/www.camping-la-verdiere-83.com\/en\/Tourisme\/"},{"@type":"ListItem","position":3,"name":"Wandern und Reiten Provence Verte &#038; Verdon"}]},{"@type":"WebSite","@id":"https:\/\/www.camping-la-verdiere-83.com\/#website","url":"https:\/\/www.camping-la-verdiere-83.com\/","name":"La verdi\u00e8re 83","description":"camping verdon","potentialAction":[{"@type":"SearchAction","target":{"@type":"EntryPoint","urlTemplate":"https:\/\/www.camping-la-verdiere-83.com\/?s={search_term_string}"},"query-input":{"@type":"PropertyValueSpecification","valueRequired":true,"valueName":"search_term_string"}}],"inLanguage":"de"}]}},"_links":{"self":[{"href":"https:\/\/www.camping-la-verdiere-83.com\/de\/wp-json\/wp\/v2\/portfolio\/3361","targetHints":{"allow":["GET"]}}],"collection":[{"href":"https:\/\/www.camping-la-verdiere-83.com\/de\/wp-json\/wp\/v2\/portfolio"}],"about":[{"href":"https:\/\/www.camping-la-verdiere-83.com\/de\/wp-json\/wp\/v2\/types\/portfolio"}],"wp:attachment":[{"href":"https:\/\/www.camping-la-verdiere-83.com\/de\/wp-json\/wp\/v2\/media?parent=3361"}],"curies":[{"name":"wp","href":"https:\/\/api.w.org\/{rel}","templated":true}]}}