{"id":3570,"date":"2019-12-02T20:00:57","date_gmt":"2019-12-02T19:00:57","guid":{"rendered":"https:\/\/www.camping-la-verdiere-83.com\/?post_type=portfolio&#038;p=3570"},"modified":"2020-02-05T08:09:13","modified_gmt":"2020-02-05T07:09:13","slug":"museum","status":"publish","type":"portfolio","link":"https:\/\/www.camping-la-verdiere-83.com\/de\/Tourisme\/museum\/","title":{"rendered":"Museum"},"content":{"rendered":"<h1 id=\"tw-target-text\" class=\"tw-data-text tw-text-large tw-ta\" dir=\"ltr\" data-placeholder=\"Traduction\"><span lang=\"de\" tabindex=\"0\">Museen rund um den Campingplatz<\/span><\/h1>\n<h2><span style=\"color: #993300;\">** Das <span lang=\"de\" tabindex=\"0\">Vorgeschichte <\/span>Museum in Quinson<\/span><\/h2>\n<p><del><a href=\"https:\/\/www.camping-la-verdiere-83.com\/wp-content\/uploads\/2015\/02\/musee-prehistoire-quinson-verdon.jpg\"><img loading=\"lazy\" decoding=\"async\" class=\"alignright wp-image-2357 size-full\" src=\"https:\/\/www.camping-la-verdiere-83.com\/wp-content\/uploads\/2015\/02\/musee-prehistoire-quinson-verdon.jpg\" alt=\"mus\u00e9e pr\u00e9histoire verdon\" width=\"600\" height=\"450\" srcset=\"https:\/\/www.camping-la-verdiere-83.com\/wp-content\/uploads\/2015\/02\/musee-prehistoire-quinson-verdon.jpg 600w, https:\/\/www.camping-la-verdiere-83.com\/wp-content\/uploads\/2015\/02\/musee-prehistoire-quinson-verdon-300x225.jpg 300w\" sizes=\"auto, (max-width: 600px) 100vw, 600px\" \/><\/a><\/del><\/p>\n<p>&nbsp;<\/p>\n<div id=\"tw-target-text-container\" class=\"tw-ta-container tw-nfl\">\n<p id=\"tw-target-text\" class=\"tw-data-text tw-text-large tw-ta\" dir=\"ltr\" data-placeholder=\"Traduction\"><span lang=\"de\" tabindex=\"0\">Es befindet sich in Quinson, einem Dorf im Verdon. Es wurde am 28. April 2000 er\u00f6ffnet und ist das gr\u00f6\u00dfte Museum in Europa zu diesem Thema! Auf 4200 m\u00b2 und 19 Themenzimmern erz\u00e4hlen Professor Henry de Lumley und sein Team dem Publikum eine Million Jahre lang das menschliche Abenteuer in der Provence. An diesen Orten arbeiten Forscher und Studenten aus aller Welt.<\/span><\/p>\n<\/div>\n<p>https:\/\/www.museeprehistoire.com\/<\/p>\n<p>&nbsp;<\/p>\n<h2><span style=\"color: #993300;\">** Das Museum von Fayence in Varages<\/span><\/h2>\n<p><a href=\"https:\/\/www.camping-la-verdiere-83.com\/wp-content\/uploads\/2015\/02\/muse-faience-vaa.jpg\"><img loading=\"lazy\" decoding=\"async\" class=\"alignright wp-image-2358 size-full\" src=\"https:\/\/www.camping-la-verdiere-83.com\/wp-content\/uploads\/2015\/02\/muse-faience-vaa.jpg\" alt=\"mus\u00e9e faience varages verdon\" width=\"413\" height=\"279\" srcset=\"https:\/\/www.camping-la-verdiere-83.com\/wp-content\/uploads\/2015\/02\/muse-faience-vaa.jpg 413w, https:\/\/www.camping-la-verdiere-83.com\/wp-content\/uploads\/2015\/02\/muse-faience-vaa-300x203.jpg 300w\" sizes=\"auto, (max-width: 413px) 100vw, 413px\" \/><\/a><\/p>\n<p id=\"tw-target-text\" class=\"tw-data-text tw-text-large tw-ta\" dir=\"ltr\" data-placeholder=\"Traduction\"><span lang=\"de\" tabindex=\"0\">Der Verein &#8222;Faiences de Varages&#8220; hatte es sich bei seiner Gr\u00fcndung 1976 zur Aufgabe gemacht, dem trotz seiner ununterbrochenen Produktion seit 1695 in Vergessenheit geratenen Feenhaus den Status eines Adels zu verleihen und eine hochwertige Sammlung aufzubauen. Nach 30 Jahren leidenschaftlicher Arbeit ist das &#8222;Steingutmuseum&#8220; zum Bezugspunkt des Erbes der Varageois-Fayence geworden.<\/span><\/p>\n<h1 id=\"tw-target-text\" class=\"tw-data-text tw-text-large tw-ta\" dir=\"ltr\" data-placeholder=\"Traduction\"><span lang=\"de\" style=\"color: #993300;\" tabindex=\"0\">Das Schloss von Allemagne en Provence &#8220; : Richtig !!! Deutschland in Provence !<br \/>\n<\/span><\/h1>\n<p id=\"tw-target-text\" class=\"tw-data-text tw-text-large tw-ta\" dir=\"ltr\" data-placeholder=\"Traduction\"><a href=\"https:\/\/www.camping-la-verdiere-83.com\/wp-content\/uploads\/2015\/02\/chateau-allemagne-provence.jpg\"><img loading=\"lazy\" decoding=\"async\" class=\"aligncenter wp-image-2359 size-full\" src=\"https:\/\/www.camping-la-verdiere-83.com\/wp-content\/uploads\/2015\/02\/chateau-allemagne-provence.jpg\" alt=\"chateau allemagne provence\" width=\"500\" height=\"357\" srcset=\"https:\/\/www.camping-la-verdiere-83.com\/wp-content\/uploads\/2015\/02\/chateau-allemagne-provence.jpg 500w, https:\/\/www.camping-la-verdiere-83.com\/wp-content\/uploads\/2015\/02\/chateau-allemagne-provence-300x214.jpg 300w\" sizes=\"auto, (max-width: 500px) 100vw, 500px\" \/><\/a><span lang=\"de\" tabindex=\"0\">Diese kleine Stadt im Verdon kann sich gl\u00fccklich sch\u00e4tzen, dass ein sch\u00f6nes Schloss unter Denkmalschutz steht. Dieses Schloss ist in einwandfreiem Zustand und das ganze Jahr \u00fcber bewohnt. Sie werden die Spuren der gro\u00dfen Jahrhunderte entdecken k\u00f6nnen, die die Geschichte dieses Schlosses gepr\u00e4gt haben. Das Schloss ist \u00f6ffentlich zug\u00e4nglich.<\/span><\/p>\n<h1><span style=\"color: #993300;\">Das Haus von Tr\u00fcffel<\/span><\/h1>\n<p id=\"tw-target-text\" class=\"tw-data-text tw-text-large tw-ta\" dir=\"ltr\" data-placeholder=\"Traduction\"><span lang=\"de\" tabindex=\"0\">Mittwoch ist der Tag eines bestimmten Marktes, des Marktes von Aups, der Tr\u00fcffelerzeuger zum Verkauf von Tr\u00fcffelleben begr\u00fc\u00dft! Aups ist ein Dorf mit Charakter und Terroir, 20 km von La Verdi\u00e8re entfernt. Das Haus der Tr\u00fcffel Aups bietet Ihnen die M\u00f6glichkeit, den Grund des &#8222;schwarzen Diamanten&#8220; zu entdecken. F\u00fcr die Feinschmecker, Amateure oder einfach nur neugierig verschiedene Animationen rund um den Tr\u00fcffel werden in der unterirdischen und geheimnisvollen Atmosph\u00e4re des schwarzen Diamanten von Aups abgelehnt. Sie werden in der Lage sein, 4 Erfahrungsuniversen mit bereichernden Atmosph\u00e4ren und Zielen zu entdecken &#8230;<\/span><\/p>\n<p>&nbsp;<\/p>\n","protected":false},"featured_media":3263,"template":"","class_list":["post-3570","portfolio","type-portfolio","status-publish","has-post-thumbnail","hentry"],"yoast_head":"<!-- This site is optimized with the Yoast SEO plugin v26.8 - https:\/\/yoast.com\/product\/yoast-seo-wordpress\/ -->\n<title>Museum<\/title>\n<meta name=\"robots\" content=\"index, follow, max-snippet:-1, max-image-preview:large, max-video-preview:-1\" \/>\n<link rel=\"canonical\" href=\"https:\/\/www.camping-la-verdiere-83.com\/de\/Tourisme\/museum\/\" \/>\n<meta property=\"og:locale\" content=\"de_DE\" \/>\n<meta property=\"og:type\" content=\"article\" \/>\n<meta property=\"og:title\" content=\"Museum\" \/>\n<meta property=\"og:description\" content=\"Museen rund um den Campingplatz ** Das Vorgeschichte Museum in Quinson &nbsp; Es befindet sich in Quinson, einem Dorf im Verdon. Es wurde am 28. April 2000 er\u00f6ffnet und ist das gr\u00f6\u00dfte Museum in Europa zu diesem Thema! Auf 4200 m\u00b2 und 19 Themenzimmern erz\u00e4hlen Professor Henry de Lumley und sein Team dem Publikum eine [&hellip;]\" \/>\n<meta property=\"og:url\" content=\"https:\/\/www.camping-la-verdiere-83.com\/de\/Tourisme\/museum\/\" \/>\n<meta property=\"og:site_name\" content=\"La verdi\u00e8re 83\" \/>\n<meta property=\"article:modified_time\" content=\"2020-02-05T07:09:13+00:00\" \/>\n<meta property=\"og:image\" content=\"https:\/\/www.camping-la-verdiere-83.com\/wp-content\/uploads\/2015\/02\/musee-prehistoire-quinson-verdon.jpg\" \/>\n\t<meta property=\"og:image:width\" content=\"600\" \/>\n\t<meta property=\"og:image:height\" content=\"450\" \/>\n\t<meta property=\"og:image:type\" content=\"image\/jpeg\" \/>\n<meta name=\"twitter:label1\" content=\"Gesch\u00e4tzte Lesezeit\" \/>\n\t<meta name=\"twitter:data1\" content=\"2\u00a0Minuten\" \/>\n<script type=\"application\/ld+json\" class=\"yoast-schema-graph\">{\"@context\":\"https:\/\/schema.org\",\"@graph\":[{\"@type\":\"WebPage\",\"@id\":\"https:\/\/www.camping-la-verdiere-83.com\/de\/Tourisme\/museum\/\",\"url\":\"https:\/\/www.camping-la-verdiere-83.com\/de\/Tourisme\/museum\/\",\"name\":\"Museum\",\"isPartOf\":{\"@id\":\"https:\/\/www.camping-la-verdiere-83.com\/#website\"},\"primaryImageOfPage\":{\"@id\":\"https:\/\/www.camping-la-verdiere-83.com\/de\/Tourisme\/museum\/#primaryimage\"},\"image\":{\"@id\":\"https:\/\/www.camping-la-verdiere-83.com\/de\/Tourisme\/museum\/#primaryimage\"},\"thumbnailUrl\":\"https:\/\/www.camping-la-verdiere-83.com\/wp-content\/uploads\/2015\/02\/musee-prehistoire-quinson-verdon.jpg\",\"datePublished\":\"2019-12-02T19:00:57+00:00\",\"dateModified\":\"2020-02-05T07:09:13+00:00\",\"breadcrumb\":{\"@id\":\"https:\/\/www.camping-la-verdiere-83.com\/de\/Tourisme\/museum\/#breadcrumb\"},\"inLanguage\":\"de\",\"potentialAction\":[{\"@type\":\"ReadAction\",\"target\":[\"https:\/\/www.camping-la-verdiere-83.com\/de\/Tourisme\/museum\/\"]}]},{\"@type\":\"ImageObject\",\"inLanguage\":\"de\",\"@id\":\"https:\/\/www.camping-la-verdiere-83.com\/de\/Tourisme\/museum\/#primaryimage\",\"url\":\"https:\/\/www.camping-la-verdiere-83.com\/wp-content\/uploads\/2015\/02\/musee-prehistoire-quinson-verdon.jpg\",\"contentUrl\":\"https:\/\/www.camping-la-verdiere-83.com\/wp-content\/uploads\/2015\/02\/musee-prehistoire-quinson-verdon.jpg\",\"width\":600,\"height\":450,\"caption\":\"museum verdon\"},{\"@type\":\"BreadcrumbList\",\"@id\":\"https:\/\/www.camping-la-verdiere-83.com\/de\/Tourisme\/museum\/#breadcrumb\",\"itemListElement\":[{\"@type\":\"ListItem\",\"position\":1,\"name\":\"Accueil\",\"item\":\"https:\/\/www.camping-la-verdiere-83.com\/de\/\"},{\"@type\":\"ListItem\",\"position\":2,\"name\":\"Pages\",\"item\":\"https:\/\/www.camping-la-verdiere-83.com\/en\/Tourisme\/\"},{\"@type\":\"ListItem\",\"position\":3,\"name\":\"Museum\"}]},{\"@type\":\"WebSite\",\"@id\":\"https:\/\/www.camping-la-verdiere-83.com\/#website\",\"url\":\"https:\/\/www.camping-la-verdiere-83.com\/\",\"name\":\"La verdi\u00e8re 83\",\"description\":\"camping verdon\",\"potentialAction\":[{\"@type\":\"SearchAction\",\"target\":{\"@type\":\"EntryPoint\",\"urlTemplate\":\"https:\/\/www.camping-la-verdiere-83.com\/?s={search_term_string}\"},\"query-input\":{\"@type\":\"PropertyValueSpecification\",\"valueRequired\":true,\"valueName\":\"search_term_string\"}}],\"inLanguage\":\"de\"}]}<\/script>\n<!-- \/ Yoast SEO plugin. -->","yoast_head_json":{"title":"Museum","robots":{"index":"index","follow":"follow","max-snippet":"max-snippet:-1","max-image-preview":"max-image-preview:large","max-video-preview":"max-video-preview:-1"},"canonical":"https:\/\/www.camping-la-verdiere-83.com\/de\/Tourisme\/museum\/","og_locale":"de_DE","og_type":"article","og_title":"Museum","og_description":"Museen rund um den Campingplatz ** Das Vorgeschichte Museum in Quinson &nbsp; Es befindet sich in Quinson, einem Dorf im Verdon. Es wurde am 28. April 2000 er\u00f6ffnet und ist das gr\u00f6\u00dfte Museum in Europa zu diesem Thema! Auf 4200 m\u00b2 und 19 Themenzimmern erz\u00e4hlen Professor Henry de Lumley und sein Team dem Publikum eine [&hellip;]","og_url":"https:\/\/www.camping-la-verdiere-83.com\/de\/Tourisme\/museum\/","og_site_name":"La verdi\u00e8re 83","article_modified_time":"2020-02-05T07:09:13+00:00","og_image":[{"width":600,"height":450,"url":"https:\/\/www.camping-la-verdiere-83.com\/wp-content\/uploads\/2015\/02\/musee-prehistoire-quinson-verdon.jpg","type":"image\/jpeg"}],"twitter_misc":{"Gesch\u00e4tzte Lesezeit":"2\u00a0Minuten"},"schema":{"@context":"https:\/\/schema.org","@graph":[{"@type":"WebPage","@id":"https:\/\/www.camping-la-verdiere-83.com\/de\/Tourisme\/museum\/","url":"https:\/\/www.camping-la-verdiere-83.com\/de\/Tourisme\/museum\/","name":"Museum","isPartOf":{"@id":"https:\/\/www.camping-la-verdiere-83.com\/#website"},"primaryImageOfPage":{"@id":"https:\/\/www.camping-la-verdiere-83.com\/de\/Tourisme\/museum\/#primaryimage"},"image":{"@id":"https:\/\/www.camping-la-verdiere-83.com\/de\/Tourisme\/museum\/#primaryimage"},"thumbnailUrl":"https:\/\/www.camping-la-verdiere-83.com\/wp-content\/uploads\/2015\/02\/musee-prehistoire-quinson-verdon.jpg","datePublished":"2019-12-02T19:00:57+00:00","dateModified":"2020-02-05T07:09:13+00:00","breadcrumb":{"@id":"https:\/\/www.camping-la-verdiere-83.com\/de\/Tourisme\/museum\/#breadcrumb"},"inLanguage":"de","potentialAction":[{"@type":"ReadAction","target":["https:\/\/www.camping-la-verdiere-83.com\/de\/Tourisme\/museum\/"]}]},{"@type":"ImageObject","inLanguage":"de","@id":"https:\/\/www.camping-la-verdiere-83.com\/de\/Tourisme\/museum\/#primaryimage","url":"https:\/\/www.camping-la-verdiere-83.com\/wp-content\/uploads\/2015\/02\/musee-prehistoire-quinson-verdon.jpg","contentUrl":"https:\/\/www.camping-la-verdiere-83.com\/wp-content\/uploads\/2015\/02\/musee-prehistoire-quinson-verdon.jpg","width":600,"height":450,"caption":"museum verdon"},{"@type":"BreadcrumbList","@id":"https:\/\/www.camping-la-verdiere-83.com\/de\/Tourisme\/museum\/#breadcrumb","itemListElement":[{"@type":"ListItem","position":1,"name":"Accueil","item":"https:\/\/www.camping-la-verdiere-83.com\/de\/"},{"@type":"ListItem","position":2,"name":"Pages","item":"https:\/\/www.camping-la-verdiere-83.com\/en\/Tourisme\/"},{"@type":"ListItem","position":3,"name":"Museum"}]},{"@type":"WebSite","@id":"https:\/\/www.camping-la-verdiere-83.com\/#website","url":"https:\/\/www.camping-la-verdiere-83.com\/","name":"La verdi\u00e8re 83","description":"camping verdon","potentialAction":[{"@type":"SearchAction","target":{"@type":"EntryPoint","urlTemplate":"https:\/\/www.camping-la-verdiere-83.com\/?s={search_term_string}"},"query-input":{"@type":"PropertyValueSpecification","valueRequired":true,"valueName":"search_term_string"}}],"inLanguage":"de"}]}},"_links":{"self":[{"href":"https:\/\/www.camping-la-verdiere-83.com\/de\/wp-json\/wp\/v2\/portfolio\/3570","targetHints":{"allow":["GET"]}}],"collection":[{"href":"https:\/\/www.camping-la-verdiere-83.com\/de\/wp-json\/wp\/v2\/portfolio"}],"about":[{"href":"https:\/\/www.camping-la-verdiere-83.com\/de\/wp-json\/wp\/v2\/types\/portfolio"}],"wp:featuredmedia":[{"embeddable":true,"href":"https:\/\/www.camping-la-verdiere-83.com\/de\/wp-json\/wp\/v2\/media\/3263"}],"wp:attachment":[{"href":"https:\/\/www.camping-la-verdiere-83.com\/de\/wp-json\/wp\/v2\/media?parent=3570"}],"curies":[{"name":"wp","href":"https:\/\/api.w.org\/{rel}","templated":true}]}}