{"id":3577,"date":"2019-12-02T22:54:30","date_gmt":"2019-12-02T21:54:30","guid":{"rendered":"https:\/\/www.camping-la-verdiere-83.com\/?post_type=portfolio&#038;p=3577"},"modified":"2020-03-14T18:42:38","modified_gmt":"2020-03-14T17:42:38","slug":"manosque-provenzalische-stadt","status":"publish","type":"portfolio","link":"https:\/\/www.camping-la-verdiere-83.com\/de\/Tourisme\/manosque-provenzalische-stadt\/","title":{"rendered":"Manosque provenzalische Stadt"},"content":{"rendered":"<div id=\"tw-target-text-container\" class=\"tw-ta-container tw-nfl\">\n<h1 id=\"tw-target-text\" class=\"tw-data-text tw-text-large tw-ta\" dir=\"ltr\" data-placeholder=\"Traduction\"><span lang=\"de\" style=\"color: #3366ff;\" tabindex=\"0\">30 Minuten vom Campingplatz entfernt<\/span><\/h1>\n<p id=\"tw-target-text\" class=\"tw-data-text tw-text-large tw-ta\" dir=\"ltr\" data-placeholder=\"Traduction\"><span lang=\"de\" tabindex=\"0\">Nur 40 km vom Campingplatz entfernt erwartet Sie die Stadt Manosque im Herzen des Luberon, um das reiche Erbe und die erhaltene provenzalische Atmosph\u00e4re zu teilen. <\/span><\/p>\n<h1 dir=\"ltr\" data-placeholder=\"Traduction\"><span style=\"color: #3366ff;\">Die Geschichte<\/span><\/h1>\n<p class=\"tw-data-text tw-text-large tw-ta\" dir=\"ltr\" data-placeholder=\"Traduction\"><span lang=\"de\" tabindex=\"0\">Seine Geschichte Aus den Ausgrabungen an den Passa\u00efres ist bekannt, dass Manosque w\u00e4hrend der R\u00f6merzeit ein wichtiger Handelsplatz war, da Amphoren f\u00fcr den Transport des Weins hergestellt wurden. Um das Jahr 1000 herum residieren dort regelm\u00e4\u00dfig die provenzalischen Grafen, bevor die Stadt bis 1790 dem gastfreundlichen Heiligen-Jean-de-Jerusalem untersteht, das zwei Befestigungen einschlie\u00dflich eines Palastes errichten wird. Im Mittelalter hatte die bl\u00fchende Stadt mit einem renommierten regionalen Markt 10.000 Einwohner.<\/span><\/p>\n<\/div>\n<p id=\"tw-target-text\" class=\"tw-data-text tw-text-large tw-ta\" dir=\"ltr\" data-placeholder=\"Traduction\"><span lang=\"de\" tabindex=\"0\">Mit der Ankunft des Schwarzen Todes folgt eine Zeit der Unsicherheit, die den provenzalischen Staat dazu veranlasst, die Stadt durch den Bau von zwei T\u00fcren weiter zu st\u00e4rken: der von Saunerie und Soubeyran, die noch heute sichtbar sind. Religionskriege werden die Stadt nicht verschonen und die Kirchen werden gepl\u00fcndert. Sp\u00e4ter trauern noch andere Epidemien erst 1720 und dann 1834 um die Stadt.<\/span><\/p>\n<p id=\"tw-target-text\" class=\"tw-data-text tw-text-large tw-ta\" dir=\"ltr\" data-placeholder=\"Traduction\"><span lang=\"de\" tabindex=\"0\">Die Zeit der Revolution macht Manosque zu einer der revolution\u00e4rsten St\u00e4dte der Provence. Die Burg von Malta wird vor der Rasur beschlagnahmt und hinterl\u00e4sst einen gro\u00dfen, leeren Platz in der Stadt. Die Stadt wird die Republik w\u00e4hrend des Staatsstreichs von Louis Napoleon Bonaparte leidenschaftlich verteidigen. es wird durch eine gro\u00dfe Deportation der Widerstandsk\u00e4mpfer in Algerien bezahlt. Die Bewohner werden immer noch ihre Entschlossenheit zeigen, w\u00e4hrend des Zweiten Weltkriegs Widerstand zu leisten, wenn einige von ihnen Juden verstecken und andere Waffen ergreifen, um die Landung der Verb\u00fcndeten in der Provence zu unterst\u00fctzen.<\/span><\/p>\n<h1><span style=\"color: #3366ff;\">Orte zu besuchen<\/span><\/h1>\n<p id=\"tw-target-text\" class=\"tw-data-text tw-text-large tw-ta\" dir=\"ltr\" data-placeholder=\"Traduction\"><span lang=\"de\" tabindex=\"0\">Es gibt mehrere Kirchen zu besichtigen: Romigiers nd, romanischer Stil, der eine schwarze Madonna und eine Carrara-Marmor-Jungfrau mit einem Sarkophag aus dem 5. Jahrhundert f\u00fcr den Altar beherbergt; Die Kirche Saint-Sauveur, die Kapelle der Observantinen aus dem 15. und 16. Jahrhundert werden zum Wohnhaus, die Kapelle Saint-Pancrace und das Kloster der Schwestern der Pr\u00e4sentation, das der Maler Carzou mit dem Thema der Apokalypse neu dekoriert hat Geschichte der M\u00e4nner und ihre Zukunft nach Angaben des K\u00fcnstlers. <\/span><\/p>\n<p class=\"tw-data-text tw-text-large tw-ta\" dir=\"ltr\" data-placeholder=\"Traduction\"><span lang=\"de\" tabindex=\"0\">Das Rathaus ist auch ein historisches Denkmal im Renaissancestil sowie das Haus von Jean Giono, das Schloss von Gassaud und das alte Krankenhaus des achtzehnten Jahrhunderts.<\/span><\/p>\n<p>&nbsp;<\/p>\n<h1 id=\"tw-target-text\" class=\"tw-data-text tw-text-large tw-ta\" dir=\"ltr\" data-placeholder=\"Traduction\"><span lang=\"de\" style=\"color: #0000ff;\" tabindex=\"0\">Typische Besuche der Provence<\/span><\/h1>\n<p><a href=\"https:\/\/www.camping-la-verdiere-83.com\/wp-content\/uploads\/2015\/05\/usine-de-lOccitane.jpg\"><img loading=\"lazy\" decoding=\"async\" class=\"aligncenter size-medium wp-image-2632\" src=\"https:\/\/www.camping-la-verdiere-83.com\/wp-content\/uploads\/2015\/05\/usine-de-lOccitane-300x191.jpg\" alt=\"occitane visite usine\" width=\"300\" height=\"191\" srcset=\"https:\/\/www.camping-la-verdiere-83.com\/wp-content\/uploads\/2015\/05\/usine-de-lOccitane-300x191.jpg 300w, https:\/\/www.camping-la-verdiere-83.com\/wp-content\/uploads\/2015\/05\/usine-de-lOccitane.jpg 650w\" sizes=\"auto, (max-width: 300px) 100vw, 300px\" \/><\/a><\/p>\n<div id=\"tw-target-text-container\" class=\"tw-ta-container tw-nfl\">\n<p id=\"tw-target-text\" class=\"tw-data-text tw-text-large tw-ta\" dir=\"ltr\" data-placeholder=\"Traduction\"><span lang=\"de\" tabindex=\"0\">Um Ihre Wanderung fortzusetzen, st\u00f6bern Sie auf den Wegen des Obstgartens des Hauses der biologischen Vielfalt, in dem Sie mehr als 400 Obstb\u00e4ume und eine p\u00e4dagogische Ausstellung zum Anbau und zur Domestikation von Fr\u00fcchten entdecken k\u00f6nnen. Verpassen Sie nicht den Besuch der Fabrik L&#8217;Occitane, die f\u00fcr ihre weltweit verkauften Produkte bekannt ist. Das Haus von L&#8217;Occitane hat ein Museum mit interaktiven und sensorischen R\u00e4umen geschaffen. <\/span><\/p>\n<p class=\"tw-data-text tw-text-large tw-ta\" dir=\"ltr\" data-placeholder=\"Traduction\"><span lang=\"de\" tabindex=\"0\">Die Stadt Manosque ist eine charmante Anlaufstelle, die Sie mit ihren Farben und D\u00fcften mit s\u00fc\u00dfen Akzenten der Provence verf\u00fchren wird.<\/span><\/p>\n<\/div>\n<p>&nbsp;<\/p>\n<div class=\"QmZWSe\">\n<div class=\"DHcWmd\"><\/div>\n<\/div>\n<div class=\"oSioSc\">\n<div id=\"tw-target\">\n<div id=\"kAz1tf\" class=\"g9WsWb\">\n<div id=\"tw-target-text-container\" class=\"tw-ta-container tw-nfl\">\n<p id=\"tw-target-text\" class=\"tw-data-text tw-text-large tw-ta\" dir=\"ltr\" data-placeholder=\"Traduction\"><span lang=\"de\" tabindex=\"0\">Entdecken Sie f\u00fcr einen gelungenen Urlaub im Haut Var unser Angebot an Mietmobilen im Verdon oder Zeltstellplatz, Wohnwagen oder Wohnmobil.<\/span><\/p>\n<\/div>\n<\/div>\n<\/div>\n<\/div>\n<p><em>Campingplatz Manosque, Capingplatz verdon billig,<br \/>\n<\/em><\/p>\n","protected":false},"featured_media":3397,"template":"","class_list":["post-3577","portfolio","type-portfolio","status-publish","has-post-thumbnail","hentry"],"yoast_head":"<!-- This site is optimized with the Yoast SEO plugin v26.8 - https:\/\/yoast.com\/product\/yoast-seo-wordpress\/ -->\n<title>Manosque provenzalische Stadt<\/title>\n<meta name=\"robots\" content=\"index, follow, max-snippet:-1, max-image-preview:large, max-video-preview:-1\" \/>\n<link rel=\"canonical\" href=\"https:\/\/www.camping-la-verdiere-83.com\/de\/Tourisme\/manosque-provenzalische-stadt\/\" \/>\n<meta property=\"og:locale\" content=\"de_DE\" \/>\n<meta property=\"og:type\" content=\"article\" \/>\n<meta property=\"og:title\" content=\"Manosque provenzalische Stadt\" \/>\n<meta property=\"og:description\" content=\"30 Minuten vom Campingplatz entfernt Nur 40 km vom Campingplatz entfernt erwartet Sie die Stadt Manosque im Herzen des Luberon, um das reiche Erbe und die erhaltene provenzalische Atmosph\u00e4re zu teilen. Die Geschichte Seine Geschichte Aus den Ausgrabungen an den Passa\u00efres ist bekannt, dass Manosque w\u00e4hrend der R\u00f6merzeit ein wichtiger Handelsplatz war, da Amphoren f\u00fcr [&hellip;]\" \/>\n<meta property=\"og:url\" content=\"https:\/\/www.camping-la-verdiere-83.com\/de\/Tourisme\/manosque-provenzalische-stadt\/\" \/>\n<meta property=\"og:site_name\" content=\"La verdi\u00e8re 83\" \/>\n<meta property=\"article:modified_time\" content=\"2020-03-14T17:42:38+00:00\" \/>\n<meta property=\"og:image\" content=\"https:\/\/www.camping-la-verdiere-83.com\/wp-content\/uploads\/2015\/05\/index.jpg\" \/>\n\t<meta property=\"og:image:width\" content=\"252\" \/>\n\t<meta property=\"og:image:height\" content=\"168\" \/>\n\t<meta property=\"og:image:type\" content=\"image\/jpeg\" \/>\n<meta name=\"twitter:label1\" content=\"Gesch\u00e4tzte Lesezeit\" \/>\n\t<meta name=\"twitter:data1\" content=\"3\u00a0Minuten\" \/>\n<script type=\"application\/ld+json\" class=\"yoast-schema-graph\">{\"@context\":\"https:\/\/schema.org\",\"@graph\":[{\"@type\":\"WebPage\",\"@id\":\"https:\/\/www.camping-la-verdiere-83.com\/de\/Tourisme\/manosque-provenzalische-stadt\/\",\"url\":\"https:\/\/www.camping-la-verdiere-83.com\/de\/Tourisme\/manosque-provenzalische-stadt\/\",\"name\":\"Manosque provenzalische Stadt\",\"isPartOf\":{\"@id\":\"https:\/\/www.camping-la-verdiere-83.com\/#website\"},\"primaryImageOfPage\":{\"@id\":\"https:\/\/www.camping-la-verdiere-83.com\/de\/Tourisme\/manosque-provenzalische-stadt\/#primaryimage\"},\"image\":{\"@id\":\"https:\/\/www.camping-la-verdiere-83.com\/de\/Tourisme\/manosque-provenzalische-stadt\/#primaryimage\"},\"thumbnailUrl\":\"https:\/\/www.camping-la-verdiere-83.com\/wp-content\/uploads\/2015\/05\/index.jpg\",\"datePublished\":\"2019-12-02T21:54:30+00:00\",\"dateModified\":\"2020-03-14T17:42:38+00:00\",\"breadcrumb\":{\"@id\":\"https:\/\/www.camping-la-verdiere-83.com\/de\/Tourisme\/manosque-provenzalische-stadt\/#breadcrumb\"},\"inLanguage\":\"de\",\"potentialAction\":[{\"@type\":\"ReadAction\",\"target\":[\"https:\/\/www.camping-la-verdiere-83.com\/de\/Tourisme\/manosque-provenzalische-stadt\/\"]}]},{\"@type\":\"ImageObject\",\"inLanguage\":\"de\",\"@id\":\"https:\/\/www.camping-la-verdiere-83.com\/de\/Tourisme\/manosque-provenzalische-stadt\/#primaryimage\",\"url\":\"https:\/\/www.camping-la-verdiere-83.com\/wp-content\/uploads\/2015\/05\/index.jpg\",\"contentUrl\":\"https:\/\/www.camping-la-verdiere-83.com\/wp-content\/uploads\/2015\/05\/index.jpg\",\"width\":252,\"height\":168,\"caption\":\"manosque\"},{\"@type\":\"BreadcrumbList\",\"@id\":\"https:\/\/www.camping-la-verdiere-83.com\/de\/Tourisme\/manosque-provenzalische-stadt\/#breadcrumb\",\"itemListElement\":[{\"@type\":\"ListItem\",\"position\":1,\"name\":\"Accueil\",\"item\":\"https:\/\/www.camping-la-verdiere-83.com\/de\/\"},{\"@type\":\"ListItem\",\"position\":2,\"name\":\"Pages\",\"item\":\"https:\/\/www.camping-la-verdiere-83.com\/en\/Tourisme\/\"},{\"@type\":\"ListItem\",\"position\":3,\"name\":\"Manosque provenzalische Stadt\"}]},{\"@type\":\"WebSite\",\"@id\":\"https:\/\/www.camping-la-verdiere-83.com\/#website\",\"url\":\"https:\/\/www.camping-la-verdiere-83.com\/\",\"name\":\"La verdi\u00e8re 83\",\"description\":\"camping verdon\",\"potentialAction\":[{\"@type\":\"SearchAction\",\"target\":{\"@type\":\"EntryPoint\",\"urlTemplate\":\"https:\/\/www.camping-la-verdiere-83.com\/?s={search_term_string}\"},\"query-input\":{\"@type\":\"PropertyValueSpecification\",\"valueRequired\":true,\"valueName\":\"search_term_string\"}}],\"inLanguage\":\"de\"}]}<\/script>\n<!-- \/ Yoast SEO plugin. -->","yoast_head_json":{"title":"Manosque provenzalische Stadt","robots":{"index":"index","follow":"follow","max-snippet":"max-snippet:-1","max-image-preview":"max-image-preview:large","max-video-preview":"max-video-preview:-1"},"canonical":"https:\/\/www.camping-la-verdiere-83.com\/de\/Tourisme\/manosque-provenzalische-stadt\/","og_locale":"de_DE","og_type":"article","og_title":"Manosque provenzalische Stadt","og_description":"30 Minuten vom Campingplatz entfernt Nur 40 km vom Campingplatz entfernt erwartet Sie die Stadt Manosque im Herzen des Luberon, um das reiche Erbe und die erhaltene provenzalische Atmosph\u00e4re zu teilen. Die Geschichte Seine Geschichte Aus den Ausgrabungen an den Passa\u00efres ist bekannt, dass Manosque w\u00e4hrend der R\u00f6merzeit ein wichtiger Handelsplatz war, da Amphoren f\u00fcr [&hellip;]","og_url":"https:\/\/www.camping-la-verdiere-83.com\/de\/Tourisme\/manosque-provenzalische-stadt\/","og_site_name":"La verdi\u00e8re 83","article_modified_time":"2020-03-14T17:42:38+00:00","og_image":[{"width":252,"height":168,"url":"https:\/\/www.camping-la-verdiere-83.com\/wp-content\/uploads\/2015\/05\/index.jpg","type":"image\/jpeg"}],"twitter_misc":{"Gesch\u00e4tzte Lesezeit":"3\u00a0Minuten"},"schema":{"@context":"https:\/\/schema.org","@graph":[{"@type":"WebPage","@id":"https:\/\/www.camping-la-verdiere-83.com\/de\/Tourisme\/manosque-provenzalische-stadt\/","url":"https:\/\/www.camping-la-verdiere-83.com\/de\/Tourisme\/manosque-provenzalische-stadt\/","name":"Manosque provenzalische Stadt","isPartOf":{"@id":"https:\/\/www.camping-la-verdiere-83.com\/#website"},"primaryImageOfPage":{"@id":"https:\/\/www.camping-la-verdiere-83.com\/de\/Tourisme\/manosque-provenzalische-stadt\/#primaryimage"},"image":{"@id":"https:\/\/www.camping-la-verdiere-83.com\/de\/Tourisme\/manosque-provenzalische-stadt\/#primaryimage"},"thumbnailUrl":"https:\/\/www.camping-la-verdiere-83.com\/wp-content\/uploads\/2015\/05\/index.jpg","datePublished":"2019-12-02T21:54:30+00:00","dateModified":"2020-03-14T17:42:38+00:00","breadcrumb":{"@id":"https:\/\/www.camping-la-verdiere-83.com\/de\/Tourisme\/manosque-provenzalische-stadt\/#breadcrumb"},"inLanguage":"de","potentialAction":[{"@type":"ReadAction","target":["https:\/\/www.camping-la-verdiere-83.com\/de\/Tourisme\/manosque-provenzalische-stadt\/"]}]},{"@type":"ImageObject","inLanguage":"de","@id":"https:\/\/www.camping-la-verdiere-83.com\/de\/Tourisme\/manosque-provenzalische-stadt\/#primaryimage","url":"https:\/\/www.camping-la-verdiere-83.com\/wp-content\/uploads\/2015\/05\/index.jpg","contentUrl":"https:\/\/www.camping-la-verdiere-83.com\/wp-content\/uploads\/2015\/05\/index.jpg","width":252,"height":168,"caption":"manosque"},{"@type":"BreadcrumbList","@id":"https:\/\/www.camping-la-verdiere-83.com\/de\/Tourisme\/manosque-provenzalische-stadt\/#breadcrumb","itemListElement":[{"@type":"ListItem","position":1,"name":"Accueil","item":"https:\/\/www.camping-la-verdiere-83.com\/de\/"},{"@type":"ListItem","position":2,"name":"Pages","item":"https:\/\/www.camping-la-verdiere-83.com\/en\/Tourisme\/"},{"@type":"ListItem","position":3,"name":"Manosque provenzalische Stadt"}]},{"@type":"WebSite","@id":"https:\/\/www.camping-la-verdiere-83.com\/#website","url":"https:\/\/www.camping-la-verdiere-83.com\/","name":"La verdi\u00e8re 83","description":"camping verdon","potentialAction":[{"@type":"SearchAction","target":{"@type":"EntryPoint","urlTemplate":"https:\/\/www.camping-la-verdiere-83.com\/?s={search_term_string}"},"query-input":{"@type":"PropertyValueSpecification","valueRequired":true,"valueName":"search_term_string"}}],"inLanguage":"de"}]}},"_links":{"self":[{"href":"https:\/\/www.camping-la-verdiere-83.com\/de\/wp-json\/wp\/v2\/portfolio\/3577","targetHints":{"allow":["GET"]}}],"collection":[{"href":"https:\/\/www.camping-la-verdiere-83.com\/de\/wp-json\/wp\/v2\/portfolio"}],"about":[{"href":"https:\/\/www.camping-la-verdiere-83.com\/de\/wp-json\/wp\/v2\/types\/portfolio"}],"wp:featuredmedia":[{"embeddable":true,"href":"https:\/\/www.camping-la-verdiere-83.com\/de\/wp-json\/wp\/v2\/media\/3397"}],"wp:attachment":[{"href":"https:\/\/www.camping-la-verdiere-83.com\/de\/wp-json\/wp\/v2\/media?parent=3577"}],"curies":[{"name":"wp","href":"https:\/\/api.w.org\/{rel}","templated":true}]}}