{"id":3582,"date":"2019-12-02T23:10:27","date_gmt":"2019-12-02T22:10:27","guid":{"rendered":"https:\/\/www.camping-la-verdiere-83.com\/?post_type=portfolio&#038;p=3582"},"modified":"2020-02-05T08:22:07","modified_gmt":"2020-02-05T07:22:07","slug":"reiten-im-verdon","status":"publish","type":"portfolio","link":"https:\/\/www.camping-la-verdiere-83.com\/de\/Tourisme\/reiten-im-verdon\/","title":{"rendered":"Reiten im Verdon"},"content":{"rendered":"<div id=\"tw-target-text-container\" class=\"tw-ta-container tw-nfl\">\n<h1 id=\"tw-target-text\" class=\"tw-data-text tw-text-large tw-ta\" dir=\"ltr\" data-placeholder=\"Traduction\"><span lang=\"de\" style=\"color: #339966;\" tabindex=\"0\">Wandern und Reiten in den Gorges du Verdon<\/span><\/h1>\n<\/div>\n<div id=\"z6maec\" class=\"tw-ta-container tw-nfl\">\n<h1 id=\"tw-target-rmn\" class=\"tw-data-placeholder tw-text-small tw-ta\" dir=\"ltr\"><\/h1>\n<\/div>\n<div id=\"tw-target-text-container\" class=\"tw-ta-container tw-nfl\">\n<p id=\"tw-target-text\" class=\"tw-data-text tw-text-large tw-ta\" dir=\"ltr\" data-placeholder=\"Traduction\"><span lang=\"de\" tabindex=\"0\">Anf\u00e4nger oder Fortgeschrittene, entdecken Sie die Landschaften der Provence Verte &amp; Verdon zu Pferd! Es ist die ganze Sch\u00f6nheit des Verdon, die Ihnen geboten wird, mit einer F\u00fclle von Natur und Landschaften, die nicht nur einzigartig, sondern auch gesch\u00fctzt sind, seit 1993, als der regionale Naturpark von Verdon gegr\u00fcndet wurde. Es ist die ganze Vielfalt der Provence Verte und Verdon, die Sie entdecken k\u00f6nnen, frische Spazierg\u00e4nge in den W\u00e4ldern zu den sonnigen Esparron-H\u00fcgeln am Ufer des St. Croix-Sees.<\/span><\/p>\n<\/div>\n<div id=\"z6maec\" class=\"tw-ta-container tw-nfl\">\n<p id=\"tw-target-rmn\" class=\"tw-data-placeholder tw-text-small tw-ta\" dir=\"ltr\">\n<\/div>\n<p><a href=\"https:\/\/www.camping-la-verdiere-83.com\/wp-content\/uploads\/2015\/02\/chevaux6.jpg\"><img loading=\"lazy\" decoding=\"async\" class=\"aligncenter size-full wp-image-2512\" src=\"https:\/\/www.camping-la-verdiere-83.com\/wp-content\/uploads\/2015\/02\/chevaux6.jpg\" alt=\"randonn\u00e9e \u00e0 cheval verdon\" width=\"500\" height=\"270\" srcset=\"https:\/\/www.camping-la-verdiere-83.com\/wp-content\/uploads\/2015\/02\/chevaux6.jpg 500w, https:\/\/www.camping-la-verdiere-83.com\/wp-content\/uploads\/2015\/02\/chevaux6-300x162.jpg 300w\" sizes=\"auto, (max-width: 500px) 100vw, 500px\" \/><\/a><\/p>\n<p id=\"tw-target-text\" class=\"tw-data-text tw-text-large tw-ta\" dir=\"ltr\" data-placeholder=\"Traduction\"><span lang=\"de\" tabindex=\"0\">Entdecken Sie die Strecken mit au\u00dfergew\u00f6hnlichen Ausblicken im Herzen der Provence, von den Gorges du Verdon bis zu den Mercantour-Bergen.<\/span><\/p>\n<p id=\"tw-target-text\" class=\"tw-data-text tw-text-large tw-ta\" dir=\"ltr\" data-placeholder=\"Traduction\"><span lang=\"de\" tabindex=\"0\">Wanderungen Jugendliche \/ Initiation und Randos Teens \/ Best\u00e4tigt. Auf allen Strecken kann mit Pferden und Ponys geschwommen werden.<\/span><\/p>\n<p class=\"tw-data-text tw-text-large tw-ta\" dir=\"ltr\" data-placeholder=\"Traduction\"><span lang=\"de\" tabindex=\"0\"><br \/>\nF\u00fcr Erwachsene, Abenteuerwanderungen, Sternwanderungen, kleine Wanderungen mit der Wahl der Nacht im Biwak oder in der H\u00fctte, Wanderungen entsprechend Ihrem Niveau mit einer sicheren und angepassten Kavallerie<\/span><\/p>\n<p>&nbsp;<\/p>\n<pre id=\"tw-target-text\" class=\"tw-data-text tw-text-large tw-ta\" dir=\"ltr\" data-placeholder=\"Traduction\"><a href=\"https:\/\/www.camping-la-verdiere-83.com\/locations\/\">BUCHEN SIE IHRE UNTERKUNFT HIER<\/a><\/pre>\n<div id=\"tw-target-text-container\" class=\"tw-ta-container tw-nfl\">\n<h1 id=\"tw-target-text\" class=\"tw-data-text tw-text-large tw-ta\" dir=\"ltr\" data-placeholder=\"Traduction\"><span lang=\"de\" tabindex=\"0\">Reitsportwanderungen des Var <\/span><\/h1>\n<p class=\"tw-data-text tw-text-large tw-ta\" dir=\"ltr\" data-placeholder=\"Traduction\"><span lang=\"de\" tabindex=\"0\">Auf dem Boden sind die Markierungen der Pferdesportpl\u00e4tze orange. Lassen Sie sich von Profis begleiten, Sie kennen die sch\u00f6nsten Spazierg\u00e4nge und sind perfekt organisiert.<\/span><\/p>\n<\/div>\n<div id=\"tw-target-text-container\" class=\"tw-ta-container tw-nfl\">\n<h1 id=\"tw-target-text\" class=\"tw-data-text tw-text-large tw-ta\" dir=\"ltr\" data-placeholder=\"Traduction\"><span lang=\"de\" tabindex=\"0\"> Reitweg 99-49: 85 km<\/span><\/h1>\n<p class=\"tw-data-text tw-text-large tw-ta\" dir=\"ltr\" data-placeholder=\"Traduction\"><span lang=\"de\" tabindex=\"0\">Wanderweg von Bauduen im Haut-Var zum St. Cassien See \u00f6stlich des Departements. Durchquerte D\u00f6rfer: Bauduen, Verignon, Ampus, Figani\u00e8res, Callas, Bagnols und For\u00eat, Montauroux.<\/span><\/p>\n<\/div>\n<div id=\"z6maec\" class=\"tw-ta-container tw-nfl\">\n<p id=\"tw-target-rmn\" class=\"tw-data-placeholder tw-text-small tw-ta\" dir=\"ltr\">\n<\/div>\n<h1 id=\"tw-target-text\" class=\"tw-data-text tw-text-large tw-ta\" dir=\"ltr\" data-placeholder=\"Traduction\"><span lang=\"de\" tabindex=\"0\">&#8211; Reitweg 99-49 C: 80 km<\/span><\/h1>\n<p class=\"tw-data-text tw-text-large tw-ta\" dir=\"ltr\" data-placeholder=\"Traduction\"><span lang=\"de\" tabindex=\"0\"><br \/>\nStrecke von Ampus im Haut-Var nach Vinon sur Verdon im Nordwesten des Departements. Durchquerte D\u00f6rfer: Ampus, Tourtour (gro\u00dfartig), Villecroze, Salernes, Sillans, Fox Amphoux, Montmeyan, Saint-Julien, Vinon sur Verdon. Aber auch Tageswanderungen mit der Familie oder mit einer Gruppe von Freunden, zum Jubil\u00e4um oder Junggesellenabschied bereiten wir Ihnen einen unvergesslichen Tag !!!<\/span><\/p>\n<h1 id=\"tw-target-text\" class=\"tw-data-text tw-text-large tw-ta\" dir=\"ltr\" data-placeholder=\"Traduction\"><span lang=\"de\" tabindex=\"0\">Weitere Informationen finden Sie auf den Websites unserer Partner<\/span><\/h1>\n<p><a href=\"https:\/\/www.leschevauxduverdon.fr\/activites\/a-cheval\">https:\/\/www.leschevauxduverdon.fr\/activites\/a-cheval<\/a><\/p>\n<p><a href=\"https:\/\/www.centre-equestre-montmeyan.fr\/le-centre-equestre.php\">https:\/\/www.centre-equestre-montmeyan.fr\/le-centre-equestre.php<\/a><\/p>\n<p><a href=\"https:\/\/lesecuriesdelabeaume.ffe.com\/\">https:\/\/lesecuriesdelabeaume.ffe.com\/<\/a><\/p>\n<p><em>Reiten im Verdon<br \/>\n<\/em><\/p>\n","protected":false},"featured_media":3324,"template":"","class_list":["post-3582","portfolio","type-portfolio","status-publish","has-post-thumbnail","hentry"],"yoast_head":"<!-- This site is optimized with the Yoast SEO plugin v26.8 - https:\/\/yoast.com\/product\/yoast-seo-wordpress\/ -->\n<title>Reiten im Verdon<\/title>\n<meta name=\"robots\" content=\"index, follow, max-snippet:-1, max-image-preview:large, max-video-preview:-1\" \/>\n<link rel=\"canonical\" href=\"https:\/\/www.camping-la-verdiere-83.com\/de\/Tourisme\/reiten-im-verdon\/\" \/>\n<meta property=\"og:locale\" content=\"de_DE\" \/>\n<meta property=\"og:type\" content=\"article\" \/>\n<meta property=\"og:title\" content=\"Reiten im Verdon\" \/>\n<meta property=\"og:description\" content=\"Wandern und Reiten in den Gorges du Verdon Anf\u00e4nger oder Fortgeschrittene, entdecken Sie die Landschaften der Provence Verte &amp; Verdon zu Pferd! Es ist die ganze Sch\u00f6nheit des Verdon, die Ihnen geboten wird, mit einer F\u00fclle von Natur und Landschaften, die nicht nur einzigartig, sondern auch gesch\u00fctzt sind, seit 1993, als der regionale Naturpark von [&hellip;]\" \/>\n<meta property=\"og:url\" content=\"https:\/\/www.camping-la-verdiere-83.com\/de\/Tourisme\/reiten-im-verdon\/\" \/>\n<meta property=\"og:site_name\" content=\"La verdi\u00e8re 83\" \/>\n<meta property=\"article:modified_time\" content=\"2020-02-05T07:22:07+00:00\" \/>\n<meta property=\"og:image\" content=\"https:\/\/www.camping-la-verdiere-83.com\/wp-content\/uploads\/2019\/05\/Sej-sport-et-Nat-Mardi-min.jpg\" \/>\n\t<meta property=\"og:image:width\" content=\"1000\" \/>\n\t<meta property=\"og:image:height\" content=\"750\" \/>\n\t<meta property=\"og:image:type\" content=\"image\/jpeg\" \/>\n<meta name=\"twitter:label1\" content=\"Gesch\u00e4tzte Lesezeit\" \/>\n\t<meta name=\"twitter:data1\" content=\"2\u00a0Minuten\" \/>\n<script type=\"application\/ld+json\" class=\"yoast-schema-graph\">{\"@context\":\"https:\/\/schema.org\",\"@graph\":[{\"@type\":\"WebPage\",\"@id\":\"https:\/\/www.camping-la-verdiere-83.com\/de\/Tourisme\/reiten-im-verdon\/\",\"url\":\"https:\/\/www.camping-la-verdiere-83.com\/de\/Tourisme\/reiten-im-verdon\/\",\"name\":\"Reiten im Verdon\",\"isPartOf\":{\"@id\":\"https:\/\/www.camping-la-verdiere-83.com\/#website\"},\"primaryImageOfPage\":{\"@id\":\"https:\/\/www.camping-la-verdiere-83.com\/de\/Tourisme\/reiten-im-verdon\/#primaryimage\"},\"image\":{\"@id\":\"https:\/\/www.camping-la-verdiere-83.com\/de\/Tourisme\/reiten-im-verdon\/#primaryimage\"},\"thumbnailUrl\":\"https:\/\/www.camping-la-verdiere-83.com\/wp-content\/uploads\/2019\/05\/Sej-sport-et-Nat-Mardi-min.jpg\",\"datePublished\":\"2019-12-02T22:10:27+00:00\",\"dateModified\":\"2020-02-05T07:22:07+00:00\",\"breadcrumb\":{\"@id\":\"https:\/\/www.camping-la-verdiere-83.com\/de\/Tourisme\/reiten-im-verdon\/#breadcrumb\"},\"inLanguage\":\"de\",\"potentialAction\":[{\"@type\":\"ReadAction\",\"target\":[\"https:\/\/www.camping-la-verdiere-83.com\/de\/Tourisme\/reiten-im-verdon\/\"]}]},{\"@type\":\"ImageObject\",\"inLanguage\":\"de\",\"@id\":\"https:\/\/www.camping-la-verdiere-83.com\/de\/Tourisme\/reiten-im-verdon\/#primaryimage\",\"url\":\"https:\/\/www.camping-la-verdiere-83.com\/wp-content\/uploads\/2019\/05\/Sej-sport-et-Nat-Mardi-min.jpg\",\"contentUrl\":\"https:\/\/www.camping-la-verdiere-83.com\/wp-content\/uploads\/2019\/05\/Sej-sport-et-Nat-Mardi-min.jpg\",\"width\":1000,\"height\":750,\"caption\":\"NATURAKTIVIT\u00c4TEN IM VERDON\"},{\"@type\":\"BreadcrumbList\",\"@id\":\"https:\/\/www.camping-la-verdiere-83.com\/de\/Tourisme\/reiten-im-verdon\/#breadcrumb\",\"itemListElement\":[{\"@type\":\"ListItem\",\"position\":1,\"name\":\"Accueil\",\"item\":\"https:\/\/www.camping-la-verdiere-83.com\/de\/\"},{\"@type\":\"ListItem\",\"position\":2,\"name\":\"Pages\",\"item\":\"https:\/\/www.camping-la-verdiere-83.com\/en\/Tourisme\/\"},{\"@type\":\"ListItem\",\"position\":3,\"name\":\"Reiten im Verdon\"}]},{\"@type\":\"WebSite\",\"@id\":\"https:\/\/www.camping-la-verdiere-83.com\/#website\",\"url\":\"https:\/\/www.camping-la-verdiere-83.com\/\",\"name\":\"La verdi\u00e8re 83\",\"description\":\"camping verdon\",\"potentialAction\":[{\"@type\":\"SearchAction\",\"target\":{\"@type\":\"EntryPoint\",\"urlTemplate\":\"https:\/\/www.camping-la-verdiere-83.com\/?s={search_term_string}\"},\"query-input\":{\"@type\":\"PropertyValueSpecification\",\"valueRequired\":true,\"valueName\":\"search_term_string\"}}],\"inLanguage\":\"de\"}]}<\/script>\n<!-- \/ Yoast SEO plugin. -->","yoast_head_json":{"title":"Reiten im Verdon","robots":{"index":"index","follow":"follow","max-snippet":"max-snippet:-1","max-image-preview":"max-image-preview:large","max-video-preview":"max-video-preview:-1"},"canonical":"https:\/\/www.camping-la-verdiere-83.com\/de\/Tourisme\/reiten-im-verdon\/","og_locale":"de_DE","og_type":"article","og_title":"Reiten im Verdon","og_description":"Wandern und Reiten in den Gorges du Verdon Anf\u00e4nger oder Fortgeschrittene, entdecken Sie die Landschaften der Provence Verte &amp; Verdon zu Pferd! Es ist die ganze Sch\u00f6nheit des Verdon, die Ihnen geboten wird, mit einer F\u00fclle von Natur und Landschaften, die nicht nur einzigartig, sondern auch gesch\u00fctzt sind, seit 1993, als der regionale Naturpark von [&hellip;]","og_url":"https:\/\/www.camping-la-verdiere-83.com\/de\/Tourisme\/reiten-im-verdon\/","og_site_name":"La verdi\u00e8re 83","article_modified_time":"2020-02-05T07:22:07+00:00","og_image":[{"width":1000,"height":750,"url":"https:\/\/www.camping-la-verdiere-83.com\/wp-content\/uploads\/2019\/05\/Sej-sport-et-Nat-Mardi-min.jpg","type":"image\/jpeg"}],"twitter_misc":{"Gesch\u00e4tzte Lesezeit":"2\u00a0Minuten"},"schema":{"@context":"https:\/\/schema.org","@graph":[{"@type":"WebPage","@id":"https:\/\/www.camping-la-verdiere-83.com\/de\/Tourisme\/reiten-im-verdon\/","url":"https:\/\/www.camping-la-verdiere-83.com\/de\/Tourisme\/reiten-im-verdon\/","name":"Reiten im Verdon","isPartOf":{"@id":"https:\/\/www.camping-la-verdiere-83.com\/#website"},"primaryImageOfPage":{"@id":"https:\/\/www.camping-la-verdiere-83.com\/de\/Tourisme\/reiten-im-verdon\/#primaryimage"},"image":{"@id":"https:\/\/www.camping-la-verdiere-83.com\/de\/Tourisme\/reiten-im-verdon\/#primaryimage"},"thumbnailUrl":"https:\/\/www.camping-la-verdiere-83.com\/wp-content\/uploads\/2019\/05\/Sej-sport-et-Nat-Mardi-min.jpg","datePublished":"2019-12-02T22:10:27+00:00","dateModified":"2020-02-05T07:22:07+00:00","breadcrumb":{"@id":"https:\/\/www.camping-la-verdiere-83.com\/de\/Tourisme\/reiten-im-verdon\/#breadcrumb"},"inLanguage":"de","potentialAction":[{"@type":"ReadAction","target":["https:\/\/www.camping-la-verdiere-83.com\/de\/Tourisme\/reiten-im-verdon\/"]}]},{"@type":"ImageObject","inLanguage":"de","@id":"https:\/\/www.camping-la-verdiere-83.com\/de\/Tourisme\/reiten-im-verdon\/#primaryimage","url":"https:\/\/www.camping-la-verdiere-83.com\/wp-content\/uploads\/2019\/05\/Sej-sport-et-Nat-Mardi-min.jpg","contentUrl":"https:\/\/www.camping-la-verdiere-83.com\/wp-content\/uploads\/2019\/05\/Sej-sport-et-Nat-Mardi-min.jpg","width":1000,"height":750,"caption":"NATURAKTIVIT\u00c4TEN IM VERDON"},{"@type":"BreadcrumbList","@id":"https:\/\/www.camping-la-verdiere-83.com\/de\/Tourisme\/reiten-im-verdon\/#breadcrumb","itemListElement":[{"@type":"ListItem","position":1,"name":"Accueil","item":"https:\/\/www.camping-la-verdiere-83.com\/de\/"},{"@type":"ListItem","position":2,"name":"Pages","item":"https:\/\/www.camping-la-verdiere-83.com\/en\/Tourisme\/"},{"@type":"ListItem","position":3,"name":"Reiten im Verdon"}]},{"@type":"WebSite","@id":"https:\/\/www.camping-la-verdiere-83.com\/#website","url":"https:\/\/www.camping-la-verdiere-83.com\/","name":"La verdi\u00e8re 83","description":"camping verdon","potentialAction":[{"@type":"SearchAction","target":{"@type":"EntryPoint","urlTemplate":"https:\/\/www.camping-la-verdiere-83.com\/?s={search_term_string}"},"query-input":{"@type":"PropertyValueSpecification","valueRequired":true,"valueName":"search_term_string"}}],"inLanguage":"de"}]}},"_links":{"self":[{"href":"https:\/\/www.camping-la-verdiere-83.com\/de\/wp-json\/wp\/v2\/portfolio\/3582","targetHints":{"allow":["GET"]}}],"collection":[{"href":"https:\/\/www.camping-la-verdiere-83.com\/de\/wp-json\/wp\/v2\/portfolio"}],"about":[{"href":"https:\/\/www.camping-la-verdiere-83.com\/de\/wp-json\/wp\/v2\/types\/portfolio"}],"wp:featuredmedia":[{"embeddable":true,"href":"https:\/\/www.camping-la-verdiere-83.com\/de\/wp-json\/wp\/v2\/media\/3324"}],"wp:attachment":[{"href":"https:\/\/www.camping-la-verdiere-83.com\/de\/wp-json\/wp\/v2\/media?parent=3582"}],"curies":[{"name":"wp","href":"https:\/\/api.w.org\/{rel}","templated":true}]}}