{"id":3633,"date":"2019-12-18T11:07:52","date_gmt":"2019-12-18T10:07:52","guid":{"rendered":"https:\/\/www.camping-la-verdiere-83.com\/?post_type=portfolio&#038;p=3633"},"modified":"2020-02-05T08:15:25","modified_gmt":"2020-02-05T07:15:25","slug":"kleine-doerfer","status":"publish","type":"portfolio","link":"https:\/\/www.camping-la-verdiere-83.com\/de\/Tourisme\/kleine-doerfer\/","title":{"rendered":"kleine D\u00f6rfer"},"content":{"rendered":"<p id=\"tw-target-text\" class=\"tw-data-text tw-text-large tw-ta\" dir=\"ltr\" data-placeholder=\"Traduction\"><span lang=\"de\" tabindex=\"0\">Die D\u00f6rfer von Verdon im Var in der N\u00e4he des Campingplatzes Entdecken Sie die D\u00f6rfer von Verdon und die vielen touristischen Aktivit\u00e4ten, die Ihnen als Familie zur Verf\u00fcgung stehen. Ihr Campingplatz La Verdi\u00e8re befindet sich in zentraler Lage in der Provence, wodurch Sie den D\u00f6rfern Verdon, den Gorges du Verdon und der Var-K\u00fcste n\u00e4her kommen. Nautische Aktivit\u00e4ten, Angeln, Klettern, Entdeckung von Landschaften und historischem Erbe, in diesem au\u00dfergew\u00f6hnlichen Teil des Var ist f\u00fcr jeden etwas dabei. Die Entfernungen vom Campingplatz La Verdi\u00e8re werden Ihnen zur besseren Organisation Ihres Urlaubs im Verdon angegeben.<\/span><\/p>\n<h2><span style=\"color: #0000ff;\">Quinson<\/span><\/h2>\n<p id=\"tw-target-text\" class=\"tw-data-text tw-text-large tw-ta\" dir=\"ltr\" data-placeholder=\"Traduction\"><span lang=\"de\" tabindex=\"0\">20 Minuten vom Campingplatz<br \/>\n<\/span><\/p>\n<p><a href=\"https:\/\/www.campingdelaverdiere.com\/wp-content\/uploads\/2015\/02\/Quinson_3.jpg\"><img loading=\"lazy\" decoding=\"async\" class=\"aligncenter size-medium wp-image-2427\" src=\"https:\/\/www.campingdelaverdiere.com\/wp-content\/uploads\/2015\/02\/Quinson_3-300x244.jpg\" alt=\"camping quison\" width=\"300\" height=\"244\" srcset=\"https:\/\/www.camping-la-verdiere-83.com\/wp-content\/uploads\/2015\/02\/Quinson_3-300x244.jpg 300w, https:\/\/www.camping-la-verdiere-83.com\/wp-content\/uploads\/2015\/02\/Quinson_3.jpg 640w\" sizes=\"auto, (max-width: 300px) 100vw, 300px\" \/><\/a><br \/>\n<iframe loading=\"lazy\" src=\"https:\/\/www.google.com\/maps\/embed?pb=!1m29!1m12!1m3!1d92352.64208726413!2d5.925539467669988!3d43.66855251344249!2m3!1f0!2f0!3f0!3m2!1i1024!2i768!4f13.1!4m14!1i0!3e0!4m5!1s0x12cbd8611a509d51%3A0x40819a5fd8fc7a0!2sLa+Verdi%C3%A8re!3m2!1d43.636246!2d5.936363!4m5!1s0x12cbde70c56ca909%3A0xf316216b07127c5f!2sQuinson!3m2!1d43.700617!2d6.0388779999999995!5e0!3m2!1sfr!2sfr!4v1423926872984\" width=\"600\" height=\"200\" frameborder=\"0\" data-mce-fragment=\"1\"><\/iframe><\/p>\n<p id=\"tw-target-text\" class=\"tw-data-text tw-text-large tw-ta\" dir=\"ltr\" data-placeholder=\"Traduction\"><span lang=\"de\" tabindex=\"0\">Quinson ist der ideale Ort, um alle Arten von nautischen Aktivit\u00e4ten mit der Familie auszu\u00fcben. Geschichtsinteressierte werden vom Besuch des mittelalterlichen Dorfes und des Museums f\u00fcr Vorgeschichte begeistert sein.<\/span><\/p>\n<p id=\"tw-target-text\" class=\"tw-data-text tw-text-large tw-ta\" dir=\"ltr\" data-placeholder=\"Traduction\"><span style=\"color: #0000ff;\"><span lang=\"de\" tabindex=\"0\">Aktivit\u00e4ten in <\/span><strong>Quinson<\/strong><\/span><\/p>\n<ul>\n<li>\n<div class=\"oSioSc\">\n<div id=\"tw-target\">\n<div id=\"kAz1tf\" class=\"g9WsWb\">\n<div id=\"tw-target-text-container\" class=\"tw-ta-container tw-nfl\">\n<p id=\"tw-target-text\" class=\"tw-data-text tw-text-large tw-ta\" dir=\"ltr\" data-placeholder=\"Traduction\"><span lang=\"de\" tabindex=\"0\">Wanderer finden hier die Abfahrt von Wegen, die sie Schluchten und Hochebenen entdecken lassen, steile Wege entlang von Kalksteinfelsen, Wege durch das Buschland mit Lavendeld\u00fcften. Wir empfehlen die 9,5 km lange Fahrt &#8222;Sainte Maxime et les Gorges du Verdon&#8220; auf dem GR 99 (der zum Campingplatz La Verdi\u00e8re f\u00fchrt) oder die 6 km lange Fahrt &#8222;La grotte de la Baume bonne&#8220; auf dem GR 99 (2 Stunden) Thema der Vorgeschichte.<\/span><\/p>\n<\/div>\n<\/div>\n<\/div>\n<\/div>\n<\/li>\n<li>\n<p id=\"tw-target-text\" class=\"tw-data-text tw-text-large tw-ta\" dir=\"ltr\" data-placeholder=\"Traduction\"><span lang=\"de\" tabindex=\"0\">Mountainbiken auf einem Netz von 40 km markiert. Fahren Sie nach Westen in Richtung Gr\u00e9oux les Bains oder nach Osten in Richtung Moustier ste Marie<\/span><\/p>\n<\/li>\n<li>\n<p id=\"tw-target-text\" class=\"tw-data-text tw-text-large tw-ta\" dir=\"ltr\" data-placeholder=\"Traduction\"><span lang=\"de\" tabindex=\"0\">Erklimmen Sie die Klippen auf fast 170 Routen f\u00fcr alle Schwierigkeitsgrade.<\/span><\/p>\n<\/li>\n<li>\n<p id=\"tw-target-text\" class=\"tw-data-text tw-text-large tw-ta\" dir=\"ltr\" data-placeholder=\"Traduction\"><span lang=\"de\" tabindex=\"0\">Fischen im Lake Quinson oder am Verdon (1. Kategorie)<\/span><\/p>\n<\/li>\n<li>\n<p id=\"tw-target-text\" class=\"tw-data-text tw-text-large tw-ta\" dir=\"ltr\" data-placeholder=\"Traduction\"><span lang=\"de\" tabindex=\"0\">Auf der nautischen Basis von Quinson sind zahlreiche Wassersportaktivit\u00e4ten m\u00f6glich: Kanu-, Tretboot-, Paddel- oder Elektrobootfahrten. Jeder kann den See und die Schluchten \u00fcber dem Wasser in seinem eigenen Tempo erkunden. Vom Lac de Quinson aus k\u00f6nnen Sie den Lac d&#8217;Esparron erreichen, indem Sie die 9 km langen Schluchten nutzen, die Ihnen zur Verf\u00fcgung stehen!<\/span><\/p>\n<\/li>\n<\/ul>\n<p id=\"tw-target-text\" class=\"tw-data-text tw-text-large tw-ta\" dir=\"ltr\" data-placeholder=\"Traduction\"><span lang=\"de\" tabindex=\"0\">Alle Informationen erhalten Sie an der Rezeption des Campingplatzes Verdi\u00e8re.<\/span><\/p>\n<h2><span style=\"color: #0000ff;\">Barjols<\/span><\/h2>\n<p><span lang=\"de\" tabindex=\"0\">20 Minuten vom Campingplatz <\/span><br \/>\n<a href=\"https:\/\/www.camping-la-verdiere-83.com\/wp-content\/uploads\/2015\/02\/barjols.jpg\"><img loading=\"lazy\" decoding=\"async\" class=\" wp-image-2750 alignleft\" src=\"https:\/\/www.camping-la-verdiere-83.com\/wp-content\/uploads\/2015\/02\/barjols.jpg\" alt=\"barjols var\" width=\"343\" height=\"208\" \/><\/a><span lang=\"de\" tabindex=\"0\">Unumg\u00e4nglicher Zwischenstopp w\u00e4hrend Ihres Urlaubs im Regionalen Naturpark Verdon. Das Dorf Barjols hat seinen Namen von der provenzalischen &#8222;Barre&#8220;, was H\u00fcgel und &#8222;Jouls&#8220; bedeutet, h\u00fcbsch, was Barjou dann Barjols gab. Dieses Dorf beherbergt im XIV. Jahrhundert die Residenz der Grafen der Provence. Mit seinen 24 Gerbereien, seinen 19 Gerbereien, seinen Papierfabriken, seiner Spielkartenfabrik wurde es im 19. Jahrhundert zur Hauptstadt des Leders. Die \u00dcberreste davon k\u00f6nnen Sie im Viertel R\u00e9al entdecken.<\/span><\/p>\n<p><iframe loading=\"lazy\" src=\"https:\/\/www.google.com\/maps\/embed?pb=!1m29!1m12!1m3!1d92440.34236337304!2d5.939353772534354!3d43.611523943092784!2m3!1f0!2f0!3f0!3m2!1i1024!2i768!4f13.1!4m14!1i0!3e6!4m5!1s0x12cbd8611a509d51%3A0x40819a5fd8fc7a0!2sLa+Verdi%C3%A8re!3m2!1d43.636246!2d5.936363!4m5!1s0x12c9641aaf1056ef%3A0x40819a5fd8fcff0!2sBarjols!3m2!1d43.557156!2d6.00775!5e0!3m2!1sfr!2sfr!4v1423849702083\" width=\"525\" height=\"191\" frameborder=\"0\" data-mce-fragment=\"1\"><\/iframe><\/p>\n<p id=\"tw-target-text\" class=\"tw-data-text tw-text-large tw-ta\" dir=\"ltr\" data-placeholder=\"Traduction\"><span lang=\"de\" tabindex=\"0\">Das Dorf ist bekannt f\u00fcr seine ber\u00fchmten 19 Springbrunnen, mit denen Sie das Dorf auf einem markierten, f\u00fcr alle zug\u00e4nglichen Rundweg entdecken k\u00f6nnen, aber auch f\u00fcr das Vallon des Carmes, einen schattigen Spaziergang entlang eines kleinen Flusses mit kleinen Wasserf\u00e4llen und Wasserf\u00e4llen nat\u00fcrliche Becken, die zu einer H\u00f6hlenkapelle f\u00fchren, ein \u00dcberbleibsel aus dem 17. Jahrhundert.<\/span><\/p>\n<p><a href=\"https:\/\/barjols.fr\/IMG\/pdf\/Circuit_des_fontaines_carmes.pdf\">https:\/\/barjols.fr\/IMG\/pdf\/Circuit_des_fontaines_carmes.pdf<\/a><\/p>\n<h2><span style=\"color: #0000ff;\">Esparron-sur-Verdon<\/span><\/h2>\n<p><span lang=\"de\" tabindex=\"0\">25 Minuten vom Campingplatz<br \/>\n<\/span><\/p>\n<p><a href=\"https:\/\/www.campingdelaverdiere.com\/wp-content\/uploads\/2015\/02\/esparron_4.jpg\"><img loading=\"lazy\" decoding=\"async\" class=\" size-medium wp-image-2424 alignleft\" src=\"https:\/\/www.campingdelaverdiere.com\/wp-content\/uploads\/2015\/02\/esparron_4-300x247.jpg\" alt=\"esparron sur verdon\" width=\"300\" height=\"247\" srcset=\"https:\/\/www.camping-la-verdiere-83.com\/wp-content\/uploads\/2015\/02\/esparron_4-300x247.jpg 300w, https:\/\/www.camping-la-verdiere-83.com\/wp-content\/uploads\/2015\/02\/esparron_4.jpg 591w\" sizes=\"auto, (max-width: 300px) 100vw, 300px\" \/><\/a><\/p>\n<p id=\"tw-target-text\" class=\"tw-data-text tw-text-large tw-ta\" dir=\"ltr\" data-placeholder=\"Traduction\"><span lang=\"de\" tabindex=\"0\">Es befindet sich am s\u00fcdlichen Eingang der Gorges du Verdon. Er thront auf 386 m \u00fcber dem Meeresspiegel und \u00fcberblickt den See Esparron, der sich unweit des Staudamms Gr\u00e9oux les Bains windet. Wein und Oliven sind seit Jahrhunderten der Reichtum dieses Dorfes. Die Ausbeutung des Olivenhains bietet heute ein in der Provence sehr beliebtes Oliven\u00f6l.<\/span><\/p>\n<p><iframe loading=\"lazy\" src=\"https:\/\/www.google.com\/maps\/embed?pb=!1m29!1m12!1m3!1d184637.38611930935!2d5.968091305364151!3d43.690612474768784!2m3!1f0!2f0!3f0!3m2!1i1024!2i768!4f13.1!4m14!1i0!3e6!4m5!1s0x12cbd8611a509d51%3A0x40819a5fd8fc7a0!2sLa+Verdi%C3%A8re!3m2!1d43.636246!2d5.936363!4m5!1s0x12cbdb8ff3405c41%3A0xadb596b25b713bb9!2sEsparron-de-Verdon!3m2!1d43.738948!2d5.9745029999999995!5e0!3m2!1sfr!2sfr!4v1423849911640\" width=\"525\" height=\"182\" frameborder=\"0\" data-mce-fragment=\"1\"><\/iframe><\/p>\n<p id=\"tw-target-text\" class=\"tw-data-text tw-text-large tw-ta\" dir=\"ltr\" data-placeholder=\"Traduction\"><span lang=\"de\" tabindex=\"0\">Besuchen Sie das Verlies des Schlosses von Esparron aus dem 13. Jahrhundert, die Lavendel-Destillationsgenossenschaft und den Yachthafen.<\/span><\/p>\n<h2><span style=\"color: #0000ff;\">Bauduen<\/span><\/h2>\n<p><span lang=\"de\" tabindex=\"0\">35 Minuten vom Campingplatz<br \/>\n<\/span><\/p>\n<p><a href=\"https:\/\/www.campingdelaverdiere.com\/wp-content\/uploads\/2015\/02\/bauduen.jpg\"><img loading=\"lazy\" decoding=\"async\" class=\"aligncenter size-medium wp-image-2425\" src=\"https:\/\/www.campingdelaverdiere.com\/wp-content\/uploads\/2015\/02\/bauduen-300x123.jpg\" alt=\"camping bauduen verdon\" width=\"300\" height=\"123\" srcset=\"https:\/\/www.camping-la-verdiere-83.com\/wp-content\/uploads\/2015\/02\/bauduen-300x123.jpg 300w, https:\/\/www.camping-la-verdiere-83.com\/wp-content\/uploads\/2015\/02\/bauduen.jpg 690w\" sizes=\"auto, (max-width: 300px) 100vw, 300px\" \/><\/a><\/p>\n<p id=\"tw-target-text\" class=\"tw-data-text tw-text-large tw-ta\" dir=\"ltr\" data-placeholder=\"Traduction\"><span lang=\"de\" tabindex=\"0\">Bauduen ist ein kleines Dorf mit farbenfrohen H\u00e4usern am See von Sainte Croix . Es ist nach S\u00fcden ausgerichtet und von H\u00fcgeln und W\u00e4ldern an einem Ort von au\u00dfergew\u00f6hnlicher Sch\u00f6nheit umgeben.<\/span><\/p>\n<p id=\"tw-target-text\" class=\"tw-data-text tw-text-large tw-ta\" dir=\"ltr\" data-placeholder=\"Traduction\"><span lang=\"de\" tabindex=\"0\">Das ehemalige Bauerndorf Bauduen hat sich zu einem wichtigen Fremdenverkehrsort im Verdon entwickelt. Wenn Sie dort vorbeikommen, nehmen Sie Ihren Badeanzug, um am Strand von Bauduen zu schwimmen!<\/span><\/p>\n<p><iframe loading=\"lazy\" src=\"https:\/\/www.google.com\/maps\/embed?pb=!1m29!1m12!1m3!1d92306.46946127158!2d6.006687215923213!3d43.698553150161956!2m3!1f0!2f0!3f0!3m2!1i1024!2i768!4f13.1!4m14!1i0!3e6!4m5!1s0x12cbd8611a509d51%3A0x40819a5fd8fc7a0!2sLa+Verdi%C3%A8re!3m2!1d43.636246!2d5.936363!4m5!1s0x12cbe44bf0949d7b%3A0xa7b31447c3310b67!2sBauduen!3m2!1d43.734454!2d6.1749089999999995!5e0!3m2!1sfr!2sfr!4v1423845999209\" width=\"525\" height=\"190\" frameborder=\"0\" data-mce-fragment=\"1\"><\/iframe><\/p>\n<p id=\"tw-target-text\" class=\"tw-data-text tw-text-large tw-ta\" dir=\"ltr\" data-placeholder=\"Traduction\"><span lang=\"de\" tabindex=\"0\">Besuchen Sie die Stadtmauer und die Ruinen des Feudalschlosses aus dem 15. Jahrhundert, die romanische Kirche Saint Pierre und Saint Paul, die alte \u00d6lm\u00fchle, ihre malerischen Stra\u00dfen und Treppen.<\/span><\/p>\n<h2><span style=\"color: #0000ff;\">Gr\u00e9oux-les-Bains<\/span><\/h2>\n<p>20 min.<span lang=\"de\" tabindex=\"0\"> vom Campingplatz <\/span><\/p>\n<p><a href=\"https:\/\/www.campingdelaverdiere.com\/wp-content\/uploads\/2015\/02\/6162410924_31e460fafa_n.jpg\"><img loading=\"lazy\" decoding=\"async\" class=\" size-full wp-image-2426 alignright\" src=\"https:\/\/www.campingdelaverdiere.com\/wp-content\/uploads\/2015\/02\/6162410924_31e460fafa_n.jpg\" alt=\"camping greoux les bains\" width=\"320\" height=\"213\" srcset=\"https:\/\/www.camping-la-verdiere-83.com\/wp-content\/uploads\/2015\/02\/6162410924_31e460fafa_n.jpg 320w, https:\/\/www.camping-la-verdiere-83.com\/wp-content\/uploads\/2015\/02\/6162410924_31e460fafa_n-300x200.jpg 300w\" sizes=\"auto, (max-width: 320px) 100vw, 320px\" \/><\/a><\/p>\n<p id=\"tw-target-text\" class=\"tw-data-text tw-text-large tw-ta\" dir=\"ltr\" data-placeholder=\"Traduction\"><span lang=\"de\" tabindex=\"0\">Dieses kleine provenzalische Dorf liegt am Zusammenfluss von Verdon und Durance und ist ber\u00fchmt f\u00fcr seine Thermalb\u00e4der. Es ist das 3. Thermalbad in Frankreich geworden! Ihre Besonderheit? Die H\u00f6hlentherme ist seit der gallo-r\u00f6mischen Zeit erhalten geblieben und empf\u00e4ngt jedes Jahr zahlreiche Kurg\u00e4ste.<\/span><\/p>\n<p><iframe loading=\"lazy\" src=\"https:\/\/www.google.com\/maps\/embed?pb=!1m29!1m12!1m3!1d92343.54662352691!2d5.93192347854316!3d43.674463586836936!2m3!1f0!2f0!3f0!3m2!1i1024!2i768!4f13.1!4m14!1i0!3e6!4m5!1s0x12cbd8611a509d51%3A0x40819a5fd8fc7a0!2sLa+Verdi%C3%A8re!3m2!1d43.636246!2d5.936363!4m5!1s0x12cbd05253c6d3cd%3A0x40819a5fd97b2e0!2sGr%C3%A9oux-les-Bains!3m2!1d43.7583797!2d5.885954!5e0!3m2!1sfr!2sfr!4v1423926667910\" width=\"600\" height=\"208\" frameborder=\"0\" data-mce-fragment=\"1\"><\/iframe><\/p>\n<p id=\"tw-target-text\" class=\"tw-data-text tw-text-large tw-ta\" dir=\"ltr\" data-placeholder=\"Traduction\"><span lang=\"de\" tabindex=\"0\">Sie werden von diesem Dorf auf 365 m H\u00f6he mit seinen zahlreichen Springbrunnen, die Sie rund um die Gassen entdecken werden, verf\u00fchrt werden und die Ihnen im Sommer Frische und Wohlbefinden bringen. Lassen Sie sich vom Dorf aus von einem Spaziergang entlang des Verdon verf\u00fchren oder lassen Sie sich in einem der schattigen Parks mit Panoramablick nieder: Oliva oder Morelon.<\/span><\/p>\n<h1 id=\"tw-target-text\" class=\"tw-data-text tw-text-large tw-ta\" dir=\"ltr\" data-placeholder=\"Traduction\"><span lang=\"de\" style=\"color: #0000ff;\" tabindex=\"0\">Besuchen Sie die Templerburg in Gr\u00e9oux-les-Bains<\/span><\/h1>\n<p id=\"tw-target-text\" class=\"tw-data-text tw-text-large tw-ta\" dir=\"ltr\" data-placeholder=\"Traduction\"><span lang=\"de\" tabindex=\"0\">Dieses Schloss stammt aus dem 12. Jahrhundert und wurde dann im 14. Jahrhundert Eigentum des Grafen von Provence. Es beherbergt heute den Gew\u00f6lbesaal der Wachen, Ausstellungen und beherbergt im Sommer kulturelle Veranstaltungen, die ein au\u00dfergew\u00f6hnliches und zeitloses Schauspiel bieten. F\u00fchrungen werden vom Tourismusb\u00fcro angeboten.<\/span><\/p>\n<h2><span style=\"color: #0000ff;\">Montmeyan<\/span><\/h2>\n<p>15 min.vom La Verdi\u00e8re<\/p>\n<div id=\"tw-target-text-container\" class=\"tw-ta-container tw-nfl\">\n<p id=\"tw-target-text\" class=\"tw-data-text tw-text-large tw-ta\" dir=\"ltr\" data-placeholder=\"Traduction\"><span lang=\"de\" tabindex=\"0\">Montmeyan ist ein befestigtes mittelalterliches Dorf, 504 Meter \u00fcber dem Meeresspiegel auf einem Felsen mitten in der Ebene, nicht weit vom See Sainte Croix entfernt. Die T\u00fcrme dominieren dieses Dorf mit Gassen mit gew\u00f6lbten Passagen voller Charme, die Wanderer mit Leidenschaft f\u00fcr die Geschichte begeistern.<\/span><\/p>\n<\/div>\n<h2><span style=\"color: #0000ff;\">Aiguines<\/span><\/h2>\n<p>50 min.vom Campingplatz<\/p>\n<p id=\"tw-target-text\" class=\"tw-data-text tw-text-large tw-ta\" dir=\"ltr\" data-placeholder=\"Traduction\"><span lang=\"de\" tabindex=\"0\">Auf den H\u00f6hen des Lac de Sainte Croix gelegen, bietet Ihnen Aiguines eine atemberaubende Aussicht. Das Dorf, das seit langem f\u00fcr sein Holzdrehhandwerk bekannt ist und in dem Sie das Museum besuchen k\u00f6nnen, ist ein anerkannter Ferienort geworden.<\/span><\/p>\n<p id=\"tw-target-text\" class=\"tw-data-text tw-text-large tw-ta\" dir=\"ltr\" data-placeholder=\"Traduction\"><iframe loading=\"lazy\" src=\"https:\/\/www.google.com\/maps\/embed?pb=!1m29!1m12!1m3!1d184469.64739198462!2d5.946951769640028!3d43.74507243023081!2m3!1f0!2f0!3f0!3m2!1i1024!2i768!4f13.1!4m14!1i0!3e6!4m5!1s0x12cbfa2c04f2d291%3A0x40819a5fd8fd090!2sAiguines!3m2!1d43.774795999999995!2d6.243024999999999!4m5!1s0x12cbd879567b9545%3A0x45249baf19e84ae0!2sCamping+de+la+Verdiere%2C+345+route+de+Manosque%2C+83560+Verdi%C3%A8re+(La)!3m2!1d43.641509!2d5.935105999999999!5e0!3m2!1sfr!2sfr!4v1426839836455\" width=\"600\" height=\"208\" frameborder=\"0\" data-mce-fragment=\"1\"><\/iframe><span lang=\"de\" tabindex=\"0\">Wie in vielen provenzalischen D\u00f6rfern werden D\u00fcfte wie Lavendel, Thymian oder Farigoule Ihren Spaziergang begleiten <\/span><\/p>\n<p>Contakt: <span lang=\"de\" tabindex=\"0\">Tourismusb\u00fcro <\/span>von Aiguines<br \/>\nTel : 0033 4 94 70 21 64<\/p>\n<h2>Das Dorf von &#8222;Deutschland in der Provence&#8220;<\/h2>\n<p><a href=\"https:\/\/www.camping-la-verdiere-83.com\/wp-content\/uploads\/2015\/02\/allemagne-en-provence.jpg\"><img loading=\"lazy\" decoding=\"async\" class=\"alignright size-medium wp-image-2569\" src=\"https:\/\/www.camping-la-verdiere-83.com\/wp-content\/uploads\/2015\/02\/allemagne-en-provence-300x199.jpg\" alt=\"camping allemagne en provence\" width=\"300\" height=\"199\" srcset=\"https:\/\/www.camping-la-verdiere-83.com\/wp-content\/uploads\/2015\/02\/allemagne-en-provence-300x199.jpg 300w, https:\/\/www.camping-la-verdiere-83.com\/wp-content\/uploads\/2015\/02\/allemagne-en-provence.jpg 1020w\" sizes=\"auto, (max-width: 300px) 100vw, 300px\" \/><\/a>36 min.<\/p>\n<p>Alemanha de Proven\u00e7a, &#8222;Deutschland <span lang=\"de\" tabindex=\"0\">in der Provence&#8220;. Dieser Name w\u00fcrde laut Linguisten zwei Urspr\u00fcnge haben: einen ersten, der wahrscheinlich von einer milit\u00e4rischen Besatzung des Alaman-Volkes stammen w\u00fcrde, die vor den gro\u00dfen Invasionen errichtet worden war; der andere stammte von dem Namen einer G\u00f6ttin, die von einer r\u00f6mischen Garnison verehrt wurde, die auf dem Vorgebirge des heutigen Schlosses aufgestellt war. In beiden F\u00e4llen wird best\u00e4tigt, dass der Ort, an dem sich die Burg befindet, schon sehr lange besetzt ist.<\/span><\/p>\n<div id=\"tw-target-text-container\" class=\"tw-ta-container tw-nfl\">\n<p id=\"tw-target-text\" class=\"tw-data-text tw-text-large tw-ta\" dir=\"ltr\" data-placeholder=\"Traduction\"><span lang=\"de\" tabindex=\"0\">Das Schloss Deutschlands in der Provence kann besichtigt werden. In einwandfreiem Zustand stammt es aus dem 13. Jahrhundert, bevor es im 16. Jahrhundert erweitert und restauriert wurde. Dieses majest\u00e4tische Renaissance-Schloss erstreckt sich \u00fcber 5 Ebenen und umfasst einen imposanten Bergfried. In seinen G\u00e4rten k\u00f6nnen Sie eine Sammlung verschiedener Tulpen bewundern. In den ruhigen Gassen, an der Wegbiegung, thront ein altes Waschhaus, ein Springbrunnen auf dem Platz, umgeben von traditionellen H\u00e4usern mit geschlossenen Fensterl\u00e4den &#8230;<\/span><\/p>\n<\/div>\n<p><em>Contakt Tourismusb\u00fcro von Allemagne<\/em><br \/>\n<em> Tel : 00334 92 75 01 73<\/em><\/p>\n<h2><span style=\"color: #0000ff;\">Das Dorf von Aups<\/span><\/h2>\n<p><a href=\"https:\/\/www.camping-la-verdiere-83.com\/wp-content\/uploads\/2015\/02\/vue-large.jpg\"><img loading=\"lazy\" decoding=\"async\" class=\"alignright size-medium wp-image-2570\" src=\"https:\/\/www.camping-la-verdiere-83.com\/wp-content\/uploads\/2015\/02\/vue-large-300x225.jpg\" alt=\"camping aups\" width=\"300\" height=\"225\" srcset=\"https:\/\/www.camping-la-verdiere-83.com\/wp-content\/uploads\/2015\/02\/vue-large-300x225.jpg 300w, https:\/\/www.camping-la-verdiere-83.com\/wp-content\/uploads\/2015\/02\/vue-large.jpg 800w\" sizes=\"auto, (max-width: 300px) 100vw, 300px\" \/><\/a>30 Min.<\/p>\n<p id=\"tw-target-text\" class=\"tw-data-text tw-text-large tw-ta\" dir=\"ltr\" data-placeholder=\"Traduction\"><span lang=\"de\" tabindex=\"0\">Aups, die Hauptstadt von Haut Var, ist seit der Antike f\u00fcr ihr gesundes und sonniges Klima bekannt. Es gibt noch viele Spuren der r\u00f6mischen Besatzung: das alte Krankenhaus und Milit\u00e4rposten. Der Besuch der Stadt erm\u00f6glicht es Ihnen, ein au\u00dfergew\u00f6hnliches religi\u00f6ses Erbe zu entdecken, insbesondere in der Stiftskirche Saint Pancrace, die Sch\u00e4tze wie das \u00e4lteste Prozessionskreuz der Provence aus dem 14. Jahrhundert birgt<\/span><\/p>\n<p class=\"tw-data-text tw-text-large tw-ta\" dir=\"ltr\" data-placeholder=\"Traduction\"><span lang=\"de\" tabindex=\"0\">Sie k\u00f6nnen verschiedene Kapellen und historische Geb\u00e4ude besichtigen. <\/span><span lang=\"de\" tabindex=\"0\">Das Ursulinenkloster, in dem sich ein Museum f\u00fcr zeitgen\u00f6ssische Kunst sowie ein Museum des Widerstands befinden, das man sich nicht entgehen lassen sollte: Tats\u00e4chlich wurde die Stadt Aups f\u00fcr ihren Kampf im Krieg mit dem Kriegskreuz geschm\u00fcckt Unterdr\u00fcckung und f\u00fcr die Freiheit. Nachdem Sie die Stadt mit dem Draht ihres reichen Erbes durchquert haben, k\u00f6nnen Sie die Kunstgesch\u00e4fte entdecken, die in der Stadt mit Bildhauern, Malern, Mozastern und Spezialisten f\u00fcr bemaltes Holz verbreitet sind. Aups ist der Charme der Provence!<\/span><\/p>\n<p id=\"tw-target-text\" class=\"tw-data-text tw-text-large tw-ta\" dir=\"ltr\" data-placeholder=\"Traduction\"><span lang=\"de\" tabindex=\"0\">Aups ist ein Dorf mit Charakter und Terroir und beherbergt auch den ersten Einzelhandelsmarkt f\u00fcr Tr\u00fcffel. In diesem Mekka der Tr\u00fcffelzucht werden Sie &#8222;La Maison de la Truffe&#8220; entdecken und sch\u00e4tzen lernen, das den Besuchern von einem einfachen Besuch in die geheimnisvolle Welt des &#8222;Tr\u00fcffelabenteuers&#8220; eine tief unterirdische Erfahrung bietet Verkostung f\u00fcr Feinschmecker &#8230; lassen Sie sich f\u00fchren!<\/span><\/p>\n<p><a href=\"https:\/\/www.maisondelatruffe-verdon.fr\/\" target=\"_blank\" rel=\"noopener noreferrer\"><em>www.<\/em>maisondelatruffe-verdon.fr\/<\/a><\/p>\n<p><em>Contaky Tourismusb\u00fcro von Aups<\/em><br \/>\n<em> T\u00e9l\u00e9phone 0033 4.94.84.00.69<\/em><\/p>\n<h2><span style=\"color: #0000ff;\">Moustiers Sainte Marie<\/span><\/h2>\n<p>45 min.<\/p>\n<p><img loading=\"lazy\" decoding=\"async\" class=\"aligncenter size-full wp-image-2751\" src=\"https:\/\/www.camping-la-verdiere-83.com\/wp-content\/uploads\/2015\/02\/moustiers-sainte-marie.jpg\" alt=\"moustiers sainte marie\" width=\"300\" height=\"150\" \/><\/p>\n<p id=\"tw-target-text\" class=\"tw-data-text tw-text-large tw-ta\" dir=\"ltr\" data-placeholder=\"Traduction\"><span lang=\"de\" tabindex=\"0\">Es ist eines der sch\u00f6nsten D\u00f6rfer in Frankreich. Es ist bemerkenswert f\u00fcr seine hochgelegene Kapelle mit dem Stern, der an einem Seil \u00fcber dem Dorf zwischen zwei Felsw\u00e4nden aufgeh\u00e4ngt ist. In diesem Dorf herrscht eine ganz besondere Atmosph\u00e4re mit Blick auf den See von Sainte Croix. Das Panorama ist unglaublich<\/span><\/p>\n<h2><span style=\"color: #0000ff;\">Tourtour<\/span><\/h2>\n<p>40 min.<\/p>\n<p><a href=\"https:\/\/www.camping-la-verdiere-83.com\/wp-content\/uploads\/2015\/02\/tourtour.jpg\"><img loading=\"lazy\" decoding=\"async\" class=\"aligncenter size-medium wp-image-2752\" src=\"https:\/\/www.camping-la-verdiere-83.com\/wp-content\/uploads\/2015\/02\/tourtour-300x225.jpg\" alt=\"camping tourtour\" width=\"300\" height=\"225\" srcset=\"https:\/\/www.camping-la-verdiere-83.com\/wp-content\/uploads\/2015\/02\/tourtour-300x225.jpg 300w, https:\/\/www.camping-la-verdiere-83.com\/wp-content\/uploads\/2015\/02\/tourtour.jpg 425w\" sizes=\"auto, (max-width: 300px) 100vw, 300px\" \/><\/a><\/p>\n<div id=\"tw-target-text-container\" class=\"tw-ta-container tw-nfl\">\n<p id=\"tw-target-text\" class=\"tw-data-text tw-text-large tw-ta\" dir=\"ltr\" data-placeholder=\"Traduction\"><span lang=\"de\" tabindex=\"0\">Es wird wegen seiner H\u00f6he (630 m) und des Panoramas, das es dem Besucher bietet, &#8222;das Dorf am Himmel&#8220; genannt. Ein typisches Dorf, das in der Saison sehr lebhaft ist und in dem man gut bummeln kann. Besuchen Sie die \u00d6lm\u00fchle, die St. Rosaire-Quelle und ein sehr interessantes Fossilienmuseum.<\/span><\/p>\n<\/div>\n<h2>\u00a0<span style=\"color: #0000ff;\">Correns<\/span><\/h2>\n<p>30 min.<\/p>\n<p><a href=\"https:\/\/www.camping-la-verdiere-83.com\/wp-content\/uploads\/2015\/02\/Correns.jpg\"><img loading=\"lazy\" decoding=\"async\" class=\"aligncenter wp-image-2753 size-full\" src=\"https:\/\/www.camping-la-verdiere-83.com\/wp-content\/uploads\/2015\/02\/Correns.jpg\" alt=\"camping pres de correns\" width=\"925\" height=\"345\" srcset=\"https:\/\/www.camping-la-verdiere-83.com\/wp-content\/uploads\/2015\/02\/Correns.jpg 925w, https:\/\/www.camping-la-verdiere-83.com\/wp-content\/uploads\/2015\/02\/Correns-300x112.jpg 300w\" sizes=\"auto, (max-width: 925px) 100vw, 925px\" \/><\/a><span lang=\"de\" tabindex=\"0\">Correns, das erste Bio-Dorf in Frankreich. Es gibt Imker, Gefl\u00fcgelz\u00fcchter, K\u00e4ser, G\u00e4rtner, Olivenbauer und Winzer, die als biologisch eingestuft sind.<\/span><\/p>\n<p id=\"tw-target-text\" class=\"tw-data-text tw-text-large tw-ta\" dir=\"ltr\" data-placeholder=\"Traduction\"><span lang=\"de\" tabindex=\"0\">Um diese wunderbaren kleinen provenzalischen D\u00f6rfer zu entdecken, buchen Sie jetzt Ihre Unterkunft oder Ihren Stellplatz auf dem Campingplatz Verdi\u00e8re.<\/span><\/p>\n","protected":false},"featured_media":3341,"template":"","class_list":["post-3633","portfolio","type-portfolio","status-publish","has-post-thumbnail","hentry"],"yoast_head":"<!-- This site is optimized with the Yoast SEO plugin v26.8 - https:\/\/yoast.com\/product\/yoast-seo-wordpress\/ -->\n<title>kleine D\u00f6rfer<\/title>\n<meta name=\"robots\" content=\"index, follow, max-snippet:-1, max-image-preview:large, max-video-preview:-1\" \/>\n<link rel=\"canonical\" href=\"https:\/\/www.camping-la-verdiere-83.com\/de\/Tourisme\/kleine-doerfer\/\" \/>\n<meta property=\"og:locale\" content=\"de_DE\" \/>\n<meta property=\"og:type\" content=\"article\" \/>\n<meta property=\"og:title\" content=\"kleine D\u00f6rfer\" \/>\n<meta property=\"og:description\" content=\"Die D\u00f6rfer von Verdon im Var in der N\u00e4he des Campingplatzes Entdecken Sie die D\u00f6rfer von Verdon und die vielen touristischen Aktivit\u00e4ten, die Ihnen als Familie zur Verf\u00fcgung stehen. Ihr Campingplatz La Verdi\u00e8re befindet sich in zentraler Lage in der Provence, wodurch Sie den D\u00f6rfern Verdon, den Gorges du Verdon und der Var-K\u00fcste n\u00e4her kommen. [&hellip;]\" \/>\n<meta property=\"og:url\" content=\"https:\/\/www.camping-la-verdiere-83.com\/de\/Tourisme\/kleine-doerfer\/\" \/>\n<meta property=\"og:site_name\" content=\"La verdi\u00e8re 83\" \/>\n<meta property=\"article:modified_time\" content=\"2020-02-05T07:15:25+00:00\" \/>\n<meta property=\"og:image\" content=\"https:\/\/www.camping-la-verdiere-83.com\/wp-content\/uploads\/2019\/05\/WE-visite-village-samedi-min.jpg\" \/>\n\t<meta property=\"og:image:width\" content=\"1000\" \/>\n\t<meta property=\"og:image:height\" content=\"562\" \/>\n\t<meta property=\"og:image:type\" content=\"image\/jpeg\" \/>\n<meta name=\"twitter:label1\" content=\"Gesch\u00e4tzte Lesezeit\" \/>\n\t<meta name=\"twitter:data1\" content=\"8\u00a0Minuten\" \/>\n<script type=\"application\/ld+json\" class=\"yoast-schema-graph\">{\"@context\":\"https:\/\/schema.org\",\"@graph\":[{\"@type\":\"WebPage\",\"@id\":\"https:\/\/www.camping-la-verdiere-83.com\/de\/Tourisme\/kleine-doerfer\/\",\"url\":\"https:\/\/www.camping-la-verdiere-83.com\/de\/Tourisme\/kleine-doerfer\/\",\"name\":\"kleine D\u00f6rfer\",\"isPartOf\":{\"@id\":\"https:\/\/www.camping-la-verdiere-83.com\/#website\"},\"primaryImageOfPage\":{\"@id\":\"https:\/\/www.camping-la-verdiere-83.com\/de\/Tourisme\/kleine-doerfer\/#primaryimage\"},\"image\":{\"@id\":\"https:\/\/www.camping-la-verdiere-83.com\/de\/Tourisme\/kleine-doerfer\/#primaryimage\"},\"thumbnailUrl\":\"https:\/\/www.camping-la-verdiere-83.com\/wp-content\/uploads\/2019\/05\/WE-visite-village-samedi-min.jpg\",\"datePublished\":\"2019-12-18T10:07:52+00:00\",\"dateModified\":\"2020-02-05T07:15:25+00:00\",\"breadcrumb\":{\"@id\":\"https:\/\/www.camping-la-verdiere-83.com\/de\/Tourisme\/kleine-doerfer\/#breadcrumb\"},\"inLanguage\":\"de\",\"potentialAction\":[{\"@type\":\"ReadAction\",\"target\":[\"https:\/\/www.camping-la-verdiere-83.com\/de\/Tourisme\/kleine-doerfer\/\"]}]},{\"@type\":\"ImageObject\",\"inLanguage\":\"de\",\"@id\":\"https:\/\/www.camping-la-verdiere-83.com\/de\/Tourisme\/kleine-doerfer\/#primaryimage\",\"url\":\"https:\/\/www.camping-la-verdiere-83.com\/wp-content\/uploads\/2019\/05\/WE-visite-village-samedi-min.jpg\",\"contentUrl\":\"https:\/\/www.camping-la-verdiere-83.com\/wp-content\/uploads\/2019\/05\/WE-visite-village-samedi-min.jpg\",\"width\":1000,\"height\":562,\"caption\":\"villages verdon\"},{\"@type\":\"BreadcrumbList\",\"@id\":\"https:\/\/www.camping-la-verdiere-83.com\/de\/Tourisme\/kleine-doerfer\/#breadcrumb\",\"itemListElement\":[{\"@type\":\"ListItem\",\"position\":1,\"name\":\"Accueil\",\"item\":\"https:\/\/www.camping-la-verdiere-83.com\/de\/\"},{\"@type\":\"ListItem\",\"position\":2,\"name\":\"Pages\",\"item\":\"https:\/\/www.camping-la-verdiere-83.com\/en\/Tourisme\/\"},{\"@type\":\"ListItem\",\"position\":3,\"name\":\"kleine D\u00f6rfer\"}]},{\"@type\":\"WebSite\",\"@id\":\"https:\/\/www.camping-la-verdiere-83.com\/#website\",\"url\":\"https:\/\/www.camping-la-verdiere-83.com\/\",\"name\":\"La verdi\u00e8re 83\",\"description\":\"camping verdon\",\"potentialAction\":[{\"@type\":\"SearchAction\",\"target\":{\"@type\":\"EntryPoint\",\"urlTemplate\":\"https:\/\/www.camping-la-verdiere-83.com\/?s={search_term_string}\"},\"query-input\":{\"@type\":\"PropertyValueSpecification\",\"valueRequired\":true,\"valueName\":\"search_term_string\"}}],\"inLanguage\":\"de\"}]}<\/script>\n<!-- \/ Yoast SEO plugin. -->","yoast_head_json":{"title":"kleine D\u00f6rfer","robots":{"index":"index","follow":"follow","max-snippet":"max-snippet:-1","max-image-preview":"max-image-preview:large","max-video-preview":"max-video-preview:-1"},"canonical":"https:\/\/www.camping-la-verdiere-83.com\/de\/Tourisme\/kleine-doerfer\/","og_locale":"de_DE","og_type":"article","og_title":"kleine D\u00f6rfer","og_description":"Die D\u00f6rfer von Verdon im Var in der N\u00e4he des Campingplatzes Entdecken Sie die D\u00f6rfer von Verdon und die vielen touristischen Aktivit\u00e4ten, die Ihnen als Familie zur Verf\u00fcgung stehen. Ihr Campingplatz La Verdi\u00e8re befindet sich in zentraler Lage in der Provence, wodurch Sie den D\u00f6rfern Verdon, den Gorges du Verdon und der Var-K\u00fcste n\u00e4her kommen. [&hellip;]","og_url":"https:\/\/www.camping-la-verdiere-83.com\/de\/Tourisme\/kleine-doerfer\/","og_site_name":"La verdi\u00e8re 83","article_modified_time":"2020-02-05T07:15:25+00:00","og_image":[{"width":1000,"height":562,"url":"https:\/\/www.camping-la-verdiere-83.com\/wp-content\/uploads\/2019\/05\/WE-visite-village-samedi-min.jpg","type":"image\/jpeg"}],"twitter_misc":{"Gesch\u00e4tzte Lesezeit":"8\u00a0Minuten"},"schema":{"@context":"https:\/\/schema.org","@graph":[{"@type":"WebPage","@id":"https:\/\/www.camping-la-verdiere-83.com\/de\/Tourisme\/kleine-doerfer\/","url":"https:\/\/www.camping-la-verdiere-83.com\/de\/Tourisme\/kleine-doerfer\/","name":"kleine D\u00f6rfer","isPartOf":{"@id":"https:\/\/www.camping-la-verdiere-83.com\/#website"},"primaryImageOfPage":{"@id":"https:\/\/www.camping-la-verdiere-83.com\/de\/Tourisme\/kleine-doerfer\/#primaryimage"},"image":{"@id":"https:\/\/www.camping-la-verdiere-83.com\/de\/Tourisme\/kleine-doerfer\/#primaryimage"},"thumbnailUrl":"https:\/\/www.camping-la-verdiere-83.com\/wp-content\/uploads\/2019\/05\/WE-visite-village-samedi-min.jpg","datePublished":"2019-12-18T10:07:52+00:00","dateModified":"2020-02-05T07:15:25+00:00","breadcrumb":{"@id":"https:\/\/www.camping-la-verdiere-83.com\/de\/Tourisme\/kleine-doerfer\/#breadcrumb"},"inLanguage":"de","potentialAction":[{"@type":"ReadAction","target":["https:\/\/www.camping-la-verdiere-83.com\/de\/Tourisme\/kleine-doerfer\/"]}]},{"@type":"ImageObject","inLanguage":"de","@id":"https:\/\/www.camping-la-verdiere-83.com\/de\/Tourisme\/kleine-doerfer\/#primaryimage","url":"https:\/\/www.camping-la-verdiere-83.com\/wp-content\/uploads\/2019\/05\/WE-visite-village-samedi-min.jpg","contentUrl":"https:\/\/www.camping-la-verdiere-83.com\/wp-content\/uploads\/2019\/05\/WE-visite-village-samedi-min.jpg","width":1000,"height":562,"caption":"villages verdon"},{"@type":"BreadcrumbList","@id":"https:\/\/www.camping-la-verdiere-83.com\/de\/Tourisme\/kleine-doerfer\/#breadcrumb","itemListElement":[{"@type":"ListItem","position":1,"name":"Accueil","item":"https:\/\/www.camping-la-verdiere-83.com\/de\/"},{"@type":"ListItem","position":2,"name":"Pages","item":"https:\/\/www.camping-la-verdiere-83.com\/en\/Tourisme\/"},{"@type":"ListItem","position":3,"name":"kleine D\u00f6rfer"}]},{"@type":"WebSite","@id":"https:\/\/www.camping-la-verdiere-83.com\/#website","url":"https:\/\/www.camping-la-verdiere-83.com\/","name":"La verdi\u00e8re 83","description":"camping verdon","potentialAction":[{"@type":"SearchAction","target":{"@type":"EntryPoint","urlTemplate":"https:\/\/www.camping-la-verdiere-83.com\/?s={search_term_string}"},"query-input":{"@type":"PropertyValueSpecification","valueRequired":true,"valueName":"search_term_string"}}],"inLanguage":"de"}]}},"_links":{"self":[{"href":"https:\/\/www.camping-la-verdiere-83.com\/de\/wp-json\/wp\/v2\/portfolio\/3633","targetHints":{"allow":["GET"]}}],"collection":[{"href":"https:\/\/www.camping-la-verdiere-83.com\/de\/wp-json\/wp\/v2\/portfolio"}],"about":[{"href":"https:\/\/www.camping-la-verdiere-83.com\/de\/wp-json\/wp\/v2\/types\/portfolio"}],"wp:featuredmedia":[{"embeddable":true,"href":"https:\/\/www.camping-la-verdiere-83.com\/de\/wp-json\/wp\/v2\/media\/3341"}],"wp:attachment":[{"href":"https:\/\/www.camping-la-verdiere-83.com\/de\/wp-json\/wp\/v2\/media?parent=3633"}],"curies":[{"name":"wp","href":"https:\/\/api.w.org\/{rel}","templated":true}]}}