{"id":3648,"date":"2019-12-18T12:26:25","date_gmt":"2019-12-18T11:26:25","guid":{"rendered":"https:\/\/www.camping-la-verdiere-83.com\/?post_type=portfolio&#038;p=3648"},"modified":"2020-03-03T19:16:38","modified_gmt":"2020-03-03T18:16:38","slug":"die-schluchten-des-verdon","status":"publish","type":"portfolio","link":"https:\/\/www.camping-la-verdiere-83.com\/de\/Tourisme\/die-schluchten-des-verdon\/","title":{"rendered":"Die Schluchten des Verdon"},"content":{"rendered":"<h1>Campinplatz Verdon<\/h1>\n<h2>Campingplatz\u00a0<span lang=\"de\" tabindex=\"0\">im regionalen Naturpark Verdon<\/span><\/h2>\n<div id=\"attachment_2114\" style=\"width: 610px\" class=\"wp-caption aligncenter\"><a href=\"https:\/\/www.camping-la-verdiere-83.com\/wp-content\/uploads\/2015\/01\/gorges-verdon.jpg\"><img loading=\"lazy\" decoding=\"async\" aria-describedby=\"caption-attachment-2114\" class=\"wp-image-2114\" src=\"https:\/\/www.camping-la-verdiere-83.com\/wp-content\/uploads\/2015\/01\/gorges-verdon-1024x342.jpg\" alt=\"camping verdon\" width=\"600\" height=\"200\" srcset=\"https:\/\/www.camping-la-verdiere-83.com\/wp-content\/uploads\/2015\/01\/gorges-verdon-1024x342.jpg 1024w, https:\/\/www.camping-la-verdiere-83.com\/wp-content\/uploads\/2015\/01\/gorges-verdon-300x100.jpg 300w, https:\/\/www.camping-la-verdiere-83.com\/wp-content\/uploads\/2015\/01\/gorges-verdon.jpg 1595w\" sizes=\"auto, (max-width: 600px) 100vw, 600px\" \/><\/a><p id=\"caption-attachment-2114\" class=\"wp-caption-text\">camping dans le Verdon<\/p><\/div>\n<p>&nbsp;<\/p>\n<p id=\"tw-target-text\" class=\"tw-data-text tw-text-large tw-ta\" dir=\"ltr\" data-placeholder=\"Traduction\"><strong><span lang=\"de\" tabindex=\"0\">Die Gorges du Verdon, einer der sch\u00f6nsten Naturparks Europas.<\/span><\/strong><\/p>\n<div align=\"justify\">\n<p id=\"tw-target-text\" class=\"tw-data-text tw-text-large tw-ta\" dir=\"ltr\" data-placeholder=\"Traduction\"><span lang=\"de\" tabindex=\"0\">Der regionale Naturpark Verdon in der Region Provence-Alpes-C\u00f4te d&#8217;Azur tr\u00e4gt den Namen des Flusses, der im Laufe der Jahrhunderte diese herrlichen steilen Schluchten geformt hat, die von Wegen durchzogen sind, die einen herrlichen Blick auf das Mittelmeer bieten. Diese von Besuchern aus aller Welt bewunderten Landschaften machen den Ruf dieses au\u00dfergew\u00f6hnlichen Naturparks im Var aus. Die &#8222;Gorges du Verdon&#8220; haben eine au\u00dfergew\u00f6hnliche geografische Lage in der Provence, da sie 1 Autostunde von Aix en Provence und 2 Stunden von Marseille und dem Rand des Mittelmeers entfernt sind.<\/span><\/p>\n<\/div>\n<div id=\"attachment_3804\" style=\"width: 910px\" class=\"wp-caption aligncenter\"><a href=\"https:\/\/www.camping-la-verdiere-83.com\/wp-content\/uploads\/2015\/02\/gorges-du-verdon-top-1.jpg\"><img loading=\"lazy\" decoding=\"async\" aria-describedby=\"caption-attachment-3804\" class=\"wp-image-3804 size-large\" src=\"https:\/\/www.camping-la-verdiere-83.com\/wp-content\/uploads\/2015\/02\/gorges-du-verdon-top-1-1024x342.jpg\" alt=\"camping verdon\" width=\"900\" height=\"301\" srcset=\"https:\/\/www.camping-la-verdiere-83.com\/wp-content\/uploads\/2015\/02\/gorges-du-verdon-top-1-1024x342.jpg 1024w, https:\/\/www.camping-la-verdiere-83.com\/wp-content\/uploads\/2015\/02\/gorges-du-verdon-top-1-300x100.jpg 300w, https:\/\/www.camping-la-verdiere-83.com\/wp-content\/uploads\/2015\/02\/gorges-du-verdon-top-1-768x256.jpg 768w, https:\/\/www.camping-la-verdiere-83.com\/wp-content\/uploads\/2015\/02\/gorges-du-verdon-top-1-1536x512.jpg 1536w, https:\/\/www.camping-la-verdiere-83.com\/wp-content\/uploads\/2015\/02\/gorges-du-verdon-top-1.jpg 1595w\" sizes=\"auto, (max-width: 900px) 100vw, 900px\" \/><\/a><p id=\"caption-attachment-3804\" class=\"wp-caption-text\">Camping Dans le Verdon<\/p><\/div>\n<p id=\"tw-target-text\" class=\"tw-data-text tw-text-large tw-ta\" dir=\"ltr\" data-placeholder=\"Traduction\"><span lang=\"de\" tabindex=\"0\">Der Verdon erstreckt sich \u00fcber 165 km und verf\u00fcgt \u00fcber eine Speicherkapazit\u00e4t von 434 Millionen m3 hochwertigem S\u00fc\u00dfwasser, einem wertvollen Reservat f\u00fcr die Versorgung der Provence und der C\u00f4te d&#8217;Azur mit S\u00fc\u00dfwasser. Die Tiefe der Schluchten betr\u00e4gt 250 bis 700 Meter. Ihre Breite variiert zwischen 6 und 100 Metern auf der H\u00f6he des Verdonflusses und zwischen 200 und 1500 Metern zwischen den Gipfeln der Schluchten.<\/span><\/p>\n<p><em>Buchen Sie hier im <a title=\"Emplacements\" href=\"https:\/\/www.camping-la-verdiere-83.com\/Locations\/emplacements\/\"> Verdon<\/a>\u00a0<\/em><\/p>\n<h2 id=\"tw-target-text\" class=\"tw-data-text tw-text-large tw-ta\" dir=\"ltr\" data-placeholder=\"Traduction\"><span lang=\"de\" tabindex=\"0\">Au\u00dfergew\u00f6hnliche Artenvielfalt<\/span><\/h2>\n<p><img loading=\"lazy\" decoding=\"async\" class=\"alignright wp-image-3810 size-medium\" src=\"https:\/\/www.camping-la-verdiere-83.com\/wp-content\/uploads\/2015\/02\/VAUTOURS-ROUGON-1-300x258.jpg\" alt=\"faune du \" width=\"300\" height=\"258\" srcset=\"https:\/\/www.camping-la-verdiere-83.com\/wp-content\/uploads\/2015\/02\/VAUTOURS-ROUGON-1-300x258.jpg 300w, https:\/\/www.camping-la-verdiere-83.com\/wp-content\/uploads\/2015\/02\/VAUTOURS-ROUGON-1-768x660.jpg 768w, https:\/\/www.camping-la-verdiere-83.com\/wp-content\/uploads\/2015\/02\/VAUTOURS-ROUGON-1.jpg 899w\" sizes=\"auto, (max-width: 300px) 100vw, 300px\" \/><\/p>\n<p id=\"tw-target-text\" class=\"tw-data-text tw-text-large tw-ta\" dir=\"ltr\" data-placeholder=\"Traduction\"><span lang=\"de\" tabindex=\"0\">Die &#8222;Gorges du Verdon&#8220; stellen einen erhaltenen geologischen Schatz dar, der eine Vielfalt au\u00dfergew\u00f6hnlicher Landschaften mit steilen Canyons bietet, wobei sich der st\u00fcrmische Fluss mit Stauseen paradiesischer Ruhe und leuchtendem Smaragdgr\u00fcn abwechselt. Sie enden mit dem See von Sainte-Croix, dessen Wasser von au\u00dfergew\u00f6hnlicher Reinheit fluoreszierend ist, ein Ph\u00e4nomen, das auf den Fluorgehalt seiner Gew\u00e4sser zur\u00fcckzuf\u00fchren ist. Der Naturpark steht seit 1990 unter Naturschutz. Er tr\u00e4gt die Bezeichnung &#8222;Grand Site de France&#8220;.<\/span><\/p>\n<p>&nbsp;<\/p>\n<p id=\"tw-target-text\" class=\"tw-data-text tw-text-large tw-ta\" dir=\"ltr\" data-placeholder=\"Traduction\"><span lang=\"de\" tabindex=\"0\">Die reiche Flora ist beachtlich, da sie ein Drittel der franz\u00f6sischen Flora ausmacht! W\u00e4hrend Ihres Spaziergangs oder Ihrer Wanderung im Verdon k\u00f6nnen Sie auch die Vielfalt der Tierarten bewundern: den G\u00e4nsegeier, die Bustard Canepeti\u00e8re, die Eidechse mit Augen (die gr\u00f6\u00dfte in Europa) und viele andere wild lebende Arten. Bring das Fernglas mit!<\/span><\/p>\n<p>&nbsp;<\/p>\n<h2 id=\"tw-target-text\" class=\"tw-data-text tw-text-large tw-ta\" dir=\"ltr\" data-placeholder=\"Traduction\"><span lang=\"de\" tabindex=\"0\">Die D\u00f6rfer von Verdon: ein Schatz des provenzalischen Erbes<\/span><\/h2>\n<div align=\"justify\">\n<div id=\"attachment_3807\" style=\"width: 955px\" class=\"wp-caption aligncenter\"><img loading=\"lazy\" decoding=\"async\" aria-describedby=\"caption-attachment-3807\" class=\"wp-image-3807 size-full\" src=\"https:\/\/www.camping-la-verdiere-83.com\/wp-content\/uploads\/2015\/02\/lac-ste-croix-1.jpg\" alt=\"camping lac sainte croix verdo\" width=\"945\" height=\"378\" srcset=\"https:\/\/www.camping-la-verdiere-83.com\/wp-content\/uploads\/2015\/02\/lac-ste-croix-1.jpg 945w, https:\/\/www.camping-la-verdiere-83.com\/wp-content\/uploads\/2015\/02\/lac-ste-croix-1-300x120.jpg 300w, https:\/\/www.camping-la-verdiere-83.com\/wp-content\/uploads\/2015\/02\/lac-ste-croix-1-768x307.jpg 768w\" sizes=\"auto, (max-width: 945px) 100vw, 945px\" \/><p id=\"caption-attachment-3807\" class=\"wp-caption-text\">camping du Verdon<\/p><\/div>\n<div id=\"tw-target-text-container\" class=\"tw-ta-container tw-nfl\">\n<p id=\"tw-target-text\" class=\"tw-data-text tw-text-large tw-ta\" dir=\"ltr\" data-placeholder=\"Traduction\"><span lang=\"de\" tabindex=\"0\">Der Verdon ist auch eine Ansammlung von typischen provenzalischen D\u00f6rfern, die sich mit ihren steilen Gassen, ihren H\u00e4usern und ihren Einwohnern, deren Empfang immer herzlich ist, am H\u00fcgel festhalten. Besuchen Sie die D\u00f6rfer von Verdon von Ihrem Campingplatz aus im Var: Bauduen, Moustiers Sainte Marie, Sillans la Cascade, Gr\u00e9oux les Bains, Esparron du Verdon, Quinson, Sainte Croix, Cotignac, Correns oder Tourtour.<\/span><\/p>\n<\/div>\n<\/div>\n<p id=\"tw-target-text\" class=\"tw-data-text tw-text-large tw-ta\" dir=\"ltr\" data-placeholder=\"Traduction\"><span lang=\"de\" tabindex=\"0\">Jedes Dorf ist einzigartig in seiner Lage, seiner Architektur, seinem Erbe und seiner Geschichte. Jedes Dorf verf\u00fcgt \u00fcber das Know-how seiner Vorfahren in der handwerklichen Herstellung und Verarbeitung regionaler provenzalischer Produkte wie Lavendel, Oliven, Honig. Besuchen Sie den Verdon c ist auch eine gastronomische Entdeckung!<\/span><\/p>\n<h2>Der Verdon und die gr\u00fcne Provence<\/h2>\n<div id=\"attachment_2423\" style=\"width: 310px\" class=\"wp-caption alignright\"><a href=\"https:\/\/www.camping-la-verdiere-83.com\/wp-content\/uploads\/2015\/02\/plateau-de-valensole.jpg\"><img loading=\"lazy\" decoding=\"async\" aria-describedby=\"caption-attachment-2423\" class=\"wp-image-2423 size-medium\" src=\"https:\/\/www.camping-la-verdiere-83.com\/wp-content\/uploads\/2015\/02\/plateau-de-valensole-300x158.jpg\" alt=\"camping verdon plateau de valensole\" width=\"300\" height=\"158\" srcset=\"https:\/\/www.camping-la-verdiere-83.com\/wp-content\/uploads\/2015\/02\/plateau-de-valensole-300x158.jpg 300w, https:\/\/www.camping-la-verdiere-83.com\/wp-content\/uploads\/2015\/02\/plateau-de-valensole-1024x540.jpg 1024w, https:\/\/www.camping-la-verdiere-83.com\/wp-content\/uploads\/2015\/02\/plateau-de-valensole-642x335.jpg 642w, https:\/\/www.camping-la-verdiere-83.com\/wp-content\/uploads\/2015\/02\/plateau-de-valensole.jpg 1100w\" sizes=\"auto, (max-width: 300px) 100vw, 300px\" \/><\/a><p id=\"caption-attachment-2423\" class=\"wp-caption-text\">camping parc r\u00e9gional du verdon &#8211; Valensole<\/p><\/div>\n<div id=\"tw-target-text-container\" class=\"tw-ta-container tw-nfl\">\n<p id=\"tw-target-text\" class=\"tw-data-text tw-text-large tw-ta\" dir=\"ltr\" data-placeholder=\"Traduction\"><span lang=\"de\" tabindex=\"0\">Vom Campingplatz aus entdecken Sie jenseits der Verdonschluchten herrliche Landschaften, die vom charakteristischen Blau des Lavendels gepr\u00e4gt sind, insbesondere auf der Hochebene von Valensole. Es zeichnet sich durch die Ausrichtung von Lavendelplantagen aus, die von Mandel- oder Olivenb\u00e4umen begrenzt werden und das gallor\u00f6mische Erbe darstellen.Diese Landschaften wurden im Laufe der Jahrhunderte von den Traditionen der Provence gepr\u00e4gt, die aus ihrer Handwerkskunst, ihrer Herkunft stammen Landwirtschaft und ihre in der Region verstreuten religi\u00f6sen Denkm\u00e4ler: Tempel, Basiliken &#8230;<\/span><\/p>\n<\/div>\n<div id=\"z6maec\" class=\"tw-ta-container tw-nfl\">\n<p id=\"tw-target-rmn\" class=\"tw-data-placeholder tw-text-small tw-ta\" dir=\"ltr\">\n<\/div>\n<p id=\"tw-target-text\" class=\"tw-data-text tw-text-large tw-ta\" dir=\"ltr\" data-placeholder=\"Traduction\"><span lang=\"de\" tabindex=\"0\">Profitieren Sie von einer au\u00dfergew\u00f6hnlichen Lage, um die Verdonschluchten von Ihrem Campingplatz im Var &#8222;La Verdi\u00e8re&#8220; aus zu erkunden. Reservieren Sie schnell Ihren Stellplatz oder <\/span><a title=\"location emplacement et mobil home verdon\" href=\"https:\/\/www.campingdelaverdiere.com\/location-mobil-home-var\/\">mobileim im\u00a0 Verdon<\/a>.<\/p>\n<p><em>Campingplatz Verdon, Campingplatz im Verdon<\/em><\/p>\n","protected":false},"featured_media":3275,"template":"","class_list":["post-3648","portfolio","type-portfolio","status-publish","has-post-thumbnail","hentry"],"yoast_head":"<!-- This site is optimized with the Yoast SEO plugin v26.8 - https:\/\/yoast.com\/product\/yoast-seo-wordpress\/ -->\n<title>Die Schluchten des Verdon<\/title>\n<meta name=\"robots\" content=\"index, follow, max-snippet:-1, max-image-preview:large, max-video-preview:-1\" \/>\n<link rel=\"canonical\" href=\"https:\/\/www.camping-la-verdiere-83.com\/de\/Tourisme\/die-schluchten-des-verdon\/\" \/>\n<meta property=\"og:locale\" content=\"de_DE\" \/>\n<meta property=\"og:type\" content=\"article\" \/>\n<meta property=\"og:title\" content=\"Die Schluchten des Verdon\" \/>\n<meta property=\"og:description\" content=\"Campinplatz Verdon Campingplatz\u00a0im regionalen Naturpark Verdon &nbsp; Die Gorges du Verdon, einer der sch\u00f6nsten Naturparks Europas. Der regionale Naturpark Verdon in der Region Provence-Alpes-C\u00f4te d&#8217;Azur tr\u00e4gt den Namen des Flusses, der im Laufe der Jahrhunderte diese herrlichen steilen Schluchten geformt hat, die von Wegen durchzogen sind, die einen herrlichen Blick auf das Mittelmeer bieten. Diese [&hellip;]\" \/>\n<meta property=\"og:url\" content=\"https:\/\/www.camping-la-verdiere-83.com\/de\/Tourisme\/die-schluchten-des-verdon\/\" \/>\n<meta property=\"og:site_name\" content=\"La verdi\u00e8re 83\" \/>\n<meta property=\"article:modified_time\" content=\"2020-03-03T18:16:38+00:00\" \/>\n<meta property=\"og:image\" content=\"https:\/\/www.camping-la-verdiere-83.com\/wp-content\/uploads\/2019\/05\/Sej-ADV-Dimanche.jpg\" \/>\n\t<meta property=\"og:image:width\" content=\"800\" \/>\n\t<meta property=\"og:image:height\" content=\"533\" \/>\n\t<meta property=\"og:image:type\" content=\"image\/jpeg\" \/>\n<meta name=\"twitter:label1\" content=\"Gesch\u00e4tzte Lesezeit\" \/>\n\t<meta name=\"twitter:data1\" content=\"3\u00a0Minuten\" \/>\n<script type=\"application\/ld+json\" class=\"yoast-schema-graph\">{\"@context\":\"https:\/\/schema.org\",\"@graph\":[{\"@type\":\"WebPage\",\"@id\":\"https:\/\/www.camping-la-verdiere-83.com\/de\/Tourisme\/die-schluchten-des-verdon\/\",\"url\":\"https:\/\/www.camping-la-verdiere-83.com\/de\/Tourisme\/die-schluchten-des-verdon\/\",\"name\":\"Die Schluchten des Verdon\",\"isPartOf\":{\"@id\":\"https:\/\/www.camping-la-verdiere-83.com\/#website\"},\"primaryImageOfPage\":{\"@id\":\"https:\/\/www.camping-la-verdiere-83.com\/de\/Tourisme\/die-schluchten-des-verdon\/#primaryimage\"},\"image\":{\"@id\":\"https:\/\/www.camping-la-verdiere-83.com\/de\/Tourisme\/die-schluchten-des-verdon\/#primaryimage\"},\"thumbnailUrl\":\"https:\/\/www.camping-la-verdiere-83.com\/wp-content\/uploads\/2019\/05\/Sej-ADV-Dimanche.jpg\",\"datePublished\":\"2019-12-18T11:26:25+00:00\",\"dateModified\":\"2020-03-03T18:16:38+00:00\",\"breadcrumb\":{\"@id\":\"https:\/\/www.camping-la-verdiere-83.com\/de\/Tourisme\/die-schluchten-des-verdon\/#breadcrumb\"},\"inLanguage\":\"de\",\"potentialAction\":[{\"@type\":\"ReadAction\",\"target\":[\"https:\/\/www.camping-la-verdiere-83.com\/de\/Tourisme\/die-schluchten-des-verdon\/\"]}]},{\"@type\":\"ImageObject\",\"inLanguage\":\"de\",\"@id\":\"https:\/\/www.camping-la-verdiere-83.com\/de\/Tourisme\/die-schluchten-des-verdon\/#primaryimage\",\"url\":\"https:\/\/www.camping-la-verdiere-83.com\/wp-content\/uploads\/2019\/05\/Sej-ADV-Dimanche.jpg\",\"contentUrl\":\"https:\/\/www.camping-la-verdiere-83.com\/wp-content\/uploads\/2019\/05\/Sej-ADV-Dimanche.jpg\",\"width\":800,\"height\":533,\"caption\":\"canyon verdon\"},{\"@type\":\"BreadcrumbList\",\"@id\":\"https:\/\/www.camping-la-verdiere-83.com\/de\/Tourisme\/die-schluchten-des-verdon\/#breadcrumb\",\"itemListElement\":[{\"@type\":\"ListItem\",\"position\":1,\"name\":\"Accueil\",\"item\":\"https:\/\/www.camping-la-verdiere-83.com\/de\/\"},{\"@type\":\"ListItem\",\"position\":2,\"name\":\"Pages\",\"item\":\"https:\/\/www.camping-la-verdiere-83.com\/en\/Tourisme\/\"},{\"@type\":\"ListItem\",\"position\":3,\"name\":\"Die Schluchten des Verdon\"}]},{\"@type\":\"WebSite\",\"@id\":\"https:\/\/www.camping-la-verdiere-83.com\/#website\",\"url\":\"https:\/\/www.camping-la-verdiere-83.com\/\",\"name\":\"La verdi\u00e8re 83\",\"description\":\"camping verdon\",\"potentialAction\":[{\"@type\":\"SearchAction\",\"target\":{\"@type\":\"EntryPoint\",\"urlTemplate\":\"https:\/\/www.camping-la-verdiere-83.com\/?s={search_term_string}\"},\"query-input\":{\"@type\":\"PropertyValueSpecification\",\"valueRequired\":true,\"valueName\":\"search_term_string\"}}],\"inLanguage\":\"de\"}]}<\/script>\n<!-- \/ Yoast SEO plugin. -->","yoast_head_json":{"title":"Die Schluchten des Verdon","robots":{"index":"index","follow":"follow","max-snippet":"max-snippet:-1","max-image-preview":"max-image-preview:large","max-video-preview":"max-video-preview:-1"},"canonical":"https:\/\/www.camping-la-verdiere-83.com\/de\/Tourisme\/die-schluchten-des-verdon\/","og_locale":"de_DE","og_type":"article","og_title":"Die Schluchten des Verdon","og_description":"Campinplatz Verdon Campingplatz\u00a0im regionalen Naturpark Verdon &nbsp; Die Gorges du Verdon, einer der sch\u00f6nsten Naturparks Europas. Der regionale Naturpark Verdon in der Region Provence-Alpes-C\u00f4te d&#8217;Azur tr\u00e4gt den Namen des Flusses, der im Laufe der Jahrhunderte diese herrlichen steilen Schluchten geformt hat, die von Wegen durchzogen sind, die einen herrlichen Blick auf das Mittelmeer bieten. Diese [&hellip;]","og_url":"https:\/\/www.camping-la-verdiere-83.com\/de\/Tourisme\/die-schluchten-des-verdon\/","og_site_name":"La verdi\u00e8re 83","article_modified_time":"2020-03-03T18:16:38+00:00","og_image":[{"width":800,"height":533,"url":"https:\/\/www.camping-la-verdiere-83.com\/wp-content\/uploads\/2019\/05\/Sej-ADV-Dimanche.jpg","type":"image\/jpeg"}],"twitter_misc":{"Gesch\u00e4tzte Lesezeit":"3\u00a0Minuten"},"schema":{"@context":"https:\/\/schema.org","@graph":[{"@type":"WebPage","@id":"https:\/\/www.camping-la-verdiere-83.com\/de\/Tourisme\/die-schluchten-des-verdon\/","url":"https:\/\/www.camping-la-verdiere-83.com\/de\/Tourisme\/die-schluchten-des-verdon\/","name":"Die Schluchten des Verdon","isPartOf":{"@id":"https:\/\/www.camping-la-verdiere-83.com\/#website"},"primaryImageOfPage":{"@id":"https:\/\/www.camping-la-verdiere-83.com\/de\/Tourisme\/die-schluchten-des-verdon\/#primaryimage"},"image":{"@id":"https:\/\/www.camping-la-verdiere-83.com\/de\/Tourisme\/die-schluchten-des-verdon\/#primaryimage"},"thumbnailUrl":"https:\/\/www.camping-la-verdiere-83.com\/wp-content\/uploads\/2019\/05\/Sej-ADV-Dimanche.jpg","datePublished":"2019-12-18T11:26:25+00:00","dateModified":"2020-03-03T18:16:38+00:00","breadcrumb":{"@id":"https:\/\/www.camping-la-verdiere-83.com\/de\/Tourisme\/die-schluchten-des-verdon\/#breadcrumb"},"inLanguage":"de","potentialAction":[{"@type":"ReadAction","target":["https:\/\/www.camping-la-verdiere-83.com\/de\/Tourisme\/die-schluchten-des-verdon\/"]}]},{"@type":"ImageObject","inLanguage":"de","@id":"https:\/\/www.camping-la-verdiere-83.com\/de\/Tourisme\/die-schluchten-des-verdon\/#primaryimage","url":"https:\/\/www.camping-la-verdiere-83.com\/wp-content\/uploads\/2019\/05\/Sej-ADV-Dimanche.jpg","contentUrl":"https:\/\/www.camping-la-verdiere-83.com\/wp-content\/uploads\/2019\/05\/Sej-ADV-Dimanche.jpg","width":800,"height":533,"caption":"canyon verdon"},{"@type":"BreadcrumbList","@id":"https:\/\/www.camping-la-verdiere-83.com\/de\/Tourisme\/die-schluchten-des-verdon\/#breadcrumb","itemListElement":[{"@type":"ListItem","position":1,"name":"Accueil","item":"https:\/\/www.camping-la-verdiere-83.com\/de\/"},{"@type":"ListItem","position":2,"name":"Pages","item":"https:\/\/www.camping-la-verdiere-83.com\/en\/Tourisme\/"},{"@type":"ListItem","position":3,"name":"Die Schluchten des Verdon"}]},{"@type":"WebSite","@id":"https:\/\/www.camping-la-verdiere-83.com\/#website","url":"https:\/\/www.camping-la-verdiere-83.com\/","name":"La verdi\u00e8re 83","description":"camping verdon","potentialAction":[{"@type":"SearchAction","target":{"@type":"EntryPoint","urlTemplate":"https:\/\/www.camping-la-verdiere-83.com\/?s={search_term_string}"},"query-input":{"@type":"PropertyValueSpecification","valueRequired":true,"valueName":"search_term_string"}}],"inLanguage":"de"}]}},"_links":{"self":[{"href":"https:\/\/www.camping-la-verdiere-83.com\/de\/wp-json\/wp\/v2\/portfolio\/3648","targetHints":{"allow":["GET"]}}],"collection":[{"href":"https:\/\/www.camping-la-verdiere-83.com\/de\/wp-json\/wp\/v2\/portfolio"}],"about":[{"href":"https:\/\/www.camping-la-verdiere-83.com\/de\/wp-json\/wp\/v2\/types\/portfolio"}],"wp:featuredmedia":[{"embeddable":true,"href":"https:\/\/www.camping-la-verdiere-83.com\/de\/wp-json\/wp\/v2\/media\/3275"}],"wp:attachment":[{"href":"https:\/\/www.camping-la-verdiere-83.com\/de\/wp-json\/wp\/v2\/media?parent=3648"}],"curies":[{"name":"wp","href":"https:\/\/api.w.org\/{rel}","templated":true}]}}