{"id":3207,"date":"2015-01-31T16:09:11","date_gmt":"2015-01-31T15:09:11","guid":{"rendered":"https:\/\/www.camping-la-verdiere-83.com\/Locations\/emplacements\/"},"modified":"2022-05-01T11:32:49","modified_gmt":"2022-05-01T09:32:49","slug":"emplacements","status":"publish","type":"room","link":"https:\/\/www.camping-la-verdiere-83.com\/de\/locations\/emplacements\/","title":{"rendered":"Lage"},"content":{"rendered":"\n<p><strong>Ihr Standort in der N\u00e4he der Verdon-Schlucht<\/strong><\/p>\n\n\n\n<p>Ein Campingplatz am Fu\u00dfe &#8222;&#8220;<span style=\"color: #0000ff;\">der Gorges du Verdon<\/span> &#8222;&#8220;&nbsp; f\u00fcr Ihr Zelt, Wohnwagen oder Wohnmobil. Um die Ruhe zu genie\u00dfen, sind unsere Standorte weit weg von Stra\u00dfe und L\u00e4rm. Erleben Sie einen &#8222;coolen&#8220; Urlaub auf dem Campingplatz La Verdi\u00e8re.<\/p>\n\n\n\n<p>Wenn Sie ein Wanderer sind, profitieren Sie von einem Vorzugspreis.<\/p>\n\n\n\n<p><\/p>\n\n\n<script type=\"text\/javascript\">jQuery(function() { _initLayerSlider( '#layerslider_12_1aky36mnu7a7s', {sliderVersion: '6.11.1', responsiveUnder: 0, allowFullscreen: true, slideBGSize: 'auto', hideUnder: 0, hideOver: 100000, pauseOnHover: 1, twoWaySlideshow: true, skin: 'fullwidth', sliderFadeInDuration: 350, globalBGColor: 'transparent', showCircleTimer: false, useSrcset: true, skinsPath: 'https:\/\/www.camping-la-verdiere-83.com\/wp-content\/plugins\/LayerSlider\/assets\/static\/layerslider\/skins\/', performanceMode: true}); });<\/script><div id=\"layerslider_12_1aky36mnu7a7s\" data-ls-slug=\"empl\" class=\"ls-wp-container fitvidsignore ls-selectable\" style=\"width:800px;height:533px;margin:0 auto;margin-bottom: 0px;\"><div class=\"ls-slide\" data-ls=\"bgsize:cover;\"><img loading=\"lazy\" decoding=\"async\" width=\"727\" height=\"409\" src=\"https:\/\/www.camping-la-verdiere-83.com\/wp-content\/uploads\/2020\/05\/emplacement-camping-gorges-verdon.jpg\" class=\"ls-bg\" alt=\"emplacement de camping gorges du Verdon\" srcset=\"https:\/\/www.camping-la-verdiere-83.com\/wp-content\/uploads\/2020\/05\/emplacement-camping-gorges-verdon.jpg 727w, https:\/\/www.camping-la-verdiere-83.com\/wp-content\/uploads\/2020\/05\/emplacement-camping-gorges-verdon-300x169.jpg 300w\" sizes=\"auto, (max-width: 727px) 100vw, 727px\" \/><\/div><div class=\"ls-slide\" data-ls=\"bgsize:cover;\"><img loading=\"lazy\" decoding=\"async\" width=\"800\" height=\"450\" src=\"https:\/\/www.camping-la-verdiere-83.com\/wp-content\/uploads\/2020\/05\/camping-lacs-verdon.jpg\" class=\"ls-bg\" alt=\"camping aux lacs du Verdon\" srcset=\"https:\/\/www.camping-la-verdiere-83.com\/wp-content\/uploads\/2020\/05\/camping-lacs-verdon.jpg 800w, https:\/\/www.camping-la-verdiere-83.com\/wp-content\/uploads\/2020\/05\/camping-lacs-verdon-300x169.jpg 300w, https:\/\/www.camping-la-verdiere-83.com\/wp-content\/uploads\/2020\/05\/camping-lacs-verdon-768x432.jpg 768w\" sizes=\"auto, (max-width: 800px) 100vw, 800px\" \/><\/div><div class=\"ls-slide\" data-ls=\"duration:4000;transition2d:1;\"><img loading=\"lazy\" decoding=\"async\" width=\"800\" height=\"533\" src=\"https:\/\/www.camping-la-verdiere-83.com\/wp-content\/uploads\/2017\/03\/emplacement-camping-verdon1.jpg\" class=\"ls-bg\" alt=\"\" srcset=\"https:\/\/www.camping-la-verdiere-83.com\/wp-content\/uploads\/2017\/03\/emplacement-camping-verdon1.jpg 800w, https:\/\/www.camping-la-verdiere-83.com\/wp-content\/uploads\/2017\/03\/emplacement-camping-verdon1-300x200.jpg 300w\" sizes=\"auto, (max-width: 800px) 100vw, 800px\" \/><div style=\"top:31px;left:141px;\" class=\"ls-l ls-html-layer\" data-ls=\"offsetxin:right;durationin:1500;fadein:false;scalexin:1.0;scaleyin:1.0;offsetxout:right;durationout:1500;fadeout:false;scalexout:1.0;scaleyout:1.0;parallaxlevel:0;\"><\/div><\/div><div class=\"ls-slide\" data-ls=\"duration:4000;transition2d:1;\"><img loading=\"lazy\" decoding=\"async\" width=\"800\" height=\"533\" src=\"https:\/\/www.camping-la-verdiere-83.com\/wp-content\/uploads\/2017\/03\/camping-car-verdon1.jpg\" class=\"ls-bg\" alt=\"\" srcset=\"https:\/\/www.camping-la-verdiere-83.com\/wp-content\/uploads\/2017\/03\/camping-car-verdon1.jpg 800w, https:\/\/www.camping-la-verdiere-83.com\/wp-content\/uploads\/2017\/03\/camping-car-verdon1-300x200.jpg 300w\" sizes=\"auto, (max-width: 800px) 100vw, 800px\" \/><\/div><div class=\"ls-slide\" data-ls=\"bgsize:cover;\"><img loading=\"lazy\" decoding=\"async\" width=\"800\" height=\"450\" src=\"https:\/\/www.camping-la-verdiere-83.com\/wp-content\/uploads\/2020\/05\/location-emplacement-verdon.jpg\" class=\"ls-bg\" alt=\"location d&#039;emplacements dans le verdon\" srcset=\"https:\/\/www.camping-la-verdiere-83.com\/wp-content\/uploads\/2020\/05\/location-emplacement-verdon.jpg 800w, https:\/\/www.camping-la-verdiere-83.com\/wp-content\/uploads\/2020\/05\/location-emplacement-verdon-300x169.jpg 300w, https:\/\/www.camping-la-verdiere-83.com\/wp-content\/uploads\/2020\/05\/location-emplacement-verdon-768x432.jpg 768w\" sizes=\"auto, (max-width: 800px) 100vw, 800px\" \/><\/div><div class=\"ls-slide\" data-ls=\"duration:4000;transition2d:1;\"><img loading=\"lazy\" decoding=\"async\" width=\"800\" height=\"533\" src=\"https:\/\/www.camping-la-verdiere-83.com\/wp-content\/uploads\/2017\/03\/camping-gorges-verdon1.jpg\" class=\"ls-bg\" alt=\"emplacement de camping pas cher camping var\" srcset=\"https:\/\/www.camping-la-verdiere-83.com\/wp-content\/uploads\/2017\/03\/camping-gorges-verdon1.jpg 800w, https:\/\/www.camping-la-verdiere-83.com\/wp-content\/uploads\/2017\/03\/camping-gorges-verdon1-300x200.jpg 300w\" sizes=\"auto, (max-width: 800px) 100vw, 800px\" \/><\/div><div class=\"ls-slide\" data-ls=\"bgsize:cover;\"><img loading=\"lazy\" decoding=\"async\" width=\"730\" height=\"548\" src=\"https:\/\/www.camping-la-verdiere-83.com\/wp-content\/uploads\/2020\/05\/halte-camping-car-verdon.jpg\" class=\"ls-bg\" alt=\"emplacement pour camping-car dans les gorges du verdon\" srcset=\"https:\/\/www.camping-la-verdiere-83.com\/wp-content\/uploads\/2020\/05\/halte-camping-car-verdon.jpg 730w, https:\/\/www.camping-la-verdiere-83.com\/wp-content\/uploads\/2020\/05\/halte-camping-car-verdon-300x225.jpg 300w\" sizes=\"auto, (max-width: 730px) 100vw, 730px\" \/><\/div><\/div>\n\n\n\n<p class=\"has-text-align-center\">\t<a class=\"btn btn-shortcode btn-large btn-pink\" href=\"https:\/\/bookingpremium.secureholiday.net\/de\/14324\/search\/?&#038;productType=pitch\">\n\t\tRESERVIERUNG\t<\/a>\n\t\t<a class=\"btn btn-shortcode btn-large btn-green\" href=\"\/wp-content\/uploads\/Tarifs-campingverdiereDE.pdf\">\n\t\tALLE PREISE\t<\/a>\n\t<\/p>\n\n\n\n<p>Nehmen Sie sich Zeit, um mitten in der Natur und in v\u00f6lliger Freiheit zu leben, dank der ausreichend gro\u00dfen und angelegten Stellpl\u00e4tze. Mit Wohnwagen, Wohnmobil oder Zelt sind Sie mit der gesamten Ausr\u00fcstung des Campingplatzes La Verdi\u00e8re zu Hause. Der gro\u00dfe Gemeinschaftsgrill zum Grillen in aller Gem\u00fctlichkeit, der Boule-Platz f\u00fcr Petanque-Partys mit der Familie, unter Freunden oder anderen Campern, der Spielplatz f\u00fcr die Kinder, das Ping Pong, der Tischfu\u00dfball &#8230; Jung und Alt werden es genie\u00dfen!<\/p>\n\n\n\n<p>An- und Abreise sind t\u00e4glich m\u00f6glich.<\/p>\n\n\n\n<p>1 einzelnes Haustier bei einem Lage (Preise sihe Preisliste). geimpft &#8211; einschliesslich Tollwuimpfstoff &#8211; Imfass obligatorisch- An des Leine f\u00fchren und systematisch Mist sammln OBLIGATORISCH &#8211; Hunde kategorien 1 und 2 verboten &#8211; Preise siehe aktuelle Preisliste.<\/p>\n\n\n\n<h2 class=\"wp-block-heading\">DISPONIBILIT\u00c9 &#8211; R\u00c9SERVATION&nbsp; VERF\u00dcGBARKEIT &#8211; BUCHUNG<\/h2>\n\n\n\n<p><span style=\"color: #ff0000;\">LAGE 2 Personen + STROM<\/span><\/p>\n\n\n<p><ctv-product data-product-id=\"72651\" data-full=\"true\"><\/ctv-product><\/p>\n\n\n\n<p><span style=\"color: #ff0000;\">Pauschale WANDERER \/ RADFAHRER 1-2 PERSONEN OHNE AUTO<\/span><br><\/p>\n\n\n<p><ctv-product data-product-id=\"72825\" data-full=\"true\"><\/ctv-product><\/p>\n\n\n\n<p>In der Saison ist die Ankunft ab 12:00 Uhr und die Abreise vor 12:00 Uhr<\/p>\n\n\n\n<p>Stellpl\u00e4tze im Camping La Verdi\u00e8re<\/p>\n\n\n\n<p>Ger\u00e4umige Lage mit 10A Strom an dreiphasigen Terminals &#8211; europ\u00e4ischer Standard<\/p>\n\n\n\n<p>Der Preis pro Nacht beinhaltet 1 bis 2 Personen je nach Paket, wobei der Stromverbrauch in der Hochsaison immer enthalten ist, 1 Auto und 1 Zelt, 1 Wohnmobil oder 1 Wohnwagen.<\/p>\n\n\n\n<p>I<strong>hr Stellplatz auf einem Campingplatz mit Zugang zum \u00fcberwachten Pool.<\/strong><\/p>\n\n\n\n<p>W\u00e4hrend Ihres Aufenthaltes auf dem Campingplatz haben Sie ab einem Aufenthalt von 7 N\u00e4chten oder mehr freien Zugang zum st\u00e4dtischen Schwimmbad neben dem Campingplatz. Sie gehen direkt vom Campingplatz zum Pool. F\u00fcr Kurzaufenthalte zahlen Sie nur f\u00fcr den Zugang, wenn Sie den Service nutzen, und das zu einem sehr g\u00fcnstigen Preis (kostenlos f\u00fcr -6, 1 \u20ac \/ Tag -13 Jahre, 2 \u20ac \/ Tag ab 13 Jahren). Plus: Der Pool wird von einem staatlich ausgebildeten Rettungsschwimmer an allen Er\u00f6ffnungszeiten \u00fcberwacht. W\u00e4hrend der Saison kann er Ihren Kindern auch Schwimmunterricht anbieten! (gegen Geb\u00fchr)<\/p>\n\n\n\n<h2 class=\"wp-block-heading\">Qualit\u00e9 des sanitaires.<\/h2>\n\n\n\n<div class=\"wp-block-image\"><figure class=\"alignright\"><a href=\"https:\/\/www.camping-la-verdiere-83.com\/wp-content\/uploads\/2015\/01\/DSCF4217.jpg\"><img loading=\"lazy\" decoding=\"async\" width=\"375\" height=\"500\" src=\"https:\/\/www.camping-la-verdiere-83.com\/wp-content\/uploads\/2015\/01\/DSCF4217.jpg\" alt=\"emplacement camping verdon\" class=\"wp-image-2405\" srcset=\"https:\/\/www.camping-la-verdiere-83.com\/wp-content\/uploads\/2015\/01\/DSCF4217.jpg 375w, https:\/\/www.camping-la-verdiere-83.com\/wp-content\/uploads\/2015\/01\/DSCF4217-225x300.jpg 225w\" sizes=\"auto, (max-width: 375px) 100vw, 375px\" \/><\/a><\/figure><\/div>\n\n\n\n<p>Qualit\u00e4t des Sanit\u00e4rbereichs<\/p>\n\n\n\n<p>Sauber und ordentlich! Die Toiletten werden mehrmals t\u00e4glich gereinigt. Um sich zu entspannen oder aufzuwachen, ist nichts besser als eine gute hei\u00dfe Dusche in unserem komfortabel ausgestatteten Duschbereich f\u00fcr drau\u00dfen.<\/p>\n\n\n\n<p>Sobald die Daten f\u00fcr Ihren Urlaub geplant sind, buchen Sie:<\/p>\n\n\n\n<p>Rufen Sie den Campingplatz La Verdi\u00e8re direkt unter<strong> 0033 4 94 78 30 60<\/strong> an.<\/p>\n\n\n\n<p><strong>Klare Preise<\/strong><\/p>\n\n\n\n<p>Unsere Tarife sind einfach, klar dargestellt und harmonisiert. Sie werden feststellen, dass wir dieselbe Sprache sprechen, in der Sie mit Vertrauen vergleichen und ausw\u00e4hlen k\u00f6nnen.<\/p>\n\n\n\n<p>Machen Sie Ihr Angebot und buchen Sie mit wenigen Klicks online!<\/p>\n\n\n\n<p><em>Campingplatz gorges du verdon tente, ein Campingplatz gorges du Verdon finden<br><\/em><\/p>\n","protected":false},"template":"","meta":[],"room_cat":[92,90],"class_list":["post-3207","room","type-room","status-publish","has-post-thumbnail","hentry","room_cat-emplacement-de","room_cat-rooms-de"],"yoast_head":"<!-- This site is optimized with the Yoast SEO plugin v26.8 - https:\/\/yoast.com\/product\/yoast-seo-wordpress\/ -->\n<title>Emplacement tente verdon - caravane | camping de la Verdiere 83<\/title>\n<meta name=\"description\" content=\"R\u00e9servez votre emplacement dans le Verdon, \u00e0 l&#039;entr\u00e9 des gorges, dans un beau camping familial et pas cher. Tennis et piscine, conseils de visite, R\u00e9servez!\" \/>\n<meta name=\"robots\" content=\"index, follow, max-snippet:-1, max-image-preview:large, max-video-preview:-1\" \/>\n<link rel=\"canonical\" href=\"https:\/\/www.camping-la-verdiere-83.com\/de\/locations\/emplacements\/\" \/>\n<meta property=\"og:locale\" content=\"de_DE\" \/>\n<meta property=\"og:type\" content=\"article\" \/>\n<meta property=\"og:title\" content=\"Emplacement tente verdon - caravane | camping de la Verdiere 83\" \/>\n<meta property=\"og:description\" content=\"R\u00e9servez votre emplacement dans le Verdon, \u00e0 l&#039;entr\u00e9 des gorges, dans un beau camping familial et pas cher. Tennis et piscine, conseils de visite, R\u00e9servez!\" \/>\n<meta property=\"og:url\" content=\"https:\/\/www.camping-la-verdiere-83.com\/de\/locations\/emplacements\/\" \/>\n<meta property=\"og:site_name\" content=\"La verdi\u00e8re 83\" \/>\n<meta property=\"article:modified_time\" content=\"2022-05-01T09:32:49+00:00\" \/>\n<meta property=\"og:image\" content=\"https:\/\/www.camping-la-verdiere-83.com\/wp-content\/uploads\/2015\/02\/emplacement-principal.jpg\" \/>\n\t<meta property=\"og:image:width\" content=\"500\" \/>\n\t<meta property=\"og:image:height\" content=\"388\" \/>\n\t<meta property=\"og:image:type\" content=\"image\/jpeg\" \/>\n<meta name=\"twitter:label1\" content=\"Gesch\u00e4tzte Lesezeit\" \/>\n\t<meta name=\"twitter:data1\" content=\"3\u00a0Minuten\" \/>\n<script type=\"application\/ld+json\" class=\"yoast-schema-graph\">{\"@context\":\"https:\/\/schema.org\",\"@graph\":[{\"@type\":\"WebPage\",\"@id\":\"https:\/\/www.camping-la-verdiere-83.com\/de\/locations\/emplacements\/\",\"url\":\"https:\/\/www.camping-la-verdiere-83.com\/de\/locations\/emplacements\/\",\"name\":\"Emplacement tente verdon - caravane | camping de la Verdiere 83\",\"isPartOf\":{\"@id\":\"https:\/\/www.camping-la-verdiere-83.com\/#website\"},\"primaryImageOfPage\":{\"@id\":\"https:\/\/www.camping-la-verdiere-83.com\/de\/locations\/emplacements\/#primaryimage\"},\"image\":{\"@id\":\"https:\/\/www.camping-la-verdiere-83.com\/de\/locations\/emplacements\/#primaryimage\"},\"thumbnailUrl\":\"https:\/\/www.camping-la-verdiere-83.com\/wp-content\/uploads\/2015\/02\/emplacement-principal.jpg\",\"datePublished\":\"2015-01-31T15:09:11+00:00\",\"dateModified\":\"2022-05-01T09:32:49+00:00\",\"description\":\"R\u00e9servez votre emplacement dans le Verdon, \u00e0 l'entr\u00e9 des gorges, dans un beau camping familial et pas cher. Tennis et piscine, conseils de visite, R\u00e9servez!\",\"breadcrumb\":{\"@id\":\"https:\/\/www.camping-la-verdiere-83.com\/de\/locations\/emplacements\/#breadcrumb\"},\"inLanguage\":\"de\",\"potentialAction\":[{\"@type\":\"ReadAction\",\"target\":[\"https:\/\/www.camping-la-verdiere-83.com\/de\/locations\/emplacements\/\"]}]},{\"@type\":\"ImageObject\",\"inLanguage\":\"de\",\"@id\":\"https:\/\/www.camping-la-verdiere-83.com\/de\/locations\/emplacements\/#primaryimage\",\"url\":\"https:\/\/www.camping-la-verdiere-83.com\/wp-content\/uploads\/2015\/02\/emplacement-principal.jpg\",\"contentUrl\":\"https:\/\/www.camping-la-verdiere-83.com\/wp-content\/uploads\/2015\/02\/emplacement-principal.jpg\",\"width\":500,\"height\":388},{\"@type\":\"BreadcrumbList\",\"@id\":\"https:\/\/www.camping-la-verdiere-83.com\/de\/locations\/emplacements\/#breadcrumb\",\"itemListElement\":[{\"@type\":\"ListItem\",\"position\":1,\"name\":\"Accueil\",\"item\":\"https:\/\/www.camping-la-verdiere-83.com\/de\/\"},{\"@type\":\"ListItem\",\"position\":2,\"name\":\"Lage\"}]},{\"@type\":\"WebSite\",\"@id\":\"https:\/\/www.camping-la-verdiere-83.com\/#website\",\"url\":\"https:\/\/www.camping-la-verdiere-83.com\/\",\"name\":\"La verdi\u00e8re 83\",\"description\":\"camping verdon\",\"potentialAction\":[{\"@type\":\"SearchAction\",\"target\":{\"@type\":\"EntryPoint\",\"urlTemplate\":\"https:\/\/www.camping-la-verdiere-83.com\/?s={search_term_string}\"},\"query-input\":{\"@type\":\"PropertyValueSpecification\",\"valueRequired\":true,\"valueName\":\"search_term_string\"}}],\"inLanguage\":\"de\"}]}<\/script>\n<!-- \/ Yoast SEO plugin. -->","yoast_head_json":{"title":"Emplacement tente verdon - caravane | camping de la Verdiere 83","description":"R\u00e9servez votre emplacement dans le Verdon, \u00e0 l'entr\u00e9 des gorges, dans un beau camping familial et pas cher. Tennis et piscine, conseils de visite, R\u00e9servez!","robots":{"index":"index","follow":"follow","max-snippet":"max-snippet:-1","max-image-preview":"max-image-preview:large","max-video-preview":"max-video-preview:-1"},"canonical":"https:\/\/www.camping-la-verdiere-83.com\/de\/locations\/emplacements\/","og_locale":"de_DE","og_type":"article","og_title":"Emplacement tente verdon - caravane | camping de la Verdiere 83","og_description":"R\u00e9servez votre emplacement dans le Verdon, \u00e0 l'entr\u00e9 des gorges, dans un beau camping familial et pas cher. Tennis et piscine, conseils de visite, R\u00e9servez!","og_url":"https:\/\/www.camping-la-verdiere-83.com\/de\/locations\/emplacements\/","og_site_name":"La verdi\u00e8re 83","article_modified_time":"2022-05-01T09:32:49+00:00","og_image":[{"width":500,"height":388,"url":"https:\/\/www.camping-la-verdiere-83.com\/wp-content\/uploads\/2015\/02\/emplacement-principal.jpg","type":"image\/jpeg"}],"twitter_misc":{"Gesch\u00e4tzte Lesezeit":"3\u00a0Minuten"},"schema":{"@context":"https:\/\/schema.org","@graph":[{"@type":"WebPage","@id":"https:\/\/www.camping-la-verdiere-83.com\/de\/locations\/emplacements\/","url":"https:\/\/www.camping-la-verdiere-83.com\/de\/locations\/emplacements\/","name":"Emplacement tente verdon - caravane | camping de la Verdiere 83","isPartOf":{"@id":"https:\/\/www.camping-la-verdiere-83.com\/#website"},"primaryImageOfPage":{"@id":"https:\/\/www.camping-la-verdiere-83.com\/de\/locations\/emplacements\/#primaryimage"},"image":{"@id":"https:\/\/www.camping-la-verdiere-83.com\/de\/locations\/emplacements\/#primaryimage"},"thumbnailUrl":"https:\/\/www.camping-la-verdiere-83.com\/wp-content\/uploads\/2015\/02\/emplacement-principal.jpg","datePublished":"2015-01-31T15:09:11+00:00","dateModified":"2022-05-01T09:32:49+00:00","description":"R\u00e9servez votre emplacement dans le Verdon, \u00e0 l'entr\u00e9 des gorges, dans un beau camping familial et pas cher. Tennis et piscine, conseils de visite, R\u00e9servez!","breadcrumb":{"@id":"https:\/\/www.camping-la-verdiere-83.com\/de\/locations\/emplacements\/#breadcrumb"},"inLanguage":"de","potentialAction":[{"@type":"ReadAction","target":["https:\/\/www.camping-la-verdiere-83.com\/de\/locations\/emplacements\/"]}]},{"@type":"ImageObject","inLanguage":"de","@id":"https:\/\/www.camping-la-verdiere-83.com\/de\/locations\/emplacements\/#primaryimage","url":"https:\/\/www.camping-la-verdiere-83.com\/wp-content\/uploads\/2015\/02\/emplacement-principal.jpg","contentUrl":"https:\/\/www.camping-la-verdiere-83.com\/wp-content\/uploads\/2015\/02\/emplacement-principal.jpg","width":500,"height":388},{"@type":"BreadcrumbList","@id":"https:\/\/www.camping-la-verdiere-83.com\/de\/locations\/emplacements\/#breadcrumb","itemListElement":[{"@type":"ListItem","position":1,"name":"Accueil","item":"https:\/\/www.camping-la-verdiere-83.com\/de\/"},{"@type":"ListItem","position":2,"name":"Lage"}]},{"@type":"WebSite","@id":"https:\/\/www.camping-la-verdiere-83.com\/#website","url":"https:\/\/www.camping-la-verdiere-83.com\/","name":"La verdi\u00e8re 83","description":"camping verdon","potentialAction":[{"@type":"SearchAction","target":{"@type":"EntryPoint","urlTemplate":"https:\/\/www.camping-la-verdiere-83.com\/?s={search_term_string}"},"query-input":{"@type":"PropertyValueSpecification","valueRequired":true,"valueName":"search_term_string"}}],"inLanguage":"de"}]}},"_links":{"self":[{"href":"https:\/\/www.camping-la-verdiere-83.com\/de\/wp-json\/wp\/v2\/room\/3207","targetHints":{"allow":["GET"]}}],"collection":[{"href":"https:\/\/www.camping-la-verdiere-83.com\/de\/wp-json\/wp\/v2\/room"}],"about":[{"href":"https:\/\/www.camping-la-verdiere-83.com\/de\/wp-json\/wp\/v2\/types\/room"}],"wp:featuredmedia":[{"embeddable":true,"href":"https:\/\/www.camping-la-verdiere-83.com\/de\/wp-json\/wp\/v2\/media\/3209"}],"wp:attachment":[{"href":"https:\/\/www.camping-la-verdiere-83.com\/de\/wp-json\/wp\/v2\/media?parent=3207"}],"wp:term":[{"taxonomy":"room_cat","embeddable":true,"href":"https:\/\/www.camping-la-verdiere-83.com\/de\/wp-json\/wp\/v2\/room_cat?post=3207"}],"curies":[{"name":"wp","href":"https:\/\/api.w.org\/{rel}","templated":true}]}}