{"id":3214,"date":"2015-01-31T16:07:33","date_gmt":"2015-01-31T15:07:33","guid":{"rendered":"https:\/\/www.camping-la-verdiere-83.com\/Locations\/mobil-home-2-chambres-var\/"},"modified":"2022-05-01T11:33:37","modified_gmt":"2022-05-01T09:33:37","slug":"mobil-home-2-chambres-var","status":"publish","type":"room","link":"https:\/\/www.camping-la-verdiere-83.com\/de\/locations\/mobil-home-2-chambres-var\/","title":{"rendered":"Mobilheim 2 zimmer premium"},"content":{"rendered":"\n<p>MOBILHEIM 2 ZIMMER PREMIUM<\/p>\n\n\n\n<p><span style=\"color: #008000;\"><strong>Mobilheim Vermietung 2 Schlafzimmer Premium<\/strong><\/span><\/p>\n\n\n\n<p><strong>Mobilheim 4 Personen mit TV + REVERSIBLE KLIMAANLAGE<\/strong><\/p>\n\n\n\n<p>Sehr komfortable Unterkunft auf dem Campingplatz La Verdi\u00e8re f\u00fcr einen ruhigen Urlaub im Var. Entdecken Sie unser Angebot an Mobilheimen nach Ihren W\u00fcnschen und Ihrem Budget. Sie profitieren vom besten Preis-Leistungs-Verh\u00e4ltnis in der Region f\u00fcr eine moderne Unterbringung und in einer 100% nat\u00fcrlichen Umgebung f\u00fcr die ganze Familie am Eingang der Gorges du Verdon.<\/p>\n\n\n\n<p>Die Klimaanlage in dieser Art von Mobilheim bietet Ihnen zus\u00e4tzlichen Komfort im Sommer und in der Nebensaison.<\/p>\n\n\n<script type=\"text\/javascript\">jQuery(function() { _initLayerSlider( '#layerslider_10_1p3mrovr5oa21', {sliderVersion: '6.11.4', responsiveUnder: 0, allowFullscreen: true, slideBGSize: 'auto', hideUnder: 0, hideOver: 100000, pauseOnHover: 1, twoWaySlideshow: true, skin: 'fullwidth', sliderFadeInDuration: 350, globalBGColor: 'transparent', showCircleTimer: false, useSrcset: true, skinsPath: 'https:\/\/www.camping-la-verdiere-83.com\/wp-content\/plugins\/LayerSlider\/assets\/static\/layerslider\/skins\/', performanceMode: true}); });<\/script><div id=\"layerslider_10_1p3mrovr5oa21\" data-ls-slug=\"IRM2CH\" class=\"ls-wp-container fitvidsignore ls-selectable\" style=\"width:642px;height:375px;margin:0 auto;margin-bottom: 0px;\"><div class=\"ls-slide\" data-ls=\"duration:4000;\"><img loading=\"lazy\" decoding=\"async\" width=\"642\" height=\"374\" src=\"https:\/\/www.camping-la-verdiere-83.com\/wp-content\/uploads\/2016\/04\/location-mobil-home-verdon-04.jpg\" class=\"ls-bg\" alt=\"\" srcset=\"https:\/\/www.camping-la-verdiere-83.com\/wp-content\/uploads\/2016\/04\/location-mobil-home-verdon-04.jpg 642w, https:\/\/www.camping-la-verdiere-83.com\/wp-content\/uploads\/2016\/04\/location-mobil-home-verdon-04-300x175.jpg 300w\" sizes=\"auto, (max-width: 642px) 100vw, 642px\" \/><\/div><div class=\"ls-slide\" data-ls=\"bgsize:cover;\"><img loading=\"lazy\" decoding=\"async\" width=\"1200\" height=\"900\" src=\"https:\/\/www.camping-la-verdiere-83.com\/wp-content\/uploads\/2022\/03\/mobil-home-5-personnes-provence.jpg\" class=\"ls-bg\" alt=\"mobil home 5 personnes var verdon\" srcset=\"https:\/\/www.camping-la-verdiere-83.com\/wp-content\/uploads\/2022\/03\/mobil-home-5-personnes-provence.jpg 1200w, https:\/\/www.camping-la-verdiere-83.com\/wp-content\/uploads\/2022\/03\/mobil-home-5-personnes-provence-300x225.jpg 300w, https:\/\/www.camping-la-verdiere-83.com\/wp-content\/uploads\/2022\/03\/mobil-home-5-personnes-provence-1024x768.jpg 1024w, https:\/\/www.camping-la-verdiere-83.com\/wp-content\/uploads\/2022\/03\/mobil-home-5-personnes-provence-768x576.jpg 768w\" sizes=\"auto, (max-width: 1200px) 100vw, 1200px\" \/><\/div><div class=\"ls-slide\" data-ls=\"duration:4000;transition2d:1;\"><img loading=\"lazy\" decoding=\"async\" width=\"535\" height=\"357\" src=\"https:\/\/www.camping-la-verdiere-83.com\/wp-content\/uploads\/2016\/04\/Piece-de-vie-Premium-1.jpg\" class=\"ls-bg\" alt=\"location mobil home esparron verdon\" srcset=\"https:\/\/www.camping-la-verdiere-83.com\/wp-content\/uploads\/2016\/04\/Piece-de-vie-Premium-1.jpg 535w, https:\/\/www.camping-la-verdiere-83.com\/wp-content\/uploads\/2016\/04\/Piece-de-vie-Premium-1-300x200.jpg 300w\" sizes=\"auto, (max-width: 535px) 100vw, 535px\" \/><\/div><div class=\"ls-slide\" data-ls=\"duration:4000;transition2d:1;\"><img loading=\"lazy\" decoding=\"async\" width=\"500\" height=\"284\" src=\"https:\/\/www.camping-la-verdiere-83.com\/wp-content\/uploads\/2015\/02\/Santa-fe-2ch.png\" class=\"ls-bg\" alt=\"location camping gorges du verdon\" srcset=\"https:\/\/www.camping-la-verdiere-83.com\/wp-content\/uploads\/2015\/02\/Santa-fe-2ch.png 500w, https:\/\/www.camping-la-verdiere-83.com\/wp-content\/uploads\/2015\/02\/Santa-fe-2ch-300x170.png 300w\" sizes=\"auto, (max-width: 500px) 100vw, 500px\" \/><\/div><div class=\"ls-slide\" data-ls=\"bgsize:cover;\"><img loading=\"lazy\" decoding=\"async\" width=\"826\" height=\"485\" src=\"https:\/\/www.camping-la-verdiere-83.com\/wp-content\/uploads\/2022\/03\/location-mobil-home-verdon-4pers.jpeg\" class=\"ls-bg\" alt=\"location gorges du verdon pour 4 personnes\" srcset=\"https:\/\/www.camping-la-verdiere-83.com\/wp-content\/uploads\/2022\/03\/location-mobil-home-verdon-4pers.jpeg 826w, https:\/\/www.camping-la-verdiere-83.com\/wp-content\/uploads\/2022\/03\/location-mobil-home-verdon-4pers-300x176.jpeg 300w, https:\/\/www.camping-la-verdiere-83.com\/wp-content\/uploads\/2022\/03\/location-mobil-home-verdon-4pers-768x451.jpeg 768w\" sizes=\"auto, (max-width: 826px) 100vw, 826px\" \/><\/div><div class=\"ls-slide\" data-ls=\"duration:4000;transition2d:4;\"><img loading=\"lazy\" decoding=\"async\" width=\"535\" height=\"357\" src=\"https:\/\/www.camping-la-verdiere-83.com\/wp-content\/uploads\/2016\/04\/Terrasse-Premium.jpg\" class=\"ls-bg\" alt=\"location mobil home camping verdon\" srcset=\"https:\/\/www.camping-la-verdiere-83.com\/wp-content\/uploads\/2016\/04\/Terrasse-Premium.jpg 535w, https:\/\/www.camping-la-verdiere-83.com\/wp-content\/uploads\/2016\/04\/Terrasse-Premium-300x200.jpg 300w\" sizes=\"auto, (max-width: 535px) 100vw, 535px\" \/><\/div><div class=\"ls-slide\" data-ls=\"duration:4000;transition2d:5;\"><img loading=\"lazy\" decoding=\"async\" width=\"535\" height=\"357\" src=\"https:\/\/www.camping-la-verdiere-83.com\/wp-content\/uploads\/2016\/04\/Piece-de-vie-Premium.jpg\" class=\"ls-bg\" alt=\"location de mobil home verdon\" srcset=\"https:\/\/www.camping-la-verdiere-83.com\/wp-content\/uploads\/2016\/04\/Piece-de-vie-Premium.jpg 535w, https:\/\/www.camping-la-verdiere-83.com\/wp-content\/uploads\/2016\/04\/Piece-de-vie-Premium-300x200.jpg 300w\" sizes=\"auto, (max-width: 535px) 100vw, 535px\" \/><\/div><div class=\"ls-slide\" data-ls=\"duration:4000;transition2d:2;\"><img loading=\"lazy\" decoding=\"async\" width=\"535\" height=\"357\" src=\"https:\/\/www.camping-la-verdiere-83.com\/wp-content\/uploads\/2016\/04\/Cuisine-Pemium.jpg\" class=\"ls-bg\" alt=\"location mobil home gorges du verdon\" srcset=\"https:\/\/www.camping-la-verdiere-83.com\/wp-content\/uploads\/2016\/04\/Cuisine-Pemium.jpg 535w, https:\/\/www.camping-la-verdiere-83.com\/wp-content\/uploads\/2016\/04\/Cuisine-Pemium-300x200.jpg 300w\" sizes=\"auto, (max-width: 535px) 100vw, 535px\" \/><\/div><div class=\"ls-slide\" data-ls=\"duration:4000;transition2d:5;\"><img loading=\"lazy\" decoding=\"async\" width=\"260\" height=\"390\" src=\"https:\/\/www.camping-la-verdiere-83.com\/wp-content\/uploads\/2016\/04\/Chambre-Premium-2.jpg\" class=\"ls-bg\" alt=\"location mobil home au verdon\" srcset=\"https:\/\/www.camping-la-verdiere-83.com\/wp-content\/uploads\/2016\/04\/Chambre-Premium-2.jpg 260w, https:\/\/www.camping-la-verdiere-83.com\/wp-content\/uploads\/2016\/04\/Chambre-Premium-2-200x300.jpg 200w\" sizes=\"auto, (max-width: 260px) 100vw, 260px\" \/><\/div><\/div>\n\n\n<p><ctv-product data-product-id=\"64486\" data-full=\"true\"><\/ctv-product><\/p>\n\n\n\n<p>\t<a class=\"btn btn-shortcode btn-large btn-pink\" href=\"https:\/\/bookingpremium.secureholiday.net\/de\/14324\/Search\/product\/64486\">\n\t\t BUCHUNG \t<\/a>\n\t\t<a class=\"btn btn-shortcode btn-large btn-green\" href=\"https:\/\/www.camping-la-verdiere-83.com\/wp-content\/uploads\/Tarifs-campingverdiereDE.pdf\">\n\t\tALLE PREISE\t<\/a>\n\t<\/p>\n\n\n\n<p><strong>Hinweis: F\u00fcr Last-Minute-Buchungen<\/strong><\/p>\n\n\n\n<p><strong>Vielen Dank, dass Sie uns unter 04 94 78 30 60 anrufen<\/strong><\/p>\n\n\n\n<p><strong>BUCHUNG &#8211; PREMIUM Mobilheim Gorges du Verdon mit 2 Schlafzimmern<\/strong><\/p>\n\n\n\n<p class=\"has-text-align-center\"><strong>Vermietung von Samstag 15.00 Uhr bis Samstag 10.00 Uhr <\/strong><\/p>\n\n\n\n<p class=\"has-text-align-center\"><strong>von Mitte Juli bis Ende August<\/strong><\/p>\n\n\n\n<ul class=\"wp-block-list\"><li>1 einzelnes Haustier bei einem Unterkunft (Weniger als 10Kg &#8211; Preise sihe Preisliste). geimpft &#8211; einschliesslich Tollwuimpfstoff &#8211; Imfass obligatorisch- An des Leine f\u00fchren und systematisch Mist sammln OBLIGATORISCH &#8211; Hunde kategorien 1 und 2 verboten &#8211; Preise siehe aktuelle Preisliste.<\/li><li>Kurtaxe: 0,50 \u20ac pro Nacht und pro Person. Kinder unter 18 Jahren frei.<\/li><li>35% Anzahlung bei Buchung, Restbetrag bei Ankunft<\/li><li>Eine Kaution von 500 \u20ac wird am Abreisetag nach dem Inventar zur\u00fcckerstattet.<\/li><\/ul>\n\n\n\n<h2 class=\"wp-block-heading\">&nbsp;<\/h2>\n\n\n\n<p><strong>Details der Unterkunft f\u00fcr 4 Personen<\/strong><\/p>\n\n\n\n<p><strong>K\u00fcche<\/strong><\/p>\n\n\n\n<ul class=\"wp-block-list\"><li>K\u00fcchenutensilien,<\/li><li>Geschirr<\/li><li>Mikrowelle,<\/li><li>Elektrische Kaffeemaschine<\/li><li>Elektrischer Wasserkocher<\/li><li>Toaster<\/li><li>K\u00fchlschrank mit Gefrierfach<\/li><li>4 Gasbrenner<\/li><\/ul>\n\n\n\n<p><strong>Zimmer<\/strong><\/p>\n\n\n\n<ul class=\"wp-block-list\"><li>1 Doppelbett, 140&#215;200<\/li><li>2 Einzelbetten, 80&#215;200<\/li><li>Bettdecken &#8211; zus\u00e4tzliche Decken auf Anfrage<\/li><li>Kissen und Bettunterlage<\/li><\/ul>\n\n\n\n<p><strong>Badezimmer und Toiletten<\/strong><\/p>\n\n\n\n<ul class=\"wp-block-list\"><li>1 Badezimmer<\/li><li>Separates WC<\/li><\/ul>\n\n\n\n<p>Denken Sie daran, Bettw\u00e4sche, Kissenbez\u00fcge und Handt\u00fccher mitzunehmen.<\/p>\n\n\n\n<p>-&gt; M\u00f6glichkeit, an der Rezeption des Campingplatzes zu mieten <\/p>\n\n\n\n<p>Die Unterkunft ist mit <strong>Klimaanlage und TV<\/strong> ausgestattet.<\/p>\n\n\n\n<p>Au\u00dfen<\/p>\n\n\n\n<ul class=\"wp-block-list\"><li>\u00dcberdachte Holzterrasse oder Sonnenschirm XL<\/li><li>Gartenm\u00f6bel<\/li><li>2 Sonnenliegen mit \u00dcberzug<\/li><\/ul>\n\n\n\n<p>F\u00fcr Ihre Ruhe stehen unsere Mobilheime auf gut abgegrenzten und halbschattigen Komfortpl\u00e4tzen.<\/p>\n\n\n\n<h3 class=\"wp-block-heading\"><span style=\"color: #33cccc;\"><strong>CAMPING MIT POOL<\/strong><\/span><\/h3>\n\n\n\n<p class=\"tw-data-text tw-text-large XcVN5d tw-ta\" id=\"tw-target-text\"><span lang=\"de\">Genie\u00dfen Sie Ihren Urlaub in Ihrem 2 ZIMMER&nbsp; PREMIUM Mobilheim . Sie haben freien und uneingeschr\u00e4nkten Zugang zum CAMPING POOL. <\/span><\/p>\n\n\n\n<p class=\"tw-data-text tw-text-large XcVN5d tw-ta\"><span lang=\"de\">Der Pool ist von April bis Oktober t\u00e4glich von 10 bis 19 Uhr ge\u00f6ffnet. Das Wassergebiet wird nicht \u00fcberwacht, Kinder sind in der Verantwortung ihrer begleitenden Erwachsenen. Poolabmessungen: 7 mx 7 m &#8211; Tiefe: 1,10 m<\/span><\/p>\n\n\n\n<p class=\"tw-data-text tw-text-large XcVN5d tw-ta\"><span lang=\"de\">Die Preise beinhalten warmes und kaltes Wasser, Gas, Strom, Zugang zu Spielpl\u00e4tzen, Tischtennisplatten, Tischfu\u00dfball sowie freien Zugang zum Schwimmbad <\/span><\/p>\n\n\n\n<p class=\"tw-data-text tw-text-large XcVN5d tw-ta\"><span lang=\"de\">NB: Preisangaben ab Oktober: Aufenthalt pro Nacht \/ Person: Strom ist im Preis pro Nacht enthalten Aufenthalt Aufenthalt von 7 N\u00e4chten oder mehr: Z\u00e4hlerstand (tats\u00e4chlicher Verbrauch)<\/span><\/p>\n\n\n\n<p>Tags: Mobil heims Vermietung&nbsp; gorges du Verdon, Vermietung verdon<\/p>\n","protected":false},"template":"","meta":[],"room_cat":[90,94],"class_list":["post-3214","room","type-room","status-publish","has-post-thumbnail","hentry","room_cat-rooms-de","room_cat-premium-de"],"yoast_head":"<!-- This site is optimized with the Yoast SEO plugin v26.8 - https:\/\/yoast.com\/product\/yoast-seo-wordpress\/ -->\n<title>Location mobil home dans le Verdon | La Verdi\u00e8re<\/title>\n<meta name=\"description\" content=\"Votre location de Mobil home dans le Verdon dans un camping avec piscine. Votre camping \u00e0 l&#039;entr\u00e9e des gorges. R\u00e9servez au 04 94 78 30 60\" \/>\n<meta name=\"robots\" content=\"index, follow, max-snippet:-1, max-image-preview:large, max-video-preview:-1\" \/>\n<link rel=\"canonical\" href=\"https:\/\/www.camping-la-verdiere-83.com\/de\/locations\/mobil-home-2-chambres-var\/\" \/>\n<meta property=\"og:locale\" content=\"de_DE\" \/>\n<meta property=\"og:type\" content=\"article\" \/>\n<meta property=\"og:title\" content=\"Location mobil home dans le Verdon | La Verdi\u00e8re\" \/>\n<meta property=\"og:description\" content=\"Votre location de Mobil home dans le Verdon dans un camping avec piscine. Votre camping \u00e0 l&#039;entr\u00e9e des gorges. R\u00e9servez au 04 94 78 30 60\" \/>\n<meta property=\"og:url\" content=\"https:\/\/www.camping-la-verdiere-83.com\/de\/locations\/mobil-home-2-chambres-var\/\" \/>\n<meta property=\"og:site_name\" content=\"La verdi\u00e8re 83\" \/>\n<meta property=\"article:modified_time\" content=\"2022-05-01T09:33:37+00:00\" \/>\n<meta property=\"og:image\" content=\"https:\/\/www.camping-la-verdiere-83.com\/wp-content\/uploads\/2015\/02\/2-CH.jpg\" \/>\n\t<meta property=\"og:image:width\" content=\"500\" \/>\n\t<meta property=\"og:image:height\" content=\"375\" \/>\n\t<meta property=\"og:image:type\" content=\"image\/jpeg\" \/>\n<meta name=\"twitter:label1\" content=\"Gesch\u00e4tzte Lesezeit\" \/>\n\t<meta name=\"twitter:data1\" content=\"3\u00a0Minuten\" \/>\n<script type=\"application\/ld+json\" class=\"yoast-schema-graph\">{\"@context\":\"https:\/\/schema.org\",\"@graph\":[{\"@type\":\"WebPage\",\"@id\":\"https:\/\/www.camping-la-verdiere-83.com\/de\/locations\/mobil-home-2-chambres-var\/\",\"url\":\"https:\/\/www.camping-la-verdiere-83.com\/de\/locations\/mobil-home-2-chambres-var\/\",\"name\":\"Location mobil home dans le Verdon | La Verdi\u00e8re\",\"isPartOf\":{\"@id\":\"https:\/\/www.camping-la-verdiere-83.com\/#website\"},\"primaryImageOfPage\":{\"@id\":\"https:\/\/www.camping-la-verdiere-83.com\/de\/locations\/mobil-home-2-chambres-var\/#primaryimage\"},\"image\":{\"@id\":\"https:\/\/www.camping-la-verdiere-83.com\/de\/locations\/mobil-home-2-chambres-var\/#primaryimage\"},\"thumbnailUrl\":\"https:\/\/www.camping-la-verdiere-83.com\/wp-content\/uploads\/2015\/02\/2-CH.jpg\",\"datePublished\":\"2015-01-31T15:07:33+00:00\",\"dateModified\":\"2022-05-01T09:33:37+00:00\",\"description\":\"Votre location de Mobil home dans le Verdon dans un camping avec piscine. Votre camping \u00e0 l'entr\u00e9e des gorges. R\u00e9servez au 04 94 78 30 60\",\"breadcrumb\":{\"@id\":\"https:\/\/www.camping-la-verdiere-83.com\/de\/locations\/mobil-home-2-chambres-var\/#breadcrumb\"},\"inLanguage\":\"de\",\"potentialAction\":[{\"@type\":\"ReadAction\",\"target\":[\"https:\/\/www.camping-la-verdiere-83.com\/de\/locations\/mobil-home-2-chambres-var\/\"]}]},{\"@type\":\"ImageObject\",\"inLanguage\":\"de\",\"@id\":\"https:\/\/www.camping-la-verdiere-83.com\/de\/locations\/mobil-home-2-chambres-var\/#primaryimage\",\"url\":\"https:\/\/www.camping-la-verdiere-83.com\/wp-content\/uploads\/2015\/02\/2-CH.jpg\",\"contentUrl\":\"https:\/\/www.camping-la-verdiere-83.com\/wp-content\/uploads\/2015\/02\/2-CH.jpg\",\"width\":500,\"height\":375},{\"@type\":\"BreadcrumbList\",\"@id\":\"https:\/\/www.camping-la-verdiere-83.com\/de\/locations\/mobil-home-2-chambres-var\/#breadcrumb\",\"itemListElement\":[{\"@type\":\"ListItem\",\"position\":1,\"name\":\"Accueil\",\"item\":\"https:\/\/www.camping-la-verdiere-83.com\/de\/\"},{\"@type\":\"ListItem\",\"position\":2,\"name\":\"Mobilheim 2 zimmer premium\"}]},{\"@type\":\"WebSite\",\"@id\":\"https:\/\/www.camping-la-verdiere-83.com\/#website\",\"url\":\"https:\/\/www.camping-la-verdiere-83.com\/\",\"name\":\"La verdi\u00e8re 83\",\"description\":\"camping verdon\",\"potentialAction\":[{\"@type\":\"SearchAction\",\"target\":{\"@type\":\"EntryPoint\",\"urlTemplate\":\"https:\/\/www.camping-la-verdiere-83.com\/?s={search_term_string}\"},\"query-input\":{\"@type\":\"PropertyValueSpecification\",\"valueRequired\":true,\"valueName\":\"search_term_string\"}}],\"inLanguage\":\"de\"}]}<\/script>\n<!-- \/ Yoast SEO plugin. -->","yoast_head_json":{"title":"Location mobil home dans le Verdon | La Verdi\u00e8re","description":"Votre location de Mobil home dans le Verdon dans un camping avec piscine. Votre camping \u00e0 l'entr\u00e9e des gorges. R\u00e9servez au 04 94 78 30 60","robots":{"index":"index","follow":"follow","max-snippet":"max-snippet:-1","max-image-preview":"max-image-preview:large","max-video-preview":"max-video-preview:-1"},"canonical":"https:\/\/www.camping-la-verdiere-83.com\/de\/locations\/mobil-home-2-chambres-var\/","og_locale":"de_DE","og_type":"article","og_title":"Location mobil home dans le Verdon | La Verdi\u00e8re","og_description":"Votre location de Mobil home dans le Verdon dans un camping avec piscine. Votre camping \u00e0 l'entr\u00e9e des gorges. R\u00e9servez au 04 94 78 30 60","og_url":"https:\/\/www.camping-la-verdiere-83.com\/de\/locations\/mobil-home-2-chambres-var\/","og_site_name":"La verdi\u00e8re 83","article_modified_time":"2022-05-01T09:33:37+00:00","og_image":[{"width":500,"height":375,"url":"https:\/\/www.camping-la-verdiere-83.com\/wp-content\/uploads\/2015\/02\/2-CH.jpg","type":"image\/jpeg"}],"twitter_misc":{"Gesch\u00e4tzte Lesezeit":"3\u00a0Minuten"},"schema":{"@context":"https:\/\/schema.org","@graph":[{"@type":"WebPage","@id":"https:\/\/www.camping-la-verdiere-83.com\/de\/locations\/mobil-home-2-chambres-var\/","url":"https:\/\/www.camping-la-verdiere-83.com\/de\/locations\/mobil-home-2-chambres-var\/","name":"Location mobil home dans le Verdon | La Verdi\u00e8re","isPartOf":{"@id":"https:\/\/www.camping-la-verdiere-83.com\/#website"},"primaryImageOfPage":{"@id":"https:\/\/www.camping-la-verdiere-83.com\/de\/locations\/mobil-home-2-chambres-var\/#primaryimage"},"image":{"@id":"https:\/\/www.camping-la-verdiere-83.com\/de\/locations\/mobil-home-2-chambres-var\/#primaryimage"},"thumbnailUrl":"https:\/\/www.camping-la-verdiere-83.com\/wp-content\/uploads\/2015\/02\/2-CH.jpg","datePublished":"2015-01-31T15:07:33+00:00","dateModified":"2022-05-01T09:33:37+00:00","description":"Votre location de Mobil home dans le Verdon dans un camping avec piscine. Votre camping \u00e0 l'entr\u00e9e des gorges. R\u00e9servez au 04 94 78 30 60","breadcrumb":{"@id":"https:\/\/www.camping-la-verdiere-83.com\/de\/locations\/mobil-home-2-chambres-var\/#breadcrumb"},"inLanguage":"de","potentialAction":[{"@type":"ReadAction","target":["https:\/\/www.camping-la-verdiere-83.com\/de\/locations\/mobil-home-2-chambres-var\/"]}]},{"@type":"ImageObject","inLanguage":"de","@id":"https:\/\/www.camping-la-verdiere-83.com\/de\/locations\/mobil-home-2-chambres-var\/#primaryimage","url":"https:\/\/www.camping-la-verdiere-83.com\/wp-content\/uploads\/2015\/02\/2-CH.jpg","contentUrl":"https:\/\/www.camping-la-verdiere-83.com\/wp-content\/uploads\/2015\/02\/2-CH.jpg","width":500,"height":375},{"@type":"BreadcrumbList","@id":"https:\/\/www.camping-la-verdiere-83.com\/de\/locations\/mobil-home-2-chambres-var\/#breadcrumb","itemListElement":[{"@type":"ListItem","position":1,"name":"Accueil","item":"https:\/\/www.camping-la-verdiere-83.com\/de\/"},{"@type":"ListItem","position":2,"name":"Mobilheim 2 zimmer premium"}]},{"@type":"WebSite","@id":"https:\/\/www.camping-la-verdiere-83.com\/#website","url":"https:\/\/www.camping-la-verdiere-83.com\/","name":"La verdi\u00e8re 83","description":"camping verdon","potentialAction":[{"@type":"SearchAction","target":{"@type":"EntryPoint","urlTemplate":"https:\/\/www.camping-la-verdiere-83.com\/?s={search_term_string}"},"query-input":{"@type":"PropertyValueSpecification","valueRequired":true,"valueName":"search_term_string"}}],"inLanguage":"de"}]}},"_links":{"self":[{"href":"https:\/\/www.camping-la-verdiere-83.com\/de\/wp-json\/wp\/v2\/room\/3214","targetHints":{"allow":["GET"]}}],"collection":[{"href":"https:\/\/www.camping-la-verdiere-83.com\/de\/wp-json\/wp\/v2\/room"}],"about":[{"href":"https:\/\/www.camping-la-verdiere-83.com\/de\/wp-json\/wp\/v2\/types\/room"}],"wp:featuredmedia":[{"embeddable":true,"href":"https:\/\/www.camping-la-verdiere-83.com\/de\/wp-json\/wp\/v2\/media\/3215"}],"wp:attachment":[{"href":"https:\/\/www.camping-la-verdiere-83.com\/de\/wp-json\/wp\/v2\/media?parent=3214"}],"wp:term":[{"taxonomy":"room_cat","embeddable":true,"href":"https:\/\/www.camping-la-verdiere-83.com\/de\/wp-json\/wp\/v2\/room_cat?post=3214"}],"curies":[{"name":"wp","href":"https:\/\/api.w.org\/{rel}","templated":true}]}}