{"id":3238,"date":"2015-01-31T15:35:23","date_gmt":"2015-01-31T14:35:23","guid":{"rendered":"https:\/\/www.camping-la-verdiere-83.com\/Locations\/mobil-home-2-chambres-eco\/"},"modified":"2023-03-01T10:50:52","modified_gmt":"2023-03-01T09:50:52","slug":"mobil-home-2-chambres-eco","status":"publish","type":"room","link":"https:\/\/www.camping-la-verdiere-83.com\/de\/locations\/mobil-home-2-chambres-eco\/","title":{"rendered":"Mobilheim 2 Zimmer COMFORT"},"content":{"rendered":"\n<h1 class=\"wp-block-heading\">MOBILHEIM 2 SCHLAFZIMMER COMFORT<\/h1>\n\n\n\n<p>Ihr g\u00fcnstiges Mobilheim in den Gorges du Verdon. Entdecken Sie unsere Auswahl an Mobilheimen &#8222;COMFORT&#8220; 2 Zimmern f\u00fcr kleine Budgets. Komfortable und gut ausgestattete Unterkunft in ruhiger Lage auf einem&#8220;&#8220;&#8220; <span style=\"color: #0000ff;\"><strong>Naturcampingplatz<\/strong><\/span> &#8222;&#8220;&#8220;im Nationalpark Verdon f\u00fcr einen ruhigen Urlaub mit der Familie oder Freunden. Unser Campingplatz bietet das beste Preis \/ Leistungsverh\u00e4ltnis der Region. Mit Ihrer Miete haben Sie Zugriff auf alle Ausr\u00fcstungen und Animationen des Campingplatzes.<\/p>\n\n\n<script type=\"text\/javascript\">jQuery(function() { _initLayerSlider( '#layerslider_11_1pw6sm83s61v6', {sliderVersion: '6.11.4', responsiveUnder: 0, allowFullscreen: true, slideBGSize: 'auto', hideUnder: 0, hideOver: 100000, pauseOnHover: 1, twoWaySlideshow: true, skin: 'fullwidth', sliderFadeInDuration: 350, globalBGColor: 'transparent', showCircleTimer: false, useSrcset: true, skinsPath: 'https:\/\/www.camping-la-verdiere-83.com\/wp-content\/plugins\/LayerSlider\/assets\/static\/layerslider\/skins\/', performanceMode: true}); });<\/script><div id=\"layerslider_11_1pw6sm83s61v6\" data-ls-slug=\"eco\" class=\"ls-wp-container fitvidsignore ls-selectable\" style=\"width:535px;height:390px;margin:0 auto;margin-bottom: 0px;\"><div class=\"ls-slide\" data-ls=\"bgsize:cover;\"><img loading=\"lazy\" decoding=\"async\" width=\"975\" height=\"768\" src=\"https:\/\/www.camping-la-verdiere-83.com\/wp-content\/uploads\/2020\/05\/location-4personnes-verdon.jpg\" class=\"ls-bg\" alt=\"location dans le verdon pour 4 personnes\" srcset=\"https:\/\/www.camping-la-verdiere-83.com\/wp-content\/uploads\/2020\/05\/location-4personnes-verdon.jpg 975w, https:\/\/www.camping-la-verdiere-83.com\/wp-content\/uploads\/2020\/05\/location-4personnes-verdon-300x236.jpg 300w, https:\/\/www.camping-la-verdiere-83.com\/wp-content\/uploads\/2020\/05\/location-4personnes-verdon-768x605.jpg 768w\" sizes=\"auto, (max-width: 975px) 100vw, 975px\" \/><\/div><div class=\"ls-slide\" data-ls=\"duration:3000;transition2d:4;\"><img loading=\"lazy\" decoding=\"async\" width=\"535\" height=\"357\" src=\"https:\/\/www.camping-la-verdiere-83.com\/wp-content\/uploads\/2016\/04\/Piece-de-vie-MH-4-Pers.jpg\" class=\"ls-bg\" alt=\"location mobil home week end verdon\" srcset=\"https:\/\/www.camping-la-verdiere-83.com\/wp-content\/uploads\/2016\/04\/Piece-de-vie-MH-4-Pers.jpg 535w, https:\/\/www.camping-la-verdiere-83.com\/wp-content\/uploads\/2016\/04\/Piece-de-vie-MH-4-Pers-300x200.jpg 300w\" sizes=\"auto, (max-width: 535px) 100vw, 535px\" \/><\/div><div class=\"ls-slide\" data-ls=\"duration:3000;transition2d:1;\"><img loading=\"lazy\" decoding=\"async\" width=\"500\" height=\"365\" src=\"https:\/\/www.camping-la-verdiere-83.com\/wp-content\/uploads\/2015\/02\/Trigano-2-ch..png\" class=\"ls-bg\" alt=\"mobil home gorges du verdon prix\" srcset=\"https:\/\/www.camping-la-verdiere-83.com\/wp-content\/uploads\/2015\/02\/Trigano-2-ch..png 500w, https:\/\/www.camping-la-verdiere-83.com\/wp-content\/uploads\/2015\/02\/Trigano-2-ch.-300x219.png 300w\" sizes=\"auto, (max-width: 500px) 100vw, 500px\" \/><\/div><div class=\"ls-slide\" data-ls=\"bgsize:cover;\"><img loading=\"lazy\" decoding=\"async\" width=\"900\" height=\"675\" src=\"https:\/\/www.camping-la-verdiere-83.com\/wp-content\/uploads\/2022\/03\/Mobilhome-classic-4personnes-var-1.jpg\" class=\"ls-bg\" alt=\"mobil home pour 4 personnes dans le verson pas cher\" srcset=\"https:\/\/www.camping-la-verdiere-83.com\/wp-content\/uploads\/2022\/03\/Mobilhome-classic-4personnes-var-1.jpg 900w, https:\/\/www.camping-la-verdiere-83.com\/wp-content\/uploads\/2022\/03\/Mobilhome-classic-4personnes-var-1-300x225.jpg 300w, https:\/\/www.camping-la-verdiere-83.com\/wp-content\/uploads\/2022\/03\/Mobilhome-classic-4personnes-var-1-768x576.jpg 768w\" sizes=\"auto, (max-width: 900px) 100vw, 900px\" \/><\/div><div class=\"ls-slide\" data-ls=\"bgsize:cover;\"><img loading=\"lazy\" decoding=\"async\" width=\"926\" height=\"768\" src=\"https:\/\/www.camping-la-verdiere-83.com\/wp-content\/uploads\/2020\/05\/mobilhome-gorges-verdon-4personnes.jpg\" class=\"ls-bg\" alt=\"location gorges du Verdon pour 4 personnes\" srcset=\"https:\/\/www.camping-la-verdiere-83.com\/wp-content\/uploads\/2020\/05\/mobilhome-gorges-verdon-4personnes.jpg 926w, https:\/\/www.camping-la-verdiere-83.com\/wp-content\/uploads\/2020\/05\/mobilhome-gorges-verdon-4personnes-300x249.jpg 300w, https:\/\/www.camping-la-verdiere-83.com\/wp-content\/uploads\/2020\/05\/mobilhome-gorges-verdon-4personnes-768x637.jpg 768w\" sizes=\"auto, (max-width: 926px) 100vw, 926px\" \/><\/div><div class=\"ls-slide\" data-ls=\"duration:3000;transition2d:3;\"><img loading=\"lazy\" decoding=\"async\" width=\"535\" height=\"357\" src=\"https:\/\/www.camping-la-verdiere-83.com\/wp-content\/uploads\/2016\/04\/Chambre-MH-4-Pers.jpg\" class=\"ls-bg\" alt=\"location mobil home esparron de verdon\" srcset=\"https:\/\/www.camping-la-verdiere-83.com\/wp-content\/uploads\/2016\/04\/Chambre-MH-4-Pers.jpg 535w, https:\/\/www.camping-la-verdiere-83.com\/wp-content\/uploads\/2016\/04\/Chambre-MH-4-Pers-300x200.jpg 300w\" sizes=\"auto, (max-width: 535px) 100vw, 535px\" \/><\/div><\/div>\n\n\n\n<p>\t<a class=\"btn btn-shortcode btn-large btn-pink\" href=\"https:\/\/bookingpremium.secureholiday.net\/de\/14324\/Search\/product\/72602\">\n\t\t BUCHUNG \t<\/a>\n\t\t<a class=\"btn btn-shortcode btn-large btn-green\" href=\"https:\/\/www.camping-la-verdiere-83.com\/wp-content\/uploads\/Tarifs-campingverdiereDE.pdf\">\n\t\tALLE PREISE\t<\/a>\n\t<\/p>\n\n\n\n<p class=\"has-text-align-center\"><strong>Hinweis: F\u00fcr Last-Minute-Buchungen<\/strong><\/p>\n\n\n\n<p class=\"has-text-align-center\"><strong>Vielen Dank, dass Sie uns unter 04 94 78 30 60 anrufen<\/strong><\/p>\n\n\n\n<p class=\"has-text-align-center\"><span style=\"color: #ff0000;\"><strong>RESERVIERUNG &#8211; Verdon 2 Schlafzimmer Mobilheim<\/strong><\/span><\/p>\n\n\n<p><ctv-product data-product-id=\"72602\" data-full=\"true\"><\/ctv-product><\/p>\n\n\n\n<ul class=\"wp-block-list\">\n<li>Vermietung von Samstag 15 Uhr bis Samstag 10Uhr im Juli und August<\/li>\n\n\n\n<li>&nbsp;1 einzelnes Haustier bei einem Unterkunft (Weniger als 10Kg &#8211; Preise sihe Preisliste). geimpft &#8211; einschliesslich Tollwuimpfstoff &#8211; Imfass obligatorisch- An des Leine f\u00fchren und systematisch Mist sammln OBLIGATORISCH &#8211; Hunde kategorien 1 und 2 verboten &#8211; Preise siehe aktuelle Preisliste.<\/li>\n\n\n\n<li>Kurtaxe: 0,65 \u20ac pro Nacht und pro Person. Kind unter 18 Jahren frei.<\/li>\n\n\n\n<li>35% Anzahlung bei Buchung, Restbetrag bei Ankunft<\/li>\n\n\n\n<li>Kaution von 500 \u20ac am Abreisetag nach Inventur zur\u00fcckerstattet<\/li>\n<\/ul>\n\n\n\n<p><strong>Detail der Unterkunft:<\/strong><\/p>\n\n\n\n<p>Fl\u00e4che 26m\u00b2 + \u00fcberdachte Holzveranda<\/p>\n\n\n\n<p>Schlafzimmer mit Doppelbett, 1 Schlafzimmer mit je 2 Einzelbetten, Sitzecke, K\u00fcche, Duschbad (Dusche, Waschbecken), WC.<\/p>\n\n\n\n<p><strong>Details der Unterkunft f\u00fcr 4 Personen<\/strong><\/p>\n\n\n\n<p><strong>K\u00fcche<\/strong><\/p>\n\n\n\n<ul class=\"wp-block-list\">\n<li>Kochutensilien,<\/li>\n\n\n\n<li>Geschirr,<\/li>\n\n\n\n<li>Mikrowelle,<\/li>\n\n\n\n<li>Elektrische Kaffeemaschine<\/li>\n\n\n\n<li>Toaster<\/li>\n\n\n\n<li>K\u00fchlschrank mit Gefrierfach<\/li>\n\n\n\n<li>4 Gasbrenner<\/li>\n<\/ul>\n\n\n\n<p><strong>Schlafzimmer<\/strong><\/p>\n\n\n\n<ul class=\"wp-block-list\">\n<li>1 Doppelbett, 140&#215;200<\/li>\n\n\n\n<li>2 Einzelbetten, 80&#215;200<\/li>\n\n\n\n<li>M\u00f6glichkeit f\u00fcr Bettdecken auf Anfrage<\/li>\n\n\n\n<li>Kissen und Bettunterlage<\/li>\n<\/ul>\n\n\n\n<p>Denken Sie daran, Bettw\u00e4sche, Kissenbez\u00fcge und Handt\u00fccher mitzunehmen.<\/p>\n\n\n\n<p>-&gt; M\u00f6glichkeit zum Mieten von Einweg-Bettw\u00e4sche, Handt\u00fcchern und Sets. Bettw\u00e4sche und Handt\u00fccher sind bei der Buchung oder bei Ankunft je nach Verf\u00fcgbarkeit optional.<\/p>\n\n\n\n<p><strong>Badezimmer und Toiletten im Mobilheim<\/strong><\/p>\n\n\n\n<ul class=\"wp-block-list\">\n<li>1 Badezimmer<\/li>\n\n\n\n<li>Separates WC<\/li>\n<\/ul>\n\n\n\n<p><strong>Au\u00dfen<\/strong><\/p>\n\n\n\n<ul class=\"wp-block-list\">\n<li>Halb\u00fcberdachte Terrasse<\/li>\n\n\n\n<li>Gartenm\u00f6bel<\/li>\n\n\n\n<li>2 Sonnenliegen<\/li>\n<\/ul>\n\n\n\n<p>F\u00fcr Ihre Ruhe stehen unsere Mobilheime auf gut abgegrenzten und halbschattigen Komfortpl\u00e4tzen. Jedes Mobilheim verf\u00fcgt \u00fcber einen eigenen Garten und einen Parkplatz in unmittelbarer N\u00e4he des Mobilheims.<\/p>\n\n\n\n<h2 class=\"wp-block-heading\"><span style=\"color: #33cccc;\"><strong>CAMPING MIT POOL<\/strong><\/span><\/h2>\n\n\n\n<p class=\"tw-data-text tw-text-large XcVN5d tw-ta\" id=\"tw-target-text\"><span lang=\"de\">Genie\u00dfen Sie Ihren Urlaub in Ihrem CLASSIC&nbsp; Mobilheim mit 2 Schlafzimmern. Sie haben freien und uneingeschr\u00e4nkten Zugang zum CAMPING POOL. <\/span><\/p>\n\n\n\n<p class=\"tw-data-text tw-text-large XcVN5d tw-ta\"><span lang=\"de\">Der Pool ist von April bis Oktober t\u00e4glich von 10 bis 19 Uhr ge\u00f6ffnet. Das Wassergebiet wird nicht \u00fcberwacht, Kinder sind in der Verantwortung ihrer begleitenden Erwachsenen. Poolabmessungen: 7 mx 7 m &#8211; Tiefe: 1,10 m<\/span><\/p>\n\n\n\n<p class=\"tw-data-text tw-text-large XcVN5d tw-ta\"><span lang=\"de\">Die Preise beinhalten warmes und kaltes Wasser, Gas, Strom, Zugang zu Spielpl\u00e4tzen, Tischtennisplatten, Tischfu\u00dfball sowie freien Zugang zum Schwimmbad <\/span><\/p>\n\n\n\n<p class=\"tw-data-text tw-text-large XcVN5d tw-ta\"><span lang=\"de\">NB: Preisangaben ab Oktober: Aufenthalt pro Nacht \/ Person: Strom ist im Preis pro Nacht enthalten Aufenthalt Aufenthalt von 7 N\u00e4chten oder mehr: Z\u00e4hlerstand (tats\u00e4chlicher Verbrauch)<\/span><\/p>\n\n\n\n<p>Tags: <em>Mobilheims Vermietung, g\u00fcnstiges Mobilheim Verdon , g\u00fcnstiges Campingplatz<br><\/em><\/p>\n","protected":false},"template":"","meta":[],"room_cat":[90],"class_list":["post-3238","room","type-room","status-publish","has-post-thumbnail","hentry","room_cat-rooms-de"],"yoast_head":"<!-- This site is optimized with the Yoast SEO plugin v26.8 - https:\/\/yoast.com\/product\/yoast-seo-wordpress\/ -->\n<title>Location mobil home gorges Verdon pas cher | La Verdi\u00e8re<\/title>\n<meta name=\"description\" content=\"Votre mobil home tout confort \u00e0 l&#039;entr\u00e9e des Gorges du Verdon dans le Var dans un petit camping avec piscine. R\u00e9servez au 04 94 78 30 60\" \/>\n<meta name=\"robots\" content=\"index, follow, max-snippet:-1, max-image-preview:large, max-video-preview:-1\" \/>\n<link rel=\"canonical\" href=\"https:\/\/www.camping-la-verdiere-83.com\/de\/locations\/mobil-home-2-chambres-eco\/\" \/>\n<meta property=\"og:locale\" content=\"de_DE\" \/>\n<meta property=\"og:type\" content=\"article\" \/>\n<meta property=\"og:title\" content=\"Location mobil home gorges Verdon pas cher | La Verdi\u00e8re\" \/>\n<meta property=\"og:description\" content=\"Votre mobil home tout confort \u00e0 l&#039;entr\u00e9e des Gorges du Verdon dans le Var dans un petit camping avec piscine. R\u00e9servez au 04 94 78 30 60\" \/>\n<meta property=\"og:url\" content=\"https:\/\/www.camping-la-verdiere-83.com\/de\/locations\/mobil-home-2-chambres-eco\/\" \/>\n<meta property=\"og:site_name\" content=\"La verdi\u00e8re 83\" \/>\n<meta property=\"article:modified_time\" content=\"2023-03-01T09:50:52+00:00\" \/>\n<meta property=\"og:image\" content=\"https:\/\/www.camping-la-verdiere-83.com\/wp-content\/uploads\/2015\/01\/Camping-21.jpg\" \/>\n\t<meta property=\"og:image:width\" content=\"800\" \/>\n\t<meta property=\"og:image:height\" content=\"450\" \/>\n\t<meta property=\"og:image:type\" content=\"image\/jpeg\" \/>\n<meta name=\"twitter:label1\" content=\"Gesch\u00e4tzte Lesezeit\" \/>\n\t<meta name=\"twitter:data1\" content=\"3\u00a0Minuten\" \/>\n<script type=\"application\/ld+json\" class=\"yoast-schema-graph\">{\"@context\":\"https:\/\/schema.org\",\"@graph\":[{\"@type\":\"WebPage\",\"@id\":\"https:\/\/www.camping-la-verdiere-83.com\/de\/locations\/mobil-home-2-chambres-eco\/\",\"url\":\"https:\/\/www.camping-la-verdiere-83.com\/de\/locations\/mobil-home-2-chambres-eco\/\",\"name\":\"Location mobil home gorges Verdon pas cher | La Verdi\u00e8re\",\"isPartOf\":{\"@id\":\"https:\/\/www.camping-la-verdiere-83.com\/#website\"},\"primaryImageOfPage\":{\"@id\":\"https:\/\/www.camping-la-verdiere-83.com\/de\/locations\/mobil-home-2-chambres-eco\/#primaryimage\"},\"image\":{\"@id\":\"https:\/\/www.camping-la-verdiere-83.com\/de\/locations\/mobil-home-2-chambres-eco\/#primaryimage\"},\"thumbnailUrl\":\"https:\/\/www.camping-la-verdiere-83.com\/wp-content\/uploads\/2015\/01\/Camping-21.jpg\",\"datePublished\":\"2015-01-31T14:35:23+00:00\",\"dateModified\":\"2023-03-01T09:50:52+00:00\",\"description\":\"Votre mobil home tout confort \u00e0 l'entr\u00e9e des Gorges du Verdon dans le Var dans un petit camping avec piscine. R\u00e9servez au 04 94 78 30 60\",\"breadcrumb\":{\"@id\":\"https:\/\/www.camping-la-verdiere-83.com\/de\/locations\/mobil-home-2-chambres-eco\/#breadcrumb\"},\"inLanguage\":\"de\",\"potentialAction\":[{\"@type\":\"ReadAction\",\"target\":[\"https:\/\/www.camping-la-verdiere-83.com\/de\/locations\/mobil-home-2-chambres-eco\/\"]}]},{\"@type\":\"ImageObject\",\"inLanguage\":\"de\",\"@id\":\"https:\/\/www.camping-la-verdiere-83.com\/de\/locations\/mobil-home-2-chambres-eco\/#primaryimage\",\"url\":\"https:\/\/www.camping-la-verdiere-83.com\/wp-content\/uploads\/2015\/01\/Camping-21.jpg\",\"contentUrl\":\"https:\/\/www.camping-la-verdiere-83.com\/wp-content\/uploads\/2015\/01\/Camping-21.jpg\",\"width\":800,\"height\":450},{\"@type\":\"BreadcrumbList\",\"@id\":\"https:\/\/www.camping-la-verdiere-83.com\/de\/locations\/mobil-home-2-chambres-eco\/#breadcrumb\",\"itemListElement\":[{\"@type\":\"ListItem\",\"position\":1,\"name\":\"Accueil\",\"item\":\"https:\/\/www.camping-la-verdiere-83.com\/de\/\"},{\"@type\":\"ListItem\",\"position\":2,\"name\":\"Mobilheim 2 Zimmer COMFORT\"}]},{\"@type\":\"WebSite\",\"@id\":\"https:\/\/www.camping-la-verdiere-83.com\/#website\",\"url\":\"https:\/\/www.camping-la-verdiere-83.com\/\",\"name\":\"La verdi\u00e8re 83\",\"description\":\"camping verdon\",\"potentialAction\":[{\"@type\":\"SearchAction\",\"target\":{\"@type\":\"EntryPoint\",\"urlTemplate\":\"https:\/\/www.camping-la-verdiere-83.com\/?s={search_term_string}\"},\"query-input\":{\"@type\":\"PropertyValueSpecification\",\"valueRequired\":true,\"valueName\":\"search_term_string\"}}],\"inLanguage\":\"de\"}]}<\/script>\n<!-- \/ Yoast SEO plugin. -->","yoast_head_json":{"title":"Location mobil home gorges Verdon pas cher | La Verdi\u00e8re","description":"Votre mobil home tout confort \u00e0 l'entr\u00e9e des Gorges du Verdon dans le Var dans un petit camping avec piscine. R\u00e9servez au 04 94 78 30 60","robots":{"index":"index","follow":"follow","max-snippet":"max-snippet:-1","max-image-preview":"max-image-preview:large","max-video-preview":"max-video-preview:-1"},"canonical":"https:\/\/www.camping-la-verdiere-83.com\/de\/locations\/mobil-home-2-chambres-eco\/","og_locale":"de_DE","og_type":"article","og_title":"Location mobil home gorges Verdon pas cher | La Verdi\u00e8re","og_description":"Votre mobil home tout confort \u00e0 l'entr\u00e9e des Gorges du Verdon dans le Var dans un petit camping avec piscine. R\u00e9servez au 04 94 78 30 60","og_url":"https:\/\/www.camping-la-verdiere-83.com\/de\/locations\/mobil-home-2-chambres-eco\/","og_site_name":"La verdi\u00e8re 83","article_modified_time":"2023-03-01T09:50:52+00:00","og_image":[{"width":800,"height":450,"url":"https:\/\/www.camping-la-verdiere-83.com\/wp-content\/uploads\/2015\/01\/Camping-21.jpg","type":"image\/jpeg"}],"twitter_misc":{"Gesch\u00e4tzte Lesezeit":"3\u00a0Minuten"},"schema":{"@context":"https:\/\/schema.org","@graph":[{"@type":"WebPage","@id":"https:\/\/www.camping-la-verdiere-83.com\/de\/locations\/mobil-home-2-chambres-eco\/","url":"https:\/\/www.camping-la-verdiere-83.com\/de\/locations\/mobil-home-2-chambres-eco\/","name":"Location mobil home gorges Verdon pas cher | La Verdi\u00e8re","isPartOf":{"@id":"https:\/\/www.camping-la-verdiere-83.com\/#website"},"primaryImageOfPage":{"@id":"https:\/\/www.camping-la-verdiere-83.com\/de\/locations\/mobil-home-2-chambres-eco\/#primaryimage"},"image":{"@id":"https:\/\/www.camping-la-verdiere-83.com\/de\/locations\/mobil-home-2-chambres-eco\/#primaryimage"},"thumbnailUrl":"https:\/\/www.camping-la-verdiere-83.com\/wp-content\/uploads\/2015\/01\/Camping-21.jpg","datePublished":"2015-01-31T14:35:23+00:00","dateModified":"2023-03-01T09:50:52+00:00","description":"Votre mobil home tout confort \u00e0 l'entr\u00e9e des Gorges du Verdon dans le Var dans un petit camping avec piscine. R\u00e9servez au 04 94 78 30 60","breadcrumb":{"@id":"https:\/\/www.camping-la-verdiere-83.com\/de\/locations\/mobil-home-2-chambres-eco\/#breadcrumb"},"inLanguage":"de","potentialAction":[{"@type":"ReadAction","target":["https:\/\/www.camping-la-verdiere-83.com\/de\/locations\/mobil-home-2-chambres-eco\/"]}]},{"@type":"ImageObject","inLanguage":"de","@id":"https:\/\/www.camping-la-verdiere-83.com\/de\/locations\/mobil-home-2-chambres-eco\/#primaryimage","url":"https:\/\/www.camping-la-verdiere-83.com\/wp-content\/uploads\/2015\/01\/Camping-21.jpg","contentUrl":"https:\/\/www.camping-la-verdiere-83.com\/wp-content\/uploads\/2015\/01\/Camping-21.jpg","width":800,"height":450},{"@type":"BreadcrumbList","@id":"https:\/\/www.camping-la-verdiere-83.com\/de\/locations\/mobil-home-2-chambres-eco\/#breadcrumb","itemListElement":[{"@type":"ListItem","position":1,"name":"Accueil","item":"https:\/\/www.camping-la-verdiere-83.com\/de\/"},{"@type":"ListItem","position":2,"name":"Mobilheim 2 Zimmer COMFORT"}]},{"@type":"WebSite","@id":"https:\/\/www.camping-la-verdiere-83.com\/#website","url":"https:\/\/www.camping-la-verdiere-83.com\/","name":"La verdi\u00e8re 83","description":"camping verdon","potentialAction":[{"@type":"SearchAction","target":{"@type":"EntryPoint","urlTemplate":"https:\/\/www.camping-la-verdiere-83.com\/?s={search_term_string}"},"query-input":{"@type":"PropertyValueSpecification","valueRequired":true,"valueName":"search_term_string"}}],"inLanguage":"de"}]}},"_links":{"self":[{"href":"https:\/\/www.camping-la-verdiere-83.com\/de\/wp-json\/wp\/v2\/room\/3238","targetHints":{"allow":["GET"]}}],"collection":[{"href":"https:\/\/www.camping-la-verdiere-83.com\/de\/wp-json\/wp\/v2\/room"}],"about":[{"href":"https:\/\/www.camping-la-verdiere-83.com\/de\/wp-json\/wp\/v2\/types\/room"}],"wp:featuredmedia":[{"embeddable":true,"href":"https:\/\/www.camping-la-verdiere-83.com\/de\/wp-json\/wp\/v2\/media\/3240"}],"wp:attachment":[{"href":"https:\/\/www.camping-la-verdiere-83.com\/de\/wp-json\/wp\/v2\/media?parent=3238"}],"wp:term":[{"taxonomy":"room_cat","embeddable":true,"href":"https:\/\/www.camping-la-verdiere-83.com\/de\/wp-json\/wp\/v2\/room_cat?post=3238"}],"curies":[{"name":"wp","href":"https:\/\/api.w.org\/{rel}","templated":true}]}}