{"id":3747,"date":"2019-12-18T15:01:35","date_gmt":"2019-12-18T14:01:35","guid":{"rendered":"https:\/\/www.camping-la-verdiere-83.com\/Locations\/mobil-home-3-chambres-verdon\/"},"modified":"2023-03-01T10:48:43","modified_gmt":"2023-03-01T09:48:43","slug":"mobil-home-3-chambres-verdon","status":"publish","type":"room","link":"https:\/\/www.camping-la-verdiere-83.com\/de\/locations\/mobil-home-3-chambres-verdon\/","title":{"rendered":"Mobilheim 3 zimmer PREMIUM"},"content":{"rendered":"\n<h1 class=\"wp-block-heading\"><span style=\"color: #800080;\">Vermietung &#8211;&nbsp; Mobilheim Verdon 6 Personen &#8211; 3 Zimmer klimanlage + Fernseher inklusive<\/span><\/h1>\n\n\n\n<p class=\"has-text-align-center\"><em><strong><span style=\"color: #ff0000;\">GANZ NEUE MOBILHEIME F\u00dcR 2020,2021 und 2022 !<\/span><\/strong><\/em><\/p>\n\n\n\n<p>Entdecken Sie unser Mobilheimangebot f\u00fcr jeden PREMIUM\u00a0 von 5 bis 6 Personen in Ihrem 3-Sterne-Campingplatz La Verdi\u00e8re. Mobilheime mit 3 Schlafzimmern f\u00fcr 5 bis zu 6 Personen f\u00fcr optimalen Comfort. Wir bieten Ihnen das beste Preis \/ Leistungsverh\u00e4ltnis in der Region, und eine freundliche Begr\u00fc\u00dfung ist f\u00fcr uns das Wesentliche. Ihr Mobilheim befindet sich auf einem ruhigen Campingplatz f\u00fcr ruhige N\u00e4chte im Herzen des Var.<\/p>\n\n\n<script type=\"text\/javascript\">jQuery(function() { _initLayerSlider( '#layerslider_20_1pbv19s1re9zk', {sliderVersion: '6.11.1', responsiveUnder: 0, allowFullscreen: true, slideBGSize: 'auto', hideUnder: 0, hideOver: 100000, pauseOnHover: 1, twoWaySlideshow: true, skin: 'fullwidth', sliderFadeInDuration: 350, globalBGColor: 'transparent', showCircleTimer: false, useSrcset: true, skinsPath: 'https:\/\/www.camping-la-verdiere-83.com\/wp-content\/plugins\/LayerSlider\/assets\/static\/layerslider\/skins\/', performanceMode: true}); });<\/script><div id=\"layerslider_20_1pbv19s1re9zk\" data-ls-slug=\"IRM3CH\" class=\"ls-wp-container fitvidsignore ls-selectable\" style=\"width:642px;height:330px;margin:0 auto;margin-bottom: 0px;\"><div class=\"ls-slide\" ><img loading=\"lazy\" decoding=\"async\" width=\"800\" height=\"600\" src=\"https:\/\/www.camping-la-verdiere-83.com\/wp-content\/uploads\/2020\/05\/mobil-home-gorges-verdon-6personnes.jpg\" class=\"ls-bg\" alt=\"mobil home dans les gorges du Verdon\" srcset=\"https:\/\/www.camping-la-verdiere-83.com\/wp-content\/uploads\/2020\/05\/mobil-home-gorges-verdon-6personnes.jpg 800w, https:\/\/www.camping-la-verdiere-83.com\/wp-content\/uploads\/2020\/05\/mobil-home-gorges-verdon-6personnes-300x225.jpg 300w, https:\/\/www.camping-la-verdiere-83.com\/wp-content\/uploads\/2020\/05\/mobil-home-gorges-verdon-6personnes-768x576.jpg 768w\" sizes=\"auto, (max-width: 800px) 100vw, 800px\" \/><\/div><div class=\"ls-slide\" data-ls=\"duration:4000;transition2d:1;\"><img loading=\"lazy\" decoding=\"async\" width=\"642\" height=\"360\" src=\"https:\/\/www.camping-la-verdiere-83.com\/wp-content\/uploads\/2020\/02\/plan-mobil-home-3chambres-verdon-1.jpg\" class=\"ls-bg\" alt=\"plan mobil home 3 chambres verdon\" srcset=\"https:\/\/www.camping-la-verdiere-83.com\/wp-content\/uploads\/2020\/02\/plan-mobil-home-3chambres-verdon-1.jpg 642w, https:\/\/www.camping-la-verdiere-83.com\/wp-content\/uploads\/2020\/02\/plan-mobil-home-3chambres-verdon-1-300x168.jpg 300w\" sizes=\"auto, (max-width: 642px) 100vw, 642px\" \/><\/div><div class=\"ls-slide\" data-ls=\"duration:4000;\"><img loading=\"lazy\" decoding=\"async\" width=\"853\" height=\"1280\" src=\"https:\/\/www.camping-la-verdiere-83.com\/wp-content\/uploads\/2020\/02\/sejour-verson-famille.jpg\" class=\"ls-bg\" alt=\"s\u00e9jour en verdon pour 6 personnes camping\" srcset=\"https:\/\/www.camping-la-verdiere-83.com\/wp-content\/uploads\/2020\/02\/sejour-verson-famille.jpg 853w, https:\/\/www.camping-la-verdiere-83.com\/wp-content\/uploads\/2020\/02\/sejour-verson-famille-200x300.jpg 200w, https:\/\/www.camping-la-verdiere-83.com\/wp-content\/uploads\/2020\/02\/sejour-verson-famille-682x1024.jpg 682w, https:\/\/www.camping-la-verdiere-83.com\/wp-content\/uploads\/2020\/02\/sejour-verson-famille-768x1152.jpg 768w\" sizes=\"auto, (max-width: 853px) 100vw, 853px\" \/><\/div><div class=\"ls-slide\" data-ls=\"duration:4000;transition2d:1;\"><img loading=\"lazy\" decoding=\"async\" width=\"1280\" height=\"853\" src=\"https:\/\/www.camping-la-verdiere-83.com\/wp-content\/uploads\/2020\/02\/location-mobil-home-verdon-6pers.jpg\" class=\"ls-bg\" alt=\"location mobil home dans le verdon pour 6 personnes\" srcset=\"https:\/\/www.camping-la-verdiere-83.com\/wp-content\/uploads\/2020\/02\/location-mobil-home-verdon-6pers.jpg 1280w, https:\/\/www.camping-la-verdiere-83.com\/wp-content\/uploads\/2020\/02\/location-mobil-home-verdon-6pers-300x200.jpg 300w, https:\/\/www.camping-la-verdiere-83.com\/wp-content\/uploads\/2020\/02\/location-mobil-home-verdon-6pers-1024x682.jpg 1024w, https:\/\/www.camping-la-verdiere-83.com\/wp-content\/uploads\/2020\/02\/location-mobil-home-verdon-6pers-768x512.jpg 768w\" sizes=\"auto, (max-width: 1280px) 100vw, 1280px\" \/><div style=\"top:51px;left:1px;\" class=\"ls-l ls-post-layer\" data-ls=\"offsetxin:right;durationin:1500;fadein:false;scalexin:1.0;scaleyin:1.0;offsetxout:right;durationout:1500;fadeout:false;scalexout:1.0;scaleyout:1.0;parallaxlevel:0;\"><\/div><\/div><div class=\"ls-slide\" data-ls=\"duration:4000;transition2d:1;\"><img loading=\"lazy\" decoding=\"async\" width=\"1280\" height=\"853\" src=\"https:\/\/www.camping-la-verdiere-83.com\/wp-content\/uploads\/2020\/02\/verdon-vacances-6personnes-1.jpg\" class=\"ls-bg\" alt=\"vacances verdon camping 6 personnes\" srcset=\"https:\/\/www.camping-la-verdiere-83.com\/wp-content\/uploads\/2020\/02\/verdon-vacances-6personnes-1.jpg 1280w, https:\/\/www.camping-la-verdiere-83.com\/wp-content\/uploads\/2020\/02\/verdon-vacances-6personnes-1-300x200.jpg 300w, https:\/\/www.camping-la-verdiere-83.com\/wp-content\/uploads\/2020\/02\/verdon-vacances-6personnes-1-1024x682.jpg 1024w, https:\/\/www.camping-la-verdiere-83.com\/wp-content\/uploads\/2020\/02\/verdon-vacances-6personnes-1-768x512.jpg 768w\" sizes=\"auto, (max-width: 1280px) 100vw, 1280px\" \/><\/div><div class=\"ls-slide\" data-ls=\"bgsize:contain;\"><img loading=\"lazy\" decoding=\"async\" width=\"800\" height=\"600\" src=\"https:\/\/www.camping-la-verdiere-83.com\/wp-content\/uploads\/2020\/05\/location-mobilhome-verdon-3ch.jpg\" class=\"ls-bg\" alt=\"location mobil home dans les gorges du Verdon\" srcset=\"https:\/\/www.camping-la-verdiere-83.com\/wp-content\/uploads\/2020\/05\/location-mobilhome-verdon-3ch.jpg 800w, https:\/\/www.camping-la-verdiere-83.com\/wp-content\/uploads\/2020\/05\/location-mobilhome-verdon-3ch-300x225.jpg 300w, https:\/\/www.camping-la-verdiere-83.com\/wp-content\/uploads\/2020\/05\/location-mobilhome-verdon-3ch-768x576.jpg 768w\" sizes=\"auto, (max-width: 800px) 100vw, 800px\" \/><\/div><div class=\"ls-slide\" data-ls=\"bgsize:contain;\"><img loading=\"lazy\" decoding=\"async\" width=\"800\" height=\"571\" src=\"https:\/\/www.camping-la-verdiere-83.com\/wp-content\/uploads\/2020\/05\/location-verdon-6-personnes.jpg\" class=\"ls-bg\" alt=\"location Verdon pour 6 personnes\" srcset=\"https:\/\/www.camping-la-verdiere-83.com\/wp-content\/uploads\/2020\/05\/location-verdon-6-personnes.jpg 800w, https:\/\/www.camping-la-verdiere-83.com\/wp-content\/uploads\/2020\/05\/location-verdon-6-personnes-300x214.jpg 300w, https:\/\/www.camping-la-verdiere-83.com\/wp-content\/uploads\/2020\/05\/location-verdon-6-personnes-768x548.jpg 768w\" sizes=\"auto, (max-width: 800px) 100vw, 800px\" \/><\/div><\/div>\n\n\n\n<p>\t<a class=\"btn btn-shortcode btn-large btn-pink\" href=\"https:\/\/bookingpremium.secureholiday.net\/de\/14324\/Search\/product\/97393\">\n\t\t BUCHUNG \t<\/a>\n\t\t<a class=\"btn btn-shortcode btn-large btn-green\" href=\"https:\/\/www.camping-la-verdiere-83.com\/wp-content\/uploads\/Tarifs-campingverdiereDE.pdf\">\n\t\tALLE PREISE\t<\/a>\n\t<\/p>\n\n\n\n<p><strong>Hinweis: F\u00fcr Last-Minute-Buchungen.<\/strong><\/p>\n\n\n\n<p><strong>Vielen Dank, dass Sie uns unter 00 33 4 94 78 30 60 anrufen<\/strong><\/p>\n\n\n\n<h2 class=\"wp-block-heading\">RESERVIERUNG &#8211; Mobilheim Verdon 3 Schlafzimmer<\/h2>\n\n\n\n<p><script type=\"text\/javascript\" data-wsh-callbacks-onload=\"\" data-wsh-searchparameters-productid=\"64487\">!function () { var e = new window.CTV.Premium.Widget(\"SearchProduct\"); document.write(e.Write()), window.CTV.Premium.WidgetsCollection.push(e), e.Send() }();<\/script><\/p>\n\n\n<p><ctv-product data-product-id=\"97393\" data-full=\"true\"><\/ctv-product><\/p>\n\n\n\n<p><strong>Detail der Unterkunft:<\/strong><\/p>\n\n\n\n<ul class=\"wp-block-list\">\n<li><strong> F\u00fcr 5\/6 Personen<\/strong><\/li>\n<\/ul>\n\n\n\n<p>Fl\u00e4che 36m\u00b2 + \u00fcberdachte Holzterrasse und Gartenm\u00f6bel<\/p>\n\n\n\n<p>1 Schlafzimmer mit Doppelbett, 2 Schlafzimmer mit je 2 Einzelbetten,<\/p>\n\n\n\n<p>Wohnzimmer mit Sitzecke, K\u00fcche &#8211; <strong>Klimanlage und Fernseher<\/strong><\/p>\n\n\n\n<p>Badezimmer (Dusche, Waschbecken)<\/p>\n\n\n\n<p>separates WC.<\/p>\n\n\n\n<p>****<\/p>\n\n\n\n<p>Einweg-Bettw\u00e4sche und Handt\u00fccher k\u00f6nnen gemietet werden<\/p>\n\n\n\n<p>Vermietung von Samstag 15.00 Uhr bis Samstag 10.00 Uhr von Mitte Juli bis Ende August<\/p>\n\n\n\n<p>1 einzelnes Haustier bei einem Unterkunft (Weniger als 10Kg &#8211; Preise sihe Preisliste). geimpft &#8211; einschliesslich Tollwuimpfstoff &#8211; Imfass obligatorisch- An des Leine f\u00fchren und systematisch Mist sammln OBLIGATORISCH &#8211; Hunde kategorien 1 und 2 verboten &#8211; Preise siehe aktuelle Preisliste.<\/p>\n\n\n\n<p>Kurtaxe: 0,65 \u20ac pro Nacht und pro Person. Kind unter 18 Jahren frei.<\/p>\n\n\n\n<p>35% Anzahlung bei Buchung, Restbetrag bei Ankunft<\/p>\n\n\n\n<p>Eine Kaution von 500 \u20ac wird am Abreisetag nach dem Inventar zur\u00fcckerstattet.<\/p>\n\n\n\n<p><strong>Die K\u00fcche<\/strong><\/p>\n\n\n\n<ul class=\"wp-block-list\">\n<li>Kochutensilien<\/li>\n\n\n\n<li>Geschirr<\/li>\n\n\n\n<li>Mikrowelle,<\/li>\n\n\n\n<li>Elektrische Kaffeemaschine<\/li>\n\n\n\n<li>Wasserkocher<\/li>\n\n\n\n<li>Toaster<\/li>\n\n\n\n<li>K\u00fchlschrank mit Gefrierfach<\/li>\n\n\n\n<li>4 Gasbrenner<\/li>\n<\/ul>\n\n\n\n<p><strong>Schlafzimmer<\/strong><\/p>\n\n\n\n<ul class=\"wp-block-list\">\n<li>Bett f\u00fcr 2 Personen, 140&#215;190<\/li>\n\n\n\n<li>3 \/ 4 Bett f\u00fcr 1 Person, 80&#215;190 (nach Modell)<\/li>\n\n\n\n<li>Bettdecken &#8211; zus\u00e4tzliche Decken auf Anfrage<\/li>\n\n\n\n<li>Kissen und Bettunterlage<\/li>\n<\/ul>\n\n\n\n<p>Denken Sie daran, Bettw\u00e4sche, Kissenbez\u00fcge und Handt\u00fccher mitzunehmen.<\/p>\n\n\n\n<p>-&gt; M\u00f6glichkeit, an der Rezeption des Campingplatzes zu mieten: Preisliste der Zuschl\u00e4ge<\/p>\n\n\n\n<p><strong>Badezimmer und Toiletten im Mobilheim<\/strong><\/p>\n\n\n\n<ul class=\"wp-block-list\">\n<li>1 Badezimmer<\/li>\n\n\n\n<li>Separates WC<\/li>\n<\/ul>\n\n\n\n<p><strong>Au\u00dfen<\/strong><\/p>\n\n\n\n<ul class=\"wp-block-list\">\n<li>\u00dcberdachte Holzterrasse<\/li>\n\n\n\n<li>Gartenm\u00f6bel<\/li>\n\n\n\n<li>2 Sonnenliegen<\/li>\n\n\n\n<li>Zu Ihrer Entspannung sind unsere Mobilheime auf gut definierten und halbschattigen Komfortpl\u00e4tzen installiert. Jedes Mobilheim verf\u00fcgt \u00fcber einen privaten Garten und einen Parkplatz in unmittelbarer N\u00e4he des Mobilheims.<\/li>\n<\/ul>\n\n\n\n<h3 class=\"wp-block-heading\"><span style=\"color: #33cccc;\"><strong>CAMPING MIT POOL<\/strong><\/span><\/h3>\n\n\n\n<p class=\"tw-data-text tw-text-large XcVN5d tw-ta\" id=\"tw-target-text\"><span lang=\"de\">Genie\u00dfen Sie Ihren Urlaub in Ihrem 3 ZIMMER GROSS KOMFORT +&nbsp; Mobilheim. Sie haben freien und uneingeschr\u00e4nkten Zugang zum CAMPING POOL. <\/span><\/p>\n\n\n\n<p class=\"tw-data-text tw-text-large XcVN5d tw-ta\"><span lang=\"de\">Der Pool ist von April bis Oktober t\u00e4glich von 10 bis 19 Uhr ge\u00f6ffnet. Das Wassergebiet wird nicht \u00fcberwacht, Kinder sind in der Verantwortung ihrer begleitenden Erwachsenen. Poolabmessungen: 7 mx 7 m &#8211; Tiefe: 1,10 m<\/span><\/p>\n\n\n\n<p class=\"tw-data-text tw-text-large XcVN5d tw-ta\"><span lang=\"de\">Die Preise beinhalten warmes und kaltes Wasser, Gas, Strom, Zugang zu Spielpl\u00e4tzen, Tischtennisplatten, Tischfu\u00dfball sowie freien Zugang zum Schwimmbad <\/span><\/p>\n\n\n\n<p class=\"tw-data-text tw-text-large XcVN5d tw-ta\"><span lang=\"de\">NB: Preisangaben ab Oktober: Aufenthalt pro Nacht \/ Person: Strom ist im Preis pro Nacht enthalten Aufenthalt Aufenthalt von 7 N\u00e4chten oder mehr: Z\u00e4hlerstand (tats\u00e4chlicher Verbrauch)<\/span><\/p>\n\n\n\n<p><em>Mobilheims Vermietung, Gorges du verdon Vermietung finden<\/em><\/p>\n","protected":false},"template":"","meta":[],"room_cat":[90,94],"class_list":["post-3747","room","type-room","status-publish","has-post-thumbnail","hentry","room_cat-rooms-de","room_cat-premium-de"],"yoast_head":"<!-- This site is optimized with the Yoast SEO plugin v26.8 - https:\/\/yoast.com\/product\/yoast-seo-wordpress\/ -->\n<title>Location mobil home dans les Gorges du Verdon en camping - 6 pers.<\/title>\n<meta name=\"description\" content=\"R\u00e9servez votre Mobil home grand confort plus dans les Gorges du Verdon pr\u00e8s du lac de Quinson au camping de la Vedi\u00e8re. Un rapport qualit\u00e9 prix au top !\" \/>\n<meta name=\"robots\" content=\"index, follow, max-snippet:-1, max-image-preview:large, max-video-preview:-1\" \/>\n<link rel=\"canonical\" href=\"https:\/\/www.camping-la-verdiere-83.com\/de\/locations\/mobil-home-3-chambres-verdon\/\" \/>\n<meta property=\"og:locale\" content=\"de_DE\" \/>\n<meta property=\"og:type\" content=\"article\" \/>\n<meta property=\"og:title\" content=\"Location mobil home dans les Gorges du Verdon en camping - 6 pers.\" \/>\n<meta property=\"og:description\" content=\"R\u00e9servez votre Mobil home grand confort plus dans les Gorges du Verdon pr\u00e8s du lac de Quinson au camping de la Vedi\u00e8re. Un rapport qualit\u00e9 prix au top !\" \/>\n<meta property=\"og:url\" content=\"https:\/\/www.camping-la-verdiere-83.com\/de\/locations\/mobil-home-3-chambres-verdon\/\" \/>\n<meta property=\"og:site_name\" content=\"La verdi\u00e8re 83\" \/>\n<meta property=\"article:modified_time\" content=\"2023-03-01T09:48:43+00:00\" \/>\n<meta property=\"og:image\" content=\"https:\/\/www.camping-la-verdiere-83.com\/wp-content\/uploads\/2020\/02\/location-gorges-verdon.jpg\" \/>\n\t<meta property=\"og:image:width\" content=\"642\" \/>\n\t<meta property=\"og:image:height\" content=\"330\" \/>\n\t<meta property=\"og:image:type\" content=\"image\/jpeg\" \/>\n<meta name=\"twitter:label1\" content=\"Gesch\u00e4tzte Lesezeit\" \/>\n\t<meta name=\"twitter:data1\" content=\"3\u00a0Minuten\" \/>\n<script type=\"application\/ld+json\" class=\"yoast-schema-graph\">{\"@context\":\"https:\/\/schema.org\",\"@graph\":[{\"@type\":\"WebPage\",\"@id\":\"https:\/\/www.camping-la-verdiere-83.com\/de\/locations\/mobil-home-3-chambres-verdon\/\",\"url\":\"https:\/\/www.camping-la-verdiere-83.com\/de\/locations\/mobil-home-3-chambres-verdon\/\",\"name\":\"Location mobil home dans les Gorges du Verdon en camping - 6 pers.\",\"isPartOf\":{\"@id\":\"https:\/\/www.camping-la-verdiere-83.com\/#website\"},\"primaryImageOfPage\":{\"@id\":\"https:\/\/www.camping-la-verdiere-83.com\/de\/locations\/mobil-home-3-chambres-verdon\/#primaryimage\"},\"image\":{\"@id\":\"https:\/\/www.camping-la-verdiere-83.com\/de\/locations\/mobil-home-3-chambres-verdon\/#primaryimage\"},\"thumbnailUrl\":\"https:\/\/www.camping-la-verdiere-83.com\/wp-content\/uploads\/2020\/02\/location-gorges-verdon.jpg\",\"datePublished\":\"2019-12-18T14:01:35+00:00\",\"dateModified\":\"2023-03-01T09:48:43+00:00\",\"description\":\"R\u00e9servez votre Mobil home grand confort plus dans les Gorges du Verdon pr\u00e8s du lac de Quinson au camping de la Vedi\u00e8re. Un rapport qualit\u00e9 prix au top !\",\"breadcrumb\":{\"@id\":\"https:\/\/www.camping-la-verdiere-83.com\/de\/locations\/mobil-home-3-chambres-verdon\/#breadcrumb\"},\"inLanguage\":\"de\",\"potentialAction\":[{\"@type\":\"ReadAction\",\"target\":[\"https:\/\/www.camping-la-verdiere-83.com\/de\/locations\/mobil-home-3-chambres-verdon\/\"]}]},{\"@type\":\"ImageObject\",\"inLanguage\":\"de\",\"@id\":\"https:\/\/www.camping-la-verdiere-83.com\/de\/locations\/mobil-home-3-chambres-verdon\/#primaryimage\",\"url\":\"https:\/\/www.camping-la-verdiere-83.com\/wp-content\/uploads\/2020\/02\/location-gorges-verdon.jpg\",\"contentUrl\":\"https:\/\/www.camping-la-verdiere-83.com\/wp-content\/uploads\/2020\/02\/location-gorges-verdon.jpg\",\"width\":642,\"height\":330,\"caption\":\"location gorges verdon 6 personnes clim\"},{\"@type\":\"BreadcrumbList\",\"@id\":\"https:\/\/www.camping-la-verdiere-83.com\/de\/locations\/mobil-home-3-chambres-verdon\/#breadcrumb\",\"itemListElement\":[{\"@type\":\"ListItem\",\"position\":1,\"name\":\"Accueil\",\"item\":\"https:\/\/www.camping-la-verdiere-83.com\/de\/\"},{\"@type\":\"ListItem\",\"position\":2,\"name\":\"Mobilheim 3 zimmer PREMIUM\"}]},{\"@type\":\"WebSite\",\"@id\":\"https:\/\/www.camping-la-verdiere-83.com\/#website\",\"url\":\"https:\/\/www.camping-la-verdiere-83.com\/\",\"name\":\"La verdi\u00e8re 83\",\"description\":\"camping verdon\",\"potentialAction\":[{\"@type\":\"SearchAction\",\"target\":{\"@type\":\"EntryPoint\",\"urlTemplate\":\"https:\/\/www.camping-la-verdiere-83.com\/?s={search_term_string}\"},\"query-input\":{\"@type\":\"PropertyValueSpecification\",\"valueRequired\":true,\"valueName\":\"search_term_string\"}}],\"inLanguage\":\"de\"}]}<\/script>\n<!-- \/ Yoast SEO plugin. -->","yoast_head_json":{"title":"Location mobil home dans les Gorges du Verdon en camping - 6 pers.","description":"R\u00e9servez votre Mobil home grand confort plus dans les Gorges du Verdon pr\u00e8s du lac de Quinson au camping de la Vedi\u00e8re. Un rapport qualit\u00e9 prix au top !","robots":{"index":"index","follow":"follow","max-snippet":"max-snippet:-1","max-image-preview":"max-image-preview:large","max-video-preview":"max-video-preview:-1"},"canonical":"https:\/\/www.camping-la-verdiere-83.com\/de\/locations\/mobil-home-3-chambres-verdon\/","og_locale":"de_DE","og_type":"article","og_title":"Location mobil home dans les Gorges du Verdon en camping - 6 pers.","og_description":"R\u00e9servez votre Mobil home grand confort plus dans les Gorges du Verdon pr\u00e8s du lac de Quinson au camping de la Vedi\u00e8re. Un rapport qualit\u00e9 prix au top !","og_url":"https:\/\/www.camping-la-verdiere-83.com\/de\/locations\/mobil-home-3-chambres-verdon\/","og_site_name":"La verdi\u00e8re 83","article_modified_time":"2023-03-01T09:48:43+00:00","og_image":[{"width":642,"height":330,"url":"https:\/\/www.camping-la-verdiere-83.com\/wp-content\/uploads\/2020\/02\/location-gorges-verdon.jpg","type":"image\/jpeg"}],"twitter_misc":{"Gesch\u00e4tzte Lesezeit":"3\u00a0Minuten"},"schema":{"@context":"https:\/\/schema.org","@graph":[{"@type":"WebPage","@id":"https:\/\/www.camping-la-verdiere-83.com\/de\/locations\/mobil-home-3-chambres-verdon\/","url":"https:\/\/www.camping-la-verdiere-83.com\/de\/locations\/mobil-home-3-chambres-verdon\/","name":"Location mobil home dans les Gorges du Verdon en camping - 6 pers.","isPartOf":{"@id":"https:\/\/www.camping-la-verdiere-83.com\/#website"},"primaryImageOfPage":{"@id":"https:\/\/www.camping-la-verdiere-83.com\/de\/locations\/mobil-home-3-chambres-verdon\/#primaryimage"},"image":{"@id":"https:\/\/www.camping-la-verdiere-83.com\/de\/locations\/mobil-home-3-chambres-verdon\/#primaryimage"},"thumbnailUrl":"https:\/\/www.camping-la-verdiere-83.com\/wp-content\/uploads\/2020\/02\/location-gorges-verdon.jpg","datePublished":"2019-12-18T14:01:35+00:00","dateModified":"2023-03-01T09:48:43+00:00","description":"R\u00e9servez votre Mobil home grand confort plus dans les Gorges du Verdon pr\u00e8s du lac de Quinson au camping de la Vedi\u00e8re. Un rapport qualit\u00e9 prix au top !","breadcrumb":{"@id":"https:\/\/www.camping-la-verdiere-83.com\/de\/locations\/mobil-home-3-chambres-verdon\/#breadcrumb"},"inLanguage":"de","potentialAction":[{"@type":"ReadAction","target":["https:\/\/www.camping-la-verdiere-83.com\/de\/locations\/mobil-home-3-chambres-verdon\/"]}]},{"@type":"ImageObject","inLanguage":"de","@id":"https:\/\/www.camping-la-verdiere-83.com\/de\/locations\/mobil-home-3-chambres-verdon\/#primaryimage","url":"https:\/\/www.camping-la-verdiere-83.com\/wp-content\/uploads\/2020\/02\/location-gorges-verdon.jpg","contentUrl":"https:\/\/www.camping-la-verdiere-83.com\/wp-content\/uploads\/2020\/02\/location-gorges-verdon.jpg","width":642,"height":330,"caption":"location gorges verdon 6 personnes clim"},{"@type":"BreadcrumbList","@id":"https:\/\/www.camping-la-verdiere-83.com\/de\/locations\/mobil-home-3-chambres-verdon\/#breadcrumb","itemListElement":[{"@type":"ListItem","position":1,"name":"Accueil","item":"https:\/\/www.camping-la-verdiere-83.com\/de\/"},{"@type":"ListItem","position":2,"name":"Mobilheim 3 zimmer PREMIUM"}]},{"@type":"WebSite","@id":"https:\/\/www.camping-la-verdiere-83.com\/#website","url":"https:\/\/www.camping-la-verdiere-83.com\/","name":"La verdi\u00e8re 83","description":"camping verdon","potentialAction":[{"@type":"SearchAction","target":{"@type":"EntryPoint","urlTemplate":"https:\/\/www.camping-la-verdiere-83.com\/?s={search_term_string}"},"query-input":{"@type":"PropertyValueSpecification","valueRequired":true,"valueName":"search_term_string"}}],"inLanguage":"de"}]}},"_links":{"self":[{"href":"https:\/\/www.camping-la-verdiere-83.com\/de\/wp-json\/wp\/v2\/room\/3747","targetHints":{"allow":["GET"]}}],"collection":[{"href":"https:\/\/www.camping-la-verdiere-83.com\/de\/wp-json\/wp\/v2\/room"}],"about":[{"href":"https:\/\/www.camping-la-verdiere-83.com\/de\/wp-json\/wp\/v2\/types\/room"}],"wp:featuredmedia":[{"embeddable":true,"href":"https:\/\/www.camping-la-verdiere-83.com\/de\/wp-json\/wp\/v2\/media\/3758"}],"wp:attachment":[{"href":"https:\/\/www.camping-la-verdiere-83.com\/de\/wp-json\/wp\/v2\/media?parent=3747"}],"wp:term":[{"taxonomy":"room_cat","embeddable":true,"href":"https:\/\/www.camping-la-verdiere-83.com\/de\/wp-json\/wp\/v2\/room_cat?post=3747"}],"curies":[{"name":"wp","href":"https:\/\/api.w.org\/{rel}","templated":true}]}}