{"id":5621,"date":"2022-10-25T12:30:21","date_gmt":"2022-10-25T10:30:21","guid":{"rendered":"https:\/\/www.camping-la-verdiere-83.com\/locations\/ecolodge-verdon\/"},"modified":"2023-01-06T19:33:24","modified_gmt":"2023-01-06T18:33:24","slug":"ecolodge-verdon","status":"publish","type":"room","link":"https:\/\/www.camping-la-verdiere-83.com\/de\/locations\/ecolodge-verdon\/","title":{"rendered":"LODGE 2 ZIMMER"},"content":{"rendered":"\n<h1 class=\"wp-block-heading\">Vermietung Lodge Verdon &#8211; 2 Zimmer- 5 Personen<\/h1>\n\n\n\n<p>NEU F\u00dcR 2023: Die ECOLODGE* Cocooning des Campingplatzes erwartet Sie in einem ungew\u00f6hnlichen und gem\u00fctlichen Rahmen. Probieren Sie die Erfahrung in Ihrem <a title=\"Accueil\" href=\"https:\/\/www.camping-la-verdiere-83.com\/de\/\">3 Sterne Campingplatz La Verdi\u00e8re<\/a>.&nbsp; <\/p>\n\n\n<script type=\"text\/javascript\">jQuery(function() { _initLayerSlider( '#layerslider_22_hx5971tznd0s', {sliderVersion: '7.8.0', responsiveUnder: 0, allowFullscreen: true, slideBGSize: 'auto', hideUnder: 0, hideOver: 100000, pauseOnHover: 1, twoWaySlideshow: true, skin: 'fullwidth', sliderFadeInDuration: 350, globalBGColor: 'transparent', showCircleTimer: false, useSrcset: true, skinsPath: 'https:\/\/www.camping-la-verdiere-83.com\/wp-content\/plugins\/LayerSlider\/assets\/static\/layerslider\/skins\/', performanceMode: true}); });<\/script><div id=\"layerslider_22_hx5971tznd0s\" data-ls-slug=\"IRM3CH\" class=\"ls-wp-container fitvidsignore ls-selectable\" style=\"width:800px;height:600px;margin:0 auto;margin-bottom: 0px;\"><div class=\"ls-slide\" ><img loading=\"lazy\" decoding=\"async\" width=\"800\" height=\"600\" src=\"https:\/\/www.camping-la-verdiere-83.com\/wp-content\/uploads\/2022\/10\/location-lodge-gorges-du-verdon.jpeg\" class=\"ls-bg\" alt=\"location lodge camping du Verdon\" srcset=\"https:\/\/www.camping-la-verdiere-83.com\/wp-content\/uploads\/2022\/10\/location-lodge-gorges-du-verdon.jpeg 800w, https:\/\/www.camping-la-verdiere-83.com\/wp-content\/uploads\/2022\/10\/location-lodge-gorges-du-verdon-300x225.jpeg 300w, https:\/\/www.camping-la-verdiere-83.com\/wp-content\/uploads\/2022\/10\/location-lodge-gorges-du-verdon-768x576.jpeg 768w\" sizes=\"auto, (max-width: 800px) 100vw, 800px\" \/><\/div><div class=\"ls-slide\" ><img loading=\"lazy\" decoding=\"async\" width=\"525\" height=\"410\" src=\"https:\/\/www.camping-la-verdiere-83.com\/wp-content\/uploads\/2022\/10\/ecolodge-camping-3-etoiles-verdon.jpg\" class=\"ls-bg\" alt=\"ecolodge en camping 3 \u00e9toiles dans le Verdon\" srcset=\"https:\/\/www.camping-la-verdiere-83.com\/wp-content\/uploads\/2022\/10\/ecolodge-camping-3-etoiles-verdon.jpg 525w, https:\/\/www.camping-la-verdiere-83.com\/wp-content\/uploads\/2022\/10\/ecolodge-camping-3-etoiles-verdon-300x234.jpg 300w\" sizes=\"auto, (max-width: 525px) 100vw, 525px\" \/><\/div><div class=\"ls-slide\" ><img loading=\"lazy\" decoding=\"async\" width=\"800\" height=\"600\" src=\"https:\/\/www.camping-la-verdiere-83.com\/wp-content\/uploads\/2022\/10\/location-lodge-4-personnes-quinson.jpg\" class=\"ls-bg\" alt=\"location de lodge 4 personnes au Lac de Quinson\" srcset=\"https:\/\/www.camping-la-verdiere-83.com\/wp-content\/uploads\/2022\/10\/location-lodge-4-personnes-quinson.jpg 800w, https:\/\/www.camping-la-verdiere-83.com\/wp-content\/uploads\/2022\/10\/location-lodge-4-personnes-quinson-300x225.jpg 300w, https:\/\/www.camping-la-verdiere-83.com\/wp-content\/uploads\/2022\/10\/location-lodge-4-personnes-quinson-768x576.jpg 768w\" sizes=\"auto, (max-width: 800px) 100vw, 800px\" \/><\/div><div class=\"ls-slide\" ><img loading=\"lazy\" decoding=\"async\" width=\"2560\" height=\"1920\" src=\"https:\/\/www.camping-la-verdiere-83.com\/wp-content\/uploads\/2022\/10\/Ecolodge-camping-verdon-scaled-e1668071881420.jpeg\" class=\"ls-bg\" alt=\"Ecolodge en camping dans les Gorges du Verdon\" \/><\/div><div class=\"ls-slide\" ><img loading=\"lazy\" decoding=\"async\" width=\"800\" height=\"600\" src=\"https:\/\/www.camping-la-verdiere-83.com\/wp-content\/uploads\/2022\/10\/Ecolodge-he\u0301bergement-couple-verdon.jpg\" class=\"ls-bg\" alt=\"H\u00e9bergement couple en lodge Verdon\" srcset=\"https:\/\/www.camping-la-verdiere-83.com\/wp-content\/uploads\/2022\/10\/Ecolodge-he\u0301bergement-couple-verdon.jpg 800w, https:\/\/www.camping-la-verdiere-83.com\/wp-content\/uploads\/2022\/10\/Ecolodge-he\u0301bergement-couple-verdon-300x225.jpg 300w, https:\/\/www.camping-la-verdiere-83.com\/wp-content\/uploads\/2022\/10\/Ecolodge-he\u0301bergement-couple-verdon-768x576.jpg 768w\" sizes=\"auto, (max-width: 800px) 100vw, 800px\" \/><\/div><div class=\"ls-slide\" ><img loading=\"lazy\" decoding=\"async\" width=\"800\" height=\"600\" src=\"https:\/\/www.camping-la-verdiere-83.com\/wp-content\/uploads\/2022\/10\/ecolodge-gorges-verdon.jpg\" class=\"ls-bg\" alt=\"ecolodge dans les Gorges du Verdon en camping\" srcset=\"https:\/\/www.camping-la-verdiere-83.com\/wp-content\/uploads\/2022\/10\/ecolodge-gorges-verdon.jpg 800w, https:\/\/www.camping-la-verdiere-83.com\/wp-content\/uploads\/2022\/10\/ecolodge-gorges-verdon-300x225.jpg 300w, https:\/\/www.camping-la-verdiere-83.com\/wp-content\/uploads\/2022\/10\/ecolodge-gorges-verdon-768x576.jpg 768w\" sizes=\"auto, (max-width: 800px) 100vw, 800px\" \/><\/div><div class=\"ls-slide\" ><img loading=\"lazy\" decoding=\"async\" width=\"800\" height=\"600\" src=\"https:\/\/www.camping-la-verdiere-83.com\/wp-content\/uploads\/2022\/10\/Ecolodge-chambres.jpg\" class=\"ls-bg\" alt=\"Ecolodge chambres\" srcset=\"https:\/\/www.camping-la-verdiere-83.com\/wp-content\/uploads\/2022\/10\/Ecolodge-chambres.jpg 800w, https:\/\/www.camping-la-verdiere-83.com\/wp-content\/uploads\/2022\/10\/Ecolodge-chambres-300x225.jpg 300w, https:\/\/www.camping-la-verdiere-83.com\/wp-content\/uploads\/2022\/10\/Ecolodge-chambres-768x576.jpg 768w\" sizes=\"auto, (max-width: 800px) 100vw, 800px\" \/><\/div><\/div>\n\n\n\n<p>Sie m\u00f6chten sich wieder mit der Natur verbinden, in einer originellen und komfortablen Unterkunft aus Segeltuch und Holz im Herzen der Natur. Erleben Sie die wesentliche R\u00fcckkehr zu den Grundlagen, um wundervolle Momente mit Familie oder Freunden in einer hochwertigen Ecolodge zu teilen.<\/p>\n\n\n\n<p>Ihre Unterkunft aus edlen Materialien, das ist der Camping-Spirit, entlastet von der ganzen Logistik des Camps!<\/p>\n\n\n\n<p>Genie\u00dfen Sie einen Cocooning-Aufenthalt in einem wundersch\u00f6nen schattigen Au\u00dfenbereich auf einer gro\u00dfz\u00fcgigen \u00fcberdachten Terrasse, einem privaten Garten und Liegest\u00fchlen. Entspannen Sie sich in Ruhe, bequem eingebaut in Ihren Gartenm\u00f6beln und Sitzkissen aus Holz, pl\u00fcschig und bequem.<\/p>\n\n\n\n<p>Ihre praktischen und gut ausgestatteten Innenr\u00e4ume sind so konzipiert, dass sie Sie mit dem notwendigen und ausreichenden Komfort &#8222;umh\u00fcllen&#8220;, um Ruhe, Entspannung und den vollst\u00e4ndigsten Tapetenwechsel zu kombinieren. Wir bieten Ihnen das beste Preis-Leistungs-Verh\u00e4ltnis in der Region, die Empfangsqualit\u00e4t ist bei uns unerl\u00e4sslich.<\/p>\n\n\n<div class=\"wp-block-image\">\n<figure class=\"aligncenter size-large is-resized\"><a href=\"https:\/\/www.camping-la-verdiere-83.com\/wp-content\/uploads\/2022\/03\/IMG_3059-scaled.jpg\"><img loading=\"lazy\" decoding=\"async\" src=\"https:\/\/www.camping-la-verdiere-83.com\/wp-content\/uploads\/2022\/03\/IMG_3059-1024x768.jpg\" alt=\"\" class=\"wp-image-5220\" width=\"582\" height=\"437\" srcset=\"https:\/\/www.camping-la-verdiere-83.com\/wp-content\/uploads\/2022\/03\/IMG_3059-1024x768.jpg 1024w, https:\/\/www.camping-la-verdiere-83.com\/wp-content\/uploads\/2022\/03\/IMG_3059-300x225.jpg 300w, https:\/\/www.camping-la-verdiere-83.com\/wp-content\/uploads\/2022\/03\/IMG_3059-768x576.jpg 768w, https:\/\/www.camping-la-verdiere-83.com\/wp-content\/uploads\/2022\/03\/IMG_3059-1536x1152.jpg 1536w, https:\/\/www.camping-la-verdiere-83.com\/wp-content\/uploads\/2022\/03\/IMG_3059-2048x1536.jpg 2048w\" sizes=\"auto, (max-width: 582px) 100vw, 582px\" \/><\/a><\/figure><\/div>\n\n\n<p>Ihr Cocooning-Lodgezelt befindet sich auf einem ruhigen Campingplatz f\u00fcr aktive und entspannte Tage und ruhige N\u00e4chte im Verdon <a title=\"Tourisme\" href=\"https:\/\/www.camping-la-verdiere-83.com\/de\/tourisme-verdon-var\/\">Hoch Var<\/a>. Die Zimmer sind mit Holztrennw\u00e4nden und praktischem Stauraum ausgestattet!<\/p>\n\n\n\n<p>Ihre Ecolodge mit 2 Schlafzimmern bietet Platz f\u00fcr bis zu 5 Personen mit einem gut ausgestatteten Wohnzimmer, einem Familientisch und einem voll ausgestatteten K\u00fcchenbereich mit allen notwendigen Ger\u00e4ten, Mikrowelle, Familienk\u00fchlschrank mit Gefrierfach &#8230; ein guter Preis f\u00fcr ein ungew\u00f6hnliches Unterkunft 2 Schlafzimmer und komfortabel! Die vollst\u00e4ndige Beschreibung der Ausstattung Ihres Verdon Ecolodge-Verleihs finden Sie unten!<\/p>\n\n\n\n<h2 class=\"has-text-align-center wp-block-heading\">Zen- und Naturaufenthalt Lodge-Vermietung<\/h2>\n\n\n\n<p>In Ihrer Ecolodge leben Sie die Ferien, die SIE wollen, es ist Zeit, sich in der Provence Verte und Verdon zu verw\u00f6hnen!<\/p>\n\n\n\n<ctv-product data-product-id=\"119698\" data-full=\"true\"><\/ctv-product>\n\n\n\n<p class=\"has-text-align-center\">\t<a class=\"btn btn-shortcode btn-large btn-pink\" href=\"https:\/\/bookingpremium.secureholiday.net\/fr\/14324\/Search\/product\/64487\">\n\t\t RESERVER LOCATION \t<\/a>\n\t\t<a class=\"btn btn-shortcode btn-large btn-green\" href=\"https:\/\/www.camping-la-verdiere-83.com\/wp-content\/uploads\/Tarifs-campingverdiere.pdf\">\n\t\tTOUS LES TARIFS\t<\/a>\n\t\t<a class=\"btn btn-shortcode btn-large btn-green\" href=\"https:\/\/www.camping-la-verdiere-83.com\/assurance-annulation\/\">\n\t\tASSURANCE ANNULATION\t<\/a>\n\t<\/p>\n\n\n\n<p class=\"has-text-align-center\"><span style=\"color: #ff0000;\"><strong>N.B. Pour les r\u00e9servations de derni\u00e8re minute.<\/strong><\/span><br><span style=\"color: #ff0000;\"><strong>merci de nous appeler au&nbsp;04 94 78 30 60<\/strong><\/span><\/p>\n\n\n\n<p>Fl\u00e4che 30m\u00b2 &#8211; Wohnzimmer + Einbauk\u00fcche &#8211; 2 Schlafzimmer &#8211; 100% \u00fcberdachte Holzterrasse und Gartenm\u00f6bel &#8211; Ohne Sanit\u00e4ranlagen 1 Schlafzimmer mit Doppelbett, 1 Schlafzimmer mit 1 Doppelbett und 1 Einzelbett im Zwischengeschoss, Wohnraum mit Wohnzimmer und Sitzecke, K\u00fcche, gemeinsame Nasszelle. Bettw\u00e4sche und Handt\u00fccher k\u00f6nnen gemietet werden<\/p>\n\n\n\n<p class=\"has-text-align-center\"><strong> <\/strong>Vermietung von Samstag 15:00 Uhr bis Samstag 10:00 Uhr von Anfang Juli bis Ende August Nur 1 Haustier &#8211; 10 kg erlaubt, geimpft inkl. Tollwutimpfstoff &#8211; Impfpasspflicht &#8211; Leinenf\u00fchrung und systematisches Sammeln von KotPFLICHT &#8211; Hunde der Kategorien 1 und 2 verboten. Preise siehe aktuelle Preisliste. Kurtaxe: 0,65 \u20ac pro Nacht und pro Person. Kind unter 18 Jahren frei<\/p>\n\n\n\n<p class=\"has-text-align-center\">35 % Anzahlung bei Buchung, Restzahlung bei Ankunft Kaution von 500 \u20ac am Abreisetag nach Inventur zur\u00fcckerstattet.<\/p>\n\n\n\n<p class=\"has-text-align-center\"> <\/p>\n\n\n\n<h2 class=\"has-text-align-center wp-block-heading\">Gut ausgestattetes Cocooning-Lodgezelt<\/h2>\n\n\n\n<p><strong>K\u00fcche<\/strong><\/p>\n\n\n\n<p id=\"tw-target-text\">Kochutensilien\n\nDas Geschirr,\n\nMikrowelle,\n\nElektrische Kaffeemaschine\n\nToaster\n\nK\u00fchlschrank mit Gefrierfach\n\nElektroherd mit zwei Herdplatten<\/p>\n\n\n\n<p><\/p>\n\n\n\n<p><strong>Zimmer<\/strong><\/p>\n\n\n\n<p>Schlafzimmer Nr. 1: Doppelbett, 140&#215;190<\/p>\n\n\n\n<p>Schlafzimmer Nr. 2, Doppelbett 140 x 190 und 1 Mezzanine-Bett 80 x 190 <\/p>\n\n\n\n<p>1 Bettdecke\/Bett wird gestellt Kissen, Kissenschoner und Matratzenauflagen werden gestellt<\/p>\n\n\n\n<p><strong>Denken Sie daran, Ihre Bettw\u00e4sche, Kissenbez\u00fcge und Handt\u00fccher mitzunehmen.<\/strong><br>-&gt; M\u00f6glichkeit, an der Rezeption des Campingplatzes zu mieten<\/p>\n\n\n\n<p><strong>Badezimmer und Toiletten im Gemeinschaftssanit\u00e4rbereich<\/strong><\/p>\n\n\n\n<p>Geschirrraum <\/p>\n\n\n\n<p>Duschen <\/p>\n\n\n\n<p>Badezimmer<\/p>\n\n\n\n<p><strong>drau\u00dfen<\/strong><\/p>\n\n\n\n<p>Sch\u00f6ne 100% \u00fcberdachte Holzterrasse<\/p>\n\n\n\n<p> Gartenm\u00f6bel mit Holzsofa und Sesseln, <\/p>\n\n\n\n<p>Kissen 2 Liegest\u00fchle <\/p>\n\n\n\n<p>Privatparkplatz in der N\u00e4he F\u00fcr Ihren Komfort ist Ihre Ecolodge auf einem gut abgegrenzten und halbschattigen Komfortplatz eingerichtet. <\/p>\n\n\n\n<p>Die Cocooning Ecolodge verf\u00fcgt \u00fcber einen eigenen Parkplatz und einen privaten Garten.<\/p>\n\n\n\n<h2 class=\"has-text-align-center wp-block-heading\">Campingplatz mit Swimmbad<\/h2>\n\n\n\n<p id=\"tw-target-text\">Genie\u00dfen Sie Ihren Urlaub in Ihrer Cocooning Ecolodge, Sie haben freien und unbegrenzten Zugang zum CAMPING POOL. Das Schwimmbad ist von April bis Oktober t\u00e4glich von 10:00 bis 19:00 Uhr ge\u00f6ffnet. Der Wasserbereich ist nicht beaufsichtigt, Kinder sind in der Verantwortung ihrer erwachsenen Begleitpersonen. Poolabmessungen: 7 x 7 m &#8211; Tiefe: 1,10 m<\/p>\n\n\n\n<p id=\"tw-target-text\">Die Preise beinhalten warmes und kaltes Wasser, Gas, Strom, Zugang zu Spielpl\u00e4tzen, Tischtennisplatten, Tischfu\u00dfball und freien Zugang zum Swimmingpool NB: Preispr\u00e4zision ab Oktober: Aufenthalt pro Nacht \/ Person: Strom ist im Preis inbegriffen. Aufenthalt ab 7 N\u00e4chten: Z\u00e4hlerstand (tats\u00e4chlicher Verbrauch)<\/p>\n\n\n\n<p><strong>Die Optionen<\/strong><\/p>\n\n\n\n<p>Grill, Babybett, Verleih von Bettw\u00e4sche, Handt\u00fcchern&#8230; treffen Sie Ihre Wahl auf unserer Buchungsoberfl\u00e4che<\/p>\n\n\n\n<p><strong>Eher verf\u00fchrt von einem Aufenthalt in einem Mobilheim? Lust auf mehr Frische?<\/strong><\/p>\n\n\n\n<p><\/p>\n\n\n\n<p><img loading=\"lazy\" decoding=\"async\" width=\"38\" height=\"42\" class=\"wp-image-5229\" style=\"width: 38px;\" src=\"https:\/\/www.camping-la-verdiere-83.com\/wp-content\/uploads\/2022\/03\/image-2.png\" alt=\"\">Entscheiden Sie sich f\u00fcr das  Gross KOMFORT 3 Zimmer <a href=\"https:\/\/www.camping-la-verdiere-83.com\/de\/locations\/mobil-home-3-chambres-verdon\/\" target=\"_blank\" rel=\"noreferrer noopener\">Gross KOMFORT 3 Zimmer MOBILHEIM<\/a> Mit Airco unf Fernsehen <\/p>\n\n\n\n<h2 class=\"has-text-align-center wp-block-heading\">Die Natur in all ihrer Pracht Seen und Gorges du Verdon<\/h2>\n\n\n\n<h2 class=\"has-text-align-center wp-block-heading\"> <\/h2>\n\n\n\n<p class=\"has-text-align-center\">Der Campingplatz La Verdi\u00e8re liegt ideal im Regionalen Naturpark Verdon und in der Provence Verte und Verdon. 15 Minuten vom Campingplatz entfernt betreten Sie die Schluchten von Montmeyan Plage-Quinson und die Seen von Bas Verdon. Sie tauchen ein in das Herz der wilden Natur und des t\u00fcrkisfarbenen Wassers des Verdon. Der unumg\u00e4ngliche Lac de Sainte Croix und der erhabene Lac d&#8217;Esparron erwarten Sie, echte Naturjuwele mit ruhigem, t\u00fcrkisfarbenem Wasser. In der N\u00e4he des Campingplatzes kann jeder Spa\u00df mit den vielen Wasseraktivit\u00e4ten haben: Kanufahren, Tretboote, Tretboote, Elektroboote. Lassen Sie sich mit Familie oder Freunden entlang des Wassers durch die Gorges du Verdon f\u00fchren, um kleine frische und ruhige Buchten zu entdecken, in denen die Natur K\u00f6nigin ist!<\/p>\n\n\n\n<h2 class=\"has-text-align-center wp-block-heading\">Au\u00dfergew\u00f6hnliche Wanderungen in der Provence<\/h2>\n\n\n\n<p class=\"has-text-align-center\" id=\"tw-target-text\">Verpassen Sie im Einklang mit der Natur auch nicht den Grand Canyon mit seinem schwindelerregenden Panorama, um die Raubv\u00f6gel zu treffen, die in den steilen Klippen des gr\u00f6\u00dften Canyons Europas nisten! Ob Sportler oder Wanderer, Ihnen wird eine Vielzahl von Wanderungen in Umgebungen mit einem unglaublichen Reichtum an Fauna und Flora angeboten: \u00d6ffnen Sie die Augen und lassen Sie sich von der Natur mitrei\u00dfen!<\/p>\n\n\n\n<p class=\"has-text-align-center\" id=\"tw-target-text\">Zu Fu\u00df, zu Pferd oder mit dem Fahrrad, so viele M\u00f6glichkeiten, den Verdon zu besuchen, einzigartige Erlebnisse und erstaunliche Empfindungen im Herzen einer noch erhaltenen Natur und einer unglaublichen Artenvielfalt.<\/p>\n\n\n\n<h2 class=\"has-text-align-center wp-block-heading\" id=\"tw-target-text\">Provence-Verdon, seine kleinen lokalen M\u00e4rkte und malerischen D\u00f6rfer<\/h2>\n\n\n\n<p class=\"has-text-align-center\" id=\"tw-target-text\">Besuchen Sie die Region, die kleinen provenzalischen D\u00f6rfer und ihre M\u00e4rkte mit vielf\u00e4ltigen Geschmacksrichtungen, die reich an au\u00dfergew\u00f6hnlichen lokalen Produkten sind. Entdecken Sie La Verdi\u00e8re und sein pr\u00e4chtiges Schloss, erkunden Sie Saint Martin de Palli\u00e8res und seine au\u00dfergew\u00f6hnliche unterirdische Kathedrale, entdecken Sie Cotignac, das sch\u00f6nste Dorf Frankreichs mit seinen H\u00f6hlenwohnungen, ohne Tourtour, das Dorf im Himmel, zu vergessen!<\/p>\n\n\n\n<p class=\"has-text-align-center\" id=\"tw-target-text\">Wunderbare Momente der Entspannung erwarten Sie f\u00fcr unvergessliche provenzalische Ferien auf Ihrem kleinen Campingplatz mit Swimmingpool!<\/p>\n\n\n\n<div class=\"wp-block-columns is-layout-flex wp-container-core-columns-is-layout-1 wp-block-columns-is-layout-flex\">\n<div class=\"wp-block-column is-vertically-aligned-top is-layout-flow wp-block-column-is-layout-flow\">\n<p>* Ihr Campingplatz in der Provence und im Verdon bewegt sich mit dieser originellen und hochwertigen Unterkunft mit Unterst\u00fctzung der Region S\u00fcd weiter in die gehobene Kategorie<\/p>\n\n\n\n<p> <\/p>\n\n\n\n<figure class=\"wp-block-image size-full\"><a href=\"https:\/\/www.camping-la-verdiere-83.com\/wp-content\/uploads\/2022\/11\/loco-camping-sud.jpg\"><img loading=\"lazy\" decoding=\"async\" width=\"255\" height=\"120\" src=\"https:\/\/www.camping-la-verdiere-83.com\/wp-content\/uploads\/2022\/11\/loco-camping-sud.jpg\" alt=\"camping sud de la France dans le Var\" class=\"wp-image-5526\"\/><\/a><\/figure>\n<\/div>\n<\/div>\n\n\n\n<p>&gt;&gt;&gt;Erfahren Sie mehr \u00fcber Aktivit\u00e4ten und Ausfl\u00fcge &gt;&gt;&gt;<a href=\"https:\/\/www.camping-la-verdiere-83.com\/de\/tourisme-verdon-var\/\">Cliquez ICI<\/a><\/p>\n\n\n\n<p><em>Location mobil \u00e9colodge, trouver une location Gorges du Verdon<\/em><\/p>\n","protected":false},"template":"","meta":[],"room_cat":[],"class_list":["post-5621","room","type-room","status-publish","has-post-thumbnail","hentry"],"yoast_head":"<!-- This site is optimized with the Yoast SEO plugin v26.8 - https:\/\/yoast.com\/product\/yoast-seo-wordpress\/ -->\n<title>h\u00e9bergement insolite verdon<\/title>\n<meta name=\"description\" content=\"location \u00e9colodge en Provence et Verdon pour des vacances en pleine nature. Tout le confort d&#039;un h\u00e9bergement bien am\u00e9nag\u00e9 en toile et bois\" \/>\n<meta name=\"robots\" content=\"index, follow, max-snippet:-1, max-image-preview:large, max-video-preview:-1\" \/>\n<link rel=\"canonical\" href=\"https:\/\/www.camping-la-verdiere-83.com\/de\/locations\/ecolodge-verdon\/\" \/>\n<meta property=\"og:locale\" content=\"de_DE\" \/>\n<meta property=\"og:type\" content=\"article\" \/>\n<meta property=\"og:title\" content=\"h\u00e9bergement insolite verdon\" \/>\n<meta property=\"og:description\" content=\"location \u00e9colodge en Provence et Verdon pour des vacances en pleine nature. Tout le confort d&#039;un h\u00e9bergement bien am\u00e9nag\u00e9 en toile et bois\" \/>\n<meta property=\"og:url\" content=\"https:\/\/www.camping-la-verdiere-83.com\/de\/locations\/ecolodge-verdon\/\" \/>\n<meta property=\"og:site_name\" content=\"La verdi\u00e8re 83\" \/>\n<meta property=\"article:modified_time\" content=\"2023-01-06T18:33:24+00:00\" \/>\n<meta property=\"og:image\" content=\"https:\/\/www.camping-la-verdiere-83.com\/wp-content\/uploads\/2015\/01\/DIVERS-0341.jpg\" \/>\n\t<meta property=\"og:image:width\" content=\"500\" \/>\n\t<meta property=\"og:image:height\" content=\"375\" \/>\n\t<meta property=\"og:image:type\" content=\"image\/jpeg\" \/>\n<script type=\"application\/ld+json\" class=\"yoast-schema-graph\">{\"@context\":\"https:\/\/schema.org\",\"@graph\":[{\"@type\":\"WebPage\",\"@id\":\"https:\/\/www.camping-la-verdiere-83.com\/de\/locations\/ecolodge-verdon\/\",\"url\":\"https:\/\/www.camping-la-verdiere-83.com\/de\/locations\/ecolodge-verdon\/\",\"name\":\"h\u00e9bergement insolite verdon\",\"isPartOf\":{\"@id\":\"https:\/\/www.camping-la-verdiere-83.com\/#website\"},\"primaryImageOfPage\":{\"@id\":\"https:\/\/www.camping-la-verdiere-83.com\/de\/locations\/ecolodge-verdon\/#primaryimage\"},\"image\":{\"@id\":\"https:\/\/www.camping-la-verdiere-83.com\/de\/locations\/ecolodge-verdon\/#primaryimage\"},\"thumbnailUrl\":\"https:\/\/www.camping-la-verdiere-83.com\/wp-content\/uploads\/2015\/01\/DIVERS-0341.jpg\",\"datePublished\":\"2022-10-25T10:30:21+00:00\",\"dateModified\":\"2023-01-06T18:33:24+00:00\",\"description\":\"location \u00e9colodge en Provence et Verdon pour des vacances en pleine nature. Tout le confort d'un h\u00e9bergement bien am\u00e9nag\u00e9 en toile et bois\",\"breadcrumb\":{\"@id\":\"https:\/\/www.camping-la-verdiere-83.com\/de\/locations\/ecolodge-verdon\/#breadcrumb\"},\"inLanguage\":\"de\",\"potentialAction\":[{\"@type\":\"ReadAction\",\"target\":[\"https:\/\/www.camping-la-verdiere-83.com\/de\/locations\/ecolodge-verdon\/\"]}]},{\"@type\":\"ImageObject\",\"inLanguage\":\"de\",\"@id\":\"https:\/\/www.camping-la-verdiere-83.com\/de\/locations\/ecolodge-verdon\/#primaryimage\",\"url\":\"https:\/\/www.camping-la-verdiere-83.com\/wp-content\/uploads\/2015\/01\/DIVERS-0341.jpg\",\"contentUrl\":\"https:\/\/www.camping-la-verdiere-83.com\/wp-content\/uploads\/2015\/01\/DIVERS-0341.jpg\",\"width\":500,\"height\":375},{\"@type\":\"BreadcrumbList\",\"@id\":\"https:\/\/www.camping-la-verdiere-83.com\/de\/locations\/ecolodge-verdon\/#breadcrumb\",\"itemListElement\":[{\"@type\":\"ListItem\",\"position\":1,\"name\":\"Accueil\",\"item\":\"https:\/\/www.camping-la-verdiere-83.com\/de\/\"},{\"@type\":\"ListItem\",\"position\":2,\"name\":\"LODGE 2 ZIMMER\"}]},{\"@type\":\"WebSite\",\"@id\":\"https:\/\/www.camping-la-verdiere-83.com\/#website\",\"url\":\"https:\/\/www.camping-la-verdiere-83.com\/\",\"name\":\"La verdi\u00e8re 83\",\"description\":\"camping verdon\",\"potentialAction\":[{\"@type\":\"SearchAction\",\"target\":{\"@type\":\"EntryPoint\",\"urlTemplate\":\"https:\/\/www.camping-la-verdiere-83.com\/?s={search_term_string}\"},\"query-input\":{\"@type\":\"PropertyValueSpecification\",\"valueRequired\":true,\"valueName\":\"search_term_string\"}}],\"inLanguage\":\"de\"}]}<\/script>\n<!-- \/ Yoast SEO plugin. -->","yoast_head_json":{"title":"h\u00e9bergement insolite verdon","description":"location \u00e9colodge en Provence et Verdon pour des vacances en pleine nature. Tout le confort d'un h\u00e9bergement bien am\u00e9nag\u00e9 en toile et bois","robots":{"index":"index","follow":"follow","max-snippet":"max-snippet:-1","max-image-preview":"max-image-preview:large","max-video-preview":"max-video-preview:-1"},"canonical":"https:\/\/www.camping-la-verdiere-83.com\/de\/locations\/ecolodge-verdon\/","og_locale":"de_DE","og_type":"article","og_title":"h\u00e9bergement insolite verdon","og_description":"location \u00e9colodge en Provence et Verdon pour des vacances en pleine nature. Tout le confort d'un h\u00e9bergement bien am\u00e9nag\u00e9 en toile et bois","og_url":"https:\/\/www.camping-la-verdiere-83.com\/de\/locations\/ecolodge-verdon\/","og_site_name":"La verdi\u00e8re 83","article_modified_time":"2023-01-06T18:33:24+00:00","og_image":[{"width":500,"height":375,"url":"https:\/\/www.camping-la-verdiere-83.com\/wp-content\/uploads\/2015\/01\/DIVERS-0341.jpg","type":"image\/jpeg"}],"schema":{"@context":"https:\/\/schema.org","@graph":[{"@type":"WebPage","@id":"https:\/\/www.camping-la-verdiere-83.com\/de\/locations\/ecolodge-verdon\/","url":"https:\/\/www.camping-la-verdiere-83.com\/de\/locations\/ecolodge-verdon\/","name":"h\u00e9bergement insolite verdon","isPartOf":{"@id":"https:\/\/www.camping-la-verdiere-83.com\/#website"},"primaryImageOfPage":{"@id":"https:\/\/www.camping-la-verdiere-83.com\/de\/locations\/ecolodge-verdon\/#primaryimage"},"image":{"@id":"https:\/\/www.camping-la-verdiere-83.com\/de\/locations\/ecolodge-verdon\/#primaryimage"},"thumbnailUrl":"https:\/\/www.camping-la-verdiere-83.com\/wp-content\/uploads\/2015\/01\/DIVERS-0341.jpg","datePublished":"2022-10-25T10:30:21+00:00","dateModified":"2023-01-06T18:33:24+00:00","description":"location \u00e9colodge en Provence et Verdon pour des vacances en pleine nature. Tout le confort d'un h\u00e9bergement bien am\u00e9nag\u00e9 en toile et bois","breadcrumb":{"@id":"https:\/\/www.camping-la-verdiere-83.com\/de\/locations\/ecolodge-verdon\/#breadcrumb"},"inLanguage":"de","potentialAction":[{"@type":"ReadAction","target":["https:\/\/www.camping-la-verdiere-83.com\/de\/locations\/ecolodge-verdon\/"]}]},{"@type":"ImageObject","inLanguage":"de","@id":"https:\/\/www.camping-la-verdiere-83.com\/de\/locations\/ecolodge-verdon\/#primaryimage","url":"https:\/\/www.camping-la-verdiere-83.com\/wp-content\/uploads\/2015\/01\/DIVERS-0341.jpg","contentUrl":"https:\/\/www.camping-la-verdiere-83.com\/wp-content\/uploads\/2015\/01\/DIVERS-0341.jpg","width":500,"height":375},{"@type":"BreadcrumbList","@id":"https:\/\/www.camping-la-verdiere-83.com\/de\/locations\/ecolodge-verdon\/#breadcrumb","itemListElement":[{"@type":"ListItem","position":1,"name":"Accueil","item":"https:\/\/www.camping-la-verdiere-83.com\/de\/"},{"@type":"ListItem","position":2,"name":"LODGE 2 ZIMMER"}]},{"@type":"WebSite","@id":"https:\/\/www.camping-la-verdiere-83.com\/#website","url":"https:\/\/www.camping-la-verdiere-83.com\/","name":"La verdi\u00e8re 83","description":"camping verdon","potentialAction":[{"@type":"SearchAction","target":{"@type":"EntryPoint","urlTemplate":"https:\/\/www.camping-la-verdiere-83.com\/?s={search_term_string}"},"query-input":{"@type":"PropertyValueSpecification","valueRequired":true,"valueName":"search_term_string"}}],"inLanguage":"de"}]}},"_links":{"self":[{"href":"https:\/\/www.camping-la-verdiere-83.com\/de\/wp-json\/wp\/v2\/room\/5621","targetHints":{"allow":["GET"]}}],"collection":[{"href":"https:\/\/www.camping-la-verdiere-83.com\/de\/wp-json\/wp\/v2\/room"}],"about":[{"href":"https:\/\/www.camping-la-verdiere-83.com\/de\/wp-json\/wp\/v2\/types\/room"}],"wp:featuredmedia":[{"embeddable":true,"href":"https:\/\/www.camping-la-verdiere-83.com\/de\/wp-json\/wp\/v2\/media\/3201"}],"wp:attachment":[{"href":"https:\/\/www.camping-la-verdiere-83.com\/de\/wp-json\/wp\/v2\/media?parent=5621"}],"wp:term":[{"taxonomy":"room_cat","embeddable":true,"href":"https:\/\/www.camping-la-verdiere-83.com\/de\/wp-json\/wp\/v2\/room_cat?post=5621"}],"curies":[{"name":"wp","href":"https:\/\/api.w.org\/{rel}","templated":true}]}}