{"id":5628,"date":"2022-10-19T17:08:50","date_gmt":"2022-10-19T15:08:50","guid":{"rendered":"https:\/\/www.camping-la-verdiere-83.com\/locations\/mobil-home-3-chambres-2\/"},"modified":"2023-03-01T10:45:06","modified_gmt":"2023-03-01T09:45:06","slug":"mobil-home-3-chambres-2","status":"publish","type":"room","link":"https:\/\/www.camping-la-verdiere-83.com\/de\/locations\/mobil-home-3-chambres-2\/","title":{"rendered":"Mobilheim 3 Zimmer Gross COMFORT &#8211; Airco"},"content":{"rendered":"\n<h1 class=\"wp-block-heading\">Vermietung 3 Zimmer Mobil heim gross Comfort Verdon &#8211; 5 Personen<\/h1>\n\n\n\n<p>Entdecken Sie unser COMFORT-Sortiment an Mobilheimen mit 3 Schlafzimmern f\u00fcr 5\/6 Personen auf Ihrem <a title=\"Accueil\" href=\"https:\/\/www.camping-la-verdiere-83.com\/de\/\">3-Sterne-Campingplatz La Verdi\u00e8re<\/a>.\u00a0 <\/p>\n\n\n<script type=\"text\/javascript\">jQuery(function() { _initLayerSlider( '#layerslider_23_6e75t79drtdu', {sliderVersion: '7.6.1', responsiveUnder: 0, allowFullscreen: true, slideBGSize: 'auto', hideUnder: 0, hideOver: 100000, pauseOnHover: 1, twoWaySlideshow: true, skin: 'fullwidth', sliderFadeInDuration: 350, globalBGColor: 'transparent', showCircleTimer: false, useSrcset: true, skinsPath: 'https:\/\/www.camping-la-verdiere-83.com\/wp-content\/plugins\/LayerSlider\/assets\/static\/layerslider\/skins\/', performanceMode: true}); });<\/script><div id=\"layerslider_23_6e75t79drtdu\" data-ls-slug=\"IRM3CH\" class=\"ls-wp-container fitvidsignore ls-selectable\" style=\"width:1000px;height:500px;margin:0 auto;margin-bottom: 0px;\"><div class=\"ls-slide\" ><img loading=\"lazy\" decoding=\"async\" width=\"1024\" height=\"768\" src=\"https:\/\/www.camping-la-verdiere-83.com\/wp-content\/uploads\/2020\/05\/location-6personnes-verdon.jpg\" class=\"ls-bg\" alt=\"location 6 personnes Verdon\" srcset=\"https:\/\/www.camping-la-verdiere-83.com\/wp-content\/uploads\/2020\/05\/location-6personnes-verdon.jpg 1024w, https:\/\/www.camping-la-verdiere-83.com\/wp-content\/uploads\/2020\/05\/location-6personnes-verdon-300x225.jpg 300w, https:\/\/www.camping-la-verdiere-83.com\/wp-content\/uploads\/2020\/05\/location-6personnes-verdon-768x576.jpg 768w\" sizes=\"auto, (max-width: 1024px) 100vw, 1024px\" \/><\/div><div class=\"ls-slide\" data-ls=\"duration:4000;transition2d:1;\"><img loading=\"lazy\" decoding=\"async\" width=\"375\" height=\"500\" src=\"https:\/\/www.camping-la-verdiere-83.com\/wp-content\/uploads\/2015\/01\/DIVERS-041.jpg\" class=\"ls-bg\" alt=\"\" srcset=\"https:\/\/www.camping-la-verdiere-83.com\/wp-content\/uploads\/2015\/01\/DIVERS-041.jpg 375w, https:\/\/www.camping-la-verdiere-83.com\/wp-content\/uploads\/2015\/01\/DIVERS-041-225x300.jpg 225w\" sizes=\"auto, (max-width: 375px) 100vw, 375px\" \/><div style=\"top:51px;left:1px;\" class=\"ls-l ls-post-layer\" data-ls=\"offsetxin:right;durationin:1500;fadein:false;scalexin:1.0;scaleyin:1.0;offsetxout:right;durationout:1500;fadeout:false;scalexout:1.0;scaleyout:1.0;parallaxlevel:0;\"><\/div><\/div><div class=\"ls-slide\" data-ls=\"duration:4000;transition2d:3;\"><img loading=\"lazy\" decoding=\"async\" width=\"500\" height=\"375\" src=\"https:\/\/www.camping-la-verdiere-83.com\/wp-content\/uploads\/2015\/01\/DIVERS-038.jpg\" class=\"ls-bg\" alt=\"\" srcset=\"https:\/\/www.camping-la-verdiere-83.com\/wp-content\/uploads\/2015\/01\/DIVERS-038.jpg 500w, https:\/\/www.camping-la-verdiere-83.com\/wp-content\/uploads\/2015\/01\/DIVERS-038-300x225.jpg 300w\" sizes=\"auto, (max-width: 500px) 100vw, 500px\" \/><\/div><div class=\"ls-slide\" data-ls=\"duration:4000;\"><img loading=\"lazy\" decoding=\"async\" width=\"500\" height=\"243\" src=\"https:\/\/www.camping-la-verdiere-83.com\/wp-content\/uploads\/2016\/04\/location-Mobil-home-verdon-6-pesonnes.jpg\" class=\"ls-bg\" alt=\"location verdon 6 personnes\" srcset=\"https:\/\/www.camping-la-verdiere-83.com\/wp-content\/uploads\/2016\/04\/location-Mobil-home-verdon-6-pesonnes.jpg 500w, https:\/\/www.camping-la-verdiere-83.com\/wp-content\/uploads\/2016\/04\/location-Mobil-home-verdon-6-pesonnes-300x146.jpg 300w\" sizes=\"auto, (max-width: 500px) 100vw, 500px\" \/><\/div><\/div>\n\n\n\n<p>Voll ausgestattete Mobilheime mit 3 Schlafzimmern, die bis zu 5 oder 6 Personen f\u00fcr optimalen Komfort beherbergen k\u00f6nnen. Wir bieten Ihnen das beste Preis-Leistungs-Verh\u00e4ltnis in der Region, die Empfangsqualit\u00e4t ist bei uns unerl\u00e4sslich. Ihr Mobilheim befindet sich auf einem ruhigen Campingplatz f\u00fcr aktive und entspannte Tage und ruhige N\u00e4chte im Herzen des <a title=\"Tourisme\" href=\"https:\/\/www.camping-la-verdiere-83.com\/de\/tourisme-verdon-var\/\">Var<\/a>.<\/p>\n\n\n\n<p>Ihr Mobilheim Gross COMFORT-Clim mit 3 Schlafzimmern ist makellos und sehr angenehm zum Wohnen, mit seiner gro\u00dfen, halb \u00fcberdachten Terrasse mit Gartentischen und -st\u00fchlen und dem Garten, der mit einem Tisch und \u00fcberdachten Picknickb\u00e4nken ausgestattet ist! <\/p>\n\n\n\n<p>In Ihrem Mobilheim Grand COMFORT mit 3 Schlafzimmern verf\u00fcgen Sie \u00fcber ein gut ausgestattetes Wohnzimmer, einen Familientisch und eine gro\u00dfe Sitzbank zum Entspannen, einen voll ausgestatteten K\u00fcchenbereich mit den notwendigen Ger\u00e4ten f\u00fcr 6 Personen, Mikrowelle, Familienk\u00fchlschrank mit Gefrierfach , TV optional m\u00f6glich, privater Garten&#8230; netter Preis f\u00fcr eine komfortable 3-Zimmer-Unterkunft! Die vollst\u00e4ndige Beschreibung der Ausstattung Ihres Mietmobilheims Verdon finden Sie weiter unten! <\/p>\n\n\n\n<p>Machen Sie in Ihrem Mobilheim COMFORT mit 3 Schlafzimmern das Beste aus Ihrem Urlaub in der Provence Verte und Verdon, um sich etwas Gutes zu tun!<\/p>\n\n\n\n<ctv-product data-product-id=\"64487\" data-full=\"true\"><\/ctv-product>\n\n\n\n<p class=\"has-text-align-center\">\t<a class=\"btn btn-shortcode btn-large btn-pink\" href=\"https:\/\/bookingpremium.secureholiday.net\/fr\/14324\/Search\/product\/64487\">\n\t\t RESERVER LOCATION \t<\/a>\n\t\t<a class=\"btn btn-shortcode btn-large btn-green\" href=\"https:\/\/www.camping-la-verdiere-83.com\/wp-content\/uploads\/Tarifs-campingverdiere.pdf\">\n\t\tTOUS LES TARIFS\t<\/a>\n\t\t<a class=\"btn btn-shortcode btn-large btn-green\" href=\"https:\/\/www.camping-la-verdiere-83.com\/assurance-annulation\/\">\n\t\tASSURANCE ANNULATION\t<\/a>\n\t<\/p>\n\n\n\n<h3 class=\"has-text-align-center wp-block-heading\"><strong>F\u00fcr Last-Minute-Reservierungen. Bitte rufen Sie uns unter 00 33 4 94 78 30 60 an<\/strong><\/h3>\n\n\n\n<p class=\"has-text-align-center\">Quels sont les \u00e9quipements de votre mobil Home 3 Chambres CONFORT?<\/p>\n\n\n\n<p><span style=\"color: #ff6600;\"><strong>Detail der Unterkunft:<\/strong><\/span><\/p>\n\n\n\n<ul class=\"wp-block-list\">\n<li><strong>F\u00fcr 5 Personen<\/strong><\/li>\n<\/ul>\n\n\n\n<p>Fl\u00e4che 36m\u00b2 + halb\u00fcberdachte Holzterrasse und Gartenm\u00f6bel<\/p>\n\n\n\n<p>1 Schlafzimmer mit Doppelbett, 1 Schlafzimmer mit 2 Einzelbetten, 1 Schlafzimmer mit 1 Einzelbett, Wohnzimmer mit Sitzecke, K\u00fcche, Badezimmer (Dusche, Waschbecken), separates WC.<\/p>\n\n\n\n<p>Einweg-Bettw\u00e4sche und Handt\u00fccher k\u00f6nnen gemietet werden<\/p>\n\n\n\n<p><\/p>\n\n\n\n<p class=\"has-text-align-center\"><strong> <\/strong>Vermietung von Samstag 15:00 Uhr bis Samstag 10:00 Uhr von Anfang Juli bis Ende August <\/p>\n\n\n\n<p class=\"has-text-align-center\">Pro Unterkunft ist nur 1 Haustier mit einem Gewicht von 10 kg erlaubt, geimpft einschlie\u00dflich Tollwutimpfstoff &#8211; Impfpass obligatorisch &#8211; An der Leine f\u00fchren und systematisch Kot-PFLICHT sammeln &#8211; Hunde der Kategorien 1 und 2 verboten. Preise siehe aktuelle Preisliste.<\/p>\n\n\n\n<p class=\"has-text-align-center\"> Kurtaxe: 0,65 \u20ac pro Nacht und pro Erwachsene. Kind unter 18 Jahren frei 35 % Anzahlung bei Buchung, Restzahlung bei Ankunft <\/p>\n\n\n\n<p class=\"has-text-align-center\">Kaution von 500 \u20ac am Abreisetag nach Inventur zur\u00fcckerstattet.<\/p>\n\n\n\n<p class=\"has-text-align-center\"><\/p>\n\n\n\n<p><strong>K\u00fcche<\/strong><\/p>\n\n\n\n<p>Kochutensilien Das Geschirr, Mikrowelle, Elektrische Kaffeemaschine Wasserkocher Toaster K\u00fchlschrank mit Gefrierfach 4 Gasbrenner<\/p>\n\n\n\n<p><\/p>\n\n\n\n<p><strong>Schlafzimmer<\/strong> <\/p>\n\n\n\n<p>Schlafzimmer Nr. 1: 140&#215;190 Bett<\/p>\n\n\n\n<p>Nr. 2 und Nr. 3: 2 Einzelbetten, 80&#215;190 <\/p>\n\n\n\n<p>1 Bettdecke\/Bett vorhanden &#8211; zus\u00e4tzliche Decken auf Anfrage <\/p>\n\n\n\n<p>Kissen, Kissenschoner und Matratzenauflagen werden gestellt<\/p>\n\n\n\n<p>Denken Sie daran, Ihre Bettw\u00e4sche, Kissenbez\u00fcge und Handt\u00fccher mitzunehmen. -> M\u00f6glichkeit der Anmietung an der Rezeption des Campingplatzes: siehe Preise der Zuschl\u00e4ge<\/p>\n\n\n\n<p><strong>Badezimmer und Toilette im Mobilheim<\/strong><\/p>\n\n\n\n<p>1 Badezimmer mit Dusche &#8211; Waschbecken 1 separates WC<\/p>\n\n\n\n<p><strong>Draussen<\/strong> <\/p>\n\n\n\n<p>Gro\u00dfe Holzterrasse 100 % \u00fcberdacht, 2 Gartenlounge, 2 Liegest\u00fchle Privatparkplatz in der N\u00e4he<\/p>\n\n\n\n<p>Zu Ihrer Sicherheit sind unsere Mobilheime auf gut abgegrenzten und halbschattigen bequemen Stellpl\u00e4tzen aufgestellt. Jedes Mobilheim verf\u00fcgt \u00fcber einen eigenen Parkplatz und einen privaten Garten.<\/p>\n\n\n\n<p><strong>Campingplatz mit Schwimmbad<\/strong><\/p>\n\n\n\n<p>Genie\u00dfen Sie Ihren Urlaub in Ihrem COMFORT 3-Zimmer-Mobilheim, Sie haben freien und unbegrenzten Zugang zum CAMPING POOL. Das Schwimmbad ist von April bis Oktober t\u00e4glich von 10:00 bis 19:00 Uhr ge\u00f6ffnet. Der Wasserbereich ist nicht beaufsichtigt, Kinder sind in der Verantwortung ihrer erwachsenen Begleitpersonen. Poolabmessungen: 7 x 7 m &#8211; Tiefe: 1,10 m<\/p>\n\n\n\n<p> Die Preise beinhalten warmes und kaltes Wasser, Gas, Strom, Zugang zu Spielpl\u00e4tzen, Tischtennisplatten, Tischfu\u00dfball und freien Zugang zum Swimmingpool NB: Preispr\u00e4zision ab Oktober : <\/p>\n\n\n\n<p>Aufenthalt pro Nacht \/ Person: Strom ist im Preis inbegriffen. <\/p>\n\n\n\n<p>Aufenthalt ab 7 N\u00e4chten: Z\u00e4hlerstand (tats\u00e4chlicher Verbrauch)<\/p>\n\n\n\n<p>Die Optionen : TV, elektrischer Grill, Kinderbett, Verleih von Bettw\u00e4sche, Handt\u00fcchern&#8230; treffen Sie Ihre Wahl auf unserer Reservierungsschnittstelle, indem Sie hier klicken <\/p>\n\n\n\n<h3 class=\"wp-block-heading\">Brauchen oder wollen Sie 1 Mobilheim f\u00fcr 6 Personen? <\/h3>\n\n\n\n<pre id=\"tw-target-text\" class=\"wp-block-preformatted\"><\/pre>\n\n\n\n<p><img loading=\"lazy\" decoding=\"async\" width=\"38\" height=\"42\" class=\"wp-image-5229\" style=\"width: 38px;\" src=\"https:\/\/www.camping-la-verdiere-83.com\/wp-content\/uploads\/2022\/03\/image-2.png\" alt=\"\">Entscheiden Sie das <a href=\"https:\/\/www.camping-la-verdiere-83.com\/de\/locations\/mobil-home-3-chambres-verdon\/\" target=\"_blank\" rel=\"noreferrer noopener\">MOBILHEIM <strong>3 ZIMMER PREMIUM <\/strong><\/a> mit Airco und Frensehen inbegriffen<\/p>\n\n\n\n<p>Oder<\/p>\n\n\n\n<p><img loading=\"lazy\" decoding=\"async\" width=\"38\" height=\"42\" class=\"wp-image-5229\" style=\"width: 38px;\" src=\"https:\/\/www.camping-la-verdiere-83.com\/wp-content\/uploads\/2022\/03\/image-2.png\" alt=\"\">Das <a href=\"https:\/\/www.camping-la-verdiere-83.com\/de\/locations\/mobil-home-3-chambres\/\">MOBILHEIM 3 Zimmer COMFORT &#8211; 6 Persone<\/a><\/p>\n\n\n\n<h2 class=\"wp-block-heading\" id=\"tw-target-text\">Ihre Mobilheimvermietung in der N\u00e4he der Verdonseen<\/h2>\n\n\n\n<h2 class=\"wp-block-heading\"> <\/h2>\n\n\n\n<h3 class=\"has-text-align-center wp-block-heading\" id=\"tw-target-text\">Die herrlichen Seen und Schluchten des Verdon<\/h3>\n\n\n\n<p class=\"has-text-align-left\"><a href=\"https:\/\/www.camping-la-verdiere-83.com\/de\/Tourisme\/die-seen-von-verdon\/\">Alle Verdonseen <\/a>sbefinden sich in der N\u00e4he Ihrer Unterkunft auf dem Campingplatz La Verdi\u00e8re. Vom Lac de Quinson zum erhabenen Lac de Sainte Croix, vorbei am Lac d&#8217;Esparron, einem echten Nugget mit ruhigem, t\u00fcrkisfarbenem Wasser. Mit Familie oder Freunden, 15 Minuten vom Campingplatz entfernt, erwarten Sie alle Wasseraktivit\u00e4ten: Kanu, Tretboot, Tretboot,<a href=\"https:\/\/www.camping-la-verdiere-83.com\/de\/Tourisme\/eaux-vives-verdon\/\"> Elektroboot.<\/a> <\/p>\n\n\n\n<p id=\"tw-target-text\">Lassen Sie sich mit Familie oder Freunden am Wasser entlang in die Gorges du Verdon f\u00fchren, um kleine frische und ruhige Buchten zu entdecken, in denen die Natur K\u00f6nigin ist! Vergessen Sie nicht die Schluchten &#8222;von oben gesehen&#8220; dank Spazierg\u00e4ngen und Wanderungen, die Ihnen au\u00dfergew\u00f6hnliche Landschaften und Licht bieten, die f\u00fcr alle zug\u00e4nglich sind.<\/p>\n\n\n\n<p id=\"tw-target-text\"> Zu Fu\u00df, zu Pferd oder mit dem <a href=\"https:\/\/www.camping-la-verdiere-83.com\/le-verdon-a-velo\/\">Fahrrad<\/a>, so viele M\u00f6glichkeiten, den Verdon zu besuchen, einzigartige Erlebnisse und erstaunliche Empfindungen im Herzen einer noch erhaltenen Natur und reich an unglaublicher Artenvielfalt<\/p>\n\n\n\n<h2 class=\"wp-block-heading\" id=\"tw-target-text\">Provence-Verdon und seine unumg\u00e4nglichen Sehensw\u00fcrdigkeiten<\/h2>\n\n\n\n<pre id=\"tw-target-text\" class=\"wp-block-preformatted\">Besuchen Sie die Region, die kleinen<a href=\"https:\/\/www.camping-la-verdiere-83.com\/de\/Tourisme\/kleine-doerfer\/\"> provencalischen D\u00f6rfer<\/a> und ihre M\u00e4rkte mit vielf\u00e4ltigen Geschmacksrichtungen, die reich an au\u00dfergew\u00f6hnlichen lokalen Produkten sind. Entdecken Sie La Verdi\u00e8re und sein pr\u00e4chtiges Schloss, erkunden Sie Saint Martin de Palli\u00e8res  <a href=\"https:\/\/www.camping-la-verdiere-83.com\/Tourisme\/le-chateau-de-saint-martin-de-pailleres-dans-le-var\/\">Saint Martin de Palli\u00e8res<\/a> und seine au\u00dfergew\u00f6hnliche unterirdische Kathedrale, entdecken Sie Barjols und seine 18 Brunnen, Sillans und seine Wasserf\u00e4lle!<\/pre>\n\n\n\n<p class=\"has-text-align-center\">Wunderbare Momente der Entspannung erwarten Sie f\u00fcr unvergessliche provenzalische Ferien auf Ihrem kleinen Campingplatz mit Schwimmbad<\/p>\n\n\n\n<p class=\"has-text-align-center\">>>>Erfahren Sie mehr \u00fcber Aktivit\u00e4ten und Ausfl\u00fcge >>><a href=\"https:\/\/www.camping-la-verdiere-83.com\/de\/tourisme-verdon-var\/\">Kliken Sie Hier<\/a><\/p>\n\n\n\n<p><em>Location mobil home Verdon, trouver une location Gorges du Verdon<\/em><\/p>\n","protected":false},"template":"","meta":[],"room_cat":[142,90],"class_list":["post-5628","room","type-room","status-publish","has-post-thumbnail","hentry","room_cat-eco-de","room_cat-rooms-de"],"yoast_head":"<!-- This site is optimized with the Yoast SEO plugin v26.8 - https:\/\/yoast.com\/product\/yoast-seo-wordpress\/ -->\n<title>Mobilheim 3 Zimmer Gross COMFORT - Airco<\/title>\n<meta name=\"description\" content=\"Trouvez votre Mobil home 3 Chambres CONFORT id\u00e9al pour 5 -6 personnes avec une grande terrasse 100%couverte, chaises longues et TV en option\" \/>\n<meta name=\"robots\" content=\"index, follow, max-snippet:-1, max-image-preview:large, max-video-preview:-1\" \/>\n<link rel=\"canonical\" href=\"https:\/\/www.camping-la-verdiere-83.com\/de\/locations\/mobil-home-3-chambres-2\/\" \/>\n<meta property=\"og:locale\" content=\"de_DE\" \/>\n<meta property=\"og:type\" content=\"article\" \/>\n<meta property=\"og:title\" content=\"Mobilheim 3 Zimmer Gross COMFORT - Airco\" \/>\n<meta property=\"og:description\" content=\"Trouvez votre Mobil home 3 Chambres CONFORT id\u00e9al pour 5 -6 personnes avec une grande terrasse 100%couverte, chaises longues et TV en option\" \/>\n<meta property=\"og:url\" content=\"https:\/\/www.camping-la-verdiere-83.com\/de\/locations\/mobil-home-3-chambres-2\/\" \/>\n<meta property=\"og:site_name\" content=\"La verdi\u00e8re 83\" \/>\n<meta property=\"article:modified_time\" content=\"2023-03-01T09:45:06+00:00\" \/>\n<meta property=\"og:image\" content=\"https:\/\/www.camping-la-verdiere-83.com\/wp-content\/uploads\/2015\/01\/DIVERS-0341.jpg\" \/>\n\t<meta property=\"og:image:width\" content=\"500\" \/>\n\t<meta property=\"og:image:height\" content=\"375\" \/>\n\t<meta property=\"og:image:type\" content=\"image\/jpeg\" \/>\n<meta name=\"twitter:label1\" content=\"Gesch\u00e4tzte Lesezeit\" \/>\n\t<meta name=\"twitter:data1\" content=\"5\u00a0Minuten\" \/>\n<script type=\"application\/ld+json\" class=\"yoast-schema-graph\">{\"@context\":\"https:\/\/schema.org\",\"@graph\":[{\"@type\":\"WebPage\",\"@id\":\"https:\/\/www.camping-la-verdiere-83.com\/de\/locations\/mobil-home-3-chambres-2\/\",\"url\":\"https:\/\/www.camping-la-verdiere-83.com\/de\/locations\/mobil-home-3-chambres-2\/\",\"name\":\"Mobilheim 3 Zimmer Gross COMFORT - Airco\",\"isPartOf\":{\"@id\":\"https:\/\/www.camping-la-verdiere-83.com\/#website\"},\"primaryImageOfPage\":{\"@id\":\"https:\/\/www.camping-la-verdiere-83.com\/de\/locations\/mobil-home-3-chambres-2\/#primaryimage\"},\"image\":{\"@id\":\"https:\/\/www.camping-la-verdiere-83.com\/de\/locations\/mobil-home-3-chambres-2\/#primaryimage\"},\"thumbnailUrl\":\"https:\/\/www.camping-la-verdiere-83.com\/wp-content\/uploads\/2015\/01\/DIVERS-0341.jpg\",\"datePublished\":\"2022-10-19T15:08:50+00:00\",\"dateModified\":\"2023-03-01T09:45:06+00:00\",\"description\":\"Trouvez votre Mobil home 3 Chambres CONFORT id\u00e9al pour 5 -6 personnes avec une grande terrasse 100%couverte, chaises longues et TV en option\",\"breadcrumb\":{\"@id\":\"https:\/\/www.camping-la-verdiere-83.com\/de\/locations\/mobil-home-3-chambres-2\/#breadcrumb\"},\"inLanguage\":\"de\",\"potentialAction\":[{\"@type\":\"ReadAction\",\"target\":[\"https:\/\/www.camping-la-verdiere-83.com\/de\/locations\/mobil-home-3-chambres-2\/\"]}]},{\"@type\":\"ImageObject\",\"inLanguage\":\"de\",\"@id\":\"https:\/\/www.camping-la-verdiere-83.com\/de\/locations\/mobil-home-3-chambres-2\/#primaryimage\",\"url\":\"https:\/\/www.camping-la-verdiere-83.com\/wp-content\/uploads\/2015\/01\/DIVERS-0341.jpg\",\"contentUrl\":\"https:\/\/www.camping-la-verdiere-83.com\/wp-content\/uploads\/2015\/01\/DIVERS-0341.jpg\",\"width\":500,\"height\":375},{\"@type\":\"BreadcrumbList\",\"@id\":\"https:\/\/www.camping-la-verdiere-83.com\/de\/locations\/mobil-home-3-chambres-2\/#breadcrumb\",\"itemListElement\":[{\"@type\":\"ListItem\",\"position\":1,\"name\":\"Accueil\",\"item\":\"https:\/\/www.camping-la-verdiere-83.com\/de\/\"},{\"@type\":\"ListItem\",\"position\":2,\"name\":\"Mobilheim 3 Zimmer Gross COMFORT &#8211; Airco\"}]},{\"@type\":\"WebSite\",\"@id\":\"https:\/\/www.camping-la-verdiere-83.com\/#website\",\"url\":\"https:\/\/www.camping-la-verdiere-83.com\/\",\"name\":\"La verdi\u00e8re 83\",\"description\":\"camping verdon\",\"potentialAction\":[{\"@type\":\"SearchAction\",\"target\":{\"@type\":\"EntryPoint\",\"urlTemplate\":\"https:\/\/www.camping-la-verdiere-83.com\/?s={search_term_string}\"},\"query-input\":{\"@type\":\"PropertyValueSpecification\",\"valueRequired\":true,\"valueName\":\"search_term_string\"}}],\"inLanguage\":\"de\"}]}<\/script>\n<!-- \/ Yoast SEO plugin. -->","yoast_head_json":{"title":"Mobilheim 3 Zimmer Gross COMFORT - Airco","description":"Trouvez votre Mobil home 3 Chambres CONFORT id\u00e9al pour 5 -6 personnes avec une grande terrasse 100%couverte, chaises longues et TV en option","robots":{"index":"index","follow":"follow","max-snippet":"max-snippet:-1","max-image-preview":"max-image-preview:large","max-video-preview":"max-video-preview:-1"},"canonical":"https:\/\/www.camping-la-verdiere-83.com\/de\/locations\/mobil-home-3-chambres-2\/","og_locale":"de_DE","og_type":"article","og_title":"Mobilheim 3 Zimmer Gross COMFORT - Airco","og_description":"Trouvez votre Mobil home 3 Chambres CONFORT id\u00e9al pour 5 -6 personnes avec une grande terrasse 100%couverte, chaises longues et TV en option","og_url":"https:\/\/www.camping-la-verdiere-83.com\/de\/locations\/mobil-home-3-chambres-2\/","og_site_name":"La verdi\u00e8re 83","article_modified_time":"2023-03-01T09:45:06+00:00","og_image":[{"width":500,"height":375,"url":"https:\/\/www.camping-la-verdiere-83.com\/wp-content\/uploads\/2015\/01\/DIVERS-0341.jpg","type":"image\/jpeg"}],"twitter_misc":{"Gesch\u00e4tzte Lesezeit":"5\u00a0Minuten"},"schema":{"@context":"https:\/\/schema.org","@graph":[{"@type":"WebPage","@id":"https:\/\/www.camping-la-verdiere-83.com\/de\/locations\/mobil-home-3-chambres-2\/","url":"https:\/\/www.camping-la-verdiere-83.com\/de\/locations\/mobil-home-3-chambres-2\/","name":"Mobilheim 3 Zimmer Gross COMFORT - Airco","isPartOf":{"@id":"https:\/\/www.camping-la-verdiere-83.com\/#website"},"primaryImageOfPage":{"@id":"https:\/\/www.camping-la-verdiere-83.com\/de\/locations\/mobil-home-3-chambres-2\/#primaryimage"},"image":{"@id":"https:\/\/www.camping-la-verdiere-83.com\/de\/locations\/mobil-home-3-chambres-2\/#primaryimage"},"thumbnailUrl":"https:\/\/www.camping-la-verdiere-83.com\/wp-content\/uploads\/2015\/01\/DIVERS-0341.jpg","datePublished":"2022-10-19T15:08:50+00:00","dateModified":"2023-03-01T09:45:06+00:00","description":"Trouvez votre Mobil home 3 Chambres CONFORT id\u00e9al pour 5 -6 personnes avec une grande terrasse 100%couverte, chaises longues et TV en option","breadcrumb":{"@id":"https:\/\/www.camping-la-verdiere-83.com\/de\/locations\/mobil-home-3-chambres-2\/#breadcrumb"},"inLanguage":"de","potentialAction":[{"@type":"ReadAction","target":["https:\/\/www.camping-la-verdiere-83.com\/de\/locations\/mobil-home-3-chambres-2\/"]}]},{"@type":"ImageObject","inLanguage":"de","@id":"https:\/\/www.camping-la-verdiere-83.com\/de\/locations\/mobil-home-3-chambres-2\/#primaryimage","url":"https:\/\/www.camping-la-verdiere-83.com\/wp-content\/uploads\/2015\/01\/DIVERS-0341.jpg","contentUrl":"https:\/\/www.camping-la-verdiere-83.com\/wp-content\/uploads\/2015\/01\/DIVERS-0341.jpg","width":500,"height":375},{"@type":"BreadcrumbList","@id":"https:\/\/www.camping-la-verdiere-83.com\/de\/locations\/mobil-home-3-chambres-2\/#breadcrumb","itemListElement":[{"@type":"ListItem","position":1,"name":"Accueil","item":"https:\/\/www.camping-la-verdiere-83.com\/de\/"},{"@type":"ListItem","position":2,"name":"Mobilheim 3 Zimmer Gross COMFORT &#8211; Airco"}]},{"@type":"WebSite","@id":"https:\/\/www.camping-la-verdiere-83.com\/#website","url":"https:\/\/www.camping-la-verdiere-83.com\/","name":"La verdi\u00e8re 83","description":"camping verdon","potentialAction":[{"@type":"SearchAction","target":{"@type":"EntryPoint","urlTemplate":"https:\/\/www.camping-la-verdiere-83.com\/?s={search_term_string}"},"query-input":{"@type":"PropertyValueSpecification","valueRequired":true,"valueName":"search_term_string"}}],"inLanguage":"de"}]}},"_links":{"self":[{"href":"https:\/\/www.camping-la-verdiere-83.com\/de\/wp-json\/wp\/v2\/room\/5628","targetHints":{"allow":["GET"]}}],"collection":[{"href":"https:\/\/www.camping-la-verdiere-83.com\/de\/wp-json\/wp\/v2\/room"}],"about":[{"href":"https:\/\/www.camping-la-verdiere-83.com\/de\/wp-json\/wp\/v2\/types\/room"}],"wp:featuredmedia":[{"embeddable":true,"href":"https:\/\/www.camping-la-verdiere-83.com\/de\/wp-json\/wp\/v2\/media\/3201"}],"wp:attachment":[{"href":"https:\/\/www.camping-la-verdiere-83.com\/de\/wp-json\/wp\/v2\/media?parent=5628"}],"wp:term":[{"taxonomy":"room_cat","embeddable":true,"href":"https:\/\/www.camping-la-verdiere-83.com\/de\/wp-json\/wp\/v2\/room_cat?post=5628"}],"curies":[{"name":"wp","href":"https:\/\/api.w.org\/{rel}","templated":true}]}}