{"id":5684,"date":"2022-10-19T17:04:28","date_gmt":"2022-10-19T15:04:28","guid":{"rendered":"https:\/\/www.camping-la-verdiere-83.com\/locations\/mobil-home-2-chambres-grand-confort\/"},"modified":"2023-04-30T11:08:49","modified_gmt":"2023-04-30T09:08:49","slug":"mobil-home-2-chambres-grand-confort","status":"publish","type":"room","link":"https:\/\/www.camping-la-verdiere-83.com\/de\/locations\/mobil-home-2-chambres-grand-confort\/","title":{"rendered":"Mobilheim 2 Zimmer GRAND CONFORT Airco"},"content":{"rendered":"\n<h1 class=\"wp-block-heading\">Vermietung Mobilheim Verdon 2 Zimmer mit Airco, ideal 4 personen<\/h1>\n\n\n\n<p>Ihr klimatisiertes Mobilheim mit 2 Schlafzimmern in den Gorges du Verdon mit allem Komfort. Entdecken Sie unser Angebot an sehr gem\u00fctlichen Mobilheimen \u201eGRAND COMFORT\u201c mit 2 Schlafzimmern in einer Umgebung, in der die Natur herrscht!<\/p>\n\n\n<script type=\"text\/javascript\">jQuery(function() { _initLayerSlider( '#layerslider_21_18j85ou72n5vb', {sliderVersion: '7.6.1', responsiveUnder: 0, allowFullscreen: true, slideBGSize: 'auto', hideUnder: 0, hideOver: 100000, pauseOnHover: 1, twoWaySlideshow: true, skin: 'fullwidth', sliderFadeInDuration: 350, globalBGColor: 'transparent', showCircleTimer: false, useSrcset: true, skinsPath: 'https:\/\/www.camping-la-verdiere-83.com\/wp-content\/plugins\/LayerSlider\/assets\/static\/layerslider\/skins\/', performanceMode: true}); });<\/script><div id=\"layerslider_21_18j85ou72n5vb\" data-ls-slug=\"IRM3CH\" class=\"ls-wp-container fitvidsignore ls-selectable\" style=\"width:800px;height:600px;margin:0 auto;margin-bottom: 0px;\"><div class=\"ls-slide\" ><img loading=\"lazy\" decoding=\"async\" width=\"800\" height=\"600\" src=\"https:\/\/www.camping-la-verdiere-83.com\/wp-content\/uploads\/2022\/11\/location-camping-6pers-verdon.jpg\" class=\"ls-bg\" alt=\"Location en camping pour 6 personnes dans le Verdon\" srcset=\"https:\/\/www.camping-la-verdiere-83.com\/wp-content\/uploads\/2022\/11\/location-camping-6pers-verdon.jpg 800w, https:\/\/www.camping-la-verdiere-83.com\/wp-content\/uploads\/2022\/11\/location-camping-6pers-verdon-300x225.jpg 300w, https:\/\/www.camping-la-verdiere-83.com\/wp-content\/uploads\/2022\/11\/location-camping-6pers-verdon-768x576.jpg 768w\" sizes=\"auto, (max-width: 800px) 100vw, 800px\" \/><\/div><div class=\"ls-slide\" ><img loading=\"lazy\" decoding=\"async\" width=\"800\" height=\"600\" src=\"https:\/\/www.camping-la-verdiere-83.com\/wp-content\/uploads\/2022\/11\/Location-4-pers-verdon.jpg\" class=\"ls-bg\" alt=\"\" srcset=\"https:\/\/www.camping-la-verdiere-83.com\/wp-content\/uploads\/2022\/11\/Location-4-pers-verdon.jpg 800w, https:\/\/www.camping-la-verdiere-83.com\/wp-content\/uploads\/2022\/11\/Location-4-pers-verdon-300x225.jpg 300w, https:\/\/www.camping-la-verdiere-83.com\/wp-content\/uploads\/2022\/11\/Location-4-pers-verdon-768x576.jpg 768w\" sizes=\"auto, (max-width: 800px) 100vw, 800px\" \/><\/div><div class=\"ls-slide\" ><img loading=\"lazy\" decoding=\"async\" width=\"821\" height=\"626\" src=\"https:\/\/www.camping-la-verdiere-83.com\/wp-content\/uploads\/2022\/11\/bungalow-6pers-gorges-verdon.jpg\" class=\"ls-bg\" alt=\"location de bungalow 6 personnes dans les gorges du Verdon\" srcset=\"https:\/\/www.camping-la-verdiere-83.com\/wp-content\/uploads\/2022\/11\/bungalow-6pers-gorges-verdon.jpg 821w, https:\/\/www.camping-la-verdiere-83.com\/wp-content\/uploads\/2022\/11\/bungalow-6pers-gorges-verdon-300x229.jpg 300w, https:\/\/www.camping-la-verdiere-83.com\/wp-content\/uploads\/2022\/11\/bungalow-6pers-gorges-verdon-768x586.jpg 768w\" sizes=\"auto, (max-width: 821px) 100vw, 821px\" \/><\/div><div class=\"ls-slide\" ><img loading=\"lazy\" decoding=\"async\" width=\"800\" height=\"600\" src=\"https:\/\/www.camping-la-verdiere-83.com\/wp-content\/uploads\/2022\/10\/location-camping-gorges-verdon-3ch.jpeg\" class=\"ls-bg\" alt=\"location 3 chambres dans camping des Gorges du Verdon\" srcset=\"https:\/\/www.camping-la-verdiere-83.com\/wp-content\/uploads\/2022\/10\/location-camping-gorges-verdon-3ch.jpeg 800w, https:\/\/www.camping-la-verdiere-83.com\/wp-content\/uploads\/2022\/10\/location-camping-gorges-verdon-3ch-300x225.jpeg 300w, https:\/\/www.camping-la-verdiere-83.com\/wp-content\/uploads\/2022\/10\/location-camping-gorges-verdon-3ch-768x576.jpeg 768w\" sizes=\"auto, (max-width: 800px) 100vw, 800px\" \/><\/div><div class=\"ls-slide\" ><img loading=\"lazy\" decoding=\"async\" width=\"800\" height=\"600\" src=\"https:\/\/www.camping-la-verdiere-83.com\/wp-content\/uploads\/2022\/10\/camping-verdon-mobilhome-6pers.jpeg\" class=\"ls-bg\" alt=\"location dans le Verdon en Mobil home pour 6 personnes\" srcset=\"https:\/\/www.camping-la-verdiere-83.com\/wp-content\/uploads\/2022\/10\/camping-verdon-mobilhome-6pers.jpeg 800w, https:\/\/www.camping-la-verdiere-83.com\/wp-content\/uploads\/2022\/10\/camping-verdon-mobilhome-6pers-300x225.jpeg 300w, https:\/\/www.camping-la-verdiere-83.com\/wp-content\/uploads\/2022\/10\/camping-verdon-mobilhome-6pers-768x576.jpeg 768w\" sizes=\"auto, (max-width: 800px) 100vw, 800px\" \/><\/div><div class=\"ls-slide\" ><img loading=\"lazy\" decoding=\"async\" width=\"800\" height=\"600\" src=\"https:\/\/www.camping-la-verdiere-83.com\/wp-content\/uploads\/2022\/10\/location-3ch-camping-verdon.jpeg\" class=\"ls-bg\" alt=\"location 3 chambres camping Verdon\" srcset=\"https:\/\/www.camping-la-verdiere-83.com\/wp-content\/uploads\/2022\/10\/location-3ch-camping-verdon.jpeg 800w, https:\/\/www.camping-la-verdiere-83.com\/wp-content\/uploads\/2022\/10\/location-3ch-camping-verdon-300x225.jpeg 300w, https:\/\/www.camping-la-verdiere-83.com\/wp-content\/uploads\/2022\/10\/location-3ch-camping-verdon-768x576.jpeg 768w\" sizes=\"auto, (max-width: 800px) 100vw, 800px\" \/><\/div><div class=\"ls-slide\" ><img loading=\"lazy\" decoding=\"async\" width=\"800\" height=\"600\" src=\"https:\/\/www.camping-la-verdiere-83.com\/wp-content\/uploads\/2022\/10\/location-verdon-juillet.jpg\" class=\"ls-bg\" alt=\"location dans le Verdon en Juillet\" srcset=\"https:\/\/www.camping-la-verdiere-83.com\/wp-content\/uploads\/2022\/10\/location-verdon-juillet.jpg 800w, https:\/\/www.camping-la-verdiere-83.com\/wp-content\/uploads\/2022\/10\/location-verdon-juillet-300x225.jpg 300w, https:\/\/www.camping-la-verdiere-83.com\/wp-content\/uploads\/2022\/10\/location-verdon-juillet-768x576.jpg 768w\" sizes=\"auto, (max-width: 800px) 100vw, 800px\" \/><\/div><div class=\"ls-slide\" ><img loading=\"lazy\" decoding=\"async\" width=\"800\" height=\"600\" src=\"https:\/\/www.camping-la-verdiere-83.com\/wp-content\/uploads\/2022\/10\/mobil-home-6-personnes-clim-1.jpeg\" class=\"ls-bg\" alt=\"mobil home 4 personnes avec clim dans le Verdon\" srcset=\"https:\/\/www.camping-la-verdiere-83.com\/wp-content\/uploads\/2022\/10\/mobil-home-6-personnes-clim-1.jpeg 800w, https:\/\/www.camping-la-verdiere-83.com\/wp-content\/uploads\/2022\/10\/mobil-home-6-personnes-clim-1-300x225.jpeg 300w, https:\/\/www.camping-la-verdiere-83.com\/wp-content\/uploads\/2022\/10\/mobil-home-6-personnes-clim-1-768x576.jpeg 768w\" sizes=\"auto, (max-width: 800px) 100vw, 800px\" \/><\/div><\/div>\n\n\n\n<p id=\"tw-target-text\"><strong>Komfortable und perfekt ausgestattete Unterkunft<\/strong> auf wundersch\u00f6nen Parzellen auf einem Naturcampingplatz im Verdon-Nationalpark. Erleben Sie einen Zen-Urlaub mit Familie oder Freunden. Unser Angebot an Unterk\u00fcnften bietet Ihnen die M\u00f6glichkeit, diejenige auszuw\u00e4hlen, die am besten zu Ihnen passt.<\/p>\n\n\n\n<p id=\"tw-target-text\"> Zu Preisen, die f\u00fcr alle zug\u00e4nglich sind, k\u00f6nnen Sie von einer klimatisierten Unterkunft mit 2 Schlafzimmern profitieren. Heizen oder k\u00fchlen: Sie haben die Wahl! Wenn Sie Ihr Mobilheim GRAND COMFORT mit 2 Schlafzimmern mieten, haben Sie Zugang zu allen Einrichtungen des Campingplatzes.<\/p>\n\n\n\n<p id=\"tw-target-text\"><strong>Das Mobilheim \u201eGRAND COMFORT\u201c mit 2 SCHLAFZIMMERN <\/strong>ist ein gem\u00fctliches Wohnzimmer mit Einbauk\u00fcche, allen notwendigen Ger\u00e4ten, Mikrowelle, Familienk\u00fchlschrank mit Gefrierfach, optional TV m\u00f6glich, halb\u00fcberdachte Terrasse, privater Garten u Klimaanlage&#8230;super Komfort f\u00fcr einen erholsamen Urlaub in einer hochwertigen Unterkunft!<\/p>\n\n\n\n<p id=\"tw-target-text\">Ein gut ausgestattetes und komfortabel ausgestattetes Mobilheim GRAND COMFORT auf dem Campingplatz La Verdi\u00e8re bedeutet auch angenehme Abende auf der halb\u00fcberdachten Terrasse, Momente der Entspannung am Swimmingpool des Campingplatzes, P\u00e9tanque- oder Tischfu\u00dfballspiele &#8230; <strong>und mehr Budget f\u00fcr die vielen Aktivit\u00e4ten in der Region<\/strong>!<\/p>\n\n\n\n<ctv-product data-product-id=\"117266\" data-full=\"true\"><\/ctv-product>\n\n\n\n<p class=\"has-text-align-center\">\t<a class=\"btn btn-shortcode btn-large btn-pink\" href=\"https:\/\/bookingpremium.secureholiday.net\/fr\/14324\/Search\/product\/117266\">\n\t\tRESERVER LOCATION\t<\/a>\n\t\t<a class=\"btn btn-shortcode btn-large btn-green\" href=\"https:\/\/www.camping-la-verdiere-83.com\/wp-content\/uploads\/Tarifs-campingverdiere.pdf\">\n\t\tTOUS LES TARIFS\t<\/a>\n\t\t<a class=\"btn btn-shortcode btn-large btn-green\" href=\"https:\/\/www.camping-la-verdiere-83.com\/assurance-annulation\/\">\n\t\tASSURANCE ANNULATION\t<\/a>\n\t<\/p>\n\n\n\n<p class=\"has-text-align-center\"><span style=\"color: #ff0000;\"><strong> <\/strong><\/span>F\u00fcr Last-Minute-Reservierungen, Bitte rufen Sie uns unter 0033 4 94 78 30 60 an<\/p>\n\n\n\n<p class=\"has-text-align-center\"> <\/p>\n\n\n\n<p class=\"has-text-align-center\" id=\"tw-target-text\">Vermietung von Samstag 15:00 Uhr bis Samstag 10:00 Uhr von Anfang Juli bis Ende August Pro Unterkunft ist nur 1 Haustier mit einem Gewicht von 10 kg erlaubt, geimpft einschlie\u00dflich Tollwutimpfstoff &#8211; Impfpass obligatorisch &#8211; An der Leine f\u00fchren und systematisch Kot-PFLICHT sammeln &#8211; Hunde der Kategorien 1 und 2 verboten. Preise siehe aktuelle Preisliste. <\/p>\n\n\n\n<p class=\"has-text-align-center\" id=\"tw-target-text\">Kurtaxe: 0,65 \u20ac pro Nacht und pro Person. Kind unter 18 Jahren frei. <\/p>\n\n\n\n<p class=\"has-text-align-center\" id=\"tw-target-text\">35 % Anzahlung bei Buchung, Restzahlung bei Ankunft Kaution von 500 \u20ac am Abreisetag nach Inventur zur\u00fcckerstattet.<\/p>\n\n\n\n<p><strong>Details der Unterkunft f\u00fcr 4 Personen<\/strong><\/p>\n\n\n\n<p><strong>K\u00fcche<\/strong><\/p>\n\n\n\n<ul class=\"wp-block-list\">\n<li>K\u00fcchenutensilien,<\/li>\n\n\n\n<li>Geschirr<\/li>\n\n\n\n<li>Mikrowelle,<\/li>\n\n\n\n<li>Elektrische Kaffeemaschine<\/li>\n\n\n\n<li>Elektrischer Wasserkocher<\/li>\n\n\n\n<li>Toaster<\/li>\n\n\n\n<li>K\u00fchlschrank mit Gefrierfach<\/li>\n\n\n\n<li>4 Gasbrenner<\/li>\n<\/ul>\n\n\n\n<p><strong>Zimmer<\/strong><\/p>\n\n\n\n<ul class=\"wp-block-list\">\n<li>1 Doppelbett, 140\u00d7200<\/li>\n\n\n\n<li>2 Einzelbetten, 80\u00d7200<\/li>\n\n\n\n<li>Bettdecken \u2013 zus\u00e4tzliche Decken auf Anfrage<\/li>\n\n\n\n<li>Kissen und Bettunterlage<\/li>\n<\/ul>\n\n\n\n<p><strong>Badezimmer und Toiletten<\/strong><\/p>\n\n\n\n<ul class=\"wp-block-list\">\n<li>1 Badezimmer<\/li>\n\n\n\n<li>Separates WC<\/li>\n<\/ul>\n\n\n\n<p>Denken Sie daran, Bettw\u00e4sche, Kissenbez\u00fcge und Handt\u00fccher mitzunehmen.<\/p>\n\n\n\n<p>-&gt; M\u00f6glichkeit, an der Rezeption des Campingplatzes zu mieten<\/p>\n\n\n\n<p>Die Unterkunft ist mit&nbsp;<strong>Klimaanlage und TV<\/strong>&nbsp;ausgestattet.<\/p>\n\n\n\n<p>Au\u00dfen<\/p>\n\n\n\n<ul class=\"wp-block-list\">\n<li>\u00dcberdachte Holzterrasse oder Sonnenschirm XL<\/li>\n\n\n\n<li>Gartenm\u00f6bel<\/li>\n\n\n\n<li>2 Sonnenliegen mit \u00dcberzug<\/li>\n<\/ul>\n\n\n\n<p>F\u00fcr Ihre Ruhe stehen unsere Mobilheime auf gut abgegrenzten und halbschattigen Komfortpl\u00e4tzen.<\/p>\n\n\n\n<h3 class=\"wp-block-heading\"><strong>CAMPING MIT POOL<\/strong><\/h3>\n\n\n\n<p id=\"tw-target-text\">Genie\u00dfen Sie Ihren Urlaub in Ihrem 2 ZIMMER&nbsp; PREMIUM Mobilheim . Sie haben freien und uneingeschr\u00e4nkten Zugang zum CAMPING POOL.<\/p>\n\n\n\n<p>Der Pool ist von April bis Oktober t\u00e4glich von 10 bis 19 Uhr ge\u00f6ffnet. Das Wassergebiet wird nicht \u00fcberwacht, Kinder sind in der Verantwortung ihrer begleitenden Erwachsenen. Poolabmessungen: 7 mx 7 m \u2013 Tiefe: 1,10 m<\/p>\n\n\n\n<p>Die Preise beinhalten warmes und kaltes Wasser, Gas, Strom, Zugang zu Spielpl\u00e4tzen, Tischtennisplatten, Tischfu\u00dfball sowie freien Zugang zum Schwimmbad<\/p>\n\n\n\n<p>NB: Preisangaben ab Oktober: Aufenthalt pro Nacht \/ Person: Strom ist im Preis pro Nacht enthalten Aufenthalt Aufenthalt von 7 N\u00e4chten oder mehr: Z\u00e4hlerstand (tats\u00e4chlicher Verbrauch)<\/p>\n\n\n\n<p><\/p>\n\n\n\n<p><\/p>\n","protected":false},"template":"","meta":[],"room_cat":[90,96],"class_list":["post-5684","room","type-room","status-publish","has-post-thumbnail","hentry","room_cat-rooms-de","room_cat-standart-de"],"yoast_head":"<!-- This site is optimized with the Yoast SEO plugin v26.8 - https:\/\/yoast.com\/product\/yoast-seo-wordpress\/ -->\n<title>Mobilheim 2 Zimmer GRAND CONFORT Airco<\/title>\n<meta name=\"description\" content=\"Camping nature dans le verdon pour toute la famille. S\u00e9jours v\u00e9lo et \u00e9tape itin\u00e9rance de la m\u00e9diterran\u00e9e \u00e0 v\u00e9lo\" \/>\n<meta name=\"robots\" content=\"index, follow, max-snippet:-1, max-image-preview:large, max-video-preview:-1\" \/>\n<link rel=\"canonical\" href=\"https:\/\/www.camping-la-verdiere-83.com\/de\/locations\/mobil-home-2-chambres-grand-confort\/\" \/>\n<meta property=\"og:locale\" content=\"de_DE\" \/>\n<meta property=\"og:type\" content=\"article\" \/>\n<meta property=\"og:title\" content=\"Mobilheim 2 Zimmer GRAND CONFORT Airco\" \/>\n<meta property=\"og:description\" content=\"Camping nature dans le verdon pour toute la famille. S\u00e9jours v\u00e9lo et \u00e9tape itin\u00e9rance de la m\u00e9diterran\u00e9e \u00e0 v\u00e9lo\" \/>\n<meta property=\"og:url\" content=\"https:\/\/www.camping-la-verdiere-83.com\/de\/locations\/mobil-home-2-chambres-grand-confort\/\" \/>\n<meta property=\"og:site_name\" content=\"La verdi\u00e8re 83\" \/>\n<meta property=\"article:modified_time\" content=\"2023-04-30T09:08:49+00:00\" \/>\n<meta property=\"og:image\" content=\"https:\/\/www.camping-la-verdiere-83.com\/wp-content\/uploads\/2015\/01\/Camping-21.jpg\" \/>\n\t<meta property=\"og:image:width\" content=\"800\" \/>\n\t<meta property=\"og:image:height\" content=\"450\" \/>\n\t<meta property=\"og:image:type\" content=\"image\/jpeg\" \/>\n<meta name=\"twitter:label1\" content=\"Gesch\u00e4tzte Lesezeit\" \/>\n\t<meta name=\"twitter:data1\" content=\"3\u00a0Minuten\" \/>\n<script type=\"application\/ld+json\" class=\"yoast-schema-graph\">{\"@context\":\"https:\/\/schema.org\",\"@graph\":[{\"@type\":\"WebPage\",\"@id\":\"https:\/\/www.camping-la-verdiere-83.com\/de\/locations\/mobil-home-2-chambres-grand-confort\/\",\"url\":\"https:\/\/www.camping-la-verdiere-83.com\/de\/locations\/mobil-home-2-chambres-grand-confort\/\",\"name\":\"Mobilheim 2 Zimmer GRAND CONFORT Airco\",\"isPartOf\":{\"@id\":\"https:\/\/www.camping-la-verdiere-83.com\/#website\"},\"primaryImageOfPage\":{\"@id\":\"https:\/\/www.camping-la-verdiere-83.com\/de\/locations\/mobil-home-2-chambres-grand-confort\/#primaryimage\"},\"image\":{\"@id\":\"https:\/\/www.camping-la-verdiere-83.com\/de\/locations\/mobil-home-2-chambres-grand-confort\/#primaryimage\"},\"thumbnailUrl\":\"https:\/\/www.camping-la-verdiere-83.com\/wp-content\/uploads\/2015\/01\/Camping-21.jpg\",\"datePublished\":\"2022-10-19T15:04:28+00:00\",\"dateModified\":\"2023-04-30T09:08:49+00:00\",\"description\":\"Camping nature dans le verdon pour toute la famille. S\u00e9jours v\u00e9lo et \u00e9tape itin\u00e9rance de la m\u00e9diterran\u00e9e \u00e0 v\u00e9lo\",\"breadcrumb\":{\"@id\":\"https:\/\/www.camping-la-verdiere-83.com\/de\/locations\/mobil-home-2-chambres-grand-confort\/#breadcrumb\"},\"inLanguage\":\"de\",\"potentialAction\":[{\"@type\":\"ReadAction\",\"target\":[\"https:\/\/www.camping-la-verdiere-83.com\/de\/locations\/mobil-home-2-chambres-grand-confort\/\"]}]},{\"@type\":\"ImageObject\",\"inLanguage\":\"de\",\"@id\":\"https:\/\/www.camping-la-verdiere-83.com\/de\/locations\/mobil-home-2-chambres-grand-confort\/#primaryimage\",\"url\":\"https:\/\/www.camping-la-verdiere-83.com\/wp-content\/uploads\/2015\/01\/Camping-21.jpg\",\"contentUrl\":\"https:\/\/www.camping-la-verdiere-83.com\/wp-content\/uploads\/2015\/01\/Camping-21.jpg\",\"width\":800,\"height\":450},{\"@type\":\"BreadcrumbList\",\"@id\":\"https:\/\/www.camping-la-verdiere-83.com\/de\/locations\/mobil-home-2-chambres-grand-confort\/#breadcrumb\",\"itemListElement\":[{\"@type\":\"ListItem\",\"position\":1,\"name\":\"Accueil\",\"item\":\"https:\/\/www.camping-la-verdiere-83.com\/de\/\"},{\"@type\":\"ListItem\",\"position\":2,\"name\":\"Mobilheim 2 Zimmer GRAND CONFORT Airco\"}]},{\"@type\":\"WebSite\",\"@id\":\"https:\/\/www.camping-la-verdiere-83.com\/#website\",\"url\":\"https:\/\/www.camping-la-verdiere-83.com\/\",\"name\":\"La verdi\u00e8re 83\",\"description\":\"camping verdon\",\"potentialAction\":[{\"@type\":\"SearchAction\",\"target\":{\"@type\":\"EntryPoint\",\"urlTemplate\":\"https:\/\/www.camping-la-verdiere-83.com\/?s={search_term_string}\"},\"query-input\":{\"@type\":\"PropertyValueSpecification\",\"valueRequired\":true,\"valueName\":\"search_term_string\"}}],\"inLanguage\":\"de\"}]}<\/script>\n<!-- \/ Yoast SEO plugin. -->","yoast_head_json":{"title":"Mobilheim 2 Zimmer GRAND CONFORT Airco","description":"Camping nature dans le verdon pour toute la famille. S\u00e9jours v\u00e9lo et \u00e9tape itin\u00e9rance de la m\u00e9diterran\u00e9e \u00e0 v\u00e9lo","robots":{"index":"index","follow":"follow","max-snippet":"max-snippet:-1","max-image-preview":"max-image-preview:large","max-video-preview":"max-video-preview:-1"},"canonical":"https:\/\/www.camping-la-verdiere-83.com\/de\/locations\/mobil-home-2-chambres-grand-confort\/","og_locale":"de_DE","og_type":"article","og_title":"Mobilheim 2 Zimmer GRAND CONFORT Airco","og_description":"Camping nature dans le verdon pour toute la famille. S\u00e9jours v\u00e9lo et \u00e9tape itin\u00e9rance de la m\u00e9diterran\u00e9e \u00e0 v\u00e9lo","og_url":"https:\/\/www.camping-la-verdiere-83.com\/de\/locations\/mobil-home-2-chambres-grand-confort\/","og_site_name":"La verdi\u00e8re 83","article_modified_time":"2023-04-30T09:08:49+00:00","og_image":[{"width":800,"height":450,"url":"https:\/\/www.camping-la-verdiere-83.com\/wp-content\/uploads\/2015\/01\/Camping-21.jpg","type":"image\/jpeg"}],"twitter_misc":{"Gesch\u00e4tzte Lesezeit":"3\u00a0Minuten"},"schema":{"@context":"https:\/\/schema.org","@graph":[{"@type":"WebPage","@id":"https:\/\/www.camping-la-verdiere-83.com\/de\/locations\/mobil-home-2-chambres-grand-confort\/","url":"https:\/\/www.camping-la-verdiere-83.com\/de\/locations\/mobil-home-2-chambres-grand-confort\/","name":"Mobilheim 2 Zimmer GRAND CONFORT Airco","isPartOf":{"@id":"https:\/\/www.camping-la-verdiere-83.com\/#website"},"primaryImageOfPage":{"@id":"https:\/\/www.camping-la-verdiere-83.com\/de\/locations\/mobil-home-2-chambres-grand-confort\/#primaryimage"},"image":{"@id":"https:\/\/www.camping-la-verdiere-83.com\/de\/locations\/mobil-home-2-chambres-grand-confort\/#primaryimage"},"thumbnailUrl":"https:\/\/www.camping-la-verdiere-83.com\/wp-content\/uploads\/2015\/01\/Camping-21.jpg","datePublished":"2022-10-19T15:04:28+00:00","dateModified":"2023-04-30T09:08:49+00:00","description":"Camping nature dans le verdon pour toute la famille. S\u00e9jours v\u00e9lo et \u00e9tape itin\u00e9rance de la m\u00e9diterran\u00e9e \u00e0 v\u00e9lo","breadcrumb":{"@id":"https:\/\/www.camping-la-verdiere-83.com\/de\/locations\/mobil-home-2-chambres-grand-confort\/#breadcrumb"},"inLanguage":"de","potentialAction":[{"@type":"ReadAction","target":["https:\/\/www.camping-la-verdiere-83.com\/de\/locations\/mobil-home-2-chambres-grand-confort\/"]}]},{"@type":"ImageObject","inLanguage":"de","@id":"https:\/\/www.camping-la-verdiere-83.com\/de\/locations\/mobil-home-2-chambres-grand-confort\/#primaryimage","url":"https:\/\/www.camping-la-verdiere-83.com\/wp-content\/uploads\/2015\/01\/Camping-21.jpg","contentUrl":"https:\/\/www.camping-la-verdiere-83.com\/wp-content\/uploads\/2015\/01\/Camping-21.jpg","width":800,"height":450},{"@type":"BreadcrumbList","@id":"https:\/\/www.camping-la-verdiere-83.com\/de\/locations\/mobil-home-2-chambres-grand-confort\/#breadcrumb","itemListElement":[{"@type":"ListItem","position":1,"name":"Accueil","item":"https:\/\/www.camping-la-verdiere-83.com\/de\/"},{"@type":"ListItem","position":2,"name":"Mobilheim 2 Zimmer GRAND CONFORT Airco"}]},{"@type":"WebSite","@id":"https:\/\/www.camping-la-verdiere-83.com\/#website","url":"https:\/\/www.camping-la-verdiere-83.com\/","name":"La verdi\u00e8re 83","description":"camping verdon","potentialAction":[{"@type":"SearchAction","target":{"@type":"EntryPoint","urlTemplate":"https:\/\/www.camping-la-verdiere-83.com\/?s={search_term_string}"},"query-input":{"@type":"PropertyValueSpecification","valueRequired":true,"valueName":"search_term_string"}}],"inLanguage":"de"}]}},"_links":{"self":[{"href":"https:\/\/www.camping-la-verdiere-83.com\/de\/wp-json\/wp\/v2\/room\/5684","targetHints":{"allow":["GET"]}}],"collection":[{"href":"https:\/\/www.camping-la-verdiere-83.com\/de\/wp-json\/wp\/v2\/room"}],"about":[{"href":"https:\/\/www.camping-la-verdiere-83.com\/de\/wp-json\/wp\/v2\/types\/room"}],"wp:featuredmedia":[{"embeddable":true,"href":"https:\/\/www.camping-la-verdiere-83.com\/de\/wp-json\/wp\/v2\/media\/3240"}],"wp:attachment":[{"href":"https:\/\/www.camping-la-verdiere-83.com\/de\/wp-json\/wp\/v2\/media?parent=5684"}],"wp:term":[{"taxonomy":"room_cat","embeddable":true,"href":"https:\/\/www.camping-la-verdiere-83.com\/de\/wp-json\/wp\/v2\/room_cat?post=5684"}],"curies":[{"name":"wp","href":"https:\/\/api.w.org\/{rel}","templated":true}]}}