{"id":3130,"date":"2013-04-09T09:40:50","date_gmt":"2013-04-09T09:40:50","guid":{"rendered":"https:\/\/www.camping-la-verdiere-83.com\/?page_id=3130"},"modified":"2024-12-02T17:42:52","modified_gmt":"2024-12-02T16:42:52","slug":"accueil","status":"publish","type":"page","link":"https:\/\/www.camping-la-verdiere-83.com\/en\/","title":{"rendered":"Bienvenue"},"content":{"rendered":"\n<div class=\"wp-block-columns alignfull is-layout-flex wp-container-core-columns-is-layout-3 wp-block-columns-is-layout-flex\">\n<div class=\"wp-block-column is-layout-flow wp-block-column-is-layout-flow\" style=\"flex-basis:100%\">\n<h1 class=\"wp-block-heading has-text-align-center\"><strong>Campsite Gorges du Verdon Provence<\/strong><\/h1>\n\n\n\n<div class=\"wp-block-group alignwide\"><div class=\"wp-block-group__inner-container is-layout-flow wp-block-group-is-layout-flow\">\n<p class=\"has-text-align-center\"><strong>Are you looking for a small campsite near the Gorges du Verdon, to recharge your batteries in peace and in the heart of nature&#8230;<\/strong><\/p>\n\n\n\n<p class=\"has-text-align-center\">Your campsite of La Verdi\u00e8re is located 15 minutes from the Low Gorges, in the Provence Verte,  in the famous Verdon Regional Natural Park, an exceptional natural site, in the Haut Var and very close to the Alpes de Haute Provence.<\/p>\n\n\n\n<p class=\"has-text-align-center\"><\/p>\n<\/div><\/div>\n\n\n<div class=\"wp-block-image is-style-default\">\n<figure class=\"aligncenter size-full\"><a href=\"https:\/\/www.camping-la-verdiere-83.com\/wp-content\/uploads\/2024\/12\/Gorges-du-verdon-1.avif\"><img loading=\"lazy\" decoding=\"async\" width=\"800\" height=\"836\" src=\"https:\/\/www.camping-la-verdiere-83.com\/wp-content\/uploads\/2024\/12\/Gorges-du-verdon-1.avif\" alt=\"les gorges du Verdon\" class=\"wp-image-6189\" srcset=\"https:\/\/www.camping-la-verdiere-83.com\/wp-content\/uploads\/2024\/12\/Gorges-du-verdon-1.avif 800w, https:\/\/www.camping-la-verdiere-83.com\/wp-content\/uploads\/2024\/12\/Gorges-du-verdon-1-287x300.avif 287w, https:\/\/www.camping-la-verdiere-83.com\/wp-content\/uploads\/2024\/12\/Gorges-du-verdon-1-768x803.avif 768w\" sizes=\"auto, (max-width: 800px) 100vw, 800px\" \/><\/a><\/figure><\/div>\n\n\n<p class=\"has-text-align-left\">Only 300 meters from the village of La Verdi\u00e8re, we welcome you in a small place of green, quiet and family paradise. thus, on 2 hectares in the middle of nature, you benefit from our 38 carefully arranged pitches. Settle into comfortable mobile homes (private garden, deckchairs, air conditioning, etc.), or in tents, caravans, vans, motorhomes. discover our mobil homes and pitches      <strong> <a href=\"https:\/\/www.camping-la-verdiere-83.com\/locations\/\" target=\"_blank\" rel=\"noreferrer noopener\"> Discover our mobil homes, Lodge and pitches  &gt;&gt;&gt;<\/a><\/strong><\/p>\n\n\n\n<pre id=\"tw-target-text\" class=\"wp-block-preformatted\"><\/pre>\n\n\n\n<h2 class=\"wp-block-heading has-text-align-center has-white-background-color has-text-color has-background\" id=\"experience-an-unforgettable-holiday-in-the-verdon\" style=\"color:#088557\">Experience an unforgettable holiday in the Verdon !<\/h2>\n\n\n\n<pre id=\"tw-target-text\" class=\"wp-block-preformatted\"><\/pre>\n\n\n\n<p>Because it&#8217;s time to have fun, relaxation or \u00e0 la carte activities are offered  on site. Choose activities juste for you in a campsite with swimming poll, tennis courts, p\u00e9tanque pitch, table tennis, or private wooded area and, of course, the children play area. In summer we welcome you every evening at the snack bar. Finally, you&#8217;ll enjoy good moments of relaxation and conviviality with family or friend.   <span class=\"has-inline-color has-vivid-red-color\"><a href=\"https:\/\/www.camping-la-verdiere-83.com\/animations-services\/\" target=\"_blank\" rel=\"noreferrer noopener\"><strong>Take advantage of our services facilities for a fun family holiday&gt;&gt;&gt; <\/strong><\/a><\/span><\/p>\n\n\n\n<p class=\"has-text-align-center\"><\/p>\n\n\n<div class=\"wp-block-image\">\n<figure class=\"aligncenter size-large\"><a href=\"https:\/\/www.camping-la-verdiere-83.com\/wp-content\/uploads\/2021\/05\/Page-acc-3-scaled.jpg\"><img loading=\"lazy\" decoding=\"async\" width=\"1024\" height=\"363\" src=\"https:\/\/www.camping-la-verdiere-83.com\/wp-content\/uploads\/2021\/05\/Page-acc-3-1024x363.jpg\" alt=\"\" class=\"wp-image-4861\" srcset=\"https:\/\/www.camping-la-verdiere-83.com\/wp-content\/uploads\/2021\/05\/Page-acc-3-1024x363.jpg 1024w, https:\/\/www.camping-la-verdiere-83.com\/wp-content\/uploads\/2021\/05\/Page-acc-3-300x106.jpg 300w, https:\/\/www.camping-la-verdiere-83.com\/wp-content\/uploads\/2021\/05\/Page-acc-3-768x273.jpg 768w, https:\/\/www.camping-la-verdiere-83.com\/wp-content\/uploads\/2021\/05\/Page-acc-3-1536x545.jpg 1536w, https:\/\/www.camping-la-verdiere-83.com\/wp-content\/uploads\/2021\/05\/Page-acc-3-2048x727.jpg 2048w\" sizes=\"auto, (max-width: 1024px) 100vw, 1024px\" \/><\/a><\/figure><\/div>\n\n\n<figure class=\"wp-block-gallery has-nested-images columns-default is-cropped wp-block-gallery-1 is-layout-flex wp-block-gallery-is-layout-flex\">\n<figure class=\"wp-block-image size-large\"><a href=\"https:\/\/www.camping-la-verdiere-83.com\/wp-content\/uploads\/2021\/04\/Piscine-page-acc-1024x855.jpg\"><img loading=\"lazy\" decoding=\"async\" width=\"1024\" height=\"855\" src=\"https:\/\/www.camping-la-verdiere-83.com\/wp-content\/uploads\/2021\/04\/Piscine-page-acc-1024x855.jpg\" alt=\"\" class=\"wp-image-4620\" srcset=\"https:\/\/www.camping-la-verdiere-83.com\/wp-content\/uploads\/2021\/04\/Piscine-page-acc-1024x855.jpg 1024w, https:\/\/www.camping-la-verdiere-83.com\/wp-content\/uploads\/2021\/04\/Piscine-page-acc-300x251.jpg 300w, https:\/\/www.camping-la-verdiere-83.com\/wp-content\/uploads\/2021\/04\/Piscine-page-acc-768x641.jpg 768w, https:\/\/www.camping-la-verdiere-83.com\/wp-content\/uploads\/2021\/04\/Piscine-page-acc.jpg 1293w\" sizes=\"auto, (max-width: 1024px) 100vw, 1024px\" \/><\/a><\/figure>\n\n\n\n<figure class=\"wp-block-image size-large\"><a href=\"https:\/\/www.camping-la-verdiere-83.com\/wp-content\/uploads\/2021\/04\/piscine-camping-gorges-verdon-1024x768.jpg\"><img loading=\"lazy\" decoding=\"async\" width=\"1024\" height=\"768\" src=\"https:\/\/www.camping-la-verdiere-83.com\/wp-content\/uploads\/2021\/04\/piscine-camping-gorges-verdon-1024x768.jpg\" alt=\"\" class=\"wp-image-4551\" srcset=\"https:\/\/www.camping-la-verdiere-83.com\/wp-content\/uploads\/2021\/04\/piscine-camping-gorges-verdon-1024x768.jpg 1024w, https:\/\/www.camping-la-verdiere-83.com\/wp-content\/uploads\/2021\/04\/piscine-camping-gorges-verdon-300x225.jpg 300w, https:\/\/www.camping-la-verdiere-83.com\/wp-content\/uploads\/2021\/04\/piscine-camping-gorges-verdon-768x576.jpg 768w, https:\/\/www.camping-la-verdiere-83.com\/wp-content\/uploads\/2021\/04\/piscine-camping-gorges-verdon-1536x1152.jpg 1536w, https:\/\/www.camping-la-verdiere-83.com\/wp-content\/uploads\/2021\/04\/piscine-camping-gorges-verdon.jpg 1600w\" sizes=\"auto, (max-width: 1024px) 100vw, 1024px\" \/><\/a><\/figure>\n\n\n\n<figure class=\"wp-block-image size-large\"><a href=\"https:\/\/www.camping-la-verdiere-83.com\/wp-content\/uploads\/2021\/01\/camping-snack-verdon.jpg\"><img loading=\"lazy\" decoding=\"async\" width=\"1000\" height=\"562\" src=\"https:\/\/www.camping-la-verdiere-83.com\/wp-content\/uploads\/2021\/01\/camping-snack-verdon.jpg\" alt=\"camping dans le Verdon avec snack-bar\" class=\"wp-image-4358\" srcset=\"https:\/\/www.camping-la-verdiere-83.com\/wp-content\/uploads\/2021\/01\/camping-snack-verdon.jpg 1000w, https:\/\/www.camping-la-verdiere-83.com\/wp-content\/uploads\/2021\/01\/camping-snack-verdon-300x169.jpg 300w, https:\/\/www.camping-la-verdiere-83.com\/wp-content\/uploads\/2021\/01\/camping-snack-verdon-768x432.jpg 768w\" sizes=\"auto, (max-width: 1000px) 100vw, 1000px\" \/><\/a><\/figure>\n\n\n\n<figure class=\"wp-block-image size-large\"><a href=\"https:\/\/www.camping-la-verdiere-83.com\/wp-content\/uploads\/2020\/05\/mobilhome-4pers-lacs-verdon.jpg\"><img loading=\"lazy\" decoding=\"async\" width=\"1024\" height=\"768\" src=\"https:\/\/www.camping-la-verdiere-83.com\/wp-content\/uploads\/2020\/05\/mobilhome-4pers-lacs-verdon.jpg\" alt=\"mlocation de mobil home 4 personnes dans les gorges du Verdon\" class=\"wp-image-4084\" srcset=\"https:\/\/www.camping-la-verdiere-83.com\/wp-content\/uploads\/2020\/05\/mobilhome-4pers-lacs-verdon.jpg 1024w, https:\/\/www.camping-la-verdiere-83.com\/wp-content\/uploads\/2020\/05\/mobilhome-4pers-lacs-verdon-300x225.jpg 300w, https:\/\/www.camping-la-verdiere-83.com\/wp-content\/uploads\/2020\/05\/mobilhome-4pers-lacs-verdon-768x576.jpg 768w\" sizes=\"auto, (max-width: 1024px) 100vw, 1024px\" \/><\/a><\/figure>\n\n\n\n<figure class=\"wp-block-image size-large\"><a href=\"https:\/\/www.camping-la-verdiere-83.com\/wp-content\/uploads\/2021\/05\/EN-5-1024x576.jpg\"><img loading=\"lazy\" decoding=\"async\" width=\"1024\" height=\"576\" src=\"https:\/\/www.camping-la-verdiere-83.com\/wp-content\/uploads\/2021\/05\/EN-5-1024x576.jpg\" alt=\"\" class=\"wp-image-4719\" srcset=\"https:\/\/www.camping-la-verdiere-83.com\/wp-content\/uploads\/2021\/05\/EN-5-1024x576.jpg 1024w, https:\/\/www.camping-la-verdiere-83.com\/wp-content\/uploads\/2021\/05\/EN-5-300x169.jpg 300w, https:\/\/www.camping-la-verdiere-83.com\/wp-content\/uploads\/2021\/05\/EN-5-768x432.jpg 768w, https:\/\/www.camping-la-verdiere-83.com\/wp-content\/uploads\/2021\/05\/EN-5-1536x864.jpg 1536w, https:\/\/www.camping-la-verdiere-83.com\/wp-content\/uploads\/2021\/05\/EN-5-2048x1152.jpg 2048w\" sizes=\"auto, (max-width: 1024px) 100vw, 1024px\" \/><\/a><\/figure>\n<\/figure>\n\n\n\n<h2 class=\"wp-block-heading has-text-align-center has-text-color\" id=\"your-holiday-rental-near-the-gorges-du-verdon\" style=\"color:#226f21\"><mark style=\"background-color:rgba(0, 0, 0, 0);color:#088557\" class=\"has-inline-color\">Your holiday rental near the Gorges du Verdon <\/mark><\/h2>\n\n\n\n<p>At Camping de La Verdi\u00e8re you enjoy a privileged, quiet and comfortable location, in a preserved natural setting in the Var. Our pitches and the gardens of our mobile homes are perfectly delimited by plant fences. With family or friends, you are at home &#8230; but on vacation!<\/p>\n\n\n\n<p>Practice! The campsite is located near the amenities of its charming little village, typically Provencal and dominated by the superb Ch\u00e2teau de La Verdi\u00e8re, near Lake Quinson.<\/p>\n\n\n\t\t<div class=\"encart featured-pages-shortcode\">\n\t\t\t<div class=\"container-fluid\">\n\t\t\t\t\t\t\n\t\t\t\t\n\t\t\t\t<div class=\"row justify-content-center\">\n\t\t\t\t\n\t\t\t\t\t<a class=\"col col-12 col-md-3\" href=\"https:\/\/www.camping-la-verdiere-83.com\/en\/locations\/mobil-home-2-chambres-var\/\">\n\t\t\t\t\t<figure>\n\t\t\t\t\t\t<img decoding=\"async\" src=\"\/wp-content\/uploads\/2020\/05\/mobilhome-4pers-lacs-verdon.jpg\" alt=\"Mobil home 2 bedrooms PREMIUM CLIM + TV\">\n\t\t\t\t\t\t<figcaption>\n\t\t\t\t\t\t\t<h2>Mobil home 2 bedrooms PREMIUM CLIM + TV<\/h2>\n\t\t\t\t\t\t\t\t\t\t\t\t\t<\/figcaption>\n\t\t\t\t\t<\/figure>\n\t\t\t\t\t<\/a>\n\n\t\t\t\t\n\t\t\t\t\t<a class=\"col col-12 col-md-3\" href=\"https:\/\/www.camping-la-verdiere-83.com\/en\/locations\/mobile-home-3-rooms\/\">\n\t\t\t\t\t<figure>\n\t\t\t\t\t\t<img decoding=\"async\" src=\"\/wp-content\/uploads\/2020\/05\/location-6personnes-verdon.jpg\" alt=\"mobil home 3 bedrooms GRAND COMFORT CLIM\">\n\t\t\t\t\t\t<figcaption>\n\t\t\t\t\t\t\t<h2>mobil home 3 bedrooms GRAND COMFORT CLIM<\/h2>\n\t\t\t\t\t\t\t\t\t\t\t\t\t<\/figcaption>\n\t\t\t\t\t<\/figure>\n\t\t\t\t\t<\/a>\n\n\t\t\t\t\n\t\t\t\t\t<a class=\"col col-12 col-md-3\" href=\"https:\/\/www.camping-la-verdiere-83.com\/en\/locations\/mobil-home-3-chambres-verdon\/\">\n\t\t\t\t\t<figure>\n\t\t\t\t\t\t<img decoding=\"async\" src=\"\/wp-content\/uploads\/2020\/05\/location-mobilhome-verdon-3ch.jpg\" alt=\"Mobil home 3 bedrooms PREMIUM CLIM + TV\">\n\t\t\t\t\t\t<figcaption>\n\t\t\t\t\t\t\t<h2>Mobil home 3 bedrooms PREMIUM CLIM + TV<\/h2>\n\t\t\t\t\t\t\t\t\t\t\t\t\t<\/figcaption>\n\t\t\t\t\t<\/figure>\n\t\t\t\t\t<\/a>\n\n\t\t\t\t\n\t\t\t\t\t<a class=\"col col-12 col-md-3\" href=\"https:\/\/www.camping-la-verdiere-83.com\/en\/locations\/pitch\/\">\n\t\t\t\t\t<figure>\n\t\t\t\t\t\t<img decoding=\"async\" src=\"\/wp-content\/uploads\/2015\/02\/emplacement-principal-500x335.jpg\" alt=\"Pitches\">\n\t\t\t\t\t\t<figcaption>\n\t\t\t\t\t\t\t<h2>Pitches<\/h2>\n\t\t\t\t\t\t\t\t\t\t\t\t\t<\/figcaption>\n\t\t\t\t\t<\/figure>\n\t\t\t\t\t<\/a>\n\n\t\t\t\t\t\t\t\t<\/div>\n\n\t\t\t\t\n\t\t\t\t\n\t\t\t\t\t\t<\/div>\n\t\t<\/div>\n\t\t\n\n\n\n<div style=\"height:72px\" aria-hidden=\"true\" class=\"wp-block-spacer\"><\/div>\n\n\n\n<h2 class=\"wp-block-heading has-text-align-center has-text-color\" id=\"a-cheap-campiste-at-the-entrance-of-the-gorges-du-verdon\" style=\"color:#226f21\"><span style=\"color: #008000;\"><span style=\"color:#088557\" class=\"has-inline-color\">A cheap campiste at the entrance of the Gorges du Verdon<\/span><\/span><\/h2>\n\n\n\n<div class=\"wp-block-group has-white-background-color has-background\"><div class=\"wp-block-group__inner-container is-layout-flow wp-block-group-is-layout-flow\">\n<h3 class=\"wp-block-heading has-text-align-center\" id=\"for-1-weekend-1-week-15-days-or-more\"><span style=\"color: #008000;\"><span style=\"color:#088557\" class=\"has-inline-color\">For 1 weekend, 1 week, 15 days&#8230; or more&#8230;<\/span><\/span><\/h3>\n\n\n\n<h3 class=\"wp-block-heading has-text-align-center has-text-color\" id=\"the-stay-you-want-at-the-best-price-in-provence-verte-and-near-the-verdon-lakes\" style=\"color:#088557\"><span style=\"color: #008000;\"><span style=\"color:#088557\" class=\"has-inline-color\"> The stay  you want<\/span><\/span>, at the best price in Provence Verte and near the Verdon Lakes!<\/h3>\n\n\n\n<p>At the Verdi\u00e8re campsite, you not only benefit from an exceptional natural site, but also from attractive prices. In addition, Good advice for short stays: depending on the number of participants and the length of stay, weekly pricing may be more advantageous than overnight pricing. Consult our prices and do your simulations online! Do not hesitate to contact directly  Delphine ou Matthias  : (+33) 04.94.78.30.60<\/p>\n<\/div><\/div>\n\n\n\n<div class=\"wp-block-columns is-layout-flex wp-container-core-columns-is-layout-1 wp-block-columns-is-layout-flex\">\n<div class=\"wp-block-column is-layout-flow wp-block-column-is-layout-flow\"><div class=\"wp-block-image\">\n<figure class=\"alignright size-full is-resized\"><a href=\"https:\/\/www.facebook.com\/Camping-de-la-Verdiere-83-526085430775757\/\"><img loading=\"lazy\" decoding=\"async\" width=\"411\" height=\"171\" src=\"https:\/\/www.camping-la-verdiere-83.com\/wp-content\/uploads\/2021\/06\/camping-facebook.jpg\" alt=\"page facebook verdon\" class=\"wp-image-4974\" style=\"width:308px;height:128px\" srcset=\"https:\/\/www.camping-la-verdiere-83.com\/wp-content\/uploads\/2021\/06\/camping-facebook.jpg 411w, https:\/\/www.camping-la-verdiere-83.com\/wp-content\/uploads\/2021\/06\/camping-facebook-300x125.jpg 300w\" sizes=\"auto, (max-width: 411px) 100vw, 411px\" \/><\/a><\/figure><\/div><\/div>\n\n\n\n<div class=\"wp-block-column is-layout-flow wp-block-column-is-layout-flow\"><div class=\"wp-block-image\">\n<figure class=\"aligncenter size-full is-resized\"><a href=\"https:\/\/www.instagram.com\/p\/CPBtRY4Iwg-\/?utm_medium=copy_link\"><img loading=\"lazy\" decoding=\"async\" width=\"300\" height=\"171\" src=\"https:\/\/www.camping-la-verdiere-83.com\/wp-content\/uploads\/2021\/06\/location-verdon-instagram.png\" alt=\"location Gorges verdon intagram\" class=\"wp-image-4977\" style=\"width:225px;height:128px\"\/><\/a><\/figure><\/div><\/div>\n<\/div>\n\n\n\n<div style=\"height:56px\" aria-hidden=\"true\" class=\"wp-block-spacer\"><\/div>\n\n\n\n<div class=\"wp-block-columns is-layout-flex wp-container-core-columns-is-layout-2 wp-block-columns-is-layout-flex\">\n<div class=\"wp-block-column is-layout-flow wp-block-column-is-layout-flow\">\n<ctv-reviews data-modal-position=\"right\"><\/ctv-reviews>\n<\/div>\n\n\n\n<div class=\"wp-block-column is-layout-flow wp-block-column-is-layout-flow\">\n<p style=\"text-align: center;color:#000000\"><strong>TEL : 04 94 78 30 60<\/strong><\/p> \n\n\n<p style=\"text-align: center\"><a href=\"https:\/\/bookingpremium.secureholiday.net\/en\/14324\/\" target=\"_blank\" rel=\"noopener noreferrer\"><img decoding=\"async\" src=\"https:\/\/www.camping-la-verdiere-83.com\/wp-content\/uploads\/2015\/07\/reserver-camping-verdon.jpg\" alt=\"camping verdon tarifs\"><\/a><\/p>\n\n<p style=\"text-align: center\"><a href=\"\/wp-content\/uploads\/Tarifs-campingverdiere.pdf\" target=\"_blank\" rel=\"noopener noreferrer\"><img decoding=\"async\" src=\"\/wp-content\/uploads\/2015\/07\/tous-les-tarifs.jpg\" alt=\"camping verdon\"><\/a><\/p>\n\n\n<p style=\"text-align: center\"><a href=\"\/camping-gorges-du-verdon-pas-cher\/\" target=\"_blank\" rel=\"noopener noreferrer\"><img decoding=\"async\" src=\"\/wp-content\/uploads\/2015\/07\/promos-camping.jpg\" alt=\"promos camping verdon\"><\/a><\/p>\n\n\n<p style=\"text-align: center\"><a href=\"\/wp-content\/uploads\/VERDIERE-plan-camping.pdf\" target=\"_blank\" rel=\"noopener noreferrer\"><img decoding=\"async\" src=\"\/wp-content\/uploads\/2015\/07\/plan-camping-verdon.jpg\" alt=\"camping verdon pas cher\"><\/a><\/p>\n\n\n\n<hr class=\"wp-block-separator has-css-opacity\"\/>\n<\/div>\n<\/div>\n\n\n\t\t<div class=\"encart featured-pages-shortcode encart-alt\">\n\t\t\t<div class=\"container-fluid\">\n\t\t\t\t\t\t\n\t\t\t\t\n\t\t\t\t<div class=\"row justify-content-center\">\n\t\t\t\t\n\t\t\t\t\t<a class=\"col col-12 col-md-4\" href=\"https:\/\/www.camping-la-verdiere-83.com\/en\/pool\/\">\n\t\t\t\t\t<figure>\n\t\t\t\t\t\t<img decoding=\"async\" src=\"\/wp-content\/uploads\/2021\/01\/piscine-camping-verdon-1.jpg\" alt=\"Pool &#038; Tennis\">\n\t\t\t\t\t\t<figcaption>\n\t\t\t\t\t\t\t<h2>Pool &#038; Tennis<\/h2>\n\t\t\t\t\t\t\t\t\t\t\t\t\t\t\t<p class=\"encart-lbl\">A preview of our services<\/p>\n\t\t\t\t\t\t\t\t\t\t\t\t\t<\/figcaption>\n\t\t\t\t\t<\/figure>\n\t\t\t\t\t<\/a>\n\n\t\t\t\t\n\t\t\t\t\t<a class=\"col col-12 col-md-4\" href=\"https:\/\/www.camping-la-verdiere-83.com\/en\/le-snack-bar\/\">\n\t\t\t\t\t<figure>\n\t\t\t\t\t\t<img decoding=\"async\" src=\"\/wp-content\/uploads\/2021\/01\/Snack-camping-gorge-verdon.jpg\" alt=\"le Snack \/ Bar\">\n\t\t\t\t\t\t<figcaption>\n\t\t\t\t\t\t\t<h2>le Snack \/ Bar<\/h2>\n\t\t\t\t\t\t\t\t\t\t\t\t\t\t\t<p class=\"encart-lbl\">On-site restaurant<\/p>\n\t\t\t\t\t\t\t\t\t\t\t\t\t<\/figcaption>\n\t\t\t\t\t<\/figure>\n\t\t\t\t\t<\/a>\n\n\t\t\t\t\n\t\t\t\t\t<a class=\"col col-12 col-md-4\" href=\"https:\/\/www.camping-la-verdiere-83.com\/en\/Tourisme\/canyons-in-verdon\/\">\n\t\t\t\t\t<figure>\n\t\t\t\t\t\t<img decoding=\"async\" src=\"\/wp-content\/uploads\/2015\/02\/Quinson.jpg\" alt=\"Canyons in Verdon\">\n\t\t\t\t\t\t<figcaption>\n\t\t\t\t\t\t\t<h2>Canyons in Verdon<\/h2>\n\t\t\t\t\t\t\t\t\t\t\t\t\t\t\t<p class=\"encart-lbl\">Follow the guide !<\/p>\n\t\t\t\t\t\t\t\t\t\t\t\t\t<\/figcaption>\n\t\t\t\t\t<\/figure>\n\t\t\t\t\t<\/a>\n\n\t\t\t\t\t\t\t\t<\/div>\n\n\t\t\t\t\n\t\t\t\t\n\t\t\t\t\t\t<\/div>\n\t\t<\/div>\n\t\t\n<\/div>\n<\/div>\n\n\n\n<hr class=\"wp-block-separator has-css-opacity\"\/>\n\n\n\n<div class=\"wp-block-columns alignfull is-layout-flex wp-container-core-columns-is-layout-4 wp-block-columns-is-layout-flex\">\n<div class=\"wp-block-column is-layout-flow wp-block-column-is-layout-flow\">\n<p><iframe loading=\"lazy\" src=\"https:\/\/www.youtube.com\/embed\/wYhAsmdsC3c\" allowfullscreen=\"allowfullscreen\" width=\"642\" height=\"400\" frameborder=\"0\"><\/iframe><\/p>\n\n\n\n<div style=\"height:100px\" aria-hidden=\"true\" class=\"wp-block-spacer\"><\/div>\n\n\n\n<h2 class=\"wp-block-heading has-text-align-center has-text-color\" id=\"location-of-your-campsite-in-the-verdon\" style=\"color:#226f21\"><span style=\"color: #008000;\"><span style=\"color:#088557\" class=\"has-inline-color\">Location of your campsite in the Verdon<\/span><\/span><\/h2>\n\n\n<div class=\"wp-block-image\">\n<figure class=\"aligncenter size-large\"><a href=\"https:\/\/www.camping-la-verdiere-83.com\/wp-content\/uploads\/2021\/05\/carte-gorges-du-verdon-1.jpg\"><img loading=\"lazy\" decoding=\"async\" width=\"1412\" height=\"561\" src=\"https:\/\/www.camping-la-verdiere-83.com\/wp-content\/uploads\/2021\/05\/carte-gorges-du-verdon-1.jpg\" alt=\"carte gorges du Verdon\" class=\"wp-image-4943\"\/><\/a><\/figure><\/div>\n\n\n<div style=\"height:52px\" aria-hidden=\"true\" class=\"wp-block-spacer\"><\/div>\n\n\n\n<p><em>camping Verdon<\/em><\/p>\n<\/div>\n<\/div>\n\n\n\n<div class=\"wp-block-columns is-layout-flex wp-container-core-columns-is-layout-5 wp-block-columns-is-layout-flex\">\n<div class=\"wp-block-column is-layout-flow wp-block-column-is-layout-flow\"><\/div>\n<\/div>\n\n\n\n<hr class=\"wp-block-separator has-css-opacity\"\/>\n\n\n\n<p class=\"has-text-align-center\">Opening of the camp &#8211; mobil homes &#8211; From 5th February to end of of Novembre  for long stays <\/p>\n\n\n\n<p class=\"has-text-align-center\">Nights, weekends or weeks opened from th 26th of February to the 26th of november<br><br> Pitches and sanitariesopened from the  05th of March to the 13 of November<br> <\/p>\n\n\n\n<p class=\"has-text-align-center\">reception :<\/p>\n\n\n\n<p class=\"has-text-align-center\">Low season saison : from 9:00 a.m. to 6:00 p.m.<\/p>\n\n\n\n<p class=\"has-text-align-center\"> july-August : from 8:00 a.m. to 8:00 p.m.<\/p>\n\n\n\n<p class=\"has-text-align-center\">Languages : French, English, German<\/p>\n\n\n\n<p class=\"has-text-align-center\">ACCESS FOR PEOPLE WITH REDUCED MOBILITY: Because the natural gradient of the land does not allow wheelchair access and movement, the campsite has an exemption.<\/p>\n","protected":false},"excerpt":{"rendered":"<p>Campsite Gorges du Verdon Provence Are you looking for a small campsite near the Gorges du Verdon, to recharge your batteries in peace and in the heart of nature&#8230; Your campsite of La Verdi\u00e8re is located 15 minutes from the Low Gorges, in the Provence Verte, in the famous Verdon Regional Natural Park, an exceptional [&hellip;]<\/p>\n","protected":false},"author":1,"featured_media":0,"parent":0,"menu_order":0,"comment_status":"open","ping_status":"open","template":"","meta":{"footnotes":""},"class_list":["post-3130","page","type-page","status-publish","hentry"],"yoast_head":"<!-- This site is optimized with the Yoast SEO plugin v26.8 - https:\/\/yoast.com\/product\/yoast-seo-wordpress\/ -->\n<title>Camping Gorges du Verdon avec piscine haut Var | La Verdi\u00e8re<\/title>\n<meta name=\"description\" content=\"D\u00e9couvrez un superbe petit camping avec piscine \u00e0 l&#039;entr\u00e9e des Gorges du Verdon dans le haut Var. Tout pr\u00e8s des lacs de Quinson, Esparron, Sainte Croix, b\u00e9n\u00e9ficiez de multiples activit\u00e9s et d&#039;un d\u00e9paysement garanti. R\u00e9servez votre h\u00e9bergement climatis\u00e9 ou emplacement au 04 94 78 30 60.\" \/>\n<meta name=\"robots\" content=\"index, follow, max-snippet:-1, max-image-preview:large, max-video-preview:-1\" \/>\n<link rel=\"canonical\" href=\"https:\/\/www.camping-la-verdiere-83.com\/en\/\" \/>\n<meta property=\"og:locale\" content=\"en_US\" \/>\n<meta property=\"og:type\" content=\"article\" \/>\n<meta property=\"og:title\" content=\"Camping Gorges du Verdon avec piscine haut Var | La Verdi\u00e8re\" \/>\n<meta property=\"og:description\" content=\"D\u00e9couvrez un superbe petit camping avec piscine \u00e0 l&#039;entr\u00e9e des Gorges du Verdon dans le haut Var. Tout pr\u00e8s des lacs de Quinson, Esparron, Sainte Croix, b\u00e9n\u00e9ficiez de multiples activit\u00e9s et d&#039;un d\u00e9paysement garanti. R\u00e9servez votre h\u00e9bergement climatis\u00e9 ou emplacement au 04 94 78 30 60.\" \/>\n<meta property=\"og:url\" content=\"https:\/\/www.camping-la-verdiere-83.com\/en\/\" \/>\n<meta property=\"og:site_name\" content=\"La verdi\u00e8re 83\" \/>\n<meta property=\"article:modified_time\" content=\"2024-12-02T16:42:52+00:00\" \/>\n<meta property=\"og:image\" content=\"https:\/\/www.camping-la-verdiere-83.com\/wp-content\/uploads\/2024\/12\/Gorges-du-verdon-1.avif\" \/>\n\t<meta property=\"og:image:width\" content=\"800\" \/>\n\t<meta property=\"og:image:height\" content=\"836\" \/>\n\t<meta property=\"og:image:type\" content=\"image\/jpeg\" \/>\n<meta name=\"twitter:label1\" content=\"Est. reading time\" \/>\n\t<meta name=\"twitter:data1\" content=\"6 minutes\" \/>\n<script type=\"application\/ld+json\" class=\"yoast-schema-graph\">{\"@context\":\"https:\/\/schema.org\",\"@graph\":[{\"@type\":\"WebPage\",\"@id\":\"https:\/\/www.camping-la-verdiere-83.com\/en\/\",\"url\":\"https:\/\/www.camping-la-verdiere-83.com\/en\/\",\"name\":\"Camping Gorges du Verdon avec piscine haut Var | La Verdi\u00e8re\",\"isPartOf\":{\"@id\":\"https:\/\/www.camping-la-verdiere-83.com\/#website\"},\"primaryImageOfPage\":{\"@id\":\"https:\/\/www.camping-la-verdiere-83.com\/en\/#primaryimage\"},\"image\":{\"@id\":\"https:\/\/www.camping-la-verdiere-83.com\/en\/#primaryimage\"},\"thumbnailUrl\":\"https:\/\/www.camping-la-verdiere-83.com\/wp-content\/uploads\/2024\/12\/Gorges-du-verdon-1.avif\",\"datePublished\":\"2013-04-09T09:40:50+00:00\",\"dateModified\":\"2024-12-02T16:42:52+00:00\",\"description\":\"D\u00e9couvrez un superbe petit camping avec piscine \u00e0 l'entr\u00e9e des Gorges du Verdon dans le haut Var. Tout pr\u00e8s des lacs de Quinson, Esparron, Sainte Croix, b\u00e9n\u00e9ficiez de multiples activit\u00e9s et d'un d\u00e9paysement garanti. R\u00e9servez votre h\u00e9bergement climatis\u00e9 ou emplacement au 04 94 78 30 60.\",\"breadcrumb\":{\"@id\":\"https:\/\/www.camping-la-verdiere-83.com\/en\/#breadcrumb\"},\"inLanguage\":\"en-US\",\"potentialAction\":[{\"@type\":\"ReadAction\",\"target\":[\"https:\/\/www.camping-la-verdiere-83.com\/en\/\"]}]},{\"@type\":\"ImageObject\",\"inLanguage\":\"en-US\",\"@id\":\"https:\/\/www.camping-la-verdiere-83.com\/en\/#primaryimage\",\"url\":\"https:\/\/www.camping-la-verdiere-83.com\/wp-content\/uploads\/2024\/12\/Gorges-du-verdon-1.avif\",\"contentUrl\":\"https:\/\/www.camping-la-verdiere-83.com\/wp-content\/uploads\/2024\/12\/Gorges-du-verdon-1.avif\"},{\"@type\":\"BreadcrumbList\",\"@id\":\"https:\/\/www.camping-la-verdiere-83.com\/en\/#breadcrumb\",\"itemListElement\":[{\"@type\":\"ListItem\",\"position\":1,\"name\":\"Accueil\",\"item\":\"https:\/\/www.camping-la-verdiere-83.com\/en\/\"},{\"@type\":\"ListItem\",\"position\":2,\"name\":\"Bienvenue\"}]},{\"@type\":\"WebSite\",\"@id\":\"https:\/\/www.camping-la-verdiere-83.com\/#website\",\"url\":\"https:\/\/www.camping-la-verdiere-83.com\/\",\"name\":\"La verdi\u00e8re 83\",\"description\":\"camping verdon\",\"potentialAction\":[{\"@type\":\"SearchAction\",\"target\":{\"@type\":\"EntryPoint\",\"urlTemplate\":\"https:\/\/www.camping-la-verdiere-83.com\/?s={search_term_string}\"},\"query-input\":{\"@type\":\"PropertyValueSpecification\",\"valueRequired\":true,\"valueName\":\"search_term_string\"}}],\"inLanguage\":\"en-US\"}]}<\/script>\n<!-- \/ Yoast SEO plugin. -->","yoast_head_json":{"title":"Camping Gorges du Verdon avec piscine haut Var | La Verdi\u00e8re","description":"D\u00e9couvrez un superbe petit camping avec piscine \u00e0 l'entr\u00e9e des Gorges du Verdon dans le haut Var. Tout pr\u00e8s des lacs de Quinson, Esparron, Sainte Croix, b\u00e9n\u00e9ficiez de multiples activit\u00e9s et d'un d\u00e9paysement garanti. R\u00e9servez votre h\u00e9bergement climatis\u00e9 ou emplacement au 04 94 78 30 60.","robots":{"index":"index","follow":"follow","max-snippet":"max-snippet:-1","max-image-preview":"max-image-preview:large","max-video-preview":"max-video-preview:-1"},"canonical":"https:\/\/www.camping-la-verdiere-83.com\/en\/","og_locale":"en_US","og_type":"article","og_title":"Camping Gorges du Verdon avec piscine haut Var | La Verdi\u00e8re","og_description":"D\u00e9couvrez un superbe petit camping avec piscine \u00e0 l'entr\u00e9e des Gorges du Verdon dans le haut Var. Tout pr\u00e8s des lacs de Quinson, Esparron, Sainte Croix, b\u00e9n\u00e9ficiez de multiples activit\u00e9s et d'un d\u00e9paysement garanti. R\u00e9servez votre h\u00e9bergement climatis\u00e9 ou emplacement au 04 94 78 30 60.","og_url":"https:\/\/www.camping-la-verdiere-83.com\/en\/","og_site_name":"La verdi\u00e8re 83","article_modified_time":"2024-12-02T16:42:52+00:00","og_image":[{"width":800,"height":836,"url":"https:\/\/www.camping-la-verdiere-83.com\/wp-content\/uploads\/2024\/12\/Gorges-du-verdon-1.avif","type":"image\/jpeg"}],"twitter_misc":{"Est. reading time":"6 minutes"},"schema":{"@context":"https:\/\/schema.org","@graph":[{"@type":"WebPage","@id":"https:\/\/www.camping-la-verdiere-83.com\/en\/","url":"https:\/\/www.camping-la-verdiere-83.com\/en\/","name":"Camping Gorges du Verdon avec piscine haut Var | La Verdi\u00e8re","isPartOf":{"@id":"https:\/\/www.camping-la-verdiere-83.com\/#website"},"primaryImageOfPage":{"@id":"https:\/\/www.camping-la-verdiere-83.com\/en\/#primaryimage"},"image":{"@id":"https:\/\/www.camping-la-verdiere-83.com\/en\/#primaryimage"},"thumbnailUrl":"https:\/\/www.camping-la-verdiere-83.com\/wp-content\/uploads\/2024\/12\/Gorges-du-verdon-1.avif","datePublished":"2013-04-09T09:40:50+00:00","dateModified":"2024-12-02T16:42:52+00:00","description":"D\u00e9couvrez un superbe petit camping avec piscine \u00e0 l'entr\u00e9e des Gorges du Verdon dans le haut Var. Tout pr\u00e8s des lacs de Quinson, Esparron, Sainte Croix, b\u00e9n\u00e9ficiez de multiples activit\u00e9s et d'un d\u00e9paysement garanti. R\u00e9servez votre h\u00e9bergement climatis\u00e9 ou emplacement au 04 94 78 30 60.","breadcrumb":{"@id":"https:\/\/www.camping-la-verdiere-83.com\/en\/#breadcrumb"},"inLanguage":"en-US","potentialAction":[{"@type":"ReadAction","target":["https:\/\/www.camping-la-verdiere-83.com\/en\/"]}]},{"@type":"ImageObject","inLanguage":"en-US","@id":"https:\/\/www.camping-la-verdiere-83.com\/en\/#primaryimage","url":"https:\/\/www.camping-la-verdiere-83.com\/wp-content\/uploads\/2024\/12\/Gorges-du-verdon-1.avif","contentUrl":"https:\/\/www.camping-la-verdiere-83.com\/wp-content\/uploads\/2024\/12\/Gorges-du-verdon-1.avif"},{"@type":"BreadcrumbList","@id":"https:\/\/www.camping-la-verdiere-83.com\/en\/#breadcrumb","itemListElement":[{"@type":"ListItem","position":1,"name":"Accueil","item":"https:\/\/www.camping-la-verdiere-83.com\/en\/"},{"@type":"ListItem","position":2,"name":"Bienvenue"}]},{"@type":"WebSite","@id":"https:\/\/www.camping-la-verdiere-83.com\/#website","url":"https:\/\/www.camping-la-verdiere-83.com\/","name":"La verdi\u00e8re 83","description":"camping verdon","potentialAction":[{"@type":"SearchAction","target":{"@type":"EntryPoint","urlTemplate":"https:\/\/www.camping-la-verdiere-83.com\/?s={search_term_string}"},"query-input":{"@type":"PropertyValueSpecification","valueRequired":true,"valueName":"search_term_string"}}],"inLanguage":"en-US"}]}},"_links":{"self":[{"href":"https:\/\/www.camping-la-verdiere-83.com\/en\/wp-json\/wp\/v2\/pages\/3130","targetHints":{"allow":["GET"]}}],"collection":[{"href":"https:\/\/www.camping-la-verdiere-83.com\/en\/wp-json\/wp\/v2\/pages"}],"about":[{"href":"https:\/\/www.camping-la-verdiere-83.com\/en\/wp-json\/wp\/v2\/types\/page"}],"author":[{"embeddable":true,"href":"https:\/\/www.camping-la-verdiere-83.com\/en\/wp-json\/wp\/v2\/users\/1"}],"replies":[{"embeddable":true,"href":"https:\/\/www.camping-la-verdiere-83.com\/en\/wp-json\/wp\/v2\/comments?post=3130"}],"version-history":[{"count":3,"href":"https:\/\/www.camping-la-verdiere-83.com\/en\/wp-json\/wp\/v2\/pages\/3130\/revisions"}],"predecessor-version":[{"id":6200,"href":"https:\/\/www.camping-la-verdiere-83.com\/en\/wp-json\/wp\/v2\/pages\/3130\/revisions\/6200"}],"wp:attachment":[{"href":"https:\/\/www.camping-la-verdiere-83.com\/en\/wp-json\/wp\/v2\/media?parent=3130"}],"curies":[{"name":"wp","href":"https:\/\/api.w.org\/{rel}","templated":true}]}}