{"id":3183,"date":"2015-02-05T18:57:04","date_gmt":"2015-02-05T17:57:04","guid":{"rendered":"https:\/\/www.camping-la-verdiere-83.com\/tourisme-verdon-var\/"},"modified":"2020-04-03T21:59:38","modified_gmt":"2020-04-03T20:59:38","slug":"tourism-verdon-var","status":"publish","type":"page","link":"https:\/\/www.camping-la-verdiere-83.com\/en\/tourism-verdon-var\/","title":{"rendered":"Tourism"},"content":{"rendered":"<h1>Tourism in Provence<\/h1>\n<p><a href=\"https:\/\/www.camping-la-verdiere-83.com\/\">At the campsite la Verdi\u00e8re<\/a>, you are in the heart of a very famous tourist area : The Provence.<\/p>\n<p>Your campsite La Verdi\u00e8re is at the entrance of the lower Gorges du Verdon.<\/p>\n<p>Let us guide you to the best things to see in our beautiful region.<\/p>\n\n\n<h3 class=\"wp-block-heading\">AROUND THE CAMPSITE<\/h3>\n\n\n\t\t<div class=\"encart featured-pages-shortcode\">\n\t\t\t<div class=\"container-fluid\">\n\t\t\t\t\t\t\n\t\t\t\t\n\t\t\t\t<div class=\"row justify-content-center\">\n\t\t\t\t\n\t\t\t\t\t<a class=\"col col-12 col-md-4\" href=\"https:\/\/www.camping-la-verdiere-83.com\/en\/Tourisme\/the-small-village-of-la-verdiere\/\">\n\t\t\t\t\t<figure>\n\t\t\t\t\t\t<img decoding=\"async\" src=\"\/wp-content\/uploads\/2015\/02\/Copie-de-4-La-Verdiere-500x335.jpg\" alt=\"The small village of La Verdi\u00e8re\">\n\t\t\t\t\t\t<figcaption>\n\t\t\t\t\t\t\t<h2>The small village of La Verdi\u00e8re<\/h2>\n\t\t\t\t\t\t\t\t\t\t\t\t\t\t\t<p class=\"encart-lbl\">La Verdi\u00e8re<\/p>\n\t\t\t\t\t\t\t\t\t\t\t\t\t<\/figcaption>\n\t\t\t\t\t<\/figure>\n\t\t\t\t\t<\/a>\n\n\t\t\t\t\n\t\t\t\t\t<a class=\"col col-12 col-md-4\" href=\"https:\/\/www.camping-la-verdiere-83.com\/en\/Tourisme\/museums\/\">\n\t\t\t\t\t<figure>\n\t\t\t\t\t\t<img decoding=\"async\" src=\"\/wp-content\/uploads\/2015\/02\/musee-prehistoire-quinson-verdon-600x335.jpg\" alt=\"Museums\">\n\t\t\t\t\t\t<figcaption>\n\t\t\t\t\t\t\t<h2>Museums<\/h2>\n\t\t\t\t\t\t\t\t\t\t\t\t\t\t\t<p class=\"encart-lbl\">Museums in provence<\/p>\n\t\t\t\t\t\t\t\t\t\t\t\t\t<\/figcaption>\n\t\t\t\t\t<\/figure>\n\t\t\t\t\t<\/a>\n\n\t\t\t\t\n\t\t\t\t\t<a class=\"col col-12 col-md-4\" href=\"https:\/\/www.camping-la-verdiere-83.com\/en\/Tourisme\/provencal-markets\/\">\n\t\t\t\t\t<figure>\n\t\t\t\t\t\t<img decoding=\"async\" src=\"\/wp-content\/uploads\/2015\/02\/marches-provence.png\" alt=\"Provencal Markets\">\n\t\t\t\t\t\t<figcaption>\n\t\t\t\t\t\t\t<h2>Provencal Markets<\/h2>\n\t\t\t\t\t\t\t\t\t\t\t\t\t\t\t<p class=\"encart-lbl\">Markets provence<\/p>\n\t\t\t\t\t\t\t\t\t\t\t\t\t<\/figcaption>\n\t\t\t\t\t<\/figure>\n\t\t\t\t\t<\/a>\n\n\t\t\t\t\t\t\t\t<\/div>\n\n\t\t\t\t\n\t\t\t\t\n\t\t\t\t\t\t<\/div>\n\t\t<\/div>\n\t\t\n\n\n\n<h3 class=\"wp-block-heading\">THE VERDON, VAR &#8211; SOUTHERN FRANCE<\/h3>\n\n\n\t\t<div class=\"encart featured-pages-shortcode\">\n\t\t\t<div class=\"container-fluid\">\n\t\t\t\t\t\t\n\t\t\t\t\n\t\t\t\t<div class=\"row justify-content-center\">\n\t\t\t\t\n\t\t\t\t\t<a class=\"col col-12 col-md-4\" href=\"https:\/\/www.camping-la-verdiere-83.com\/en\/Tourisme\/canyons-in-verdon\/\">\n\t\t\t\t\t<figure>\n\t\t\t\t\t\t<img decoding=\"async\" src=\"\/wp-content\/uploads\/2015\/02\/P1040323-500x335.jpg\" alt=\"Canyons in Verdon\">\n\t\t\t\t\t\t<figcaption>\n\t\t\t\t\t\t\t<h2>Canyons in Verdon<\/h2>\n\t\t\t\t\t\t\t\t\t\t\t\t\t\t\t<p class=\"encart-lbl\">Le Verdon<\/p>\n\t\t\t\t\t\t\t\t\t\t\t\t\t<\/figcaption>\n\t\t\t\t\t<\/figure>\n\t\t\t\t\t<\/a>\n\n\t\t\t\t\n\t\t\t\t\t<a class=\"col col-12 col-md-4\" href=\"https:\/\/www.camping-la-verdiere-83.com\/en\/Tourisme\/verdon-villages\/\">\n\t\t\t\t\t<figure>\n\t\t\t\t\t\t<img decoding=\"async\" src=\"\/wp-content\/uploads\/2015\/02\/moustier-642x335.jpg\" alt=\"The villages of Verdon\">\n\t\t\t\t\t\t<figcaption>\n\t\t\t\t\t\t\t<h2>The villages of Verdon<\/h2>\n\t\t\t\t\t\t\t\t\t\t\t\t\t\t\t<p class=\"encart-lbl\">The villages of Verdon<\/p>\n\t\t\t\t\t\t\t\t\t\t\t\t\t<\/figcaption>\n\t\t\t\t\t<\/figure>\n\t\t\t\t\t<\/a>\n\n\t\t\t\t\n\t\t\t\t\t<a class=\"col col-12 col-md-4\" href=\"https:\/\/www.camping-la-verdiere-83.com\/en\/Tourisme\/lakes-in-verdon\/\">\n\t\t\t\t\t<figure>\n\t\t\t\t\t\t<img decoding=\"async\" src=\"\/wp-content\/uploads\/2015\/02\/lact_ste-croix-8-642x335.jpg\" alt=\"Lakes in Verdon\">\n\t\t\t\t\t\t<figcaption>\n\t\t\t\t\t\t\t<h2>Lakes in Verdon<\/h2>\n\t\t\t\t\t\t\t\t\t\t\t\t\t\t\t<p class=\"encart-lbl\">Verdon lakes<\/p>\n\t\t\t\t\t\t\t\t\t\t\t\t\t<\/figcaption>\n\t\t\t\t\t<\/figure>\n\t\t\t\t\t<\/a>\n\n\t\t\t\t\t\t\t\t<\/div>\n\n\t\t\t\t\n\t\t\t\t\n\t\t\t\n\t\t\t\t\n\t\t\t\t<div class=\"row justify-content-center\">\n\t\t\t\t\n\t\t\t\t\t<a class=\"col col-12 col-md-4\" href=\"https:\/\/www.camping-la-verdiere-83.com\/en\/Tourisme\/le-plateau-de-valensole\/\">\n\t\t\t\t\t<figure>\n\t\t\t\t\t\t<img decoding=\"async\" src=\"\/wp-content\/uploads\/2016\/01\/plateau-valensole-642x335.jpg\" alt=\"The Valensole plateau\">\n\t\t\t\t\t\t<figcaption>\n\t\t\t\t\t\t\t<h2>The Valensole plateau<\/h2>\n\t\t\t\t\t\t\t\t\t\t\t\t\t\t\t<p class=\"encart-lbl\">Le Verdon \/ Valensole <\/p>\n\t\t\t\t\t\t\t\t\t\t\t\t\t<\/figcaption>\n\t\t\t\t\t<\/figure>\n\t\t\t\t\t<\/a>\n\n\t\t\t\t\t\t\t\t<\/div>\n\n\t\t\t\t\n\t\t\t\t\n\t\t\t\t\t\t<\/div>\n\t\t<\/div>\n\t\t\n\n\n\n<h3 class=\"wp-block-heading\">ACTIVITES SPORT &amp; NATURE IN VERDON THROATS<\/h3>\n\n\n\n<p>Nature activities in the Verdon Gorge<\/p>\n\n\n\n<p>Many nature activities and water sports are offered in the Gorges du Verdon; supervised by professionals you can indulge in rafting or canyoning, climbing, whitewater swimming and even bungee jumping for the more adventurous of you.<\/p>\n\n\n\t\t<div class=\"encart featured-pages-shortcode\">\n\t\t\t<div class=\"container-fluid\">\n\t\t\t\t\t\t\n\t\t\t\t\n\t\t\t\t<div class=\"row justify-content-center\">\n\t\t\t\t\n\t\t\t\t\t<a class=\"col col-12 col-md-4\" href=\"https:\/\/www.camping-la-verdiere-83.com\/en\/Tourisme\/canoe-sur-largens\/\">\n\t\t\t\t\t<figure>\n\t\t\t\t\t\t<img decoding=\"async\" src=\"\/wp-content\/uploads\/2015\/09\/canoe-provence-600x335.jpg\" alt=\"Cano\u00eb on the river &#8220;the Argens&#8221;\">\n\t\t\t\t\t\t<figcaption>\n\t\t\t\t\t\t\t<h2>Cano\u00eb on the river &#8220;the Argens&#8221;<\/h2>\n\t\t\t\t\t\t\t\t\t\t\t\t\t\t\t<p class=\"encart-lbl\">Sports &amp; nature Verdon<\/p>\n\t\t\t\t\t\t\t\t\t\t\t\t\t<\/figcaption>\n\t\t\t\t\t<\/figure>\n\t\t\t\t\t<\/a>\n\n\t\t\t\t\n\t\t\t\t\t<a class=\"col col-12 col-md-4\" href=\"https:\/\/www.camping-la-verdiere-83.com\/en\/Tourisme\/canyon-verdon\/\">\n\t\t\t\t\t<figure>\n\t\t\t\t\t\t<img decoding=\"async\" src=\"\/wp-content\/uploads\/2022\/01\/eaux-vives-verdon.jpg\" alt=\"Nautic activities in Provence and Verdon\">\n\t\t\t\t\t\t<figcaption>\n\t\t\t\t\t\t\t<h2>Nautic activities in Provence and Verdon<\/h2>\n\t\t\t\t\t\t\t\t\t\t\t\t\t\t\t<p class=\"encart-lbl\">Canyon \/ sports &amp; nature Verdon<\/p>\n\t\t\t\t\t\t\t\t\t\t\t\t\t<\/figcaption>\n\t\t\t\t\t<\/figure>\n\t\t\t\t\t<\/a>\n\n\t\t\t\t\n\t\t\t\t\t<a class=\"col col-12 col-md-4\" href=\"https:\/\/www.camping-la-verdiere-83.com\/en\/Tourisme\/fishing-verdon\/\">\n\t\t\t\t\t<figure>\n\t\t\t\t\t\t<img decoding=\"async\" src=\"\/wp-content\/uploads\/2015\/02\/peche-verdon1.jpg\" alt=\"Fishing in Provence and Verdon\">\n\t\t\t\t\t\t<figcaption>\n\t\t\t\t\t\t\t<h2>Fishing in Provence and Verdon<\/h2>\n\t\t\t\t\t\t\t\t\t\t\t\t\t\t\t<p class=\"encart-lbl\">Fishing Verdon \/ sports &amp; nature Verdon<\/p>\n\t\t\t\t\t\t\t\t\t\t\t\t\t<\/figcaption>\n\t\t\t\t\t<\/figure>\n\t\t\t\t\t<\/a>\n\n\t\t\t\t\t\t\t\t<\/div>\n\n\t\t\t\t\n\t\t\t\t\n\t\t\t\n\t\t\t\t\n\t\t\t\t<div class=\"row justify-content-center\">\n\t\t\t\t\n\t\t\t\t\t<a class=\"col col-12 col-md-4\" href=\"https:\/\/www.camping-la-verdiere-83.com\/en\/Tourisme\/horsing-verdon\/\">\n\t\t\t\t\t<figure>\n\t\t\t\t\t\t<img decoding=\"async\" src=\"\/wp-content\/uploads\/2015\/02\/Chevaux.jpg\" alt=\"Horsing in Provence\">\n\t\t\t\t\t\t<figcaption>\n\t\t\t\t\t\t\t<h2>Horsing in Provence<\/h2>\n\t\t\t\t\t\t\t\t\t\t\t\t\t\t\t<p class=\"encart-lbl\">Sports &amp; nature Verdon<\/p>\n\t\t\t\t\t\t\t\t\t\t\t\t\t<\/figcaption>\n\t\t\t\t\t<\/figure>\n\t\t\t\t\t<\/a>\n\n\t\t\t\t\n\t\t\t\t\t<a class=\"col col-12 col-md-4\" href=\"https:\/\/www.camping-la-verdiere-83.com\/en\/Tourisme\/biking-verdon\/\">\n\t\t\t\t\t<figure>\n\t\t\t\t\t\t<img decoding=\"async\" src=\"\/wp-content\/uploads\/2015\/02\/sl_velo-03.jpg\" alt=\"Biking in Provence &#038; Verdon\">\n\t\t\t\t\t\t<figcaption>\n\t\t\t\t\t\t\t<h2>Biking in Provence &#038; Verdon<\/h2>\n\t\t\t\t\t\t\t\t\t\t\t\t\t\t\t<p class=\"encart-lbl\">Sports &amp; nature Verdon<\/p>\n\t\t\t\t\t\t\t\t\t\t\t\t\t<\/figcaption>\n\t\t\t\t\t<\/figure>\n\t\t\t\t\t<\/a>\n\n\t\t\t\t\n\t\t\t\t\t<a class=\"col col-12 col-md-4\" href=\"https:\/\/www.camping-la-verdiere-83.com\/en\/Tourisme\/hiking-verdon\/\">\n\t\t\t\t\t<figure>\n\t\t\t\t\t\t<img decoding=\"async\" src=\"\/wp-content\/uploads\/2019\/05\/randonnee-verdon-1.jpg\" alt=\"Hiking in Green Provence &#038; Verdon\">\n\t\t\t\t\t\t<figcaption>\n\t\t\t\t\t\t\t<h2>Hiking in Green Provence &#038; Verdon<\/h2>\n\t\t\t\t\t\t\t\t\t\t\t\t\t\t\t<p class=\"encart-lbl\">Sports &amp; nature Verdon<\/p>\n\t\t\t\t\t\t\t\t\t\t\t\t\t<\/figcaption>\n\t\t\t\t\t<\/figure>\n\t\t\t\t\t<\/a>\n\n\t\t\t\t\t\t\t\t<\/div>\n\n\t\t\t\t\n\t\t\t\t\n\t\t\t\t\t\t<\/div>\n\t\t<\/div>\n\t\t\n\n\n\t\t<div class=\"encart featured-pages-shortcode\">\n\t\t\t<div class=\"container-fluid\">\n\t\t\t\t\t\t\n\t\t\t\t\n\t\t\t\t<div class=\"row justify-content-center\">\n\t\t\t\t\n\t\t\t\t\t<a class=\"col col-12 col-md-4\" href=\"https:\/\/www.camping-la-verdiere-83.com\/en\/Tourisme\/prieure-dame-de-ganagobie\/\">\n\t\t\t\t\t<figure>\n\t\t\t\t\t\t<img decoding=\"async\" src=\"\/wp-content\/uploads\/2017\/06\/LAVERDIE%CC%80RE-Prieure%CC%81-de-Ganagobie.jpg\" alt=\"The Priory of Notre-Dame de Ganagobie in Provence\">\n\t\t\t\t\t\t<figcaption>\n\t\t\t\t\t\t\t<h2>The Priory of Notre-Dame de Ganagobie in Provence<\/h2>\n\t\t\t\t\t\t\t\t\t\t\t\t\t\t\t<p class=\"encart-lbl\">Cities of Provence<\/p>\n\t\t\t\t\t\t\t\t\t\t\t\t\t<\/figcaption>\n\t\t\t\t\t<\/figure>\n\t\t\t\t\t<\/a>\n\n\t\t\t\t\n\t\t\t\t\t<a class=\"col col-12 col-md-4\" href=\"https:\/\/www.camping-la-verdiere-83.com\/en\/Tourisme\/forcalquier\/\">\n\t\t\t\t\t<figure>\n\t\t\t\t\t\t<img decoding=\"async\" src=\"\/wp-content\/uploads\/2015\/09\/forcalquier-luberon-438x335.jpg\" alt=\"Forcalquier\">\n\t\t\t\t\t\t<figcaption>\n\t\t\t\t\t\t\t<h2>Forcalquier<\/h2>\n\t\t\t\t\t\t\t\t\t\t\t\t\t\t\t<p class=\"encart-lbl\">Cities of Provence<\/p>\n\t\t\t\t\t\t\t\t\t\t\t\t\t<\/figcaption>\n\t\t\t\t\t<\/figure>\n\t\t\t\t\t<\/a>\n\n\t\t\t\t\n\t\t\t\t\t<a class=\"col col-12 col-md-4\" href=\"https:\/\/www.camping-la-verdiere-83.com\/en\/Tourisme\/manosque\/\">\n\t\t\t\t\t<figure>\n\t\t\t\t\t\t<img decoding=\"async\" src=\"\/wp-content\/uploads\/2015\/05\/index.jpg\" alt=\"Manosque provencal town\">\n\t\t\t\t\t\t<figcaption>\n\t\t\t\t\t\t\t<h2>Manosque provencal town<\/h2>\n\t\t\t\t\t\t\t\t\t\t\t\t\t\t\t<p class=\"encart-lbl\">Cities of Provence<\/p>\n\t\t\t\t\t\t\t\t\t\t\t\t\t<\/figcaption>\n\t\t\t\t\t<\/figure>\n\t\t\t\t\t<\/a>\n\n\t\t\t\t\n\t\t\t\t\t<a class=\"col col-12 col-md-4\" href=\"https:\/\/www.camping-la-verdiere-83.com\/en\/tourism-verdon-var\/\">\n\t\t\t\t\t<figure>\n\t\t\t\t\t\t<img decoding=\"async\" src=\"\/wp-content\/uploads\/2019\/11\/la-verdiere-plus-claire-1.jpg\" alt=\"Tourism\">\n\t\t\t\t\t\t<figcaption>\n\t\t\t\t\t\t\t<h2>Tourism<\/h2>\n\t\t\t\t\t\t\t\t\t\t\t\t\t\t\t<p class=\"encart-lbl\">Cities of Provence<\/p>\n\t\t\t\t\t\t\t\t\t\t\t\t\t<\/figcaption>\n\t\t\t\t\t<\/figure>\n\t\t\t\t\t<\/a>\n\n\t\t\t\t\n\t\t\t\t\t<a class=\"col col-12 col-md-4\" href=\"https:\/\/www.camping-la-verdiere-83.com\/en\/tourism-verdon-var\/\">\n\t\t\t\t\t<figure>\n\t\t\t\t\t\t<img decoding=\"async\" src=\"\/wp-content\/uploads\/2021\/04\/Saint-Martin-Chateau.jpeg\" alt=\"Tourism\">\n\t\t\t\t\t\t<figcaption>\n\t\t\t\t\t\t\t<h2>Tourism<\/h2>\n\t\t\t\t\t\t\t\t\t\t\t\t\t\t\t<p class=\"encart-lbl\">Cities of Provence<\/p>\n\t\t\t\t\t\t\t\t\t\t\t\t\t<\/figcaption>\n\t\t\t\t\t<\/figure>\n\t\t\t\t\t<\/a>\n\n\t\t\t\t\t\t\t\t<\/div>\n\n\t\t\t\t\n\t\t\t\t\n\t\t\t\t\t\t<\/div>\n\t\t<\/div>\n\t\t\n\n\n\n<h3 class=\"wp-block-heading\">VISIT PROVENCE &#8211; VAR BEST SITES<\/h3>\n\n\n\n<div class=\"wp-block-columns is-layout-flex wp-container-core-columns-is-layout-1 wp-block-columns-is-layout-flex\">\n<div class=\"wp-block-column is-layout-flow wp-block-column-is-layout-flow\">\n<p>Aix-en-Provence &#8211; 50 min<br>Marseille &#8211; 93 km &#8211; 1h<br>Cassis &#8211; 75 km &#8211; 1h20<br>Sorgues, &#8211; 121 km &#8211; 1h40<br>Saint-Tropez &#8211; 111 km &#8211; 1h40<\/p>\n<\/div>\n\n\n\n<div class=\"wp-block-column is-layout-flow wp-block-column-is-layout-flow\">\n<p>Fr\u00e9jus Plage &#8211; 88 km &#8211; 1h30<br>Draguignan &#8211; 56 km &#8211; 1h00<br>Grasse &#8211; 118 km &#8211; 2h00<br>Monaco &#8211; 168 km &#8211; 2h00 min<br>Vintimille, Italie &#8211; 206 km &#8211; 2h20 min<\/p>\n<\/div>\n<\/div>\n\n\n\n<h3 class=\"wp-block-heading\">C\u00d4TE D&#8217;AZUR<\/h3>\n\n\n\t\t<div class=\"encart featured-pages-shortcode\">\n\t\t\t<div class=\"container-fluid\">\n\t\t\t\t\t\t\n\t\t\t\t\n\t\t\t\t<div class=\"row justify-content-center\">\n\t\t\t\t\n\t\t\t\t\t<a class=\"col col-12 col-md-4\" href=\"https:\/\/www.camping-la-verdiere-83.com\/en\/galerie\/frejus\/\">\n\t\t\t\t\t<figure>\n\t\t\t\t\t\t<img decoding=\"async\" src=\"\/wp-content\/uploads\/2020\/02\/Frejus-640x335.jpg\" alt=\"Fr\u00e9jus\">\n\t\t\t\t\t\t<figcaption>\n\t\t\t\t\t\t\t<h2>Fr\u00e9jus<\/h2>\n\t\t\t\t\t\t\t\t\t\t\t\t\t<\/figcaption>\n\t\t\t\t\t<\/figure>\n\t\t\t\t\t<\/a>\n\n\t\t\t\t\n\t\t\t\t\t<a class=\"col col-12 col-md-4\" href=\"https:\/\/www.camping-la-verdiere-83.com\/en\/galerie\/marseille\/\">\n\t\t\t\t\t<figure>\n\t\t\t\t\t\t<img decoding=\"async\" src=\"\/wp-content\/uploads\/2015\/02\/Marseille_2-592x335.jpg\" alt=\"Marseille\">\n\t\t\t\t\t\t<figcaption>\n\t\t\t\t\t\t\t<h2>Marseille<\/h2>\n\t\t\t\t\t\t\t\t\t\t\t\t\t<\/figcaption>\n\t\t\t\t\t<\/figure>\n\t\t\t\t\t<\/a>\n\n\t\t\t\t\n\t\t\t\t\t<a class=\"col col-12 col-md-4\" href=\"https:\/\/www.camping-la-verdiere-83.com\/en\/galerie\/les-calanques-de-cassis\/\">\n\t\t\t\t\t<figure>\n\t\t\t\t\t\t<img decoding=\"async\" src=\"\/wp-content\/uploads\/2015\/02\/Calanques_cassis_1-592x335.jpg\" alt=\"Les calanques de Cassis\">\n\t\t\t\t\t\t<figcaption>\n\t\t\t\t\t\t\t<h2>Les calanques de Cassis<\/h2>\n\t\t\t\t\t\t\t\t\t\t\t\t\t<\/figcaption>\n\t\t\t\t\t<\/figure>\n\t\t\t\t\t<\/a>\n\n\t\t\t\t\t\t\t\t<\/div>\n\n\t\t\t\t\n\t\t\t\t\n\t\t\t\t\t\t<\/div>\n\t\t<\/div>\n\t\t\n","protected":false},"excerpt":{"rendered":"<p>Tourism in Provence At the campsite la Verdi\u00e8re, you are in the heart of a very famous tourist area : The Provence. Your campsite La Verdi\u00e8re is at the entrance of the lower Gorges du Verdon. Let us guide you to the best things to see in our beautiful region. AROUND THE CAMPSITE THE VERDON, [&hellip;]<\/p>\n","protected":false},"author":1,"featured_media":0,"parent":0,"menu_order":0,"comment_status":"open","ping_status":"open","template":"template-index-nosidebar.php","meta":{"footnotes":""},"class_list":["post-3183","page","type-page","status-publish","hentry"],"yoast_head":"<!-- This site is optimized with the Yoast SEO plugin v26.8 - https:\/\/yoast.com\/product\/yoast-seo-wordpress\/ -->\n<title>camping dans le var avec piscine | La verdi\u00e8re<\/title>\n<meta name=\"robots\" content=\"index, follow, max-snippet:-1, max-image-preview:large, max-video-preview:-1\" \/>\n<link rel=\"canonical\" href=\"https:\/\/www.camping-la-verdiere-83.com\/en\/tourism-verdon-var\/\" \/>\n<meta property=\"og:locale\" content=\"en_US\" \/>\n<meta property=\"og:type\" content=\"article\" \/>\n<meta property=\"og:title\" content=\"camping dans le var avec piscine | La verdi\u00e8re\" \/>\n<meta property=\"og:description\" content=\"Tourism in Provence At the campsite la Verdi\u00e8re, you are in the heart of a very famous tourist area : The Provence. Your campsite La Verdi\u00e8re is at the entrance of the lower Gorges du Verdon. Let us guide you to the best things to see in our beautiful region. AROUND THE CAMPSITE THE VERDON, [&hellip;]\" \/>\n<meta property=\"og:url\" content=\"https:\/\/www.camping-la-verdiere-83.com\/en\/tourism-verdon-var\/\" \/>\n<meta property=\"og:site_name\" content=\"La verdi\u00e8re 83\" \/>\n<meta property=\"article:modified_time\" content=\"2020-04-03T20:59:38+00:00\" \/>\n<meta name=\"twitter:label1\" content=\"Est. reading time\" \/>\n\t<meta name=\"twitter:data1\" content=\"1 minute\" \/>\n<script type=\"application\/ld+json\" class=\"yoast-schema-graph\">{\"@context\":\"https:\/\/schema.org\",\"@graph\":[{\"@type\":\"WebPage\",\"@id\":\"https:\/\/www.camping-la-verdiere-83.com\/en\/tourism-verdon-var\/\",\"url\":\"https:\/\/www.camping-la-verdiere-83.com\/en\/tourism-verdon-var\/\",\"name\":\"camping dans le var avec piscine | La verdi\u00e8re\",\"isPartOf\":{\"@id\":\"https:\/\/www.camping-la-verdiere-83.com\/#website\"},\"datePublished\":\"2015-02-05T17:57:04+00:00\",\"dateModified\":\"2020-04-03T20:59:38+00:00\",\"breadcrumb\":{\"@id\":\"https:\/\/www.camping-la-verdiere-83.com\/en\/tourism-verdon-var\/#breadcrumb\"},\"inLanguage\":\"en-US\",\"potentialAction\":[{\"@type\":\"ReadAction\",\"target\":[\"https:\/\/www.camping-la-verdiere-83.com\/en\/tourism-verdon-var\/\"]}]},{\"@type\":\"BreadcrumbList\",\"@id\":\"https:\/\/www.camping-la-verdiere-83.com\/en\/tourism-verdon-var\/#breadcrumb\",\"itemListElement\":[{\"@type\":\"ListItem\",\"position\":1,\"name\":\"Accueil\",\"item\":\"https:\/\/www.camping-la-verdiere-83.com\/en\/\"},{\"@type\":\"ListItem\",\"position\":2,\"name\":\"Tourism\"}]},{\"@type\":\"WebSite\",\"@id\":\"https:\/\/www.camping-la-verdiere-83.com\/#website\",\"url\":\"https:\/\/www.camping-la-verdiere-83.com\/\",\"name\":\"La verdi\u00e8re 83\",\"description\":\"camping verdon\",\"potentialAction\":[{\"@type\":\"SearchAction\",\"target\":{\"@type\":\"EntryPoint\",\"urlTemplate\":\"https:\/\/www.camping-la-verdiere-83.com\/?s={search_term_string}\"},\"query-input\":{\"@type\":\"PropertyValueSpecification\",\"valueRequired\":true,\"valueName\":\"search_term_string\"}}],\"inLanguage\":\"en-US\"}]}<\/script>\n<!-- \/ Yoast SEO plugin. -->","yoast_head_json":{"title":"camping dans le var avec piscine | La verdi\u00e8re","robots":{"index":"index","follow":"follow","max-snippet":"max-snippet:-1","max-image-preview":"max-image-preview:large","max-video-preview":"max-video-preview:-1"},"canonical":"https:\/\/www.camping-la-verdiere-83.com\/en\/tourism-verdon-var\/","og_locale":"en_US","og_type":"article","og_title":"camping dans le var avec piscine | La verdi\u00e8re","og_description":"Tourism in Provence At the campsite la Verdi\u00e8re, you are in the heart of a very famous tourist area : The Provence. Your campsite La Verdi\u00e8re is at the entrance of the lower Gorges du Verdon. Let us guide you to the best things to see in our beautiful region. AROUND THE CAMPSITE THE VERDON, [&hellip;]","og_url":"https:\/\/www.camping-la-verdiere-83.com\/en\/tourism-verdon-var\/","og_site_name":"La verdi\u00e8re 83","article_modified_time":"2020-04-03T20:59:38+00:00","twitter_misc":{"Est. reading time":"1 minute"},"schema":{"@context":"https:\/\/schema.org","@graph":[{"@type":"WebPage","@id":"https:\/\/www.camping-la-verdiere-83.com\/en\/tourism-verdon-var\/","url":"https:\/\/www.camping-la-verdiere-83.com\/en\/tourism-verdon-var\/","name":"camping dans le var avec piscine | La verdi\u00e8re","isPartOf":{"@id":"https:\/\/www.camping-la-verdiere-83.com\/#website"},"datePublished":"2015-02-05T17:57:04+00:00","dateModified":"2020-04-03T20:59:38+00:00","breadcrumb":{"@id":"https:\/\/www.camping-la-verdiere-83.com\/en\/tourism-verdon-var\/#breadcrumb"},"inLanguage":"en-US","potentialAction":[{"@type":"ReadAction","target":["https:\/\/www.camping-la-verdiere-83.com\/en\/tourism-verdon-var\/"]}]},{"@type":"BreadcrumbList","@id":"https:\/\/www.camping-la-verdiere-83.com\/en\/tourism-verdon-var\/#breadcrumb","itemListElement":[{"@type":"ListItem","position":1,"name":"Accueil","item":"https:\/\/www.camping-la-verdiere-83.com\/en\/"},{"@type":"ListItem","position":2,"name":"Tourism"}]},{"@type":"WebSite","@id":"https:\/\/www.camping-la-verdiere-83.com\/#website","url":"https:\/\/www.camping-la-verdiere-83.com\/","name":"La verdi\u00e8re 83","description":"camping verdon","potentialAction":[{"@type":"SearchAction","target":{"@type":"EntryPoint","urlTemplate":"https:\/\/www.camping-la-verdiere-83.com\/?s={search_term_string}"},"query-input":{"@type":"PropertyValueSpecification","valueRequired":true,"valueName":"search_term_string"}}],"inLanguage":"en-US"}]}},"_links":{"self":[{"href":"https:\/\/www.camping-la-verdiere-83.com\/en\/wp-json\/wp\/v2\/pages\/3183","targetHints":{"allow":["GET"]}}],"collection":[{"href":"https:\/\/www.camping-la-verdiere-83.com\/en\/wp-json\/wp\/v2\/pages"}],"about":[{"href":"https:\/\/www.camping-la-verdiere-83.com\/en\/wp-json\/wp\/v2\/types\/page"}],"author":[{"embeddable":true,"href":"https:\/\/www.camping-la-verdiere-83.com\/en\/wp-json\/wp\/v2\/users\/1"}],"replies":[{"embeddable":true,"href":"https:\/\/www.camping-la-verdiere-83.com\/en\/wp-json\/wp\/v2\/comments?post=3183"}],"version-history":[{"count":0,"href":"https:\/\/www.camping-la-verdiere-83.com\/en\/wp-json\/wp\/v2\/pages\/3183\/revisions"}],"wp:attachment":[{"href":"https:\/\/www.camping-la-verdiere-83.com\/en\/wp-json\/wp\/v2\/media?parent=3183"}],"curies":[{"name":"wp","href":"https:\/\/api.w.org\/{rel}","templated":true}]}}