{"id":3265,"date":"2019-05-20T11:10:51","date_gmt":"2019-05-20T10:10:51","guid":{"rendered":"https:\/\/www.camping-la-verdiere-83.com\/Tourisme\/sejour-art-de-vivre-et-culture-en-provence-verte-verdon\/"},"modified":"2019-11-18T08:13:17","modified_gmt":"2019-11-18T07:13:17","slug":"sejour-art-de-vivre-et-culture-en-provence-verte-verdon","status":"publish","type":"portfolio","link":"https:\/\/www.camping-la-verdiere-83.com\/en\/Tourisme\/sejour-art-de-vivre-et-culture-en-provence-verte-verdon\/","title":{"rendered":"Stay &#8220;Art of Living and Culture&#8221; in Provence Verte &#038; Verdon"},"content":{"rendered":"<p id=\"tw-target-text\" class=\"tw-data-text tw-text-large tw-ta\" dir=\"ltr\" data-placeholder=\"Traduction\"><span lang=\"en\" tabindex=\"0\"><span style=\"color: #800080;\"><strong>Verdon Stay &#8220;Art of Living and Culture&#8221; in Provence Verte<\/strong><\/span> <\/span><\/p>\n<p class=\"tw-data-text tw-text-large tw-ta\" dir=\"ltr\" data-placeholder=\"Traduction\"><strong><span lang=\"en\" tabindex=\"0\">Our selection of cultural and tourist activities around the campsite La Verdi\u00e8re ** for authentic holidays in the Verdon!<\/span><\/strong><\/p>\n<p>&nbsp;<\/p>\n<p id=\"tw-target-text\" class=\"tw-data-text tw-text-large tw-ta\" dir=\"ltr\" data-placeholder=\"Traduction\"><strong><span lang=\"en\" tabindex=\"0\"><span style=\"color: #800080;\">SUNDAY: THE FAMOUS ROUTE OF THE CR\u00caTES AND MOUSTIER SAINTE MARIE <\/span><\/span><\/strong><\/p>\n<p class=\"tw-data-text tw-text-large tw-ta\" dir=\"ltr\" data-placeholder=\"Traduction\"><span lang=\"en\" tabindex=\"0\">The good idea is to leave early in the morning to fully enjoy the beautiful roads of Provence Verte &amp; Verdon and this vertiginous loop of 23 km from La Paluds sur Verdon. On the Route des Cr\u00eates, one way, nature is queen. You will overlook the famous Canyon du Verdon and discover unique views throughout the course on the many lookouts. Breathtaking landscapes and all the majesty of nature are available to you, where flora and fauna are in the spotlight &#8230; including the broom of the golden eagles and vultures that hover over the canyon!<\/span><\/p>\n<p><a href=\"https:\/\/www.camping-la-verdiere-83.com\/wp-content\/uploads\/2019\/05\/Sej-ADV-Dimanche.jpg\"><img loading=\"lazy\" decoding=\"async\" class=\"aligncenter size-full wp-image-3097\" src=\"https:\/\/www.camping-la-verdiere-83.com\/wp-content\/uploads\/2019\/05\/Sej-ADV-Dimanche.jpg\" alt=\"louer gorges du verdon\" width=\"800\" height=\"533\" srcset=\"https:\/\/www.camping-la-verdiere-83.com\/wp-content\/uploads\/2019\/05\/Sej-ADV-Dimanche.jpg 800w, https:\/\/www.camping-la-verdiere-83.com\/wp-content\/uploads\/2019\/05\/Sej-ADV-Dimanche-300x200.jpg 300w, https:\/\/www.camping-la-verdiere-83.com\/wp-content\/uploads\/2019\/05\/Sej-ADV-Dimanche-768x512.jpg 768w\" sizes=\"auto, (max-width: 800px) 100vw, 800px\" \/><\/a><\/p>\n<p id=\"tw-target-text\" class=\"tw-data-text tw-text-large tw-ta\" dir=\"ltr\" data-placeholder=\"Traduction\"><span lang=\"en\" tabindex=\"0\">After the vertiginous emotions of the Route des Cr\u00eates and before returning to the campsite, the essential step to discover one of the most beautiful villages in France, nestled between two cliffs, Moustier Sainte Marie.<\/span><\/p>\n<p><a href=\"https:\/\/www.camping-la-verdiere-83.com\/wp-content\/uploads\/2019\/05\/Sej-ADV-Dimanche2.jpg\"><img loading=\"lazy\" decoding=\"async\" class=\"aligncenter size-full wp-image-3098\" src=\"https:\/\/www.camping-la-verdiere-83.com\/wp-content\/uploads\/2019\/05\/Sej-ADV-Dimanche2.jpg\" alt=\"moustier sainte marie\" width=\"450\" height=\"800\" srcset=\"https:\/\/www.camping-la-verdiere-83.com\/wp-content\/uploads\/2019\/05\/Sej-ADV-Dimanche2.jpg 450w, https:\/\/www.camping-la-verdiere-83.com\/wp-content\/uploads\/2019\/05\/Sej-ADV-Dimanche2-169x300.jpg 169w\" sizes=\"auto, (max-width: 450px) 100vw, 450px\" \/><\/a><\/p>\n<div id=\"tw-target-text-container\" class=\"tw-ta-container tw-nfl\">\n<p id=\"tw-target-text\" class=\"tw-data-text tw-text-large tw-ta\" dir=\"ltr\" data-placeholder=\"Traduction\"><span lang=\"en\" tabindex=\"0\">You can visit this little nativity village, its narrow streets, shaded squares of olive trees, small shops and local artisans, the view from the top of the Church of Our Lady of the Assumption &#8230; simply superb! With its many workshops and shops faience, Moustier remains a center of French manufacture of international fame by the delicacy of its faience and its unique and recognizable decorations.<\/span><\/p>\n<\/div>\n<p><a href=\"https:\/\/www.lapalud-verdontourisme.com\/je-decouvre-tout-un-pays\/bestof-verdon\/la-route-des-cretes\/\">https:\/\/www.lapalud-verdontourisme.com\/je-decouvre-tout-un-pays\/bestof-verdon\/la-route-des-cretes\/<\/a><\/p>\n<p><a href=\"https:\/\/www.moustiers.fr\/fr\/blog\/2019\/01\/07\/venir-flaner-moustiers-sainte-marie\">https:\/\/www.moustiers.fr\/fr\/blog\/2019\/01\/07\/venir-flaner-moustiers-sainte-marie<\/a><\/p>\n<h1 id=\"tw-target-text\" class=\"tw-data-text tw-text-large tw-ta\" dir=\"ltr\" data-placeholder=\"Traduction\"><span lang=\"en\" style=\"color: #800080;\" tabindex=\"0\">MONDAY: THE VALENSOLE TRAY, ITS FIELDS OF LAVENDER, AND GR\u00c9OUX LES BAINS<\/span><\/h1>\n<p class=\"tw-data-text tw-text-large tw-ta\" dir=\"ltr\" data-placeholder=\"Traduction\"><span lang=\"en\" tabindex=\"0\">The Valensole plateau is the kingdom of lavender and lavandin, with its fields as far as the eye can see, the colors and scents are striking! From June to mid-August, the whole plateau is tinged with the famous &#8220;lavender blue&#8221;. You can enjoy the diversity of landscapes: meadows, scrubland, maquis, woods and oak and pine forests &#8230; You can make a stop in the beautiful village of Riez, city of character, along the Plateau. It is one of the oldest cities of the Alpes-de-Haute-Provence (with a date of foundation located at the end of the 1st century). You can discover some discreet vestiges of the Roman period, but also of the medieval and Renaissance time. You will enjoy visiting the old town, the Sainte-Maxime church classified historic monument, the hotel de Mazan <\/span><\/p>\n<p>&nbsp;<\/p>\n<p><a href=\"https:\/\/www.camping-la-verdiere-83.com\/wp-content\/uploads\/2019\/05\/Plateau-valensole.jpg\"><img loading=\"lazy\" decoding=\"async\" class=\"aligncenter size-full wp-image-3100\" src=\"https:\/\/www.camping-la-verdiere-83.com\/wp-content\/uploads\/2019\/05\/Plateau-valensole.jpg\" alt=\"plateau de valensole verdon\" width=\"1000\" height=\"750\" srcset=\"https:\/\/www.camping-la-verdiere-83.com\/wp-content\/uploads\/2019\/05\/Plateau-valensole.jpg 1000w, https:\/\/www.camping-la-verdiere-83.com\/wp-content\/uploads\/2019\/05\/Plateau-valensole-300x225.jpg 300w, https:\/\/www.camping-la-verdiere-83.com\/wp-content\/uploads\/2019\/05\/Plateau-valensole-768x576.jpg 768w\" sizes=\"auto, (max-width: 1000px) 100vw, 1000px\" \/><\/a><\/p>\n<div id=\"tw-target-text-container\" class=\"tw-ta-container tw-nfl\">\n<p id=\"tw-target-text\" class=\"tw-data-text tw-text-large tw-ta\" dir=\"ltr\" data-placeholder=\"Traduction\"><span lang=\"en\" tabindex=\"0\">You can continue south of the plateau to the small spa town of Gr\u00e9oux-les-Bains which is characterized by its clame and sweetness of life. You can walk there for a stroll &#8220;over the water&#8221; to discover the wash houses of the city, made of stone and testifying to the time when women used to wash their clothes. A veritable haven of greenery, the refreshment continues with the sandstone of a stroll in the three shaded parks: the walk over the water ends at the edge of the Verdon, where the river has given way to a beautiful green space. In the summer season as in the spring, you can enjoy the 3 shaded Gr\u00e9oulx parks, remarkably wooded and flowery to discover: Oliva, Thermal and Morelon.<\/span><\/p>\n<\/div>\n<p>&nbsp;<\/p>\n<h1 id=\"tw-target-text\" class=\"tw-data-text tw-text-large tw-ta\" dir=\"ltr\" data-placeholder=\"Traduction\"><span lang=\"en\" style=\"color: #800080;\" tabindex=\"0\">TUESDAY: COTIGNAC MARKET AND ART OF FA\u00cfENCE ON VARAGES <\/span><\/h1>\n<p class=\"tw-data-text tw-text-large tw-ta\" dir=\"ltr\" data-placeholder=\"Traduction\"><span lang=\"en\" tabindex=\"0\">On Tuesday morning, all your senses will awaken on the inevitable and delicious market of Cotignac. In keeping with the tradition of the Provence markets, the Cotignac market offers a whole range of quality local and craft products. In the shade of plane trees, you can wander among the flavors and scents of Provence for the feast of your eyes &#8230; and your taste buds!<\/span><\/p>\n<p><a href=\"https:\/\/www.camping-la-verdiere-83.com\/wp-content\/uploads\/2019\/05\/Sej-ADV-Mardi-cotignac-min.jpg\"><img loading=\"lazy\" decoding=\"async\" class=\"aligncenter size-full wp-image-3074\" src=\"https:\/\/www.camping-la-verdiere-83.com\/wp-content\/uploads\/2019\/05\/Sej-ADV-Mardi-cotignac-min.jpg\" alt=\"marche de cotignac \" width=\"600\" height=\"710\" srcset=\"https:\/\/www.camping-la-verdiere-83.com\/wp-content\/uploads\/2019\/05\/Sej-ADV-Mardi-cotignac-min.jpg 600w, https:\/\/www.camping-la-verdiere-83.com\/wp-content\/uploads\/2019\/05\/Sej-ADV-Mardi-cotignac-min-254x300.jpg 254w\" sizes=\"auto, (max-width: 600px) 100vw, 600px\" \/><\/a><span lang=\"en\" tabindex=\"0\">At the foot of a cliff of tufa, push further the discovery of this sublime village, and its rock against a background of blue sky. In a typical Provencal style, the architecture is neat and the maze of alleys impregnated with the sweetness of life in Provence. At the same cliff, discover the troglodyte dwellings and their particular charm. From the top of the rock, it is a magnificent panorama which is offered to you on the hills in restanques: olive trees, cypresses, pines, oaks and other Mediterranean vegetation. 10 minutes from the <\/span><\/p>\n<p class=\"tw-data-text tw-text-large tw-ta\" dir=\"ltr\" data-placeholder=\"Traduction\"><span lang=\"en\" tabindex=\"0\">campsite, do not miss the museum of earthenware in the pretty village of Varages. You will discover, during a guided tour, with love and passion for this age-old art, many pieces and their history. Beyond the techniques, it is an entire artistic, cultural and historical heritage that earthenware reveals to us. The museum also offers modeling workshops open to all from April to September!<\/span><\/p>\n<p><a href=\"https:\/\/www.camping-la-verdiere-83.com\/wp-content\/uploads\/2019\/05\/Sej-ADV-Mardi-Faience-min.jpg\"><img loading=\"lazy\" decoding=\"async\" class=\"aligncenter wp-image-3075 size-full\" src=\"https:\/\/www.camping-la-verdiere-83.com\/wp-content\/uploads\/2019\/05\/Sej-ADV-Mardi-Faience-min.jpg\" alt=\"faiencerie de Varages\" width=\"425\" height=\"317\" srcset=\"https:\/\/www.camping-la-verdiere-83.com\/wp-content\/uploads\/2019\/05\/Sej-ADV-Mardi-Faience-min.jpg 425w, https:\/\/www.camping-la-verdiere-83.com\/wp-content\/uploads\/2019\/05\/Sej-ADV-Mardi-Faience-min-300x224.jpg 300w\" sizes=\"auto, (max-width: 425px) 100vw, 425px\" \/><\/a><span lang=\"en\" tabindex=\"0\">In Varages, 3 earthenware plants continue, notably La Fa\u00efencerie de Varages, whose creations are exported all over the world, combining modernity and tradition. The Fa\u00efencerie de Varages opens the doors of its workshop with its production tools, materials, colors &#8230; and its factory store to embellish your tables the art of ceramics in Provence!<\/span><\/p>\n<p><a href=\"https:\/\/www.musee-faience-varages.fr\/\">https:\/\/www.musee-faience-varages.fr\/<\/a><\/p>\n<p>&nbsp;<\/p>\n<div id=\"tw-target-text-container\" class=\"tw-ta-container tw-nfl\">\n<h1 id=\"tw-target-text\" class=\"tw-data-text tw-text-large tw-ta\" dir=\"ltr\" data-placeholder=\"Traduction\"><span lang=\"en\" style=\"color: #800080;\" tabindex=\"0\">WEDNESDAY: THE SECRET OF TOMMETTES IN SALERNES AND VISIT OF BARJOLS: ITS 18 FOUNTAINS AND ITS VALLON DES CARMES<\/span><\/h1>\n<p class=\"tw-data-text tw-text-large tw-ta\" dir=\"ltr\" data-placeholder=\"Traduction\"><span lang=\"en\" tabindex=\"0\"><br \/>\nThe surprising architectural ensemble Terra Rossa was created by Michel Wilmotte, from an old tiling factory. You will discover 3000 m2 of permanent and temporary exhibitions thanks to which the art and manufacture of the famous tommettes will have no secrets for you. The Archeology area will show you some of the oldest ceramics in Europe (7000 years old), discovered in Salernes. The exhibition &#8220;Industrial and craft memory&#8221; will present the production lines of reconstituted tiles as they were at the beginning of the 20th century. And An exceptional collection &#8220;Le Monde Carr\u00e9&#8221; gathered by Beno\u00eet Fa\u00ffvous will discover more than 2000 tiles decorated from the Middle Ages to the twentieth century. Manufacturers and local potters also exhibit their productions. It&#8217;s all a part of the history, art and culture of Provence that is offered to you.<\/span><\/p>\n<\/div>\n<p><a href=\"https:\/\/www.camping-la-verdiere-83.com\/wp-content\/uploads\/2019\/05\/Sej-ADV-mercredi-terra-rossa-min.jpg\"><img loading=\"lazy\" decoding=\"async\" class=\"aligncenter wp-image-3077 size-full\" src=\"https:\/\/www.camping-la-verdiere-83.com\/wp-content\/uploads\/2019\/05\/Sej-ADV-mercredi-terra-rossa-min.jpg\" alt=\"Salernes - tomettes de terra rossa\" width=\"1000\" height=\"751\" srcset=\"https:\/\/www.camping-la-verdiere-83.com\/wp-content\/uploads\/2019\/05\/Sej-ADV-mercredi-terra-rossa-min.jpg 1000w, https:\/\/www.camping-la-verdiere-83.com\/wp-content\/uploads\/2019\/05\/Sej-ADV-mercredi-terra-rossa-min-300x225.jpg 300w, https:\/\/www.camping-la-verdiere-83.com\/wp-content\/uploads\/2019\/05\/Sej-ADV-mercredi-terra-rossa-min-768x577.jpg 768w\" sizes=\"auto, (max-width: 1000px) 100vw, 1000px\" \/><\/a><\/p>\n<div id=\"tw-target-text-container\" class=\"tw-ta-container tw-nfl\">\n<p id=\"tw-target-text\" class=\"tw-data-text tw-text-large tw-ta\" dir=\"ltr\" data-placeholder=\"Traduction\"><span lang=\"en\" tabindex=\"0\">Wine and Provencal interlude: After the visit of terra Rossa, a small detour to Cotignac for a visit of the cellars and a colorful tasting at Ch\u00e2teau Nestuby. The owners of the estate welcome you and present you the Art of making the coasts of Provence &#8230; On the way back to the campsite, stop at Barjols! Stroll through the village of Barjols as you discover its 18 fountains, and enjoy the shady sweetness of the &#8220;Vallon des Carmes&#8221; path. This very accessible and shaded walk along the river, is embellished with beautiful small natural pools, to lead to the troglodyte chapel, a remnant of a convent of the seventeenth century.<\/span><\/p>\n<\/div>\n<p><a href=\"https:\/\/www.terrarossasalernes.fr\/histoire\/\">https:\/\/www.terrarossasalernes.fr\/histoire\/<\/a><\/p>\n<p><a href=\"https:\/\/www.barjols.fr\/spip.php?rubrique86\">https:\/\/www.barjols.fr\/spip.php?rubrique86<\/a><\/p>\n<p>https:\/\/www.nestuby.com\/domaine-viticole.php<\/p>\n<p><strong>\u00a0<\/strong><\/p>\n<div id=\"tw-target-text-container\" class=\"tw-ta-container tw-nfl\">\n<h1 id=\"tw-target-text\" class=\"tw-data-text tw-text-large tw-ta\" dir=\"ltr\" data-placeholder=\"Traduction\"><span style=\"color: #800080;\"><strong><span lang=\"en\" tabindex=\"0\">THURSDAY: MARKET AND HOUSE OF THE TRUFFLE IN AUPS THEN SAINT MARTIN OF PALLI\u00c8RES, CHARMING AND UNUSUAL VILLAGE <\/span><\/strong><\/span><\/h1>\n<p class=\"tw-data-text tw-text-large tw-ta\" dir=\"ltr\" data-placeholder=\"Traduction\"><span lang=\"en\" tabindex=\"0\">Thursday is the day of the famous truffle market in Aups, village of character and soil, located 20km from La Verdi\u00e8re. The House of the Truffle, offers you to discover the bottom of the &#8220;black diamond&#8221;. For the gourmets, amateurs or simple curious different animations around the Truffle are declined in the underground and mysterious atmosphere of the black diamond of Aups. You will be able to discover 4 universes of experiences with enriching atmospheres and destinations<br \/>\n<\/span><\/p>\n<\/div>\n<p>&nbsp;<\/p>\n<p><a href=\"https:\/\/www.camping-la-verdiere-83.com\/wp-content\/uploads\/2019\/05\/truffe-aups-verdon.jpg\"><img loading=\"lazy\" decoding=\"async\" class=\"aligncenter size-full wp-image-3102\" src=\"https:\/\/www.camping-la-verdiere-83.com\/wp-content\/uploads\/2019\/05\/truffe-aups-verdon.jpg\" alt=\"aups truffe\" width=\"921\" height=\"651\" srcset=\"https:\/\/www.camping-la-verdiere-83.com\/wp-content\/uploads\/2019\/05\/truffe-aups-verdon.jpg 921w, https:\/\/www.camping-la-verdiere-83.com\/wp-content\/uploads\/2019\/05\/truffe-aups-verdon-300x212.jpg 300w, https:\/\/www.camping-la-verdiere-83.com\/wp-content\/uploads\/2019\/05\/truffe-aups-verdon-768x543.jpg 768w\" sizes=\"auto, (max-width: 921px) 100vw, 921px\" \/><\/a><\/p>\n<p id=\"tw-target-text\" class=\"tw-data-text tw-text-large tw-ta\" dir=\"ltr\" data-placeholder=\"Traduction\"><span lang=\"en\" tabindex=\"0\">10 minutes from the campsite, discover the charming little village of Saint Martin de Palli\u00e8res, classified &#8220;village of character&#8221;, narrow streets, stone walls and shady squares. The village is dominated by its imposing castle of the XIIIth century in the extension of which you will discover its magnificent Park. It also houses its unusual <strong>&#8220;Underground Cathedral&#8221;,<\/strong> the largest cistern in Europe at the time of its construction and architectural curiosity.<\/span><\/p>\n<p><a href=\"https:\/\/www.camping-la-verdiere-83.com\/wp-content\/uploads\/2019\/05\/Sej-ADV-Jeudi-Cathe-ss-terraine-min.jpg\"><img loading=\"lazy\" decoding=\"async\" class=\"aligncenter wp-image-3070 size-full\" src=\"https:\/\/www.camping-la-verdiere-83.com\/wp-content\/uploads\/2019\/05\/Sej-ADV-Jeudi-Cathe-ss-terraine-min.jpg\" alt=\"cathedrale souterraine\" width=\"500\" height=\"333\" srcset=\"https:\/\/www.camping-la-verdiere-83.com\/wp-content\/uploads\/2019\/05\/Sej-ADV-Jeudi-Cathe-ss-terraine-min.jpg 500w, https:\/\/www.camping-la-verdiere-83.com\/wp-content\/uploads\/2019\/05\/Sej-ADV-Jeudi-Cathe-ss-terraine-min-300x200.jpg 300w\" sizes=\"auto, (max-width: 500px) 100vw, 500px\" \/><\/a><span lang=\"en\" tabindex=\"0\">In simplicity and conviviality, the owners of the Ch\u00e2teau and the underground cathedral open their doors to you for a fresh and surprising visit, and give you their story, their anecdotes and their secrets &#8230; You will be able to prolong the pleasure of the big spaces and of Provence by strolling in the Park of the Castle or, for the most courageous, by taking the road of the ridges which plunges you in the heart of Green Provence on 6 km of paths.<\/span><\/p>\n<p><a href=\"https:\/\/www.camping-la-verdiere-83.com\/wp-content\/uploads\/2019\/05\/WE-Visite-village-dimanche-min.jpg\"><img loading=\"lazy\" decoding=\"async\" class=\"aligncenter size-full wp-image-3092\" src=\"https:\/\/www.camping-la-verdiere-83.com\/wp-content\/uploads\/2019\/05\/WE-Visite-village-dimanche-min.jpg\" alt=\"saint martin de pali\u00e8res\" width=\"1000\" height=\"750\" srcset=\"https:\/\/www.camping-la-verdiere-83.com\/wp-content\/uploads\/2019\/05\/WE-Visite-village-dimanche-min.jpg 1000w, https:\/\/www.camping-la-verdiere-83.com\/wp-content\/uploads\/2019\/05\/WE-Visite-village-dimanche-min-300x225.jpg 300w, https:\/\/www.camping-la-verdiere-83.com\/wp-content\/uploads\/2019\/05\/WE-Visite-village-dimanche-min-768x576.jpg 768w\" sizes=\"auto, (max-width: 1000px) 100vw, 1000px\" \/><\/a><\/p>\n<p id=\"tw-target-text\" class=\"tw-data-text tw-text-large tw-ta\" dir=\"ltr\" data-placeholder=\"Traduction\"><span lang=\"en\" tabindex=\"0\">The small + gastronomic: To restore you on the spot, do not hesitate to push the door of the &#8220;Cercle du progr\u00e8s&#8221;, labeled &#8220;Bistrot de Pays&#8221;!<\/span><\/p>\n<p><a href=\"https:\/\/maisondelatruffe-verdon.fr\/aventure-de-truffe\/\">https:\/\/maisondelatruffe-verdon.fr\/aventure-de-truffe\/<\/a><\/p>\n<p><a href=\"https:\/\/www.cathedralesouterraine.com\/\">https:\/\/www.cathedralesouterraine.com\/<\/a><\/p>\n<p><a href=\"https:\/\/www.bistrotdepays.com\/le-cercle-du-progres\">https:\/\/www.bistrotdepays.com\/le-cercle-du-progres<\/a><\/p>\n<h1 id=\"tw-target-text\" class=\"tw-data-text tw-text-large tw-ta\" dir=\"ltr\" data-placeholder=\"Traduction\"><span lang=\"en\" style=\"color: #800080;\" tabindex=\"0\">FRIDAY: SAINT MAXIMIN HOLY BEAUME, HIS BASILICA AND THE VERY LOCAL &#8220;VERY LOCAL&#8221; PRODUCERS OF THE VERDI\u00c8RE<\/span><\/h1>\n<p class=\"tw-data-text tw-text-large tw-ta\" dir=\"ltr\" data-placeholder=\"Traduction\"><span lang=\"en\" tabindex=\"0\">Full of character and steeped in history, Saint Maximin is an important place of pilgrimage. You will discover its traditional medieval houses with arcades and, dominating the city, the Basilica Sainte Marie Madeleine, the largest gothic building of Provence. You can stroll through the city in the shade of its narrow streets, at the mercy of small shops and take the time to sit, quench your thirst, restore yourself on the terrace &#8230;<\/span><\/p>\n<p>&nbsp;<\/p>\n<p><a href=\"https:\/\/www.camping-la-verdiere-83.com\/wp-content\/uploads\/2019\/05\/basilique-st-maximin-verdon.jpg\"><img loading=\"lazy\" decoding=\"async\" class=\"aligncenter size-full wp-image-3103\" src=\"https:\/\/www.camping-la-verdiere-83.com\/wp-content\/uploads\/2019\/05\/basilique-st-maximin-verdon.jpg\" alt=\"\" width=\"1000\" height=\"805\" srcset=\"https:\/\/www.camping-la-verdiere-83.com\/wp-content\/uploads\/2019\/05\/basilique-st-maximin-verdon.jpg 1000w, https:\/\/www.camping-la-verdiere-83.com\/wp-content\/uploads\/2019\/05\/basilique-st-maximin-verdon-300x242.jpg 300w, https:\/\/www.camping-la-verdiere-83.com\/wp-content\/uploads\/2019\/05\/basilique-st-maximin-verdon-768x618.jpg 768w\" sizes=\"auto, (max-width: 1000px) 100vw, 1000px\" \/><\/a><span lang=\"en\" tabindex=\"0\">Back in La Verdi\u00e8re, you can visit &#8220;Lou Redoun&#8221; the village oil mill. Welcomed by young passionate owners, you can visit this small organic family farm and discover local quality products and the diversity of their activities: market, transhumance, production of lavender, wine and olive growing.<\/span><\/p>\n<p><a href=\"https:\/\/www.camping-la-verdiere-83.com\/wp-content\/uploads\/2019\/05\/Sejour-ADV-Vendredi-moulin-min.jpg\"><img loading=\"lazy\" decoding=\"async\" class=\"aligncenter size-full wp-image-3083\" src=\"https:\/\/www.camping-la-verdiere-83.com\/wp-content\/uploads\/2019\/05\/Sejour-ADV-Vendredi-moulin-min.jpg\" alt=\"moulin lou redoun\" width=\"1000\" height=\"665\" srcset=\"https:\/\/www.camping-la-verdiere-83.com\/wp-content\/uploads\/2019\/05\/Sejour-ADV-Vendredi-moulin-min.jpg 1000w, https:\/\/www.camping-la-verdiere-83.com\/wp-content\/uploads\/2019\/05\/Sejour-ADV-Vendredi-moulin-min-300x200.jpg 300w, https:\/\/www.camping-la-verdiere-83.com\/wp-content\/uploads\/2019\/05\/Sejour-ADV-Vendredi-moulin-min-768x511.jpg 768w\" sizes=\"auto, (max-width: 1000px) 100vw, 1000px\" \/><\/a><\/p>\n<p id=\"tw-target-text\" class=\"tw-data-text tw-text-large tw-ta\" dir=\"ltr\" data-placeholder=\"Traduction\"><span lang=\"en\" tabindex=\"0\">The cooperative cellar of St Julien also opens its doors to you to taste various small ros\u00e9s of the vintage &#8230; 200 meters from the campsite, the cellar Louis Latour brings its local and original touch with a pinot noir, Burgundy grape varieties planted between La Verdi\u00e8re and Varages for more than 20 years. To enjoy your stay in the Gorges du Verdon, book your accommodation or camping tent, caravan or camper at the campsite La Verdi\u00e8re<\/span><\/p>\n","protected":false},"featured_media":3267,"template":"","class_list":["post-3265","portfolio","type-portfolio","status-publish","has-post-thumbnail","hentry"],"yoast_head":"<!-- This site is optimized with the Yoast SEO plugin v26.8 - https:\/\/yoast.com\/product\/yoast-seo-wordpress\/ -->\n<title>Qoui faire en Provence Verte et Verdon<\/title>\n<meta name=\"description\" content=\"Nous vous avons pr\u00e9par\u00e9 un programme de visites en Provence et Verdon. R\u00e9servez votre mobil home au camping de la Verdi\u00e8re. Suivez le guide !\" \/>\n<meta name=\"robots\" content=\"index, follow, max-snippet:-1, max-image-preview:large, max-video-preview:-1\" \/>\n<link rel=\"canonical\" href=\"https:\/\/www.camping-la-verdiere-83.com\/en\/Tourisme\/sejour-art-de-vivre-et-culture-en-provence-verte-verdon\/\" \/>\n<meta property=\"og:locale\" content=\"en_US\" \/>\n<meta property=\"og:type\" content=\"article\" \/>\n<meta property=\"og:title\" content=\"Qoui faire en Provence Verte et Verdon\" \/>\n<meta property=\"og:description\" content=\"Nous vous avons pr\u00e9par\u00e9 un programme de visites en Provence et Verdon. R\u00e9servez votre mobil home au camping de la Verdi\u00e8re. Suivez le guide !\" \/>\n<meta property=\"og:url\" content=\"https:\/\/www.camping-la-verdiere-83.com\/en\/Tourisme\/sejour-art-de-vivre-et-culture-en-provence-verte-verdon\/\" \/>\n<meta property=\"og:site_name\" content=\"La verdi\u00e8re 83\" \/>\n<meta property=\"article:modified_time\" content=\"2019-11-18T07:13:17+00:00\" \/>\n<meta property=\"og:image\" content=\"https:\/\/www.camping-la-verdiere-83.com\/wp-content\/uploads\/2019\/05\/Sej-ADV-Vendredi-min.jpg\" \/>\n\t<meta property=\"og:image:width\" content=\"1000\" \/>\n\t<meta property=\"og:image:height\" content=\"425\" \/>\n\t<meta property=\"og:image:type\" content=\"image\/jpeg\" \/>\n<meta name=\"twitter:label1\" content=\"Est. reading time\" \/>\n\t<meta name=\"twitter:data1\" content=\"8 minutes\" \/>\n<script type=\"application\/ld+json\" class=\"yoast-schema-graph\">{\"@context\":\"https:\/\/schema.org\",\"@graph\":[{\"@type\":\"WebPage\",\"@id\":\"https:\/\/www.camping-la-verdiere-83.com\/en\/Tourisme\/sejour-art-de-vivre-et-culture-en-provence-verte-verdon\/\",\"url\":\"https:\/\/www.camping-la-verdiere-83.com\/en\/Tourisme\/sejour-art-de-vivre-et-culture-en-provence-verte-verdon\/\",\"name\":\"Qoui faire en Provence Verte et Verdon\",\"isPartOf\":{\"@id\":\"https:\/\/www.camping-la-verdiere-83.com\/#website\"},\"primaryImageOfPage\":{\"@id\":\"https:\/\/www.camping-la-verdiere-83.com\/en\/Tourisme\/sejour-art-de-vivre-et-culture-en-provence-verte-verdon\/#primaryimage\"},\"image\":{\"@id\":\"https:\/\/www.camping-la-verdiere-83.com\/en\/Tourisme\/sejour-art-de-vivre-et-culture-en-provence-verte-verdon\/#primaryimage\"},\"thumbnailUrl\":\"https:\/\/www.camping-la-verdiere-83.com\/wp-content\/uploads\/2019\/05\/Sej-ADV-Vendredi-min.jpg\",\"datePublished\":\"2019-05-20T10:10:51+00:00\",\"dateModified\":\"2019-11-18T07:13:17+00:00\",\"description\":\"Nous vous avons pr\u00e9par\u00e9 un programme de visites en Provence et Verdon. R\u00e9servez votre mobil home au camping de la Verdi\u00e8re. Suivez le guide !\",\"breadcrumb\":{\"@id\":\"https:\/\/www.camping-la-verdiere-83.com\/en\/Tourisme\/sejour-art-de-vivre-et-culture-en-provence-verte-verdon\/#breadcrumb\"},\"inLanguage\":\"en-US\",\"potentialAction\":[{\"@type\":\"ReadAction\",\"target\":[\"https:\/\/www.camping-la-verdiere-83.com\/en\/Tourisme\/sejour-art-de-vivre-et-culture-en-provence-verte-verdon\/\"]}]},{\"@type\":\"ImageObject\",\"inLanguage\":\"en-US\",\"@id\":\"https:\/\/www.camping-la-verdiere-83.com\/en\/Tourisme\/sejour-art-de-vivre-et-culture-en-provence-verte-verdon\/#primaryimage\",\"url\":\"https:\/\/www.camping-la-verdiere-83.com\/wp-content\/uploads\/2019\/05\/Sej-ADV-Vendredi-min.jpg\",\"contentUrl\":\"https:\/\/www.camping-la-verdiere-83.com\/wp-content\/uploads\/2019\/05\/Sej-ADV-Vendredi-min.jpg\",\"width\":1000,\"height\":425},{\"@type\":\"BreadcrumbList\",\"@id\":\"https:\/\/www.camping-la-verdiere-83.com\/en\/Tourisme\/sejour-art-de-vivre-et-culture-en-provence-verte-verdon\/#breadcrumb\",\"itemListElement\":[{\"@type\":\"ListItem\",\"position\":1,\"name\":\"Accueil\",\"item\":\"https:\/\/www.camping-la-verdiere-83.com\/en\/\"},{\"@type\":\"ListItem\",\"position\":2,\"name\":\"Pages\",\"item\":\"https:\/\/www.camping-la-verdiere-83.com\/en\/Tourisme\/\"},{\"@type\":\"ListItem\",\"position\":3,\"name\":\"Stay &#8220;Art of Living and Culture&#8221; in Provence Verte &#038; Verdon\"}]},{\"@type\":\"WebSite\",\"@id\":\"https:\/\/www.camping-la-verdiere-83.com\/#website\",\"url\":\"https:\/\/www.camping-la-verdiere-83.com\/\",\"name\":\"La verdi\u00e8re 83\",\"description\":\"camping verdon\",\"potentialAction\":[{\"@type\":\"SearchAction\",\"target\":{\"@type\":\"EntryPoint\",\"urlTemplate\":\"https:\/\/www.camping-la-verdiere-83.com\/?s={search_term_string}\"},\"query-input\":{\"@type\":\"PropertyValueSpecification\",\"valueRequired\":true,\"valueName\":\"search_term_string\"}}],\"inLanguage\":\"en-US\"}]}<\/script>\n<!-- \/ Yoast SEO plugin. -->","yoast_head_json":{"title":"Qoui faire en Provence Verte et Verdon","description":"Nous vous avons pr\u00e9par\u00e9 un programme de visites en Provence et Verdon. R\u00e9servez votre mobil home au camping de la Verdi\u00e8re. Suivez le guide !","robots":{"index":"index","follow":"follow","max-snippet":"max-snippet:-1","max-image-preview":"max-image-preview:large","max-video-preview":"max-video-preview:-1"},"canonical":"https:\/\/www.camping-la-verdiere-83.com\/en\/Tourisme\/sejour-art-de-vivre-et-culture-en-provence-verte-verdon\/","og_locale":"en_US","og_type":"article","og_title":"Qoui faire en Provence Verte et Verdon","og_description":"Nous vous avons pr\u00e9par\u00e9 un programme de visites en Provence et Verdon. R\u00e9servez votre mobil home au camping de la Verdi\u00e8re. Suivez le guide !","og_url":"https:\/\/www.camping-la-verdiere-83.com\/en\/Tourisme\/sejour-art-de-vivre-et-culture-en-provence-verte-verdon\/","og_site_name":"La verdi\u00e8re 83","article_modified_time":"2019-11-18T07:13:17+00:00","og_image":[{"width":1000,"height":425,"url":"https:\/\/www.camping-la-verdiere-83.com\/wp-content\/uploads\/2019\/05\/Sej-ADV-Vendredi-min.jpg","type":"image\/jpeg"}],"twitter_misc":{"Est. reading time":"8 minutes"},"schema":{"@context":"https:\/\/schema.org","@graph":[{"@type":"WebPage","@id":"https:\/\/www.camping-la-verdiere-83.com\/en\/Tourisme\/sejour-art-de-vivre-et-culture-en-provence-verte-verdon\/","url":"https:\/\/www.camping-la-verdiere-83.com\/en\/Tourisme\/sejour-art-de-vivre-et-culture-en-provence-verte-verdon\/","name":"Qoui faire en Provence Verte et Verdon","isPartOf":{"@id":"https:\/\/www.camping-la-verdiere-83.com\/#website"},"primaryImageOfPage":{"@id":"https:\/\/www.camping-la-verdiere-83.com\/en\/Tourisme\/sejour-art-de-vivre-et-culture-en-provence-verte-verdon\/#primaryimage"},"image":{"@id":"https:\/\/www.camping-la-verdiere-83.com\/en\/Tourisme\/sejour-art-de-vivre-et-culture-en-provence-verte-verdon\/#primaryimage"},"thumbnailUrl":"https:\/\/www.camping-la-verdiere-83.com\/wp-content\/uploads\/2019\/05\/Sej-ADV-Vendredi-min.jpg","datePublished":"2019-05-20T10:10:51+00:00","dateModified":"2019-11-18T07:13:17+00:00","description":"Nous vous avons pr\u00e9par\u00e9 un programme de visites en Provence et Verdon. R\u00e9servez votre mobil home au camping de la Verdi\u00e8re. Suivez le guide !","breadcrumb":{"@id":"https:\/\/www.camping-la-verdiere-83.com\/en\/Tourisme\/sejour-art-de-vivre-et-culture-en-provence-verte-verdon\/#breadcrumb"},"inLanguage":"en-US","potentialAction":[{"@type":"ReadAction","target":["https:\/\/www.camping-la-verdiere-83.com\/en\/Tourisme\/sejour-art-de-vivre-et-culture-en-provence-verte-verdon\/"]}]},{"@type":"ImageObject","inLanguage":"en-US","@id":"https:\/\/www.camping-la-verdiere-83.com\/en\/Tourisme\/sejour-art-de-vivre-et-culture-en-provence-verte-verdon\/#primaryimage","url":"https:\/\/www.camping-la-verdiere-83.com\/wp-content\/uploads\/2019\/05\/Sej-ADV-Vendredi-min.jpg","contentUrl":"https:\/\/www.camping-la-verdiere-83.com\/wp-content\/uploads\/2019\/05\/Sej-ADV-Vendredi-min.jpg","width":1000,"height":425},{"@type":"BreadcrumbList","@id":"https:\/\/www.camping-la-verdiere-83.com\/en\/Tourisme\/sejour-art-de-vivre-et-culture-en-provence-verte-verdon\/#breadcrumb","itemListElement":[{"@type":"ListItem","position":1,"name":"Accueil","item":"https:\/\/www.camping-la-verdiere-83.com\/en\/"},{"@type":"ListItem","position":2,"name":"Pages","item":"https:\/\/www.camping-la-verdiere-83.com\/en\/Tourisme\/"},{"@type":"ListItem","position":3,"name":"Stay &#8220;Art of Living and Culture&#8221; in Provence Verte &#038; Verdon"}]},{"@type":"WebSite","@id":"https:\/\/www.camping-la-verdiere-83.com\/#website","url":"https:\/\/www.camping-la-verdiere-83.com\/","name":"La verdi\u00e8re 83","description":"camping verdon","potentialAction":[{"@type":"SearchAction","target":{"@type":"EntryPoint","urlTemplate":"https:\/\/www.camping-la-verdiere-83.com\/?s={search_term_string}"},"query-input":{"@type":"PropertyValueSpecification","valueRequired":true,"valueName":"search_term_string"}}],"inLanguage":"en-US"}]}},"_links":{"self":[{"href":"https:\/\/www.camping-la-verdiere-83.com\/en\/wp-json\/wp\/v2\/portfolio\/3265","targetHints":{"allow":["GET"]}}],"collection":[{"href":"https:\/\/www.camping-la-verdiere-83.com\/en\/wp-json\/wp\/v2\/portfolio"}],"about":[{"href":"https:\/\/www.camping-la-verdiere-83.com\/en\/wp-json\/wp\/v2\/types\/portfolio"}],"wp:featuredmedia":[{"embeddable":true,"href":"https:\/\/www.camping-la-verdiere-83.com\/en\/wp-json\/wp\/v2\/media\/3267"}],"wp:attachment":[{"href":"https:\/\/www.camping-la-verdiere-83.com\/en\/wp-json\/wp\/v2\/media?parent=3265"}],"curies":[{"name":"wp","href":"https:\/\/api.w.org\/{rel}","templated":true}]}}